{"version":"1.0","provider_name":"Qualitel | Particuliers","provider_url":"https:\/\/www.qualitel.org\/particuliers","title":"MaPrimeR\u00e9nov\u2019 : le guichet rouvre en 2026, 83 000 dossiers d\u00e9pos\u00e9s en 2025 restent \u00e0 traiter - Qualitel | Particuliers","type":"rich","width":600,"height":338,"html":"<blockquote class=\"wp-embedded-content\" data-secret=\"fZvjKJlltN\"><a href=\"https:\/\/www.qualitel.org\/particuliers\/maprimerenov-le-guichet-rouvre-en-2026\/\">MaPrimeR\u00e9nov\u2019 : le guichet rouvre en 2026, 83 000 dossiers d\u00e9pos\u00e9s en 2025 restent \u00e0 traiter<\/a><\/blockquote><iframe sandbox=\"allow-scripts\" security=\"restricted\" src=\"https:\/\/www.qualitel.org\/particuliers\/maprimerenov-le-guichet-rouvre-en-2026\/embed\/#?secret=fZvjKJlltN\" width=\"600\" height=\"338\" title=\"\u00ab\u00a0MaPrimeR\u00e9nov\u2019 : le guichet rouvre en 2026, 83 000 dossiers d\u00e9pos\u00e9s en 2025 restent \u00e0 traiter\u00a0\u00bb &#8212; Qualitel | Particuliers\" data-secret=\"fZvjKJlltN\" frameborder=\"0\" marginwidth=\"0\" marginheight=\"0\" scrolling=\"no\" class=\"wp-embedded-content\"><\/iframe><script type=\"text\/javascript\">\n\/* <![CDATA[ *\/\n\/*! This file is auto-generated *\/\n!function(d,l){\"use strict\";l.querySelector&&d.addEventListener&&\"undefined\"!=typeof URL&&(d.wp=d.wp||{},d.wp.receiveEmbedMessage||(d.wp.receiveEmbedMessage=function(e){var t=e.data;if((t||t.secret||t.message||t.value)&&!\/[^a-zA-Z0-9]\/.test(t.secret)){for(var s,r,n,a=l.querySelectorAll('iframe[data-secret=\"'+t.secret+'\"]'),o=l.querySelectorAll('blockquote[data-secret=\"'+t.secret+'\"]'),c=new RegExp(\"^https?:$\",\"i\"),i=0;i<o.length;i++)o[i].style.display=\"none\";for(i=0;i<a.length;i++)s=a[i],e.source===s.contentWindow&&(s.removeAttribute(\"style\"),\"height\"===t.message?(1e3<(r=parseInt(t.value,10))?r=1e3:~~r<200&&(r=200),s.height=r):\"link\"===t.message&&(r=new URL(s.getAttribute(\"src\")),n=new URL(t.value),c.test(n.protocol))&&n.host===r.host&&l.activeElement===s&&(d.top.location.href=t.value))}},d.addEventListener(\"message\",d.wp.receiveEmbedMessage,!1),l.addEventListener(\"DOMContentLoaded\",function(){for(var e,t,s=l.querySelectorAll(\"iframe.wp-embedded-content\"),r=0;r<s.length;r++)(t=(e=s[r]).getAttribute(\"data-secret\"))||(t=Math.random().toString(36).substring(2,12),e.src+=\"#?secret=\"+t,e.setAttribute(\"data-secret\",t)),e.contentWindow.postMessage({message:\"ready\",secret:t},\"*\")},!1)))}(window,document);\n\/* ]]> *\/\n<\/script>\n","thumbnail_url":"https:\/\/www.qualitel.org\/particuliers\/wp\/..\/uploads\/AdobeStock_952054191-1.jpg","thumbnail_width":1200,"thumbnail_height":800,"description":"Le dispositif MaPrimeR\u00e9nov\u2019 red\u00e9marre en 2026 apr\u00e8s plusieurs semaines d\u2019incertitude budg\u00e9taire. La r\u00e9ouverture du guichet permet \u00e0 la fois de traiter les dossiers d\u00e9pos\u00e9s fin 2025 et d\u2019accepter de nouvelles demandes de r\u00e9novation \u00e9nerg\u00e9tique."}