{"id":2113,"date":"2022-04-06T14:50:13","date_gmt":"2022-04-06T12:50:13","guid":{"rendered":"http:\/\/46.101.208.180\/?post_type=projet&#038;p=2113"},"modified":"2025-11-04T17:00:32","modified_gmt":"2025-11-04T16:00:32","slug":"bien-choisir-votre-serrurier-metallier","status":"publish","type":"fiche_metier","link":"https:\/\/www.qualitel.org\/particuliers\/pros-batiment\/choisir-serrurier-metallier\/","title":{"rendered":"Bien choisir votre serrurier-m\u00e9tallier"},"content":{"rendered":"<p>Le serrurier-m\u00e9tallier ne fa\u00e7onne plus uniquement les serrures, les cl\u00e9s et les gonds. <strong>Il con\u00e7oit, r\u00e9alise et installe des \u00e9l\u00e9ments en m\u00e9tal fabriqu\u00e9s sur mesure<\/strong> par ses soins comme par exemple une fen\u00eatre, des grilles, des garde-corps, des balcons, des portails, des portes de garage, des pergolas, une main courante, de la ferronnerie, des volets, des escaliers, des v\u00e9randas, une verri\u00e8re, des petites structures m\u00e9talliques, diverses pi\u00e8ces de serrurerie-m\u00e9tallurgie\u2026<\/p>\n<p>Cet artisan utilise diff\u00e9rents types de m\u00e9taux ferreux et non ferreux (fonte, acier, inox, alu ou aluminium, laiton\u2026) qu\u2019il transforme dans son atelier via des proc\u00e9d\u00e9s de d\u00e9coupe, pliage, meulage, assemblage, soudure et soudage. Comme le ferronnier, il est \u00e9galement sp\u00e9cialiste de la ferronnerie d\u2019art, c\u2019est-\u00e0-dire des constructions m\u00e9talliques d\u00e9coratives en fer forg\u00e9.<\/p>\n<p>Son travail se fait en plusieurs \u00e9tapes. Par exemple, pour des portes m\u00e9talliques, des fen\u00eatres ou un garde-corps, il con\u00e7oit le produit et assemble les diff\u00e9rents composants de l\u2019\u00e9l\u00e9ment via un proc\u00e9d\u00e9 de soudage. Ensuite, il ajuste la pi\u00e8ce avant de la mettre en place.<\/p>\n<p>Le serrurier-m\u00e9tallier peut \u00e9galement se charger de l\u2019installation d\u2019\u00e9l\u00e9ments manufactur\u00e9s et assurer la maintenance \u2013 <strong>entretien courant et r\u00e9paration<\/strong> \u2013 des \u00e9quipements en m\u00e9tal.<\/p>\n<p>Ce professionnel r\u00e9alise aussi des op\u00e9rations de d\u00e9pannage en serrurerie. Il diagnostique les dysfonctionnements, puis r\u00e9pare ou remplace les \u00e9l\u00e9ments d\u00e9fectueux (serrure, rideaux m\u00e9talliques\u2026).<\/p>\n<p>Avant m\u00eame la signature du devis et le lancement des travaux sur le chantier, le serrurier-m\u00e9tallier doit s\u2019assurer qu\u2019il peut r\u00e9aliser les travaux. Quand il vous remet un devis, il doit \u00eatre s\u00fbr de l\u2019ad\u00e9quation entre&nbsp;:<\/p>\n<ul>\n<li>la demande du client,<\/li>\n<li>la r\u00e9glementation (ou les arr\u00eat\u00e9s sp\u00e9cifiques du lieu o\u00f9 se situe le projet),<\/li>\n<li>la faisabilit\u00e9,<\/li>\n<li>le bon sens.<\/li>\n<\/ul>\n<p>Si ce n\u2019est pas le cas, il doit indiquer au client, dans le cadre de son devoir de conseil, les travaux pr\u00e9alables n\u00e9cessaires pour s\u00e9curiser son projet et les inclure dans son devis.<\/p>\n<p>Dans ce cas, l\u2019artisan ne peut pas vous r\u00e9clamer des frais pour des travaux compl\u00e9mentaires au cours du chantier&nbsp;: il est cens\u00e9 les avoir identifi\u00e9s au pr\u00e9alable.<\/p>\n<p>Cependant, tout n\u2019\u00e9tant pas forc\u00e9ment visible en amont, sachez faire preuve de bon sens et dialoguez avec l\u2019artisan.<\/p>\n<p>Comment savoir si le serrurier-m\u00e9tallier rep\u00e9r\u00e9 correspond \u00e0 vos attentes&nbsp;? Est-il comp\u00e9tent pour la mission demand\u00e9e&nbsp;? Quelles sont ses qualifications&nbsp;? Pour vous lancer en toute confiance, nos experts vous proposent une liste de questions \u00e0 poser \u00e0 votre artisan et des signes de qualit\u00e9 \u00e0 rep\u00e9rer afin de vous aider \u00e0 bien choisir votre professionnel.<\/p>\n<p>Pour vous donner des rep\u00e8res, le serrurier-m\u00e9tallier peut disposer de cette qualification qui garantit&nbsp;:<\/p>\n<ul>\n<li>la capacit\u00e9 technique \u00e0 r\u00e9aliser certains types de travaux,<\/li>\n<li>que l\u2019artisan est en r\u00e8gle avec ses obligations sociales et fiscales, qu\u2019il a souscrit les assurances obligatoires et dispose d\u2019une solidit\u00e9 financi\u00e8re suffisante \u00e0 l\u2019exercice de son activit\u00e9.<\/li>\n<\/ul>\n<p>Consultez le site de <a href=\"https:\/\/www.qualibat.com\" target=\"_blank\" rel=\"noopener\">Qualibat<\/a> pour trouver l\u2019artisan qui correspond aux travaux que vous envisagez.<\/p>\n<p>Plusieurs facteurs influent sur le prix et les d\u00e9lais d\u2019un serrurier-m\u00e9tallier. Ce dernier doit en tenir compte pour r\u00e9pondre au mieux \u00e0 votre demande, \u00e9tablir les <a href=\"https:\/\/www.qualitel.org\/particuliers\/comprendre-vos-documents\/devis-travaux\/\" target=\"_blank\" rel=\"noopener\">devis<\/a>, proposer un d\u00e9lai de r\u00e9alisation et limiter le risque d\u2019al\u00e9a de chantier.<\/p>\n<ul>\n<li>La date de construction du b\u00e2timent,<\/li>\n<li>Les caract\u00e9ristiques du b\u00e2timent (mat\u00e9riaux existants, pr\u00e9sence d\u2019amiante, de plomb, etc.)<\/li>\n<li>Les dimensions des surfaces \u00e0 traiter,<\/li>\n<li>L\u2019environnement&nbsp;: urbain, dense ou rural, servitude et droit des sols, contraintes li\u00e9es \u00e0 la sauvegarde du patrimoine,<\/li>\n<li>Les mat\u00e9riaux, \u00e9quipements et techniques utilis\u00e9s pour la mise en \u0153uvre.<\/li>\n<\/ul>\n<p><strong>N\u2019h\u00e9sitez pas \u00e0 contacter plusieurs artisans en serrurerie-m\u00e9tallerie et \u00e0 comparer leurs devis.<\/strong><\/p>\n<p>&nbsp;<\/p>\n","protected":false},"featured_media":0,"parent":0,"menu_order":0,"template":"","categories":[203,220],"tags":[417,486,428],"article_type":[406,405],"class_list":["post-2113","fiche_metier","type-fiche_metier","status-publish","hentry","category-confort","category-securite","tags-professionnels","tags-securite","tags-travaux","fiche_metier_type-pour-adapter-aux-seniors","fiche_metier_type-pour-agrandir-restructurer-et-construire"],"acf":[],"yoast_head":"<!-- This site is optimized with the Yoast SEO plugin v26.2 - https:\/\/yoast.com\/wordpress\/plugins\/seo\/ -->\n<title>Choisir votre artisan serrurier m\u00e9talliste - Qualitel | Particuliers<\/title>\n<meta name=\"description\" content=\"Le serrurier-m\u00e9tallier con\u00e7oit, r\u00e9alise et installe des \u00e9l\u00e9ments en m\u00e9tal fabriqu\u00e9s sur mesure.\" \/>\n<meta name=\"robots\" content=\"index, follow, max-snippet:-1, max-image-preview:large, max-video-preview:-1\" \/>\n<link rel=\"canonical\" href=\"https:\/\/www.qualitel.org\/particuliers\/pros-batiment\/choisir-serrurier-metallier\/\" \/>\n<meta property=\"og:locale\" content=\"fr_FR\" \/>\n<meta property=\"og:type\" content=\"article\" \/>\n<meta property=\"og:title\" content=\"Choisir votre artisan serrurier m\u00e9talliste - Qualitel | Particuliers\" \/>\n<meta property=\"og:description\" content=\"Besoin d\u2019un serrurier-m\u00e9tallier pour vos projets de construction ou de r\u00e9novation m\u00e9tallique&nbsp;? Ils con\u00e7oivent et installent sur mesure fen\u00eatres, portails, balcons, etc. Nos experts vous aident \u00e0 choisir votre professionnel en toute confiance.\" \/>\n<meta property=\"og:url\" content=\"https:\/\/www.qualitel.org\/particuliers\/pros-batiment\/choisir-serrurier-metallier\/\" \/>\n<meta property=\"og:site_name\" content=\"Qualitel | Particuliers\" \/>\n<meta property=\"article:publisher\" content=\"https:\/\/www.facebook.com\/groupequalitel\/\" \/>\n<meta property=\"article:modified_time\" content=\"2025-11-04T16:00:32+00:00\" \/>\n<meta property=\"og:image\" content=\"https:\/\/www.qualitel.org\/particuliers\/wp\/..\/uploads\/qualitel_social_part.jpg\" \/>\n\t<meta property=\"og:image:width\" content=\"1080\" \/>\n\t<meta property=\"og:image:height\" content=\"1080\" \/>\n\t<meta property=\"og:image:type\" content=\"image\/jpeg\" \/>\n<meta name=\"twitter:card\" content=\"summary_large_image\" \/>\n<meta name=\"twitter:description\" content=\"Besoin d\u2019un serrurier-m\u00e9tallier pour vos projets de construction ou de r\u00e9novation m\u00e9tallique&nbsp;? Ils con\u00e7oivent et installent sur mesure fen\u00eatres, portails, balcons, etc. Nos experts vous aident \u00e0 choisir votre professionnel en toute confiance.\n\" \/>\n<meta name=\"twitter:site\" content=\"@groupeQUALITEL\" \/>\n<meta name=\"twitter:label1\" content=\"Est. reading time\" \/>\n\t<meta name=\"twitter:data1\" content=\"11 minutes\" \/>\n<script type=\"application\/ld+json\" class=\"yoast-schema-graph\">{\"@context\":\"https:\/\/schema.org\",\"@graph\":[{\"@type\":\"WebPage\",\"@id\":\"https:\/\/www.qualitel.org\/particuliers\/pros-batiment\/choisir-serrurier-metallier\/\",\"url\":\"https:\/\/www.qualitel.org\/particuliers\/pros-batiment\/choisir-serrurier-metallier\/\",\"name\":\"Choisir votre artisan serrurier m\u00e9talliste - Qualitel | Particuliers\",\"isPartOf\":{\"@id\":\"https:\/\/www.qualitel.org\/particuliers\/#website\"},\"datePublished\":\"2022-04-06T12:50:13+00:00\",\"dateModified\":\"2025-11-04T16:00:32+00:00\",\"description\":\"Le serrurier-m\u00e9tallier con\u00e7oit, r\u00e9alise et installe des \u00e9l\u00e9ments en m\u00e9tal fabriqu\u00e9s sur mesure.\",\"breadcrumb\":{\"@id\":\"https:\/\/www.qualitel.org\/particuliers\/pros-batiment\/choisir-serrurier-metallier\/#breadcrumb\"},\"inLanguage\":\"fr-FR\",\"potentialAction\":[{\"@type\":\"ReadAction\",\"target\":[\"https:\/\/www.qualitel.org\/particuliers\/pros-batiment\/choisir-serrurier-metallier\/\"]}]},{\"@type\":\"BreadcrumbList\",\"@id\":\"https:\/\/www.qualitel.org\/particuliers\/pros-batiment\/choisir-serrurier-metallier\/#breadcrumb\",\"itemListElement\":[{\"@type\":\"ListItem\",\"position\":1,\"name\":\"Accueil\",\"item\":\"https:\/\/www.qualitel.org\/particuliers\/\"},{\"@type\":\"ListItem\",\"position\":2,\"name\":\"Bien choisir votre serrurier-m\u00e9tallier\"}]},{\"@type\":\"WebSite\",\"@id\":\"https:\/\/www.qualitel.org\/particuliers\/#website\",\"url\":\"https:\/\/www.qualitel.org\/particuliers\/\",\"name\":\"Qualitel | Particuliers\",\"description\":\"\",\"publisher\":{\"@id\":\"https:\/\/www.qualitel.org\/particuliers\/#organization\"},\"potentialAction\":[{\"@type\":\"SearchAction\",\"target\":{\"@type\":\"EntryPoint\",\"urlTemplate\":\"https:\/\/www.qualitel.org\/particuliers\/?s={search_term_string}\"},\"query-input\":{\"@type\":\"PropertyValueSpecification\",\"valueRequired\":true,\"valueName\":\"search_term_string\"}}],\"inLanguage\":\"fr-FR\"},{\"@type\":\"Organization\",\"@id\":\"https:\/\/www.qualitel.org\/particuliers\/#organization\",\"name\":\"Qualitel | Particuliers\",\"url\":\"https:\/\/www.qualitel.org\/particuliers\/\",\"logo\":{\"@type\":\"ImageObject\",\"inLanguage\":\"fr-FR\",\"@id\":\"https:\/\/www.qualitel.org\/particuliers\/#\/schema\/logo\/image\/\",\"url\":\"https:\/\/www.qualitel.org\/particuliers\/wp\/..\/uploads\/qualitel-squarelogo-1456752654225.png\",\"contentUrl\":\"https:\/\/www.qualitel.org\/particuliers\/wp\/..\/uploads\/qualitel-squarelogo-1456752654225.png\",\"width\":180,\"height\":180,\"caption\":\"Qualitel | Particuliers\"},\"image\":{\"@id\":\"https:\/\/www.qualitel.org\/particuliers\/#\/schema\/logo\/image\/\"},\"sameAs\":[\"https:\/\/www.facebook.com\/groupequalitel\/\",\"https:\/\/x.com\/groupeQUALITEL\",\"https:\/\/www.instagram.com\/associationqualitel\/\",\"https:\/\/www.pinterest.fr\/associationqualitel\/\"]}]}<\/script>\n<!-- \/ Yoast SEO plugin. -->","yoast_head_json":{"title":"Choisir votre artisan serrurier m\u00e9talliste - Qualitel | Particuliers","description":"Le serrurier-m\u00e9tallier con\u00e7oit, r\u00e9alise et installe des \u00e9l\u00e9ments en m\u00e9tal fabriqu\u00e9s sur mesure.","robots":{"index":"index","follow":"follow","max-snippet":"max-snippet:-1","max-image-preview":"max-image-preview:large","max-video-preview":"max-video-preview:-1"},"canonical":"https:\/\/www.qualitel.org\/particuliers\/pros-batiment\/choisir-serrurier-metallier\/","og_locale":"fr_FR","og_type":"article","og_title":"Choisir votre artisan serrurier m\u00e9talliste - Qualitel | Particuliers","og_description":"Besoin d\u2019un serrurier-m\u00e9tallier pour vos projets de construction ou de r\u00e9novation m\u00e9tallique&nbsp;? Ils con\u00e7oivent et installent sur mesure fen\u00eatres, portails, balcons, etc. Nos experts vous aident \u00e0 choisir votre professionnel en toute confiance.","og_url":"https:\/\/www.qualitel.org\/particuliers\/pros-batiment\/choisir-serrurier-metallier\/","og_site_name":"Qualitel | Particuliers","article_publisher":"https:\/\/www.facebook.com\/groupequalitel\/","article_modified_time":"2025-11-04T16:00:32+00:00","og_image":[{"width":1080,"height":1080,"url":"https:\/\/www.qualitel.org\/particuliers\/wp\/..\/uploads\/qualitel_social_part.jpg","type":"image\/jpeg"}],"twitter_card":"summary_large_image","twitter_description":"Besoin d\u2019un serrurier-m\u00e9tallier pour vos projets de construction ou de r\u00e9novation m\u00e9tallique&nbsp;? Ils con\u00e7oivent et installent sur mesure fen\u00eatres, portails, balcons, etc. Nos experts vous aident \u00e0 choisir votre professionnel en toute confiance.\n","twitter_site":"@groupeQUALITEL","twitter_misc":{"Est. reading time":"11 minutes"},"schema":{"@context":"https:\/\/schema.org","@graph":[{"@type":"WebPage","@id":"https:\/\/www.qualitel.org\/particuliers\/pros-batiment\/choisir-serrurier-metallier\/","url":"https:\/\/www.qualitel.org\/particuliers\/pros-batiment\/choisir-serrurier-metallier\/","name":"Choisir votre artisan serrurier m\u00e9talliste - Qualitel | Particuliers","isPartOf":{"@id":"https:\/\/www.qualitel.org\/particuliers\/#website"},"datePublished":"2022-04-06T12:50:13+00:00","dateModified":"2025-11-04T16:00:32+00:00","description":"Le serrurier-m\u00e9tallier con\u00e7oit, r\u00e9alise et installe des \u00e9l\u00e9ments en m\u00e9tal fabriqu\u00e9s sur mesure.","breadcrumb":{"@id":"https:\/\/www.qualitel.org\/particuliers\/pros-batiment\/choisir-serrurier-metallier\/#breadcrumb"},"inLanguage":"fr-FR","potentialAction":[{"@type":"ReadAction","target":["https:\/\/www.qualitel.org\/particuliers\/pros-batiment\/choisir-serrurier-metallier\/"]}]},{"@type":"BreadcrumbList","@id":"https:\/\/www.qualitel.org\/particuliers\/pros-batiment\/choisir-serrurier-metallier\/#breadcrumb","itemListElement":[{"@type":"ListItem","position":1,"name":"Accueil","item":"https:\/\/www.qualitel.org\/particuliers\/"},{"@type":"ListItem","position":2,"name":"Bien choisir votre serrurier-m\u00e9tallier"}]},{"@type":"WebSite","@id":"https:\/\/www.qualitel.org\/particuliers\/#website","url":"https:\/\/www.qualitel.org\/particuliers\/","name":"Qualitel | Particuliers","description":"","publisher":{"@id":"https:\/\/www.qualitel.org\/particuliers\/#organization"},"potentialAction":[{"@type":"SearchAction","target":{"@type":"EntryPoint","urlTemplate":"https:\/\/www.qualitel.org\/particuliers\/?s={search_term_string}"},"query-input":{"@type":"PropertyValueSpecification","valueRequired":true,"valueName":"search_term_string"}}],"inLanguage":"fr-FR"},{"@type":"Organization","@id":"https:\/\/www.qualitel.org\/particuliers\/#organization","name":"Qualitel | Particuliers","url":"https:\/\/www.qualitel.org\/particuliers\/","logo":{"@type":"ImageObject","inLanguage":"fr-FR","@id":"https:\/\/www.qualitel.org\/particuliers\/#\/schema\/logo\/image\/","url":"https:\/\/www.qualitel.org\/particuliers\/wp\/..\/uploads\/qualitel-squarelogo-1456752654225.png","contentUrl":"https:\/\/www.qualitel.org\/particuliers\/wp\/..\/uploads\/qualitel-squarelogo-1456752654225.png","width":180,"height":180,"caption":"Qualitel | Particuliers"},"image":{"@id":"https:\/\/www.qualitel.org\/particuliers\/#\/schema\/logo\/image\/"},"sameAs":["https:\/\/www.facebook.com\/groupequalitel\/","https:\/\/x.com\/groupeQUALITEL","https:\/\/www.instagram.com\/associationqualitel\/","https:\/\/www.pinterest.fr\/associationqualitel\/"]}]}},"_links":{"self":[{"href":"https:\/\/www.qualitel.org\/particuliers\/wp-json\/wp\/v2\/fiche_metier\/2113","targetHints":{"allow":["GET"]}}],"collection":[{"href":"https:\/\/www.qualitel.org\/particuliers\/wp-json\/wp\/v2\/fiche_metier"}],"about":[{"href":"https:\/\/www.qualitel.org\/particuliers\/wp-json\/wp\/v2\/types\/fiche_metier"}],"version-history":[{"count":63,"href":"https:\/\/www.qualitel.org\/particuliers\/wp-json\/wp\/v2\/fiche_metier\/2113\/revisions"}],"predecessor-version":[{"id":51739,"href":"https:\/\/www.qualitel.org\/particuliers\/wp-json\/wp\/v2\/fiche_metier\/2113\/revisions\/51739"}],"wp:attachment":[{"href":"https:\/\/www.qualitel.org\/particuliers\/wp-json\/wp\/v2\/media?parent=2113"}],"wp:term":[{"taxonomy":"category","embeddable":true,"href":"https:\/\/www.qualitel.org\/particuliers\/wp-json\/wp\/v2\/categories?post=2113"},{"taxonomy":"tags","embeddable":true,"href":"https:\/\/www.qualitel.org\/particuliers\/wp-json\/wp\/v2\/tags?post=2113"},{"taxonomy":"fiche_metier_type","embeddable":true,"href":"https:\/\/www.qualitel.org\/particuliers\/wp-json\/wp\/v2\/article_type?post=2113"}],"curies":[{"name":"wp","href":"https:\/\/api.w.org\/{rel}","templated":true}]}}