{"id":3296,"date":"2021-07-27T11:30:17","date_gmt":"2021-07-27T09:30:17","guid":{"rendered":"http:\/\/qualitel.org\/?post_type=fiche_metier&#038;p=3296"},"modified":"2025-07-29T12:16:47","modified_gmt":"2025-07-29T10:16:47","slug":"bien-choisir-votre-menuisier","status":"publish","type":"fiche_metier","link":"https:\/\/www.qualitel.org\/particuliers\/pros-batiment\/choisir-menuisier\/","title":{"rendered":"Bien choisir votre menuisier"},"content":{"rendered":"<p>Sur les chantiers, <strong>le menuisier intervient en \u00ab&nbsp;second \u0153uvre&nbsp;\u00bb<\/strong>, c\u2019est-\u00e0-dire apr\u00e8s les travaux li\u00e9s \u00e0 la structure de l\u2019habitat. Il travaille le plus souvent le bois mais aussi l\u2019aluminium, le PVC, les produits \u00e0 base de bois, le verre, etc.<\/p>\n<p>Il poss\u00e8de un large \u00e9ventail de missions&nbsp;:<\/p>\n<ul>\n<li><b>Poser des installations en s\u00e9rie<\/b>, comme par exemple dans le cas de fen\u00eatres \u00ab&nbsp;industrielles&nbsp;\u00bb.<\/li>\n<li><b>Concevoir, cr\u00e9er, fabriquer et installer des r\u00e9alisations de menuiserie sur mesure<\/b>. Parmi les am\u00e9nagements int\u00e9rieurs possibles \u00e0 lui demander, il y a notamment la r\u00e9alisation de portes, de placards, de plan de travail, de parquets, d\u2019escaliers, etc. Il intervient \u00e0 l\u2019ext\u00e9rieur au niveau des fa\u00e7ades, des fen\u00eatres, des v\u00e9randas ou encore des pergolas.<\/li>\n<\/ul>\n<p><strong>Pour le cas d\u2019\u00e9l\u00e9ments sur mesure, l\u2019intervention du menuisier se d\u00e9roule en plusieurs \u00e9tapes<\/strong><\/p>\n<ul>\n<li>Il commence par prendre les mesures n\u00e9cessaires \u00e0 la conception, \u00e0 la modification ou \u00e0 la r\u00e9paration d\u2019un ouvrage. Il s\u2019assure que les travaux sont possibles et note les produits ou mat\u00e9riaux dont il a besoin pour le jour J.<\/li>\n<li>S\u2019il doit concevoir l\u2019ouvrage, il cr\u00e9e des plans des pi\u00e8ces \u00e0 produire. Il pr\u00e9conise et s\u00e9lectionne les mat\u00e9riaux les plus appropri\u00e9s, ce qui lui permet de fabriquer par usinage et assemblages les pi\u00e8ces \u00e0 cr\u00e9er pour r\u00e9pondre \u00e0 votre commande.<\/li>\n<li>Avant l\u2019installation, le menuisier peut pr\u00e9parer son intervention sur le chantier, selon les cas, en montant un \u00e9chafaudage, en prot\u00e9geant les \u00e9l\u00e9ments existants, etc.<\/li>\n<li>Pour boucler sa r\u00e9alisation, il ajuste les travaux avec les derni\u00e8res finitions&nbsp;: vernis, peinture, laque, etc.<\/li>\n<li>Puis apr\u00e8s avoir nettoy\u00e9 sa zone d\u2019intervention, il replie son mat\u00e9riel.<\/li>\n<\/ul>\n<p>&nbsp;<\/p>\n<h3>Quelles sont les responsabilit\u00e9s du menuisier&nbsp;?<\/h3>\n<p>Dans la mesure o\u00f9 le menuisier vous remet un devis, il doit avoir v\u00e9rifi\u00e9 l\u2019ad\u00e9quation entre votre demande, la r\u00e9glementation (ou les arr\u00eat\u00e9s sp\u00e9cifiques du lieu o\u00f9 se situe le projet) et la faisabilit\u00e9 technique. Si ce n\u2019est pas le cas, le devis doit indiquer les travaux pr\u00e9alables n\u00e9cessaires au chantier. Ce qui sous-entend que le menuisier ne pourra pas vous r\u00e9clamer au cours du chantier des frais pour des travaux compl\u00e9mentaires comme il est cens\u00e9 les avoir identifi\u00e9s au pr\u00e9alable. \u00c0 noter que tout n\u2019est pas forcement visible en amont, c\u2019est ensuite une question de dialogue et de bon sens.<\/p>\n<p>Avant de vous lancer dans vos travaux avec un menuisier, v\u00e9rifiez que celui-ci r\u00e9pond bien \u00e0 vos attentes. Le professionnel envisag\u00e9 est-il capable de tenir les d\u00e9lais pr\u00e9vus&nbsp;? Son entreprise est-elle solide financi\u00e8rement&nbsp;? Parce qu\u2019il est important de choisir un professionnel fiable avec lequel vous pourrez avancer en toute confiance, nos experts vous guident avec une s\u00e9rie de questions \u00e0 lui poser.<\/p>\n<p>Pour vous donner des rep\u00e8res dans le choix de votre menuisier, il y a des<b> signes de qualit\u00e9 \u00ab&nbsp;facultatifs&nbsp;\u00bb<\/b>. Renseignez-vous aupr\u00e8s des professionnels rep\u00e9r\u00e9s&nbsp;pour savoir s\u2019ils ont ces qualifications&nbsp;:<\/p>\n<ul>\n<li><strong>La qualification Qualibat&nbsp;:<\/strong> ce dispositif v\u00e9rifie&nbsp;la capacit\u00e9 technique d\u2019une entreprise \u00e0 r\u00e9aliser certains types de travaux, dans des domaines d\u00e9finis (menuiserie, etc.). Il contr\u00f4le \u00e9galement que l\u2019entreprise est bien en r\u00e8gle avec la souscription d\u2019assurances, est solide financi\u00e8rement et est \u00e0 jour de ses obligations sociales et fiscales. Pour trouver les artisans ou les entreprises correspondant aux types de travaux envisag\u00e9s, consultez le site de <a href=\"https:\/\/www.qualibat.com\/\" target=\"_blank\" rel=\"noopener\">Qualibat<\/a>.<\/li>\n<li><strong>La mention RGE (Reconnu Garant Environnement)<\/strong>&nbsp;: elle est d\u00e9livr\u00e9e aux professionnels comp\u00e9tents en mati\u00e8re d\u2019efficacit\u00e9 \u00e9nerg\u00e9tique. Elle est indispensable pour obtenir les <a href=\"https:\/\/www.qualitel.org\/particuliers\/travaux-renovation\/cout-renovation-maison\/\">aides financi\u00e8res<\/a> li\u00e9es \u00e0 la r\u00e9novation \u00e9nerg\u00e9tique. Pour trouver un menuisier RGE, vous pouvez consulter <a href=\"https:\/\/france-renov.gouv.fr\/annuaires-professionnels\/artisan-rge-architecte\" target=\"_blank\" rel=\"noopener\">l\u2019annuaire des professionnels RGE<\/a> mis en place par l\u2019\u00c9tat.<\/li>\n<\/ul>\n<p><span style=\"font-weight: 400;\">Afin de vous aider \u00e0 comparer les <a href=\"https:\/\/www.qualitel.org\/particuliers\/comprendre-vos-documents\/devis-travaux\/\" target=\"_blank\" rel=\"noopener\">devis<\/a> re\u00e7us de la part des diff\u00e9rents menuisiers contact\u00e9s, sachez que les prix et les d\u00e9lais varient en fonction de diff\u00e9rents facteurs.<\/span><\/p>\n<ul>\n<li style=\"font-weight: 400;\"><span style=\"font-weight: 400;\">Les dimensions de surfaces \u00e0 traiter,<\/span><\/li>\n<li style=\"font-weight: 400;\"><span style=\"font-weight: 400;\">Les mat\u00e9riaux utilis\u00e9s,<\/span><\/li>\n<li style=\"font-weight: 400;\"><span style=\"font-weight: 400;\">Les techniques de mise en \u0153uvre,<\/span><\/li>\n<li style=\"font-weight: 400;\"><span style=\"font-weight: 400;\">L\u2019\u00e9tat des ouvrages (bon \u00e9tat, n\u00e9cessitant des travaux de consolidation, etc.) qui supporteront les menuiseries. <\/span><\/li>\n<li style=\"font-weight: 400;\"><span style=\"font-weight: 400;\">Les conditions d\u2019approvisionnement des produits et mat\u00e9riaux,<\/span><\/li>\n<li style=\"font-weight: 400;\"><span style=\"font-weight: 400;\">Pour les gros chantiers, les conditions d\u2019intervention qui d\u00e9pendent de l\u2019\u00e9tat d\u2019avancement des diff\u00e9rents corps d\u2019\u00e9tats et des installations collectives du chantier,<\/span><\/li>\n<li style=\"font-weight: 400;\"><span style=\"font-weight: 400;\">Pour les menuiseries ext\u00e9rieures, les conditions climatiques.<\/span><\/li>\n<\/ul>\n<p><span style=\"font-weight: 400;\">Ces \u00e9l\u00e9ments doivent \u00eatre pris en compte pour r\u00e9pondre au mieux \u00e0 votre demande tout en respectant les r\u00e9glementations applicables.<\/span><\/p>\n<p>&nbsp;<\/p>\n","protected":false},"featured_media":0,"parent":0,"menu_order":0,"template":"","categories":[203,220],"tags":[438,429,417,428],"article_type":[406,405,404],"class_list":["post-3296","fiche_metier","type-fiche_metier","status-publish","hentry","category-confort","category-securite","tags-choix-des-materiaux","tags-construction","tags-professionnels","tags-travaux","fiche_metier_type-pour-adapter-aux-seniors","fiche_metier_type-pour-agrandir-restructurer-et-construire","fiche_metier_type-pour-changer-les-fenetres"],"acf":[],"yoast_head":"<!-- This site is optimized with the Yoast SEO plugin v26.2 - https:\/\/yoast.com\/wordpress\/plugins\/seo\/ -->\n<title>Nos conseils pour choisir un menuisier professionnel - Qualitel | Particuliers<\/title>\n<meta name=\"description\" content=\"Le menuisier participe \u00e0 l\u2019am\u00e9nagement int\u00e9rieur et ext\u00e9rieur de votre logement.\" \/>\n<meta name=\"robots\" content=\"index, follow, max-snippet:-1, max-image-preview:large, max-video-preview:-1\" \/>\n<link rel=\"canonical\" href=\"https:\/\/www.qualitel.org\/particuliers\/pros-batiment\/choisir-menuisier\/\" \/>\n<meta property=\"og:locale\" content=\"fr_FR\" \/>\n<meta property=\"og:type\" content=\"article\" \/>\n<meta property=\"og:title\" content=\"Nos conseils pour choisir un menuisier professionnel - Qualitel | Particuliers\" \/>\n<meta property=\"og:description\" content=\"Pour un am\u00e9nagement int\u00e9rieur et ext\u00e9rieur de qualit\u00e9, il est essentiel de choisir le bon menuisier pour votre projet de construction ou de r\u00e9novation. Nos experts vous guident pour trouver l\u2019artisan correspondant \u00e0 vos attentes.\" \/>\n<meta property=\"og:url\" content=\"https:\/\/www.qualitel.org\/particuliers\/pros-batiment\/choisir-menuisier\/\" \/>\n<meta property=\"og:site_name\" content=\"Qualitel | Particuliers\" \/>\n<meta property=\"article:publisher\" content=\"https:\/\/www.facebook.com\/groupequalitel\/\" \/>\n<meta property=\"article:modified_time\" content=\"2025-07-29T10:16:47+00:00\" \/>\n<meta property=\"og:image\" content=\"https:\/\/www.qualitel.org\/particuliers\/wp\/..\/uploads\/qualitel_social_part.jpg\" \/>\n\t<meta property=\"og:image:width\" content=\"1080\" \/>\n\t<meta property=\"og:image:height\" content=\"1080\" \/>\n\t<meta property=\"og:image:type\" content=\"image\/jpeg\" \/>\n<meta name=\"twitter:card\" content=\"summary_large_image\" \/>\n<meta name=\"twitter:description\" content=\"Pour un am\u00e9nagement int\u00e9rieur et ext\u00e9rieur de qualit\u00e9, il est essentiel de choisir le bon menuisier pour votre projet de construction ou de r\u00e9novation. Nos experts vous guident pour trouver l\u2019artisan correspondant \u00e0 vos attentes.\n\" \/>\n<meta name=\"twitter:site\" content=\"@groupeQUALITEL\" \/>\n<meta name=\"twitter:label1\" content=\"Est. reading time\" \/>\n\t<meta name=\"twitter:data1\" content=\"12 minutes\" \/>\n<script type=\"application\/ld+json\" class=\"yoast-schema-graph\">{\"@context\":\"https:\/\/schema.org\",\"@graph\":[{\"@type\":\"WebPage\",\"@id\":\"https:\/\/www.qualitel.org\/particuliers\/pros-batiment\/choisir-menuisier\/\",\"url\":\"https:\/\/www.qualitel.org\/particuliers\/pros-batiment\/choisir-menuisier\/\",\"name\":\"Nos conseils pour choisir un menuisier professionnel - Qualitel | Particuliers\",\"isPartOf\":{\"@id\":\"https:\/\/www.qualitel.org\/particuliers\/#website\"},\"datePublished\":\"2021-07-27T09:30:17+00:00\",\"dateModified\":\"2025-07-29T10:16:47+00:00\",\"description\":\"Le menuisier participe \u00e0 l\u2019am\u00e9nagement int\u00e9rieur et ext\u00e9rieur de votre logement.\",\"breadcrumb\":{\"@id\":\"https:\/\/www.qualitel.org\/particuliers\/pros-batiment\/choisir-menuisier\/#breadcrumb\"},\"inLanguage\":\"fr-FR\",\"potentialAction\":[{\"@type\":\"ReadAction\",\"target\":[\"https:\/\/www.qualitel.org\/particuliers\/pros-batiment\/choisir-menuisier\/\"]}]},{\"@type\":\"BreadcrumbList\",\"@id\":\"https:\/\/www.qualitel.org\/particuliers\/pros-batiment\/choisir-menuisier\/#breadcrumb\",\"itemListElement\":[{\"@type\":\"ListItem\",\"position\":1,\"name\":\"Accueil\",\"item\":\"https:\/\/www.qualitel.org\/particuliers\/\"},{\"@type\":\"ListItem\",\"position\":2,\"name\":\"Bien choisir votre menuisier\"}]},{\"@type\":\"WebSite\",\"@id\":\"https:\/\/www.qualitel.org\/particuliers\/#website\",\"url\":\"https:\/\/www.qualitel.org\/particuliers\/\",\"name\":\"Qualitel | Particuliers\",\"description\":\"\",\"publisher\":{\"@id\":\"https:\/\/www.qualitel.org\/particuliers\/#organization\"},\"potentialAction\":[{\"@type\":\"SearchAction\",\"target\":{\"@type\":\"EntryPoint\",\"urlTemplate\":\"https:\/\/www.qualitel.org\/particuliers\/?s={search_term_string}\"},\"query-input\":{\"@type\":\"PropertyValueSpecification\",\"valueRequired\":true,\"valueName\":\"search_term_string\"}}],\"inLanguage\":\"fr-FR\"},{\"@type\":\"Organization\",\"@id\":\"https:\/\/www.qualitel.org\/particuliers\/#organization\",\"name\":\"Qualitel | Particuliers\",\"url\":\"https:\/\/www.qualitel.org\/particuliers\/\",\"logo\":{\"@type\":\"ImageObject\",\"inLanguage\":\"fr-FR\",\"@id\":\"https:\/\/www.qualitel.org\/particuliers\/#\/schema\/logo\/image\/\",\"url\":\"https:\/\/www.qualitel.org\/particuliers\/wp\/..\/uploads\/qualitel-squarelogo-1456752654225.png\",\"contentUrl\":\"https:\/\/www.qualitel.org\/particuliers\/wp\/..\/uploads\/qualitel-squarelogo-1456752654225.png\",\"width\":180,\"height\":180,\"caption\":\"Qualitel | Particuliers\"},\"image\":{\"@id\":\"https:\/\/www.qualitel.org\/particuliers\/#\/schema\/logo\/image\/\"},\"sameAs\":[\"https:\/\/www.facebook.com\/groupequalitel\/\",\"https:\/\/x.com\/groupeQUALITEL\",\"https:\/\/www.instagram.com\/associationqualitel\/\",\"https:\/\/www.pinterest.fr\/associationqualitel\/\"]}]}<\/script>\n<!-- \/ Yoast SEO plugin. -->","yoast_head_json":{"title":"Nos conseils pour choisir un menuisier professionnel - Qualitel | Particuliers","description":"Le menuisier participe \u00e0 l\u2019am\u00e9nagement int\u00e9rieur et ext\u00e9rieur de votre logement.","robots":{"index":"index","follow":"follow","max-snippet":"max-snippet:-1","max-image-preview":"max-image-preview:large","max-video-preview":"max-video-preview:-1"},"canonical":"https:\/\/www.qualitel.org\/particuliers\/pros-batiment\/choisir-menuisier\/","og_locale":"fr_FR","og_type":"article","og_title":"Nos conseils pour choisir un menuisier professionnel - Qualitel | Particuliers","og_description":"Pour un am\u00e9nagement int\u00e9rieur et ext\u00e9rieur de qualit\u00e9, il est essentiel de choisir le bon menuisier pour votre projet de construction ou de r\u00e9novation. Nos experts vous guident pour trouver l\u2019artisan correspondant \u00e0 vos attentes.","og_url":"https:\/\/www.qualitel.org\/particuliers\/pros-batiment\/choisir-menuisier\/","og_site_name":"Qualitel | Particuliers","article_publisher":"https:\/\/www.facebook.com\/groupequalitel\/","article_modified_time":"2025-07-29T10:16:47+00:00","og_image":[{"width":1080,"height":1080,"url":"https:\/\/www.qualitel.org\/particuliers\/wp\/..\/uploads\/qualitel_social_part.jpg","type":"image\/jpeg"}],"twitter_card":"summary_large_image","twitter_description":"Pour un am\u00e9nagement int\u00e9rieur et ext\u00e9rieur de qualit\u00e9, il est essentiel de choisir le bon menuisier pour votre projet de construction ou de r\u00e9novation. Nos experts vous guident pour trouver l\u2019artisan correspondant \u00e0 vos attentes.\n","twitter_site":"@groupeQUALITEL","twitter_misc":{"Est. reading time":"12 minutes"},"schema":{"@context":"https:\/\/schema.org","@graph":[{"@type":"WebPage","@id":"https:\/\/www.qualitel.org\/particuliers\/pros-batiment\/choisir-menuisier\/","url":"https:\/\/www.qualitel.org\/particuliers\/pros-batiment\/choisir-menuisier\/","name":"Nos conseils pour choisir un menuisier professionnel - Qualitel | Particuliers","isPartOf":{"@id":"https:\/\/www.qualitel.org\/particuliers\/#website"},"datePublished":"2021-07-27T09:30:17+00:00","dateModified":"2025-07-29T10:16:47+00:00","description":"Le menuisier participe \u00e0 l\u2019am\u00e9nagement int\u00e9rieur et ext\u00e9rieur de votre logement.","breadcrumb":{"@id":"https:\/\/www.qualitel.org\/particuliers\/pros-batiment\/choisir-menuisier\/#breadcrumb"},"inLanguage":"fr-FR","potentialAction":[{"@type":"ReadAction","target":["https:\/\/www.qualitel.org\/particuliers\/pros-batiment\/choisir-menuisier\/"]}]},{"@type":"BreadcrumbList","@id":"https:\/\/www.qualitel.org\/particuliers\/pros-batiment\/choisir-menuisier\/#breadcrumb","itemListElement":[{"@type":"ListItem","position":1,"name":"Accueil","item":"https:\/\/www.qualitel.org\/particuliers\/"},{"@type":"ListItem","position":2,"name":"Bien choisir votre menuisier"}]},{"@type":"WebSite","@id":"https:\/\/www.qualitel.org\/particuliers\/#website","url":"https:\/\/www.qualitel.org\/particuliers\/","name":"Qualitel | Particuliers","description":"","publisher":{"@id":"https:\/\/www.qualitel.org\/particuliers\/#organization"},"potentialAction":[{"@type":"SearchAction","target":{"@type":"EntryPoint","urlTemplate":"https:\/\/www.qualitel.org\/particuliers\/?s={search_term_string}"},"query-input":{"@type":"PropertyValueSpecification","valueRequired":true,"valueName":"search_term_string"}}],"inLanguage":"fr-FR"},{"@type":"Organization","@id":"https:\/\/www.qualitel.org\/particuliers\/#organization","name":"Qualitel | Particuliers","url":"https:\/\/www.qualitel.org\/particuliers\/","logo":{"@type":"ImageObject","inLanguage":"fr-FR","@id":"https:\/\/www.qualitel.org\/particuliers\/#\/schema\/logo\/image\/","url":"https:\/\/www.qualitel.org\/particuliers\/wp\/..\/uploads\/qualitel-squarelogo-1456752654225.png","contentUrl":"https:\/\/www.qualitel.org\/particuliers\/wp\/..\/uploads\/qualitel-squarelogo-1456752654225.png","width":180,"height":180,"caption":"Qualitel | Particuliers"},"image":{"@id":"https:\/\/www.qualitel.org\/particuliers\/#\/schema\/logo\/image\/"},"sameAs":["https:\/\/www.facebook.com\/groupequalitel\/","https:\/\/x.com\/groupeQUALITEL","https:\/\/www.instagram.com\/associationqualitel\/","https:\/\/www.pinterest.fr\/associationqualitel\/"]}]}},"_links":{"self":[{"href":"https:\/\/www.qualitel.org\/particuliers\/wp-json\/wp\/v2\/fiche_metier\/3296","targetHints":{"allow":["GET"]}}],"collection":[{"href":"https:\/\/www.qualitel.org\/particuliers\/wp-json\/wp\/v2\/fiche_metier"}],"about":[{"href":"https:\/\/www.qualitel.org\/particuliers\/wp-json\/wp\/v2\/types\/fiche_metier"}],"version-history":[{"count":97,"href":"https:\/\/www.qualitel.org\/particuliers\/wp-json\/wp\/v2\/fiche_metier\/3296\/revisions"}],"predecessor-version":[{"id":50466,"href":"https:\/\/www.qualitel.org\/particuliers\/wp-json\/wp\/v2\/fiche_metier\/3296\/revisions\/50466"}],"wp:attachment":[{"href":"https:\/\/www.qualitel.org\/particuliers\/wp-json\/wp\/v2\/media?parent=3296"}],"wp:term":[{"taxonomy":"category","embeddable":true,"href":"https:\/\/www.qualitel.org\/particuliers\/wp-json\/wp\/v2\/categories?post=3296"},{"taxonomy":"tags","embeddable":true,"href":"https:\/\/www.qualitel.org\/particuliers\/wp-json\/wp\/v2\/tags?post=3296"},{"taxonomy":"fiche_metier_type","embeddable":true,"href":"https:\/\/www.qualitel.org\/particuliers\/wp-json\/wp\/v2\/article_type?post=3296"}],"curies":[{"name":"wp","href":"https:\/\/api.w.org\/{rel}","templated":true}]}}