{"id":3320,"date":"2018-11-08T12:32:15","date_gmt":"2018-11-08T11:32:15","guid":{"rendered":"http:\/\/qualitel.org\/?post_type=fiche_metier&#038;p=3320"},"modified":"2026-01-28T10:37:37","modified_gmt":"2026-01-28T09:37:37","slug":"bien-choisir-votre-carreleur","status":"publish","type":"fiche_metier","link":"https:\/\/www.qualitel.org\/particuliers\/pros-batiment\/choisir-carreleur\/","title":{"rendered":"Bien choisir son carreleur"},"content":{"rendered":"<p><img loading=\"lazy\" decoding=\"async\" class=\"alignright size-medium wp-image-17020\" src=\"https:\/\/www.qualitel.org\/particuliers\/uploads\/shutterstock_1033080832-300x169.jpg\" alt width=\"300\" height=\"169\" srcset=\"https:\/\/www.qualitel.org\/particuliers\/wp\/..\/uploads\/shutterstock_1033080832-300x169.jpg 300w, https:\/\/www.qualitel.org\/particuliers\/wp\/..\/uploads\/shutterstock_1033080832.jpg 500w\" sizes=\"auto, (max-width: 300px) 100vw, 300px\"><\/p>\n<p>Avant de poser le carrelage, le carreleur <strong>retire le <a href=\"https:\/\/www.qualitel.org\/particuliers\/equipements-et-materiaux\/revetement-sol\/\">rev\u00eatement de sol<\/a> existant<\/strong> (ancien carrelage, moquette, autre), puis<strong> lisse la surface \u00e0 couvrir<\/strong>, c\u2019est ce qu\u2019on appelle le<strong> ragr\u00e9age<\/strong>. Une fois pr\u00eat, il <strong>d\u00e9coupe le carrelage<\/strong> et <strong>le pose <\/strong>tout en prenant les mesures n\u00e9cessaires pour une bonne isolation thermique et acoustique.<\/p>\n<p>Il <strong>intervient dans toutes les pi\u00e8ces souhait\u00e9es<\/strong> pour effectuer la pose de carrelage de <a href=\"https:\/\/www.qualitel.org\/particuliers\/travaux-renovation\/salle-de-bain\/\">salle de bain<\/a>, du carrelage de <a href=\"https:\/\/www.qualitel.org\/particuliers\/travaux-renovation\/cuisine\/\">cuisine<\/a>, d\u2019un parement de sol adapt\u00e9 au <a href=\"https:\/\/www.qualitel.org\/particuliers\/travaux-renovation\/sejour\/\">salon<\/a> ou \u00e0 la salle \u00e0 manger, mais \u00e9galement pour des prestations de carrelage ext\u00e9rieur, comme sur une terrasse.<\/p>\n<p>Fin connaisseur des avantages et inconv\u00e9nients des diff\u00e9rents proc\u00e9d\u00e9s et mat\u00e9riaux, le carreleur est le <strong>garant de la bonne isolation et de l\u2019\u00e9tanch\u00e9it\u00e9<\/strong>. Il saura parfaitement vous conseiller sur le type de carrelage adapt\u00e9 aux caract\u00e9ristiques de votre logement. En effet, il vous sera peut-\u00eatre impossible d\u2019installer le carrelage que vous souhaitiez initialement, notamment en appartement&nbsp;: le poids, l\u2019\u00e9paisseur et le r\u00e8glement de copropri\u00e9t\u00e9 sont \u00e0 prendre en consid\u00e9ration.<\/p>\n<p>Fort de son exp\u00e9rience, le sp\u00e9cialiste va <strong>choisir la m\u00e9thode de pose la plus ad\u00e9quate pour une adh\u00e9rence au sol maximale<\/strong>. Pour cela, il va d\u00e9finir s\u2019il est pr\u00e9f\u00e9rable d\u2019opter pour la pose scell\u00e9e ou la pose avec un mortier-colle.<\/p>\n<p>Si vous habitez en copropri\u00e9t\u00e9, avant d\u2019envisager de remplacer votre moquette par du carrelage, v\u00e9rifiez aupr\u00e8s de votre <a href=\"https:\/\/www.qualitel.org\/particuliers\/travaux-renovation\/copropriete\/syndic\/\">syndic de copropri\u00e9t\u00e9<\/a> si c\u2019est possible. Il est important de ne pas d\u00e9grader la qualit\u00e9 acoustique initiale.<\/p>\n<p>Si vous<strong> r\u00e9novez votre salle de bain<\/strong>, il est recommand\u00e9 de <strong>faire carreler les murs au-dessus de la baignoire ou de la cabine de douche<\/strong> pour ses caract\u00e9ristiques d\u2019\u00e9tanch\u00e9it\u00e9 \u00e0 l\u2019eau. L\u2019intervention est minutieuse et d\u00e9licate, il est conseill\u00e9 de faire appel \u00e0 un professionnel de ce type de rev\u00eatements et de techniques.<\/p>\n<p>Dans la mesure o\u00f9 le carreleur vous remet un devis, il doit avoir<strong> v\u00e9rifi\u00e9 la bonne ad\u00e9quation entre votre demande, la r\u00e9glementation et la faisabilit\u00e9<\/strong>. Il pourra ainsi r\u00e9aliser correctement les travaux chiffr\u00e9s. D\u2019ailleurs,<strong> le devis pourra comporter des travaux pr\u00e9alables n\u00e9cessaires au chantier<\/strong>. Ce qui sous-entend qu\u2019il ne pourra pas vous r\u00e9clamer au cours du chantier des frais pour des travaux compl\u00e9mentaires qu\u2019il est cens\u00e9 avoir identifi\u00e9s au pr\u00e9alable. A noter quand m\u00eame que tout n\u2019est pas forc\u00e9ment visible en amont, c\u2019est ensuite une question de bon sens et de dialogue.<\/p>\n<p>Avant de signer avec un carreleur, vous vous demandez comment le s\u00e9lectionner en fonction de votre projet et de vos attentes&nbsp;? <strong>Est-il fiable&nbsp;? Poss\u00e8de-t-il des r\u00e9f\u00e9rences&nbsp;? Est-il ouvert \u00e0 la discussion pour mener au mieux les travaux&nbsp;?<\/strong> Nos experts vous guident dans votre d\u00e9marche gr\u00e2ce \u00e0 cette liste de points essentiels \u00e0 garder en t\u00eate lors de votre rencontre avec le professionnel.<\/p>\n<p><span style=\"font-weight: 400;\">&nbsp;<\/span><\/p>\n<p>Pour vous donner des rep\u00e8res le parqueteur peut disposer de signes de qualit\u00e9 \u00ab&nbsp;facultatifs&nbsp;\u00bb comme&nbsp;la <strong>qualification QUALIBAT<\/strong> qui v\u00e9rifie&nbsp;:<\/p>\n<ul>\n<li>La capacit\u00e9 technique d\u2019une entreprise \u00e0 r\u00e9aliser les travaux en question<\/li>\n<li>La <b>situation juridique, administrative et financi\u00e8re<\/b> de l\u2019entreprise (assurances, obligations fiscales et sociales, etc.)<\/li>\n<\/ul>\n<p>Pour trouver un carreleur QUALIBAT, consultez le site <a href=\"https:\/\/www.qualibat.com\/\" target=\"_blank\" rel=\"noopener\">qualibat.com<\/a>.<\/p>\n<p>Voici quelques facteurs \u00e0 prendre en compte pour estimer au plus juste&nbsp;le <a href=\"https:\/\/www.qualitel.org\/particuliers\/travaux-renovation\/cout-renovation-maison\/\" target=\"_blank\" rel=\"noopener\">co\u00fbt d\u2019intervention<\/a> de votre carreleur.<\/p>\n<ul>\n<li><strong>La date de construction<\/strong> de l\u2019immeuble ou de la maison&nbsp;;<\/li>\n<li><strong>Les caract\u00e9ristiques<\/strong> de l\u2019immeuble ou de la maison (mat\u00e9riaux existants, pr\u00e9sence d\u2019amiante, etc.) ;<\/li>\n<li><strong>Les dimensions des surfaces \u00e0 traiter<\/strong>&nbsp;;<\/li>\n<li><strong>L\u2019environnement<\/strong> (urbain ou rural, etc.) ;<\/li>\n<li><strong>Les mat\u00e9riaux et techniques de mise en \u0153uvre utilis\u00e9s<\/strong>, qui peuvent diff\u00e9rer pour un carrelage int\u00e9rieur et pour un carrelage ext\u00e9rieur&nbsp;;<\/li>\n<li><strong>Le niveau de performance thermique et acoustique souhait\u00e9<\/strong>.<\/li>\n<\/ul>\n<p>Lors de la r\u00e9alisation du <a href=\"https:\/\/www.qualitel.org\/particuliers\/comprendre-vos-documents\/devis-travaux\/\">devis<\/a>, le carreleur analysera ces diff\u00e9rents points pour limiter les impr\u00e9vus lors des travaux. <strong>N\u2019h\u00e9sitez pas \u00e0 comparer les devis de plusieurs carreleurs<\/strong>.<\/p>\n<p>Pour faire poser du carrelage au sol fa\u00e7on mosa\u00efque, il est recommand\u00e9 de faire appel \u00e0 un carreleur-mosa\u00efste. Il pourra vous conseiller avec plus de pr\u00e9cisions quant aux teintes id\u00e9ales pour chaque carreau, et sera plus minutieux dans le travail des finitions.<\/p>\n<p>En outre, il vous apportera des conseils pertinents quant \u00e0 l\u2019entretien de votre carrelage et au <a href=\"https:\/\/www.qualitel.org\/particuliers\/conseils\/comment-nettoyer-des-joints-de-carrelage\/\">nettoyage des joints<\/a> pour les conserver comme neufs plus longtemps.<\/p>\n","protected":false},"featured_media":0,"parent":0,"menu_order":0,"template":"","categories":[203,220],"tags":[438,421,434],"article_type":[405],"class_list":["post-3320","fiche_metier","type-fiche_metier","status-publish","hentry","category-confort","category-securite","tags-choix-des-materiaux","tags-cuisine","tags-salle-de-bain","fiche_metier_type-pour-agrandir-restructurer-et-construire"],"acf":[],"yoast_head":"<!-- This site is optimized with the Yoast SEO plugin v26.2 - https:\/\/yoast.com\/wordpress\/plugins\/seo\/ -->\n<title>Notre guide pour bien choisir votre carreleur - Qualitel | Particuliers<\/title>\n<meta name=\"description\" content=\"D\u00e9couvrez le r\u00f4le essentiel du carreleur, les \u00e9tapes cl\u00e9s de la pose et nos conseils pour s\u00e9lectionner le professionnel id\u00e9al pour vos travaux de carrelage.\" \/>\n<meta name=\"robots\" content=\"index, follow, max-snippet:-1, max-image-preview:large, max-video-preview:-1\" \/>\n<link rel=\"canonical\" href=\"https:\/\/www.qualitel.org\/particuliers\/pros-batiment\/choisir-carreleur\/\" \/>\n<meta property=\"og:locale\" content=\"fr_FR\" \/>\n<meta property=\"og:type\" content=\"article\" \/>\n<meta property=\"og:title\" content=\"Notre guide pour bien choisir votre carreleur - Qualitel | Particuliers\" \/>\n<meta property=\"og:description\" content=\"Besoin de sublimer vos sols et murs avec du carrelage ou de la pierre naturelle&nbsp;? D\u00e9couvrez comment choisir le bon carreleur pour votre projet int\u00e9rieur ou ext\u00e9rieur. Nos experts vous donnent des conseils pour vous orienter dans vos d\u00e9marches.\" \/>\n<meta property=\"og:url\" content=\"https:\/\/www.qualitel.org\/particuliers\/pros-batiment\/choisir-carreleur\/\" \/>\n<meta property=\"og:site_name\" content=\"Qualitel | Particuliers\" \/>\n<meta property=\"article:publisher\" content=\"https:\/\/www.facebook.com\/groupequalitel\/\" \/>\n<meta property=\"article:modified_time\" content=\"2026-01-28T09:37:37+00:00\" \/>\n<meta property=\"og:image\" content=\"https:\/\/www.qualitel.org\/particuliers\/wp\/..\/uploads\/AdobeStock_30792715.jpg\" \/>\n\t<meta property=\"og:image:width\" content=\"1200\" \/>\n\t<meta property=\"og:image:height\" content=\"729\" \/>\n\t<meta property=\"og:image:type\" content=\"image\/jpeg\" \/>\n<meta name=\"twitter:card\" content=\"summary_large_image\" \/>\n<meta name=\"twitter:description\" content=\"Besoin de sublimer vos sols et murs avec du carrelage ou de la pierre naturelle&nbsp;? D\u00e9couvrez comment choisir le bon carreleur pour votre projet int\u00e9rieur ou ext\u00e9rieur. Nos experts vous donnent des conseils pour vous orienter dans vos d\u00e9marches.\n\" \/>\n<meta name=\"twitter:site\" content=\"@groupeQUALITEL\" \/>\n<meta name=\"twitter:label1\" content=\"Est. reading time\" \/>\n\t<meta name=\"twitter:data1\" content=\"13 minutes\" \/>\n<script type=\"application\/ld+json\" class=\"yoast-schema-graph\">{\"@context\":\"https:\/\/schema.org\",\"@graph\":[{\"@type\":\"WebPage\",\"@id\":\"https:\/\/www.qualitel.org\/particuliers\/pros-batiment\/choisir-carreleur\/\",\"url\":\"https:\/\/www.qualitel.org\/particuliers\/pros-batiment\/choisir-carreleur\/\",\"name\":\"Notre guide pour bien choisir votre carreleur - Qualitel | Particuliers\",\"isPartOf\":{\"@id\":\"https:\/\/www.qualitel.org\/particuliers\/#website\"},\"primaryImageOfPage\":{\"@id\":\"https:\/\/www.qualitel.org\/particuliers\/pros-batiment\/choisir-carreleur\/#primaryimage\"},\"image\":{\"@id\":\"https:\/\/www.qualitel.org\/particuliers\/pros-batiment\/choisir-carreleur\/#primaryimage\"},\"thumbnailUrl\":\"https:\/\/www.qualitel.org\/particuliers\/uploads\/shutterstock_1033080832-300x169.jpg\",\"datePublished\":\"2018-11-08T11:32:15+00:00\",\"dateModified\":\"2026-01-28T09:37:37+00:00\",\"description\":\"D\u00e9couvrez le r\u00f4le essentiel du carreleur, les \u00e9tapes cl\u00e9s de la pose et nos conseils pour s\u00e9lectionner le professionnel id\u00e9al pour vos travaux de carrelage.\",\"breadcrumb\":{\"@id\":\"https:\/\/www.qualitel.org\/particuliers\/pros-batiment\/choisir-carreleur\/#breadcrumb\"},\"inLanguage\":\"fr-FR\",\"potentialAction\":[{\"@type\":\"ReadAction\",\"target\":[\"https:\/\/www.qualitel.org\/particuliers\/pros-batiment\/choisir-carreleur\/\"]}]},{\"@type\":\"ImageObject\",\"inLanguage\":\"fr-FR\",\"@id\":\"https:\/\/www.qualitel.org\/particuliers\/pros-batiment\/choisir-carreleur\/#primaryimage\",\"url\":\"https:\/\/www.qualitel.org\/particuliers\/uploads\/shutterstock_1033080832-300x169.jpg\",\"contentUrl\":\"https:\/\/www.qualitel.org\/particuliers\/uploads\/shutterstock_1033080832-300x169.jpg\"},{\"@type\":\"BreadcrumbList\",\"@id\":\"https:\/\/www.qualitel.org\/particuliers\/pros-batiment\/choisir-carreleur\/#breadcrumb\",\"itemListElement\":[{\"@type\":\"ListItem\",\"position\":1,\"name\":\"Accueil\",\"item\":\"https:\/\/www.qualitel.org\/particuliers\/\"},{\"@type\":\"ListItem\",\"position\":2,\"name\":\"Bien choisir son carreleur\"}]},{\"@type\":\"WebSite\",\"@id\":\"https:\/\/www.qualitel.org\/particuliers\/#website\",\"url\":\"https:\/\/www.qualitel.org\/particuliers\/\",\"name\":\"Qualitel | Particuliers\",\"description\":\"\",\"publisher\":{\"@id\":\"https:\/\/www.qualitel.org\/particuliers\/#organization\"},\"potentialAction\":[{\"@type\":\"SearchAction\",\"target\":{\"@type\":\"EntryPoint\",\"urlTemplate\":\"https:\/\/www.qualitel.org\/particuliers\/?s={search_term_string}\"},\"query-input\":{\"@type\":\"PropertyValueSpecification\",\"valueRequired\":true,\"valueName\":\"search_term_string\"}}],\"inLanguage\":\"fr-FR\"},{\"@type\":\"Organization\",\"@id\":\"https:\/\/www.qualitel.org\/particuliers\/#organization\",\"name\":\"Qualitel | Particuliers\",\"url\":\"https:\/\/www.qualitel.org\/particuliers\/\",\"logo\":{\"@type\":\"ImageObject\",\"inLanguage\":\"fr-FR\",\"@id\":\"https:\/\/www.qualitel.org\/particuliers\/#\/schema\/logo\/image\/\",\"url\":\"https:\/\/www.qualitel.org\/particuliers\/wp\/..\/uploads\/qualitel-squarelogo-1456752654225.png\",\"contentUrl\":\"https:\/\/www.qualitel.org\/particuliers\/wp\/..\/uploads\/qualitel-squarelogo-1456752654225.png\",\"width\":180,\"height\":180,\"caption\":\"Qualitel | Particuliers\"},\"image\":{\"@id\":\"https:\/\/www.qualitel.org\/particuliers\/#\/schema\/logo\/image\/\"},\"sameAs\":[\"https:\/\/www.facebook.com\/groupequalitel\/\",\"https:\/\/x.com\/groupeQUALITEL\",\"https:\/\/www.instagram.com\/associationqualitel\/\",\"https:\/\/www.pinterest.fr\/associationqualitel\/\"]}]}<\/script>\n<!-- \/ Yoast SEO plugin. -->","yoast_head_json":{"title":"Notre guide pour bien choisir votre carreleur - Qualitel | Particuliers","description":"D\u00e9couvrez le r\u00f4le essentiel du carreleur, les \u00e9tapes cl\u00e9s de la pose et nos conseils pour s\u00e9lectionner le professionnel id\u00e9al pour vos travaux de carrelage.","robots":{"index":"index","follow":"follow","max-snippet":"max-snippet:-1","max-image-preview":"max-image-preview:large","max-video-preview":"max-video-preview:-1"},"canonical":"https:\/\/www.qualitel.org\/particuliers\/pros-batiment\/choisir-carreleur\/","og_locale":"fr_FR","og_type":"article","og_title":"Notre guide pour bien choisir votre carreleur - Qualitel | Particuliers","og_description":"Besoin de sublimer vos sols et murs avec du carrelage ou de la pierre naturelle&nbsp;? D\u00e9couvrez comment choisir le bon carreleur pour votre projet int\u00e9rieur ou ext\u00e9rieur. Nos experts vous donnent des conseils pour vous orienter dans vos d\u00e9marches.","og_url":"https:\/\/www.qualitel.org\/particuliers\/pros-batiment\/choisir-carreleur\/","og_site_name":"Qualitel | Particuliers","article_publisher":"https:\/\/www.facebook.com\/groupequalitel\/","article_modified_time":"2026-01-28T09:37:37+00:00","og_image":[{"width":1200,"height":729,"url":"https:\/\/www.qualitel.org\/particuliers\/wp\/..\/uploads\/AdobeStock_30792715.jpg","type":"image\/jpeg"}],"twitter_card":"summary_large_image","twitter_description":"Besoin de sublimer vos sols et murs avec du carrelage ou de la pierre naturelle&nbsp;? D\u00e9couvrez comment choisir le bon carreleur pour votre projet int\u00e9rieur ou ext\u00e9rieur. Nos experts vous donnent des conseils pour vous orienter dans vos d\u00e9marches.\n","twitter_site":"@groupeQUALITEL","twitter_misc":{"Est. reading time":"13 minutes"},"schema":{"@context":"https:\/\/schema.org","@graph":[{"@type":"WebPage","@id":"https:\/\/www.qualitel.org\/particuliers\/pros-batiment\/choisir-carreleur\/","url":"https:\/\/www.qualitel.org\/particuliers\/pros-batiment\/choisir-carreleur\/","name":"Notre guide pour bien choisir votre carreleur - Qualitel | Particuliers","isPartOf":{"@id":"https:\/\/www.qualitel.org\/particuliers\/#website"},"primaryImageOfPage":{"@id":"https:\/\/www.qualitel.org\/particuliers\/pros-batiment\/choisir-carreleur\/#primaryimage"},"image":{"@id":"https:\/\/www.qualitel.org\/particuliers\/pros-batiment\/choisir-carreleur\/#primaryimage"},"thumbnailUrl":"https:\/\/www.qualitel.org\/particuliers\/uploads\/shutterstock_1033080832-300x169.jpg","datePublished":"2018-11-08T11:32:15+00:00","dateModified":"2026-01-28T09:37:37+00:00","description":"D\u00e9couvrez le r\u00f4le essentiel du carreleur, les \u00e9tapes cl\u00e9s de la pose et nos conseils pour s\u00e9lectionner le professionnel id\u00e9al pour vos travaux de carrelage.","breadcrumb":{"@id":"https:\/\/www.qualitel.org\/particuliers\/pros-batiment\/choisir-carreleur\/#breadcrumb"},"inLanguage":"fr-FR","potentialAction":[{"@type":"ReadAction","target":["https:\/\/www.qualitel.org\/particuliers\/pros-batiment\/choisir-carreleur\/"]}]},{"@type":"ImageObject","inLanguage":"fr-FR","@id":"https:\/\/www.qualitel.org\/particuliers\/pros-batiment\/choisir-carreleur\/#primaryimage","url":"https:\/\/www.qualitel.org\/particuliers\/uploads\/shutterstock_1033080832-300x169.jpg","contentUrl":"https:\/\/www.qualitel.org\/particuliers\/uploads\/shutterstock_1033080832-300x169.jpg"},{"@type":"BreadcrumbList","@id":"https:\/\/www.qualitel.org\/particuliers\/pros-batiment\/choisir-carreleur\/#breadcrumb","itemListElement":[{"@type":"ListItem","position":1,"name":"Accueil","item":"https:\/\/www.qualitel.org\/particuliers\/"},{"@type":"ListItem","position":2,"name":"Bien choisir son carreleur"}]},{"@type":"WebSite","@id":"https:\/\/www.qualitel.org\/particuliers\/#website","url":"https:\/\/www.qualitel.org\/particuliers\/","name":"Qualitel | Particuliers","description":"","publisher":{"@id":"https:\/\/www.qualitel.org\/particuliers\/#organization"},"potentialAction":[{"@type":"SearchAction","target":{"@type":"EntryPoint","urlTemplate":"https:\/\/www.qualitel.org\/particuliers\/?s={search_term_string}"},"query-input":{"@type":"PropertyValueSpecification","valueRequired":true,"valueName":"search_term_string"}}],"inLanguage":"fr-FR"},{"@type":"Organization","@id":"https:\/\/www.qualitel.org\/particuliers\/#organization","name":"Qualitel | Particuliers","url":"https:\/\/www.qualitel.org\/particuliers\/","logo":{"@type":"ImageObject","inLanguage":"fr-FR","@id":"https:\/\/www.qualitel.org\/particuliers\/#\/schema\/logo\/image\/","url":"https:\/\/www.qualitel.org\/particuliers\/wp\/..\/uploads\/qualitel-squarelogo-1456752654225.png","contentUrl":"https:\/\/www.qualitel.org\/particuliers\/wp\/..\/uploads\/qualitel-squarelogo-1456752654225.png","width":180,"height":180,"caption":"Qualitel | Particuliers"},"image":{"@id":"https:\/\/www.qualitel.org\/particuliers\/#\/schema\/logo\/image\/"},"sameAs":["https:\/\/www.facebook.com\/groupequalitel\/","https:\/\/x.com\/groupeQUALITEL","https:\/\/www.instagram.com\/associationqualitel\/","https:\/\/www.pinterest.fr\/associationqualitel\/"]}]}},"_links":{"self":[{"href":"https:\/\/www.qualitel.org\/particuliers\/wp-json\/wp\/v2\/fiche_metier\/3320","targetHints":{"allow":["GET"]}}],"collection":[{"href":"https:\/\/www.qualitel.org\/particuliers\/wp-json\/wp\/v2\/fiche_metier"}],"about":[{"href":"https:\/\/www.qualitel.org\/particuliers\/wp-json\/wp\/v2\/types\/fiche_metier"}],"version-history":[{"count":166,"href":"https:\/\/www.qualitel.org\/particuliers\/wp-json\/wp\/v2\/fiche_metier\/3320\/revisions"}],"predecessor-version":[{"id":52457,"href":"https:\/\/www.qualitel.org\/particuliers\/wp-json\/wp\/v2\/fiche_metier\/3320\/revisions\/52457"}],"wp:attachment":[{"href":"https:\/\/www.qualitel.org\/particuliers\/wp-json\/wp\/v2\/media?parent=3320"}],"wp:term":[{"taxonomy":"category","embeddable":true,"href":"https:\/\/www.qualitel.org\/particuliers\/wp-json\/wp\/v2\/categories?post=3320"},{"taxonomy":"tags","embeddable":true,"href":"https:\/\/www.qualitel.org\/particuliers\/wp-json\/wp\/v2\/tags?post=3320"},{"taxonomy":"fiche_metier_type","embeddable":true,"href":"https:\/\/www.qualitel.org\/particuliers\/wp-json\/wp\/v2\/article_type?post=3320"}],"curies":[{"name":"wp","href":"https:\/\/api.w.org\/{rel}","templated":true}]}}