{"id":24103,"date":"2020-05-15T16:13:24","date_gmt":"2020-05-15T14:13:24","guid":{"rendered":"https:\/\/www.qualitel.org\/particuliers\/?post_type=materiau&#038;p=24103"},"modified":"2024-08-06T14:57:25","modified_gmt":"2024-08-06T12:57:25","slug":"que-faut-il-savoir-sur-les-toitures-inclinees-a-petits-elements","status":"publish","type":"materiau","link":"https:\/\/www.qualitel.org\/particuliers\/equipements-et-materiaux\/toiture\/toiture-inclinee-petits-elements\/","title":{"rendered":"Que faut-il savoir sur les toitures inclin\u00e9es \u00e0 petits \u00e9l\u00e9ments&nbsp;?"},"content":{"rendered":"<p>Les petits \u00e9l\u00e9ments sur votre toiture vont ensemble<strong> former une barri\u00e8re<\/strong> qui doit \u00eatre efficace face \u00e0 plusieurs dangers&nbsp;:<\/p>\n<ul>\n<li><strong>\u00eatre imperm\u00e9able \u00e0 l\u2019eau<\/strong> car les \u00e9l\u00e9ments de support sur lesquels sont pos\u00e9s les petits \u00e9l\u00e9ments ne ne jouent pas ce r\u00f4le&nbsp;;<\/li>\n<li><strong>opposer une r\u00e9sistance aux intemp\u00e9ries<\/strong> comme la pluie, la gr\u00eale ou les charges de neige&nbsp;;<\/li>\n<li><strong>r\u00e9sister au gel<\/strong>, qui peut provoquer des \u00e9clats et des fissures, mais aussi au d\u00e9gel qui peut causer des infiltrations d\u2019eau&nbsp;;<\/li>\n<li><a href=\"https:\/\/www.legifrance.gouv.fr\/loda\/id\/LEGITEXT000005634084\" target=\"_blank\" rel=\"noopener\">prot\u00e9ger votre logement d\u2019un \u00e9ventuel feu<\/a>&nbsp;;<\/li>\n<li><strong>emp\u00eacher l\u2019apparition de champignons<\/strong> et de mousses&nbsp;;<\/li>\n<li><strong>passer l\u2019\u00e9preuve du temps<\/strong>, en gardant le m\u00eame aspect au fil des ann\u00e9es.<\/li>\n<\/ul>\n<p>Afin d\u2019atteindre tous ces objectifs, il est donc important de bien choisir les \u00e9l\u00e9ments qui vont recouvrir votre toiture.<\/p>\n<p>Afin de vous guider dans votre recherche de la bonne toiture inclin\u00e9e \u00e0 petits \u00e9l\u00e9ments, nos experts vous d\u00e9livrent les informations incontournables.<\/p>\n<p>Les tuiles sont tr\u00e8s populaires en France. Il existe une offre vari\u00e9e tant pour les mat\u00e9riaux (terre cuite ou b\u00e9ton), que pour les formes (plate, en canal, \u00e0 embo\u00eetement, etc.). Elles <strong>se distinguent par leur solidit\u00e9, que ce soit face au vent, \u00e0 la pluie, \u00e0 une charge importante ou aux chocs. <\/strong>Il s\u2019agit d\u2019un<strong> isolant efficace<\/strong>. Ces tuiles jouissent d\u2019une<strong> dur\u00e9e de vie d\u2019environ 30 ans. <\/strong>N\u00e9anmoins, leur poids important n\u00e9cessite d\u2019avoir une charpente adapt\u00e9e.<\/p>\n<p>Leurs caract\u00e9ristiques techniques varient en fonction du mat\u00e9riau de fabrication. En effet, les tuiles en terre cuite r\u00e9sistent moins bien au gel que les tuiles en b\u00e9ton, mais elles sont moins sujettes \u00e0 l\u2019apparition de mousses et leur couleur r\u00e9siste mieux au passage du temps.<\/p>\n<p>Un toit en bois est compos\u00e9 de bardeaux, des petits \u00e9l\u00e9ments couvrants qui peuvent \u00eatre fabriqu\u00e9s soit en bois massif, soit en bois composite (m\u00e9lange de fibres de bois trait\u00e9es industriellement). <strong>Le bois massif peut offrir des performances de long\u00e9vit\u00e9 exceptionnelles selon l\u2019\u00e9corce choisie (jusqu\u2019\u00e0 120 ans)<\/strong>, mais il n\u00e9cessite un entretien r\u00e9gulier.<\/p>\n<p>Solution \u00e9cologique, le bois est un mat\u00e9riau efficace pour une toiture puisqu\u2019il<strong> isole efficacement et offre une bonne protection contre le vent, les chocs mais aussi le gel.<\/strong> Sa l\u00e9g\u00e8ret\u00e9 lui permet d\u2019\u00eatre install\u00e9 sur une charpente classique. Le bois utilis\u00e9 pour les toitures est de plus imputrescible.<\/p>\n<p>Mais le bois est plus on\u00e9reux que les tuiles. Cet investissement peut n\u00e9anmoins \u00eatre amorti gr\u00e2ce \u00e0 une dur\u00e9e de vie plus longue. Il pr\u00e9sente aussi des inconv\u00e9nients techniques car il ne peut pas \u00eatre install\u00e9 sans une inclinaison suffisante.<\/p>\n<p>On peut distinguer deux types d\u2019ardoise&nbsp;:<\/p>\n<ul>\n<li>l\u2019ardoise naturelle issue de carri\u00e8re&nbsp;;<\/li>\n<li>l\u2019ardoise synth\u00e9tique cr\u00e9\u00e9e \u00e0 partir de fibres organiques, de ciment et d\u2019eau.<\/li>\n<\/ul>\n<p>Les deux mat\u00e9riaux ne se valent pas. En effet, <strong>l\u2019ardoise naturelle peut pr\u00e9senter une long\u00e9vit\u00e9 exceptionnelle (jusqu\u2019\u00e0 100 ans),<\/strong> alors que <strong>l\u2019ardoise synth\u00e9tique ne tiendra qu\u2019une quinzaine d\u2019ann\u00e9es<\/strong>. L\u2019alternative synth\u00e9tique pr\u00e9sente toutefois deux avantages&nbsp;: la l\u00e9g\u00e8ret\u00e9 et l\u2019absence de pyrite, ce qui emp\u00eachera la formation de rouille, un probl\u00e8me auquel vous pouvez \u00eatre confront\u00e9 avec l\u2019ardoise naturelle.<\/p>\n<p>L<strong>a qualit\u00e9 d\u2019un toit en ardoise naturelle est tributaire de la qualit\u00e9 du mat\u00e9riau utilis\u00e9<\/strong>. Il existe des rep\u00e8res de qualit\u00e9 afin de vous aider \u00e0 faire le meilleur choix.<\/p>\n<p>Si vous habitez un logement ancien, vous disposez peut-\u00eatre de<strong> tuiles en amiante-ciment<\/strong>, aussi appel\u00e9 fibrociment. Si elles ne repr\u00e9sentent pas de danger en bon \u00e9tat, ces tuiles <strong>peuvent repr\u00e9senter un risque si elles sont endommag\u00e9es ou lors de travaux<\/strong>, ce qui entra\u00eenera des co\u00fbts importants. C\u2019est pour cela qu\u2019il faut faire appel \u00e0 une entreprise qualifi\u00e9e QUALIBAT et\/ou AFNOR comp\u00e9tente pour la prise en charge des d\u00e9chets d\u2019<a href=\"https:\/\/www.qualitel.org\/particuliers\/diagnostics-immobiliers\/amiante\/\" rel=\"noopener\">amiante<\/a>.<\/p>\n<p>Pour vous aider dans votre choix, il existe des <strong>normes NF qui garantissent la qualit\u00e9 et la conformit\u00e9 du produit<\/strong>. Nous vous conseillons donc d\u2019opter pour des mat\u00e9riaux estampill\u00e9s NF pour votre toiture \u00e0 petits \u00e9l\u00e9ments.<\/p>\n<p>Les<strong> ardoises sont soumises \u00e0 la <a href=\"https:\/\/www.boutique.afnor.org\/fr-fr\/norme\/nf-en-123261\/ardoises-et-pierres-pour-toiture-et-bardage-exterieur-pour-pose-en-disconti\/fa184380\/1453\" target=\"_blank\" rel=\"noopener\">norme NF EN 12326<\/a><\/strong> qui permet d\u2019\u00e9valuer leurs performances dans quatre domaines&nbsp;:<\/p>\n<ul>\n<li>les dimensions&nbsp;;<\/li>\n<li>la r\u00e9sistance m\u00e9canique&nbsp;;<\/li>\n<li>la tenue aux intemp\u00e9ries&nbsp;;<\/li>\n<li>la p\u00e9rennit\u00e9.<\/li>\n<\/ul>\n<p>Seules les ardoises ayant atteint le plus haut niveau de performance dans ces domaines peuvent pr\u00e9tendre \u00e0 la norme NF.<\/p>\n<p>Les<strong> tuiles en b\u00e9ton peuvent b\u00e9n\u00e9ficier de la <a href=\"https:\/\/marque-nf.com\/categories\/toiture-couverture-et-charpente\/nf-tuiles-beton-nf053\/\" target=\"_blank\" rel=\"noopener\">marque NF<\/a><\/strong> si elles pr\u00e9sentent les meilleurs r\u00e9sultats aux tests suivants&nbsp;:<\/p>\n<ul>\n<li>aspect&nbsp;;<\/li>\n<li>dimensions&nbsp;;<\/li>\n<li>r\u00e9sistance m\u00e9canique&nbsp;;<\/li>\n<li>imperm\u00e9abilit\u00e9&nbsp;;<\/li>\n<li>r\u00e9sistance au gel\/d\u00e9gel&nbsp;;<\/li>\n<li>masse&nbsp;;<\/li>\n<li>autoportance des tenons (maintien des tuiles en position sans n\u00e9cessiter le soutien de poteaux).<\/li>\n<\/ul>\n<p>De m\u00eame, les<a href=\"https:\/\/marque-nf.com\/categories\/toiture-couverture-et-charpente\/nf-tuiles-de-terre-cuite-nf063\/\" target=\"_blank\" rel=\"noopener\"><strong> tuiles en terre cuite estampill\u00e9es NF<\/strong><\/a> garantissent les meilleurs niveaux de performance en termes de&nbsp;:<\/p>\n<ul>\n<li>r\u00e9sistance au gel \/ d\u00e9gel&nbsp;;<\/li>\n<li>durabilit\u00e9&nbsp;;<\/li>\n<li>imperm\u00e9abilit\u00e9&nbsp;;<\/li>\n<li>aspect.<\/li>\n<\/ul>\n<p>Le choix des bons mat\u00e9riaux ne fait pas tout puisque l\u2019\u00e9tanch\u00e9it\u00e9 et la qualit\u00e9 de votre toiture d\u00e9pendent aussi de la qualit\u00e9 de la pose. Des principes sont \u00e0 respecter afin d\u2019\u00e9viter des d\u00e9g\u00e2ts futurs. Discutez-en avec votre <a href=\"https:\/\/www.qualitel.org\/particuliers\/pros-batiment\/choisir-couvreur\/\" target=\"_blank\" rel=\"noopener\">couvreur<\/a> ou <a href=\"https:\/\/www.qualitel.org\/particuliers\/pros-batiment\/choisir-charpentier\/\" target=\"_blank\" rel=\"noopener\">charpentier<\/a>.<\/p>\n<p>Il est, par exemple, <strong>conseill\u00e9 de ne pas effectuer de travaux sur des tuiles en terre cuite en cas de forte chaleur.<\/strong> Cela peut cr\u00e9er un cloquage de la peinture, c\u2019est-\u00e0-dire la formation de petits crat\u00e8res. Des tuiles surchauff\u00e9es au moment de la pose peuvent aussi se d\u00e9coller, ce qui repr\u00e9sente un vrai danger. <strong>Il faut \u00e9galement que le niveau d\u2019humidit\u00e9 soit suffisant avant la pose pour une bonne prise du mortier.<\/strong> Pour s\u2019assurer de la bonne tenue des tuiles, il est important de conserver les tenons de maintien lors d\u2019une d\u00e9coupe pour une pose en bordure. Elles pourraient autrement chuter aux abords de votre logement.<\/p>\n<p>Afin de faire r\u00e9aliser la meilleure pose possible,<strong> le professionnel doit se r\u00e9f\u00e9rer au document technique unitaire (DTU)<\/strong>, un document qui r\u00e9f\u00e9rence les normes \u00e0 respecter et qui permet de garantir le meilleur niveau de performance et \u00e9viter des impairs comme des infiltrations d\u2019eau ou le d\u00e9litage de vos tuiles. Il est diff\u00e9rent selon que vous choisissez des <a href=\"https:\/\/boutique.cstb.fr\/Detail\/Documents-Techniques-Unifies\/DTU-NF-DTU\/40-Couverture\/DTU-40-23-Couvertures-en-tuiles-plates-de-terre-cu\" target=\"_blank\" rel=\"noopener\">tuiles en terre cuite<\/a> ou de <a href=\"https:\/\/boutique.cstb.fr\/search?search=ardoise\" target=\"_blank\" rel=\"noopener\">l\u2019ardoise<\/a>.<\/p>\n<p>Si vous envisagez des travaux sur votre toiture et que vous \u00eates \u00e0 la recherche d\u2019un professionnel, la <strong>qualification RGE<\/strong> (Reconnu Garant de l\u2019Environnement) est une<strong> garantie de qualit\u00e9 et de savoir-faire<\/strong>. Cette qualification est d\u00e9livr\u00e9e apr\u00e8s un audit de l\u2019activit\u00e9 de l\u2019artisan. Si votre projet de travaux est \u00e9ligible \u00e0 un \u00e9co-pr\u00eat, le <a href=\"https:\/\/entreprendre.service-public.fr\/vosdroits\/F32251\" target=\"_blank\" rel=\"noopener\">recours \u00e0 un artisan RGE est obligatoire<\/a>. Il existe <a href=\"https:\/\/librairie.ademe.fr\/urbanisme-et-batiment\/5651-quelles-qualifications-et-certifications-rge-pour-quels-travaux-depuis-2022-.html\" target=\"_blank\" rel=\"noopener\">plusieurs cat\u00e9gories de qualification RGE<\/a>, il faut donc s\u2019assurer que le professionnel auquel vous allez faire appel dispose bien de la bonne cat\u00e9gorie.<\/p>\n<p>Le bon <a href=\"https:\/\/www.qualitel.org\/particuliers\/conseils\/bien-entretenir-les-facades-gouttieres-et-toiture-de-votre-maison\/\">entretien de votre toiture<\/a> passe d\u2019abord par des v\u00e9rifications r\u00e9guli\u00e8res.<\/p>\n<p>Les v\u00e9rifications doivent devenir de plus en plus fr\u00e9quentes avec le temps. Il s\u2019agit surtout de s\u2019assurer que les petits \u00e9l\u00e9ments ne sont pas ab\u00eem\u00e9s et qu\u2019ils sont toujours \u00e0 leur place. Les bardeaux en bois doivent \u00eatre trait\u00e9s fr\u00e9quemment pour que leur aspect persiste au fil des ans.<\/p>\n<p><strong>Nous vous conseillons de nettoyer les petits \u00e9l\u00e9ments dix ans apr\u00e8s la pose, puis tous les deux ans. <\/strong>Pour des raisons de s\u00e9curit\u00e9 (hauteur, inclinaison), nous vous conseillons de faire appel \u00e0 un professionnel.<\/p>\n<p>Si vous passez votre toiture au jet d\u2019eau, il est important d\u2019op\u00e9rer du haut vers le bas. Cela emp\u00eache l\u2019eau de s\u2019infiltrer entre les \u00e9l\u00e9ments. Le recours au nettoyeur haute pression, bien qu\u2019efficace, peut \u00e0 terme ab\u00eemer le toit en \u00e9rodant les tuiles.<\/p>\n","protected":false},"featured_media":0,"parent":24130,"menu_order":0,"template":"","categories":[203,208],"tags":[424],"article_type":[],"class_list":["post-24103","materiau","type-materiau","status-publish","hentry","category-confort","category-eco-responsabilite","tags-isolation"],"acf":[],"yoast_head":"<!-- This site is optimized with the Yoast SEO plugin v26.2 - https:\/\/yoast.com\/wordpress\/plugins\/seo\/ -->\n<title>La toiture inclin\u00e9e \u00e0 petits \u00e9l\u00e9ments - Qualitel | Particuliers<\/title>\n<meta name=\"description\" content=\"Si vous couvrez votre toiture inclin\u00e9e de petits \u00e9l\u00e9ments, il faut savoir que ces derniers repr\u00e9senteront votre seule barri\u00e8re de protection contre les al\u00e9as climatiques comme la pluie ou le gel.\" \/>\n<meta name=\"robots\" content=\"index, follow, max-snippet:-1, max-image-preview:large, max-video-preview:-1\" \/>\n<link rel=\"canonical\" href=\"https:\/\/www.qualitel.org\/particuliers\/equipements-et-materiaux\/toiture\/toiture-inclinee-petits-elements\/\" \/>\n<meta property=\"og:locale\" content=\"fr_FR\" \/>\n<meta property=\"og:type\" content=\"article\" \/>\n<meta property=\"og:title\" content=\"La toiture inclin\u00e9e \u00e0 petits \u00e9l\u00e9ments - Qualitel | Particuliers\" \/>\n<meta property=\"og:description\" content=\"Le choix de la toiture est crucial pour la protection de votre maison. Les petits \u00e9l\u00e9ments qui la composent sont essentiels face aux intemp\u00e9ries. Nos experts sont l\u00e0 pour vous guider vers une toiture performante et durable.\" \/>\n<meta property=\"og:url\" content=\"https:\/\/www.qualitel.org\/particuliers\/equipements-et-materiaux\/toiture\/toiture-inclinee-petits-elements\/\" \/>\n<meta property=\"og:site_name\" content=\"Qualitel | Particuliers\" \/>\n<meta property=\"article:publisher\" content=\"https:\/\/www.facebook.com\/groupequalitel\/\" \/>\n<meta property=\"article:modified_time\" content=\"2024-08-06T12:57:25+00:00\" \/>\n<meta property=\"og:image\" content=\"https:\/\/www.qualitel.org\/particuliers\/wp\/..\/uploads\/qualitel_social_part.jpg\" \/>\n\t<meta property=\"og:image:width\" content=\"1080\" \/>\n\t<meta property=\"og:image:height\" content=\"1080\" \/>\n\t<meta property=\"og:image:type\" content=\"image\/jpeg\" \/>\n<meta name=\"twitter:card\" content=\"summary_large_image\" \/>\n<meta name=\"twitter:description\" content=\"Le choix de la toiture est crucial pour la protection de votre maison. Les petits \u00e9l\u00e9ments qui la composent sont essentiels face aux intemp\u00e9ries. Nos experts sont l\u00e0 pour vous guider vers une toiture performante et durable.\n\" \/>\n<meta name=\"twitter:site\" content=\"@groupeQUALITEL\" \/>\n<meta name=\"twitter:label1\" content=\"Est. reading time\" \/>\n\t<meta name=\"twitter:data1\" content=\"7 minutes\" \/>\n<script type=\"application\/ld+json\" class=\"yoast-schema-graph\">{\"@context\":\"https:\/\/schema.org\",\"@graph\":[{\"@type\":\"WebPage\",\"@id\":\"https:\/\/www.qualitel.org\/particuliers\/equipements-et-materiaux\/toiture\/toiture-inclinee-petits-elements\/\",\"url\":\"https:\/\/www.qualitel.org\/particuliers\/equipements-et-materiaux\/toiture\/toiture-inclinee-petits-elements\/\",\"name\":\"La toiture inclin\u00e9e \u00e0 petits \u00e9l\u00e9ments - Qualitel | Particuliers\",\"isPartOf\":{\"@id\":\"https:\/\/www.qualitel.org\/particuliers\/#website\"},\"datePublished\":\"2020-05-15T14:13:24+00:00\",\"dateModified\":\"2024-08-06T12:57:25+00:00\",\"description\":\"Si vous couvrez votre toiture inclin\u00e9e de petits \u00e9l\u00e9ments, il faut savoir que ces derniers repr\u00e9senteront votre seule barri\u00e8re de protection contre les al\u00e9as climatiques comme la pluie ou le gel.\",\"breadcrumb\":{\"@id\":\"https:\/\/www.qualitel.org\/particuliers\/equipements-et-materiaux\/toiture\/toiture-inclinee-petits-elements\/#breadcrumb\"},\"inLanguage\":\"fr-FR\",\"potentialAction\":[{\"@type\":\"ReadAction\",\"target\":[\"https:\/\/www.qualitel.org\/particuliers\/equipements-et-materiaux\/toiture\/toiture-inclinee-petits-elements\/\"]}]},{\"@type\":\"BreadcrumbList\",\"@id\":\"https:\/\/www.qualitel.org\/particuliers\/equipements-et-materiaux\/toiture\/toiture-inclinee-petits-elements\/#breadcrumb\",\"itemListElement\":[{\"@type\":\"ListItem\",\"position\":1,\"name\":\"Accueil\",\"item\":\"https:\/\/www.qualitel.org\/particuliers\/\"},{\"@type\":\"ListItem\",\"position\":2,\"name\":\"Comment choisir la toiture et la couverture de votre maison&nbsp;?\",\"item\":\"https:\/\/www.qualitel.org\/particuliers\/equipements-et-materiaux-maison\/toiture\/\"},{\"@type\":\"ListItem\",\"position\":3,\"name\":\"Que faut-il savoir sur les toitures inclin\u00e9es \u00e0 petits \u00e9l\u00e9ments&nbsp;?\"}]},{\"@type\":\"WebSite\",\"@id\":\"https:\/\/www.qualitel.org\/particuliers\/#website\",\"url\":\"https:\/\/www.qualitel.org\/particuliers\/\",\"name\":\"Qualitel | Particuliers\",\"description\":\"\",\"publisher\":{\"@id\":\"https:\/\/www.qualitel.org\/particuliers\/#organization\"},\"potentialAction\":[{\"@type\":\"SearchAction\",\"target\":{\"@type\":\"EntryPoint\",\"urlTemplate\":\"https:\/\/www.qualitel.org\/particuliers\/?s={search_term_string}\"},\"query-input\":{\"@type\":\"PropertyValueSpecification\",\"valueRequired\":true,\"valueName\":\"search_term_string\"}}],\"inLanguage\":\"fr-FR\"},{\"@type\":\"Organization\",\"@id\":\"https:\/\/www.qualitel.org\/particuliers\/#organization\",\"name\":\"Qualitel | Particuliers\",\"url\":\"https:\/\/www.qualitel.org\/particuliers\/\",\"logo\":{\"@type\":\"ImageObject\",\"inLanguage\":\"fr-FR\",\"@id\":\"https:\/\/www.qualitel.org\/particuliers\/#\/schema\/logo\/image\/\",\"url\":\"https:\/\/www.qualitel.org\/particuliers\/wp\/..\/uploads\/qualitel-squarelogo-1456752654225.png\",\"contentUrl\":\"https:\/\/www.qualitel.org\/particuliers\/wp\/..\/uploads\/qualitel-squarelogo-1456752654225.png\",\"width\":180,\"height\":180,\"caption\":\"Qualitel | Particuliers\"},\"image\":{\"@id\":\"https:\/\/www.qualitel.org\/particuliers\/#\/schema\/logo\/image\/\"},\"sameAs\":[\"https:\/\/www.facebook.com\/groupequalitel\/\",\"https:\/\/x.com\/groupeQUALITEL\",\"https:\/\/www.instagram.com\/associationqualitel\/\",\"https:\/\/www.pinterest.fr\/associationqualitel\/\"]}]}<\/script>\n<!-- \/ Yoast SEO plugin. -->","yoast_head_json":{"title":"La toiture inclin\u00e9e \u00e0 petits \u00e9l\u00e9ments - Qualitel | Particuliers","description":"Si vous couvrez votre toiture inclin\u00e9e de petits \u00e9l\u00e9ments, il faut savoir que ces derniers repr\u00e9senteront votre seule barri\u00e8re de protection contre les al\u00e9as climatiques comme la pluie ou le gel.","robots":{"index":"index","follow":"follow","max-snippet":"max-snippet:-1","max-image-preview":"max-image-preview:large","max-video-preview":"max-video-preview:-1"},"canonical":"https:\/\/www.qualitel.org\/particuliers\/equipements-et-materiaux\/toiture\/toiture-inclinee-petits-elements\/","og_locale":"fr_FR","og_type":"article","og_title":"La toiture inclin\u00e9e \u00e0 petits \u00e9l\u00e9ments - Qualitel | Particuliers","og_description":"Le choix de la toiture est crucial pour la protection de votre maison. Les petits \u00e9l\u00e9ments qui la composent sont essentiels face aux intemp\u00e9ries. Nos experts sont l\u00e0 pour vous guider vers une toiture performante et durable.","og_url":"https:\/\/www.qualitel.org\/particuliers\/equipements-et-materiaux\/toiture\/toiture-inclinee-petits-elements\/","og_site_name":"Qualitel | Particuliers","article_publisher":"https:\/\/www.facebook.com\/groupequalitel\/","article_modified_time":"2024-08-06T12:57:25+00:00","og_image":[{"width":1080,"height":1080,"url":"https:\/\/www.qualitel.org\/particuliers\/wp\/..\/uploads\/qualitel_social_part.jpg","type":"image\/jpeg"}],"twitter_card":"summary_large_image","twitter_description":"Le choix de la toiture est crucial pour la protection de votre maison. Les petits \u00e9l\u00e9ments qui la composent sont essentiels face aux intemp\u00e9ries. Nos experts sont l\u00e0 pour vous guider vers une toiture performante et durable.\n","twitter_site":"@groupeQUALITEL","twitter_misc":{"Est. reading time":"7 minutes"},"schema":{"@context":"https:\/\/schema.org","@graph":[{"@type":"WebPage","@id":"https:\/\/www.qualitel.org\/particuliers\/equipements-et-materiaux\/toiture\/toiture-inclinee-petits-elements\/","url":"https:\/\/www.qualitel.org\/particuliers\/equipements-et-materiaux\/toiture\/toiture-inclinee-petits-elements\/","name":"La toiture inclin\u00e9e \u00e0 petits \u00e9l\u00e9ments - Qualitel | Particuliers","isPartOf":{"@id":"https:\/\/www.qualitel.org\/particuliers\/#website"},"datePublished":"2020-05-15T14:13:24+00:00","dateModified":"2024-08-06T12:57:25+00:00","description":"Si vous couvrez votre toiture inclin\u00e9e de petits \u00e9l\u00e9ments, il faut savoir que ces derniers repr\u00e9senteront votre seule barri\u00e8re de protection contre les al\u00e9as climatiques comme la pluie ou le gel.","breadcrumb":{"@id":"https:\/\/www.qualitel.org\/particuliers\/equipements-et-materiaux\/toiture\/toiture-inclinee-petits-elements\/#breadcrumb"},"inLanguage":"fr-FR","potentialAction":[{"@type":"ReadAction","target":["https:\/\/www.qualitel.org\/particuliers\/equipements-et-materiaux\/toiture\/toiture-inclinee-petits-elements\/"]}]},{"@type":"BreadcrumbList","@id":"https:\/\/www.qualitel.org\/particuliers\/equipements-et-materiaux\/toiture\/toiture-inclinee-petits-elements\/#breadcrumb","itemListElement":[{"@type":"ListItem","position":1,"name":"Accueil","item":"https:\/\/www.qualitel.org\/particuliers\/"},{"@type":"ListItem","position":2,"name":"Comment choisir la toiture et la couverture de votre maison&nbsp;?","item":"https:\/\/www.qualitel.org\/particuliers\/equipements-et-materiaux-maison\/toiture\/"},{"@type":"ListItem","position":3,"name":"Que faut-il savoir sur les toitures inclin\u00e9es \u00e0 petits \u00e9l\u00e9ments&nbsp;?"}]},{"@type":"WebSite","@id":"https:\/\/www.qualitel.org\/particuliers\/#website","url":"https:\/\/www.qualitel.org\/particuliers\/","name":"Qualitel | Particuliers","description":"","publisher":{"@id":"https:\/\/www.qualitel.org\/particuliers\/#organization"},"potentialAction":[{"@type":"SearchAction","target":{"@type":"EntryPoint","urlTemplate":"https:\/\/www.qualitel.org\/particuliers\/?s={search_term_string}"},"query-input":{"@type":"PropertyValueSpecification","valueRequired":true,"valueName":"search_term_string"}}],"inLanguage":"fr-FR"},{"@type":"Organization","@id":"https:\/\/www.qualitel.org\/particuliers\/#organization","name":"Qualitel | Particuliers","url":"https:\/\/www.qualitel.org\/particuliers\/","logo":{"@type":"ImageObject","inLanguage":"fr-FR","@id":"https:\/\/www.qualitel.org\/particuliers\/#\/schema\/logo\/image\/","url":"https:\/\/www.qualitel.org\/particuliers\/wp\/..\/uploads\/qualitel-squarelogo-1456752654225.png","contentUrl":"https:\/\/www.qualitel.org\/particuliers\/wp\/..\/uploads\/qualitel-squarelogo-1456752654225.png","width":180,"height":180,"caption":"Qualitel | Particuliers"},"image":{"@id":"https:\/\/www.qualitel.org\/particuliers\/#\/schema\/logo\/image\/"},"sameAs":["https:\/\/www.facebook.com\/groupequalitel\/","https:\/\/x.com\/groupeQUALITEL","https:\/\/www.instagram.com\/associationqualitel\/","https:\/\/www.pinterest.fr\/associationqualitel\/"]}]}},"_links":{"self":[{"href":"https:\/\/www.qualitel.org\/particuliers\/wp-json\/wp\/v2\/materiau\/24103","targetHints":{"allow":["GET"]}}],"collection":[{"href":"https:\/\/www.qualitel.org\/particuliers\/wp-json\/wp\/v2\/materiau"}],"about":[{"href":"https:\/\/www.qualitel.org\/particuliers\/wp-json\/wp\/v2\/types\/materiau"}],"version-history":[{"count":40,"href":"https:\/\/www.qualitel.org\/particuliers\/wp-json\/wp\/v2\/materiau\/24103\/revisions"}],"predecessor-version":[{"id":46557,"href":"https:\/\/www.qualitel.org\/particuliers\/wp-json\/wp\/v2\/materiau\/24103\/revisions\/46557"}],"up":[{"embeddable":true,"href":"https:\/\/www.qualitel.org\/particuliers\/wp-json\/wp\/v2\/materiau\/24130"}],"wp:attachment":[{"href":"https:\/\/www.qualitel.org\/particuliers\/wp-json\/wp\/v2\/media?parent=24103"}],"wp:term":[{"taxonomy":"category","embeddable":true,"href":"https:\/\/www.qualitel.org\/particuliers\/wp-json\/wp\/v2\/categories?post=24103"},{"taxonomy":"tags","embeddable":true,"href":"https:\/\/www.qualitel.org\/particuliers\/wp-json\/wp\/v2\/tags?post=24103"},{"taxonomy":"materiau_type","embeddable":true,"href":"https:\/\/www.qualitel.org\/particuliers\/wp-json\/wp\/v2\/article_type?post=24103"}],"curies":[{"name":"wp","href":"https:\/\/api.w.org\/{rel}","templated":true}]}}