{"id":24175,"date":"2020-09-08T17:41:35","date_gmt":"2020-09-08T15:41:35","guid":{"rendered":"https:\/\/www.qualitel.org\/particuliers\/?post_type=materiau&#038;p=24175"},"modified":"2024-08-08T17:16:48","modified_gmt":"2024-08-08T15:16:48","slug":"que-faut-il-savoir-sur-le-revetement-de-sol-stratifie","status":"publish","type":"materiau","link":"https:\/\/www.qualitel.org\/particuliers\/revetements-sol\/stratifie\/","title":{"rendered":"Que faut-il savoir sur le rev\u00eatement de sol stratifi\u00e9&nbsp;?"},"content":{"rendered":"<p>Dot\u00e9 g\u00e9n\u00e9ralement d\u2019un aspect de type \u00ab&nbsp;parquet en bois&nbsp;\u00bb, le rev\u00eatement en stratifi\u00e9 est un<strong> bon compromis au v\u00e9ritable <a href=\"https:\/\/www.qualitel.org\/particuliers\/equipements-et-materiaux-maison\/revetement-sol\/parquets\/\">parquet<\/a><\/strong> car il est<strong> plus facile \u00e0 poser<\/strong> et <strong>moins on\u00e9reux<\/strong>.<\/p>\n<p>Il se pr\u00e9sente sous la forme de lames ou de dalles et <strong>se pose de mani\u00e8re flottante<\/strong> sur le plancher. Attention toutefois \u00e0 ne pas le confondre avec du <em>parquet flottant<\/em>, qui est simplement la pose d\u2019un parquet en bois ou stratifi\u00e9 par assemblage m\u00e9canique sans colle, ou de la <em>dalle flottante<\/em> qui constitue un syst\u00e8me de construction assurant l\u2019isolation acoustique du plancher.<\/p>\n<p>S\u2019il imite parfaitement le bois, le sol stratifi\u00e9 est en r\u00e9alit\u00e9 un<strong> parement constitu\u00e9 d\u2019une succession de feuilles de diff\u00e9rentes mati\u00e8res<\/strong>&nbsp;:<\/p>\n<ul>\n<li>un panneau de particule de bois servant de support&nbsp;;<\/li>\n<li>un contreparement en composite&nbsp;;<\/li>\n<li>une fine feuille imprim\u00e9e d\u2019un d\u00e9cor sur la face visible&nbsp;;<\/li>\n<li>une couche de protection ou d\u2019usure transparente.<\/li>\n<\/ul>\n<p>Ce proc\u00e9d\u00e9 fait du sol stratifi\u00e9 un rev\u00eatement <strong>tr\u00e8s r\u00e9sistant et facile d\u2019entretien<\/strong>. Une microfibre et une serpilli\u00e8re humide suffisent pour le nettoyer.<\/p>\n<p>Le <strong>classement UPEC <\/strong>vous aide \u00e0 v\u00e9rifier que le sol stratifi\u00e9 que vous avez rep\u00e9r\u00e9 pour votre logement corresponde bien aux pi\u00e8ces dans lesquelles il doit \u00eatre install\u00e9.&nbsp; <strong>Quatre crit\u00e8res<\/strong> sont pris en compte&nbsp;:<\/p>\n<ul>\n<li><strong>U&nbsp;pour \u00ab&nbsp;usage&nbsp;\u00bb<\/strong>. Bas\u00e9 sur une \u00e9chelle de 2 \u00e0 4, il d\u00e9termine le taux d\u2019usure du sol. Il est par exemple de 2 pour les locaux privatifs \u00e0 trafic normal, 2S lorsque le trafic est important, 3 pour les locaux collectifs \u00e0 trafic normal et de 4 pour un fort trafic.<\/li>\n<li><strong>P pour \u00ab&nbsp;poin\u00e7onnement&nbsp;\u00bb<\/strong> par le mobilier ou la chute d\u2019objets. Bas\u00e9 \u00e9galement sur une \u00e9chelle de 2 \u00e0 4, il vous permettra de choisir votre sol selon la fonction de l\u2019espace&nbsp;(de l\u2019habitation priv\u00e9e o\u00f9 il y a peu d\u2019objets lourds mobiles au hangar industriel o\u00f9 des engins lourds peuvent circuler).<\/li>\n<li><strong>E correspond \u00e0 la tenue de l\u2019eau<\/strong>. Cet indice va de 1 \u00e0 3 en fonction du taux d\u2019humidit\u00e9 de votre pi\u00e8ce (de la simple humidification pour entretien \u00e0 la pr\u00e9sence d\u2019eau fr\u00e9quente, dans une cuisine ou des sanitaires).<\/li>\n<li><strong>C pour la r\u00e9sistance aux agents chimiques<\/strong>. Allant de 0 \u00e0 3, il correspond \u00e0 l\u2019utilisation fr\u00e9quente ou occasionnelle de produits m\u00e9nagers. 0 signifie que la pr\u00e9sence de produits est normalement absente, le risque de t\u00e2che n\u2019est toutefois jamais nul. La cat\u00e9gorie 3 s\u2019adresse, elle, aux locaux o\u00f9 des produits chimiques particuliers sont fr\u00e9quemment utilis\u00e9s (locaux industriels).<\/li>\n<\/ul>\n<p>Pour conna\u00eetre le classement UPEC des rev\u00eatements de sol en fonction des locaux, consultez le&nbsp;<a href=\"https:\/\/www.cstb.fr\/nos-offres\/activites\/certification\" target=\"_blank\" rel=\"noopener\">tableau<\/a>&nbsp;du&nbsp;Centre Scientifique et Technique du B\u00e2timent.<\/p>\n<p>Deux normes sont essentielles pour choisir votre rev\u00eatement stratifi\u00e9&nbsp;:<\/p>\n<ul>\n<li><strong>La classe d\u2019usage ou norme XPB 53-669<\/strong>. Elle est <strong>d\u00e9termin\u00e9e par le temps d\u2019usure de la surface en fonction des performances du rev\u00eatement de sol et de la nature des locaux<\/strong> de destination. Elle prend en compte quatre \u00e9paisseurs de couche d\u2019usure et quatre niveaux de duret\u00e9 des mat\u00e9riaux&nbsp;: de 21 \u00e0 31 pour un usage mod\u00e9r\u00e9 (domestique), 22 \u00e0 32 pour un usage g\u00e9n\u00e9ral (commercial), 23, 33 et 34 pour un usage \u00e9lev\u00e9 (industriel).<\/li>\n<li><strong>La norme fran\u00e7aise NF P 92&nbsp;507<\/strong> concerne, quant \u00e0 elle, la r\u00e9action au feu d\u2019un sol. Elle <strong>caract\u00e9rise ainsi l\u2019inflammabilit\u00e9 d\u2019un mat\u00e9riau<\/strong>, c\u2019est-\u00e0-dire sa capacit\u00e9 \u00e0 s\u2019enflammer et \u00e0 favoriser le d\u00e9marrage et le d\u00e9veloppement du feu. D\u00e9finie par <a href=\"https:\/\/www.legifrance.gouv.fr\/loda\/article_lc\/LEGIARTI000020397563\" target=\"_blank\" rel=\"noopener\">l\u2019arr\u00eat\u00e9 du 21 novembre 2002,<\/a> elle cat\u00e9gorise les rev\u00eatements en M3 (combustible et moyennement inflammable) et M4 (combustible et facilement inflammable).<\/li>\n<\/ul>\n<p>Si les deux cat\u00e9gories conviennent tr\u00e8s bien pour les logements individuels, seuls les mat\u00e9riaux M4 peuvent \u00eatre utilis\u00e9s pour les immeubles de grande hauteur.<\/p>\n<p>Pr\u00eatez \u00e9galement attention \u00e0 la <strong>densit\u00e9 des lames<\/strong>. Elle doit \u00eatre minimum de 800 kg\/m<sup>3<\/sup> avec une \u00e9paisseur d\u2019au moins 7 mm pour un bon confort de marche. Si vous souhaitez choisir un rev\u00eatement de sol stratifi\u00e9 au-del\u00e0 de 8 mm d\u2019\u00e9paisseur, il vous faudra s\u00fbrement d\u00e9talonner les portes. Autrement dit, les raccourcir pour \u00e9viter les frottements et pouvoir ouvrir et fermer les portes. Cet espace vide sous la porte permet \u00e9galement \u00e0 l\u2019air de circuler dans le logement, ce qui est essentiel pour \u00e9vacuer les polluants et conserver une bonne qualit\u00e9 de l\u2019air chez vous.<\/p>\n<p>Concernant le confort acoustique, une <strong>sous-couche acoustique<\/strong> <strong>doit \u00eatre obligatoirement pos\u00e9e sous votre sol stratifi\u00e9<\/strong> afin de garantir une bonne isolation aux bruits de chocs. La <a href=\"https:\/\/www.qualitel.org\/professionnels\/uploads\/Guide-acoustique-renovation.pdf\" target=\"_blank\" rel=\"noopener\">nouvelle r\u00e9glementation acoustique<\/a> (NRA) pr\u00e9cise que le bruit d\u2019impact de la chute d\u2019un objet ou d\u2019un choc ne doit pas d\u00e9passer les 58 d\u00e9cibels (55 dB avec la <a href=\"https:\/\/www.nf-habitat.fr\/certification\/?mtm_source=qlpart&amp;mtm_medium=site&amp;mtm_campaign=push_article_nfh\" target=\"_blank\" rel=\"noopener\">certification NF Habitat<\/a>) entre deux pi\u00e8ces de logements diff\u00e9rents.<\/p>\n<p><img decoding=\"async\" loading=\"lazy\" class=\"size-medium wp-image-6599 alignright\" src=\"https:\/\/www.qualitel.org\/particuliers\/wp\/..\/uploads\/emission-A-300x160.png\" alt width=\"300\" height=\"160\" srcset=\"https:\/\/www.qualitel.org\/particuliers\/wp\/..\/uploads\/emission-A-300x160.png 300w, https:\/\/www.qualitel.org\/particuliers\/wp\/..\/uploads\/emission-A-387x208.png 387w, https:\/\/www.qualitel.org\/particuliers\/wp\/..\/uploads\/emission-A.png 739w\" sizes=\"auto, (max-width: 300px) 100vw, 300px\">En raison de leur impact sur la sant\u00e9, il convient d\u2019<a href=\"https:\/\/www.qualitel.org\/particuliers\/conseils\/huit-conseils-pour-assainir-lair-de-votre-habitat\/\">\u00eatre attentif aux \u00e9missions de polluants dans l\u2019air int\u00e9rieur<\/a> \u00e9manant du rev\u00eatement et de sa colle. En France, depuis janvier 2012, <strong>l\u2019<\/strong><a href=\"https:\/\/www.qualitel.org\/particuliers\/conseils\/a-quoi-sert-letiquette-sanitaire\/\"><strong>\u00e9tiquette sanitaire<\/strong><\/a> <strong>est obligatoire<\/strong> pour les mat\u00e9riaux de construction et de d\u00e9coration. Elle permet de choisir vos mat\u00e9riaux en fonction de leur impact sanitaire en indiquant distinctement leur niveau d\u2019\u00e9missions en <a href=\"https:\/\/www.qualitel.org\/particuliers\/conseils\/comment-lutter-contre-les-composes-organiques-volatils-polluant-lair-de-votre-logement\/\">compos\u00e9s organiques volatils (COV)<\/a>. Le niveau d\u2019\u00e9mission est indiqu\u00e9 par une classe allant de A+ (tr\u00e8s faibles \u00e9missions) \u00e0 C (fortes \u00e9missions).<\/p>\n<p>En France, le <strong>marquage CE <\/strong>et toutes les exigences qui en d\u00e9coulent sont <strong>obligatoires pour les <a href=\"https:\/\/www.qualitel.org\/particuliers\/equipements-et-materiaux-maison\/revetement-sol\/parquets\/\">parquets<\/a> et les sols stratifi\u00e9s<\/strong>. Il oblige le fabricant \u00e0 renseigner sur le parquet ou son emballage les informations suivantes&nbsp;: classement de r\u00e9action au feu, \u00e9missions de formad\u00e9hydes, \u00e9missions de pentachloroph\u00e9nol, r\u00e9sistance m\u00e9canique, glissance, conductivit\u00e9 thermique, durabilit\u00e9.<\/p>\n<p>&nbsp;<\/p>\n<p class=\"MsoNormal\"><span style=\"color: black; mso-themecolor: text1;\">L\u2019avantage du rev\u00eatement de sol stratifi\u00e9 est qu\u2019il <b>se pose tr\u00e8s facilement et dans n\u2019importe quelle pi\u00e8ce.<\/b> Nous vous conseillons cependant de <b>faire appel \u00e0 un professionnel<\/b> comme <\/span>le <a href=\"https:\/\/www.qualitel.org\/particuliers\/pros-batiment\/choisir-solier-moquettiste\/\">solier-moquettiste<\/a><span style=\"color: black; mso-themecolor: text1;\"> ou <\/span>le <a href=\"https:\/\/www.qualitel.org\/particuliers\/pros-batiment\/choisir-parqueteur\/\">parqueteur<\/a><span style=\"color: black; mso-themecolor: text1;\"> pour une bonne installation de votre rev\u00eatement de sol stratifi\u00e9 dans votre logement.<\/span><\/p>\n<p class=\"MsoNormal\"><span style=\"color: black; mso-themecolor: text1;\">&nbsp;<\/span><\/p>\n<p class=\"MsoNormal\"><span style=\"color: black; mso-themecolor: text1;\">Voici les points auxquels vous devrez veiller&nbsp;lors de la pose&nbsp;: <\/span><\/p>\n<ul>\n<li class=\"MsoNormal\"><span style=\"color: black; mso-themecolor: text1;\"><span style=\"color: black; mso-themecolor: text1;\">Pour garantir sa bonne tenue, le rev\u00eatement en stratifi\u00e9 doit \u00eatre pos\u00e9 sur <b>une surface parfaitement plane, saine, s\u00e8che et propre<\/b>. \u00c9vitez donc le recouvrement de moquette avec du stratifi\u00e9&nbsp;!<\/span><\/span><\/li>\n<li class=\"MsoNormal\"><span style=\"color: black; mso-themecolor: text1;\"><span style=\"color: black; mso-themecolor: text1;\">Sauf avis contraire sur la fiche technique, la longueur cumul\u00e9e des lames <b>ne doit pas exc\u00e9der 10 m sans fractionnement<\/b>. Le jeu entre les dalles, lui, doit \u00eatre compris <b>entre 10 et 20 mm<\/b> et recouvert d\u2019un habillage coh\u00e9rent avec le rev\u00eatement, par exemple une baguette en bois.<\/span><\/span><\/li>\n<li class=\"MsoNormal\"><span style=\"color: black; mso-themecolor: text1;\"><span style=\"color: black; mso-themecolor: text1;\">Il est aussi n\u00e9cessaire de&nbsp;pr\u00e9voir une plinthe&nbsp;en p\u00e9riph\u00e9rie de la pi\u00e8ce, \u00e0 coller ou visser. N\u2019oubliez pas \u00e9galement de faire installer une sous-couche acoustique, obligatoire pour garantir une bonne isolation aux bruits entre les \u00e9tages.<\/span><\/span><\/li>\n<li class=\"MsoNormal\"><span style=\"color: black; mso-themecolor: text1;\">Enfin, une fois la pose termin\u00e9e, ne cirez, vernissez ou huilez surtout pas votre rev\u00eatement en stratifi\u00e9&nbsp;! Ce dernier poss\u00e8de d\u00e9j\u00e0 une couche de protection transparente pour freiner son usure et faciliter son entretien. <\/span><\/li>\n<\/ul>\n<p>&nbsp;<\/p>\n","protected":false},"featured_media":46122,"parent":1643,"menu_order":0,"template":"","categories":[203,208],"tags":[436,424],"article_type":[],"class_list":["post-24175","materiau","type-materiau","status-publish","has-post-thumbnail","hentry","category-confort","category-eco-responsabilite","tags-choix-equipement","tags-isolation"],"acf":[],"yoast_head":"<!-- This site is optimized with the Yoast SEO plugin v26.2 - https:\/\/yoast.com\/wordpress\/plugins\/seo\/ -->\n<title>Les rev\u00eatements de sols en stratifi\u00e9 - Qualitel | Particuliers<\/title>\n<meta name=\"description\" content=\"Vous r\u00e9novez ou faites construire votre logement et souhaitez y poser un rev\u00eatement de sol stratifi\u00e9 ? De sa composition \u00e0 sa pose, nos experts vous aiguillent pour bien choisir celui que vous installerez chez vous, avec l\u2019aide d\u2019un professionnel.\" \/>\n<meta name=\"robots\" content=\"index, follow, max-snippet:-1, max-image-preview:large, max-video-preview:-1\" \/>\n<link rel=\"canonical\" href=\"https:\/\/www.qualitel.org\/particuliers\/revetements-sol\/stratifie\/\" \/>\n<meta property=\"og:locale\" content=\"fr_FR\" \/>\n<meta property=\"og:type\" content=\"article\" \/>\n<meta property=\"og:title\" content=\"Les rev\u00eatements de sols en stratifi\u00e9 - Qualitel | Particuliers\" \/>\n<meta property=\"og:description\" content=\"Vous r\u00e9novez ou faites construire votre logement et souhaitez y poser un rev\u00eatement de sol stratifi\u00e9&nbsp;? De sa composition \u00e0 sa pose, nos experts vous aiguillent pour bien choisir celui que vous installerez chez vous, avec l\u2019aide d\u2019un professionnel.\" \/>\n<meta property=\"og:url\" content=\"https:\/\/www.qualitel.org\/particuliers\/revetements-sol\/stratifie\/\" \/>\n<meta property=\"og:site_name\" content=\"Qualitel | Particuliers\" \/>\n<meta property=\"article:publisher\" content=\"https:\/\/www.facebook.com\/groupequalitel\/\" \/>\n<meta property=\"article:modified_time\" content=\"2024-08-08T15:16:48+00:00\" \/>\n<meta property=\"og:image\" content=\"https:\/\/www.qualitel.org\/particuliers\/wp\/..\/uploads\/Fotolia_34481309_M.jpg\" \/>\n\t<meta property=\"og:image:width\" content=\"1000\" \/>\n\t<meta property=\"og:image:height\" content=\"606\" \/>\n\t<meta property=\"og:image:type\" content=\"image\/jpeg\" \/>\n<meta name=\"twitter:card\" content=\"summary_large_image\" \/>\n<meta name=\"twitter:description\" content=\"Vous r\u00e9novez ou faites construire votre logement et souhaitez y poser un rev\u00eatement de sol stratifi\u00e9&nbsp;? De sa composition \u00e0 sa pose, nos experts vous aiguillent pour bien choisir celui que vous installerez chez vous, avec l\u2019aide d\u2019un professionnel.\n\" \/>\n<meta name=\"twitter:site\" content=\"@groupeQUALITEL\" \/>\n<meta name=\"twitter:label1\" content=\"Est. reading time\" \/>\n\t<meta name=\"twitter:data1\" content=\"6 minutes\" \/>\n<script type=\"application\/ld+json\" class=\"yoast-schema-graph\">{\"@context\":\"https:\/\/schema.org\",\"@graph\":[{\"@type\":\"WebPage\",\"@id\":\"https:\/\/www.qualitel.org\/particuliers\/revetements-sol\/stratifie\/\",\"url\":\"https:\/\/www.qualitel.org\/particuliers\/revetements-sol\/stratifie\/\",\"name\":\"Les rev\u00eatements de sols en stratifi\u00e9 - Qualitel | Particuliers\",\"isPartOf\":{\"@id\":\"https:\/\/www.qualitel.org\/particuliers\/#website\"},\"primaryImageOfPage\":{\"@id\":\"https:\/\/www.qualitel.org\/particuliers\/revetements-sol\/stratifie\/#primaryimage\"},\"image\":{\"@id\":\"https:\/\/www.qualitel.org\/particuliers\/revetements-sol\/stratifie\/#primaryimage\"},\"thumbnailUrl\":\"https:\/\/www.qualitel.org\/particuliers\/wp\/..\/uploads\/Fotolia_34481309_M.jpg\",\"datePublished\":\"2020-09-08T15:41:35+00:00\",\"dateModified\":\"2024-08-08T15:16:48+00:00\",\"description\":\"Vous r\u00e9novez ou faites construire votre logement et souhaitez y poser un rev\u00eatement de sol stratifi\u00e9 ? De sa composition \u00e0 sa pose, nos experts vous aiguillent pour bien choisir celui que vous installerez chez vous, avec l\u2019aide d\u2019un professionnel.\",\"breadcrumb\":{\"@id\":\"https:\/\/www.qualitel.org\/particuliers\/revetements-sol\/stratifie\/#breadcrumb\"},\"inLanguage\":\"fr-FR\",\"potentialAction\":[{\"@type\":\"ReadAction\",\"target\":[\"https:\/\/www.qualitel.org\/particuliers\/revetements-sol\/stratifie\/\"]}]},{\"@type\":\"ImageObject\",\"inLanguage\":\"fr-FR\",\"@id\":\"https:\/\/www.qualitel.org\/particuliers\/revetements-sol\/stratifie\/#primaryimage\",\"url\":\"https:\/\/www.qualitel.org\/particuliers\/wp\/..\/uploads\/Fotolia_34481309_M.jpg\",\"contentUrl\":\"https:\/\/www.qualitel.org\/particuliers\/wp\/..\/uploads\/Fotolia_34481309_M.jpg\",\"width\":1000,\"height\":606},{\"@type\":\"BreadcrumbList\",\"@id\":\"https:\/\/www.qualitel.org\/particuliers\/revetements-sol\/stratifie\/#breadcrumb\",\"itemListElement\":[{\"@type\":\"ListItem\",\"position\":1,\"name\":\"Accueil\",\"item\":\"https:\/\/www.qualitel.org\/particuliers\/\"},{\"@type\":\"ListItem\",\"position\":2,\"name\":\"Comment bien choisir son rev\u00eatement de sol ?\",\"item\":\"https:\/\/www.qualitel.org\/particuliers\/equipements-et-materiaux\/revetement-sol\/\"},{\"@type\":\"ListItem\",\"position\":3,\"name\":\"Que faut-il savoir sur le rev\u00eatement de sol stratifi\u00e9&nbsp;?\"}]},{\"@type\":\"WebSite\",\"@id\":\"https:\/\/www.qualitel.org\/particuliers\/#website\",\"url\":\"https:\/\/www.qualitel.org\/particuliers\/\",\"name\":\"Qualitel | Particuliers\",\"description\":\"\",\"publisher\":{\"@id\":\"https:\/\/www.qualitel.org\/particuliers\/#organization\"},\"potentialAction\":[{\"@type\":\"SearchAction\",\"target\":{\"@type\":\"EntryPoint\",\"urlTemplate\":\"https:\/\/www.qualitel.org\/particuliers\/?s={search_term_string}\"},\"query-input\":{\"@type\":\"PropertyValueSpecification\",\"valueRequired\":true,\"valueName\":\"search_term_string\"}}],\"inLanguage\":\"fr-FR\"},{\"@type\":\"Organization\",\"@id\":\"https:\/\/www.qualitel.org\/particuliers\/#organization\",\"name\":\"Qualitel | Particuliers\",\"url\":\"https:\/\/www.qualitel.org\/particuliers\/\",\"logo\":{\"@type\":\"ImageObject\",\"inLanguage\":\"fr-FR\",\"@id\":\"https:\/\/www.qualitel.org\/particuliers\/#\/schema\/logo\/image\/\",\"url\":\"https:\/\/www.qualitel.org\/particuliers\/wp\/..\/uploads\/qualitel-squarelogo-1456752654225.png\",\"contentUrl\":\"https:\/\/www.qualitel.org\/particuliers\/wp\/..\/uploads\/qualitel-squarelogo-1456752654225.png\",\"width\":180,\"height\":180,\"caption\":\"Qualitel | Particuliers\"},\"image\":{\"@id\":\"https:\/\/www.qualitel.org\/particuliers\/#\/schema\/logo\/image\/\"},\"sameAs\":[\"https:\/\/www.facebook.com\/groupequalitel\/\",\"https:\/\/x.com\/groupeQUALITEL\",\"https:\/\/www.instagram.com\/associationqualitel\/\",\"https:\/\/www.pinterest.fr\/associationqualitel\/\"]}]}<\/script>\n<!-- \/ Yoast SEO plugin. -->","yoast_head_json":{"title":"Les rev\u00eatements de sols en stratifi\u00e9 - Qualitel | Particuliers","description":"Vous r\u00e9novez ou faites construire votre logement et souhaitez y poser un rev\u00eatement de sol stratifi\u00e9 ? De sa composition \u00e0 sa pose, nos experts vous aiguillent pour bien choisir celui que vous installerez chez vous, avec l\u2019aide d\u2019un professionnel.","robots":{"index":"index","follow":"follow","max-snippet":"max-snippet:-1","max-image-preview":"max-image-preview:large","max-video-preview":"max-video-preview:-1"},"canonical":"https:\/\/www.qualitel.org\/particuliers\/revetements-sol\/stratifie\/","og_locale":"fr_FR","og_type":"article","og_title":"Les rev\u00eatements de sols en stratifi\u00e9 - Qualitel | Particuliers","og_description":"Vous r\u00e9novez ou faites construire votre logement et souhaitez y poser un rev\u00eatement de sol stratifi\u00e9&nbsp;? De sa composition \u00e0 sa pose, nos experts vous aiguillent pour bien choisir celui que vous installerez chez vous, avec l\u2019aide d\u2019un professionnel.","og_url":"https:\/\/www.qualitel.org\/particuliers\/revetements-sol\/stratifie\/","og_site_name":"Qualitel | Particuliers","article_publisher":"https:\/\/www.facebook.com\/groupequalitel\/","article_modified_time":"2024-08-08T15:16:48+00:00","og_image":[{"width":1000,"height":606,"url":"https:\/\/www.qualitel.org\/particuliers\/wp\/..\/uploads\/Fotolia_34481309_M.jpg","type":"image\/jpeg"}],"twitter_card":"summary_large_image","twitter_description":"Vous r\u00e9novez ou faites construire votre logement et souhaitez y poser un rev\u00eatement de sol stratifi\u00e9&nbsp;? De sa composition \u00e0 sa pose, nos experts vous aiguillent pour bien choisir celui que vous installerez chez vous, avec l\u2019aide d\u2019un professionnel.\n","twitter_site":"@groupeQUALITEL","twitter_misc":{"Est. reading time":"6 minutes"},"schema":{"@context":"https:\/\/schema.org","@graph":[{"@type":"WebPage","@id":"https:\/\/www.qualitel.org\/particuliers\/revetements-sol\/stratifie\/","url":"https:\/\/www.qualitel.org\/particuliers\/revetements-sol\/stratifie\/","name":"Les rev\u00eatements de sols en stratifi\u00e9 - Qualitel | Particuliers","isPartOf":{"@id":"https:\/\/www.qualitel.org\/particuliers\/#website"},"primaryImageOfPage":{"@id":"https:\/\/www.qualitel.org\/particuliers\/revetements-sol\/stratifie\/#primaryimage"},"image":{"@id":"https:\/\/www.qualitel.org\/particuliers\/revetements-sol\/stratifie\/#primaryimage"},"thumbnailUrl":"https:\/\/www.qualitel.org\/particuliers\/wp\/..\/uploads\/Fotolia_34481309_M.jpg","datePublished":"2020-09-08T15:41:35+00:00","dateModified":"2024-08-08T15:16:48+00:00","description":"Vous r\u00e9novez ou faites construire votre logement et souhaitez y poser un rev\u00eatement de sol stratifi\u00e9 ? De sa composition \u00e0 sa pose, nos experts vous aiguillent pour bien choisir celui que vous installerez chez vous, avec l\u2019aide d\u2019un professionnel.","breadcrumb":{"@id":"https:\/\/www.qualitel.org\/particuliers\/revetements-sol\/stratifie\/#breadcrumb"},"inLanguage":"fr-FR","potentialAction":[{"@type":"ReadAction","target":["https:\/\/www.qualitel.org\/particuliers\/revetements-sol\/stratifie\/"]}]},{"@type":"ImageObject","inLanguage":"fr-FR","@id":"https:\/\/www.qualitel.org\/particuliers\/revetements-sol\/stratifie\/#primaryimage","url":"https:\/\/www.qualitel.org\/particuliers\/wp\/..\/uploads\/Fotolia_34481309_M.jpg","contentUrl":"https:\/\/www.qualitel.org\/particuliers\/wp\/..\/uploads\/Fotolia_34481309_M.jpg","width":1000,"height":606},{"@type":"BreadcrumbList","@id":"https:\/\/www.qualitel.org\/particuliers\/revetements-sol\/stratifie\/#breadcrumb","itemListElement":[{"@type":"ListItem","position":1,"name":"Accueil","item":"https:\/\/www.qualitel.org\/particuliers\/"},{"@type":"ListItem","position":2,"name":"Comment bien choisir son rev\u00eatement de sol ?","item":"https:\/\/www.qualitel.org\/particuliers\/equipements-et-materiaux\/revetement-sol\/"},{"@type":"ListItem","position":3,"name":"Que faut-il savoir sur le rev\u00eatement de sol stratifi\u00e9&nbsp;?"}]},{"@type":"WebSite","@id":"https:\/\/www.qualitel.org\/particuliers\/#website","url":"https:\/\/www.qualitel.org\/particuliers\/","name":"Qualitel | Particuliers","description":"","publisher":{"@id":"https:\/\/www.qualitel.org\/particuliers\/#organization"},"potentialAction":[{"@type":"SearchAction","target":{"@type":"EntryPoint","urlTemplate":"https:\/\/www.qualitel.org\/particuliers\/?s={search_term_string}"},"query-input":{"@type":"PropertyValueSpecification","valueRequired":true,"valueName":"search_term_string"}}],"inLanguage":"fr-FR"},{"@type":"Organization","@id":"https:\/\/www.qualitel.org\/particuliers\/#organization","name":"Qualitel | Particuliers","url":"https:\/\/www.qualitel.org\/particuliers\/","logo":{"@type":"ImageObject","inLanguage":"fr-FR","@id":"https:\/\/www.qualitel.org\/particuliers\/#\/schema\/logo\/image\/","url":"https:\/\/www.qualitel.org\/particuliers\/wp\/..\/uploads\/qualitel-squarelogo-1456752654225.png","contentUrl":"https:\/\/www.qualitel.org\/particuliers\/wp\/..\/uploads\/qualitel-squarelogo-1456752654225.png","width":180,"height":180,"caption":"Qualitel | Particuliers"},"image":{"@id":"https:\/\/www.qualitel.org\/particuliers\/#\/schema\/logo\/image\/"},"sameAs":["https:\/\/www.facebook.com\/groupequalitel\/","https:\/\/x.com\/groupeQUALITEL","https:\/\/www.instagram.com\/associationqualitel\/","https:\/\/www.pinterest.fr\/associationqualitel\/"]}]}},"_links":{"self":[{"href":"https:\/\/www.qualitel.org\/particuliers\/wp-json\/wp\/v2\/materiau\/24175","targetHints":{"allow":["GET"]}}],"collection":[{"href":"https:\/\/www.qualitel.org\/particuliers\/wp-json\/wp\/v2\/materiau"}],"about":[{"href":"https:\/\/www.qualitel.org\/particuliers\/wp-json\/wp\/v2\/types\/materiau"}],"version-history":[{"count":28,"href":"https:\/\/www.qualitel.org\/particuliers\/wp-json\/wp\/v2\/materiau\/24175\/revisions"}],"predecessor-version":[{"id":47284,"href":"https:\/\/www.qualitel.org\/particuliers\/wp-json\/wp\/v2\/materiau\/24175\/revisions\/47284"}],"up":[{"embeddable":true,"href":"https:\/\/www.qualitel.org\/particuliers\/wp-json\/wp\/v2\/materiau\/1643"}],"wp:featuredmedia":[{"embeddable":true,"href":"https:\/\/www.qualitel.org\/particuliers\/wp-json\/wp\/v2\/media\/46122"}],"wp:attachment":[{"href":"https:\/\/www.qualitel.org\/particuliers\/wp-json\/wp\/v2\/media?parent=24175"}],"wp:term":[{"taxonomy":"category","embeddable":true,"href":"https:\/\/www.qualitel.org\/particuliers\/wp-json\/wp\/v2\/categories?post=24175"},{"taxonomy":"tags","embeddable":true,"href":"https:\/\/www.qualitel.org\/particuliers\/wp-json\/wp\/v2\/tags?post=24175"},{"taxonomy":"materiau_type","embeddable":true,"href":"https:\/\/www.qualitel.org\/particuliers\/wp-json\/wp\/v2\/article_type?post=24175"}],"curies":[{"name":"wp","href":"https:\/\/api.w.org\/{rel}","templated":true}]}}