{"id":41952,"date":"2023-08-22T13:59:00","date_gmt":"2023-08-22T11:59:00","guid":{"rendered":"https:\/\/www.qualitel.org\/particuliers\/?post_type=materiau&#038;p=41952"},"modified":"2025-10-07T16:16:48","modified_gmt":"2025-10-07T14:16:48","slug":"lisolation-thermique-et-phonique-a-la-laine-de-verre","status":"publish","type":"materiau","link":"https:\/\/www.qualitel.org\/particuliers\/isolation\/laine-de-verre\/","title":{"rendered":"L\u2019isolation thermique et phonique \u00e0 la laine de verre"},"content":{"rendered":"<p><img loading=\"lazy\" decoding=\"async\" class=\"alignright wp-image-41971 size-medium\" src=\"https:\/\/www.qualitel.org\/particuliers\/wp\/..\/uploads\/iStock-1303004869-300x200.jpg\" alt width=\"300\" height=\"200\" srcset=\"https:\/\/www.qualitel.org\/particuliers\/wp\/..\/uploads\/iStock-1303004869-300x200.jpg 300w, https:\/\/www.qualitel.org\/particuliers\/wp\/..\/uploads\/iStock-1303004869.jpg 800w\" sizes=\"auto, (max-width: 300px) 100vw, 300px\">La laine de verre est un <strong>mat\u00e9riau fabriqu\u00e9 \u00e0 partir de sable et de verre recycl\u00e9 fondus \u00e0 haute temp\u00e9rature<\/strong>. Ce proc\u00e9d\u00e9 permet d\u2019obtenir une p\u00e2te vitreuse qui est ensuite fibr\u00e9e. Les fibres sont ensuite pulv\u00e9ris\u00e9es d\u2019un liant en petite quantit\u00e9 pour donner la tenue m\u00e9canique du produit. Elle constitue un<strong> <a href=\"https:\/\/www.qualitel.org\/particuliers\/isolation\/isolant-thermique\/\">isolant thermique<\/a> et acoustique performant<\/strong> qui se pr\u00e9sente sous trois formes diff\u00e9rentes&nbsp;: des rouleaux \u00e0 d\u00e9rouler, des panneaux isolants rigides ou semi-rigides et des flocons de laine de verre \u00e0 projeter. La laine de verre est utilis\u00e9e pour l\u2019<a href=\"https:\/\/www.qualitel.org\/particuliers\/isolation\/isolation-mur-interieur\/\">isolation int\u00e9rieure<\/a> et ext\u00e9rieure de toute la maison. Selon la paroi \u00e0 isoler, on choisira plut\u00f4t&nbsp;:<\/p>\n<ul>\n<li>pour les planchers, privil\u00e9giez de la laine de verre sous forme de panneaux rigides&nbsp;;<\/li>\n<li>pour l<a href=\"https:\/\/www.qualitel.org\/particuliers\/isolation\/isolation-mur-interieur\/\">es murs<\/a><u>, privil\u00e9giez la laine de verre sous forme de panneaux semi-rigides<\/u>&nbsp;;<\/li>\n<li>pour les combles am\u00e9nageables et perdus, privil\u00e9giez la laine de verre souple ou en flocons&nbsp;;<\/li>\n<li>pour les rampants et les toitures, privil\u00e9giez la laine de verre en rouleau.<\/li>\n<\/ul>\n<p>Retrouvez nos conseils sur <a href=\"https:\/\/www.qualitel.org\/particuliers\/isolation\/techniques-isolation\/\">les diff\u00e9rentes techniques d\u2019isolation thermique<\/a> et notre article pour <a href=\"https:\/\/www.qualitel.org\/particuliers\/isolation\/comprendre-isolation\/\">mieux comprendre l\u2019isolation<\/a>.<\/p>\n<h3>La laine de verre est-elle \u00e9cologique&nbsp;?<\/h3>\n<p><strong>La fabrication de la laine de verre consomme de l\u2019\u00e9nergie, mais elle permet d\u2019en \u00e9conomiser des centaines de fois plus sur les consommations des b\u00e2timents qu\u2019elle isole<\/strong>. Si on prend l\u2019ensemble du cycle de vie de ce mat\u00e9riau isolant (de la fabrication au processus de recyclage), la laine de verre est tr\u00e8s bien positionn\u00e9e. En effet, pour r\u00e9duire son empreinte carbone, les fabricants de laine de verre ne cessent d\u2019innover pour d\u00e9velopper un isolant plus respectueux de l\u2019environnement en ma\u00eetrisant les consommations d\u2019\u00e9nergie, en utilisant des mati\u00e8res recycl\u00e9es et en optimisant le transport (compression des produits).<\/p>\n<h3>Laine de verre ou laine de roche&nbsp;?<\/h3>\n<p>Comment choisir entre la laine de verre et la <a href=\"https:\/\/www.qualitel.org\/particuliers\/isolation\/laine-de-roche\/\">laine de roche<\/a>&nbsp;?<\/p>\n<p>Ces deux laines min\u00e9rales utilis\u00e9es pour am\u00e9liorer l\u2019isolation phonique et thermique des logements, sont <strong>toutes les deux issues de la fusion de mati\u00e8res min\u00e9rales&nbsp;: du sable pour la laine de verre, et du basalte pour la laine de roche<\/strong>. Elles utilisent aussi des mati\u00e8res recycl\u00e9es (verre issu de la collecte et d\u00e9chets de construction pour la laine de verre et d\u00e9chets de construction pour la laine de roche).<\/p>\n<p><strong>Leurs pouvoirs isolants sont assez proches<\/strong>, mais ces deux laines pr\u00e9sentent tout de m\u00eame quelques diff\u00e9rences&nbsp;:<\/p>\n<ul>\n<li>la laine de roche est un peu plus dense&nbsp;: elle est utilis\u00e9e pour des applications qui demandent un peu plus de r\u00e9sistance m\u00e9canique&nbsp;;<\/li>\n<li>la conductivit\u00e9 thermique repr\u00e9sent\u00e9e par la valeur lambda \u03bb et exprim\u00e9 en watt par m\u00e8tre Kelvin (W\/mK), indique la quantit\u00e9 de chaleur traversant le mat\u00e9riau isolant en une seconde. Plus la valeur lambda est faible, plus le produit est isolant. Le lambda de la laine de verre se situe entre 0,030 W\/mK et 0,040 W\/mK, celui de la laine de roche entre 0,032 W\/mK et 0,040 W\/mK&nbsp;;<\/li>\n<li>la r\u00e9sistance thermique R, indique la capacit\u00e9 de l\u2019isolant thermique \u00e0 r\u00e9sister \u00e0 la transmission de flux de chaleur. Elle est \u00e9gale \u00e0 l\u2019\u00e9paisseur de l\u2019isolant (e) divis\u00e9e par son pouvoir isolant \u00e0 savoir, sa conductivit\u00e9 thermique, \u03bb. Plus la valeur R est \u00e9lev\u00e9e, plus le mat\u00e9riau est isolant. La r\u00e9sistance thermique de la laine de verre est plus \u00e9lev\u00e9e que celle de la laine de roche&nbsp;;<\/li>\n<li>les 2 isolants offrent un tr\u00e8s bon rapport qualit\u00e9-prix.<\/li>\n<\/ul>\n<p>Concernant le confort d\u2019\u00e9t\u00e9, il faut adopter une vraie strat\u00e9gie pour le logement comme la protection solaire des baies vitr\u00e9es, la ventilation la nuit quand il fait plus frais, utiliser la masse de la structure (murs, sols) pour stocker la chaleur qui entre dans le b\u00e2timent et un tr\u00e8s bon niveau d\u2019isolation de la toiture. En effet, il faut emp\u00eacher la chaleur de rentrer et la protection des baies est le point essentiel et l\u2019isolation att\u00e9nue le passage du chaud \u00e0 l\u2019int\u00e9rieur du logement dans les parois opaques comme la toiture.<\/p>\n<p>D\u00e9couvrez deux autres isolants&nbsp;: la <a href=\"https:\/\/www.qualitel.org\/particuliers\/isolation\/laine-de-bois\/\">laine de bois<\/a> et le <a href=\"https:\/\/www.qualitel.org\/particuliers\/isolation\/polyurethane\/\">polyur\u00e9thane<\/a>.<\/p>\n<h3>Les avantages<\/h3>\n<p>La laine de verre pr\u00e9sente plusieurs avantages&nbsp;:<\/p>\n<ul>\n<li><strong>Son faible co\u00fbt en fait un isolant \u00e9conomique<\/strong>, id\u00e9al si vous cherchez \u00e0 isoler toute votre maison.<\/li>\n<li><strong>Son usage est r\u00e9pandu<\/strong>, ce qui signifie que vous avez le choix de la marque, de l\u2019\u00e9paisseur et m\u00eame du conditionnement (rouleau, flocons, panneaux rigides ou semi-rigides).<\/li>\n<li><strong>Elle offre de tr\u00e8s bonnes performances thermiques<\/strong>. La valeur de sa conductivit\u00e9 thermique se situe entre 0,030 W\/mK et 0,040 W\/mK.<\/li>\n<li><strong>Elle affiche de bonnes performances en mati\u00e8re d\u2019isolation phonique<\/strong>.<\/li>\n<li><strong>C\u2019est un mat\u00e9riau imputrescible<\/strong>, c\u2019est-\u00e0-dire qu\u2019il ne pourrit pas. Il poss\u00e8de donc une excellente dur\u00e9e de vie pour votre isolation.<\/li>\n<li><strong>Elle est incombustible<\/strong>, c\u2019est-\u00e0-dire qu\u2019elle ne br\u00fble pas.<\/li>\n<li><strong>Enfin, une fili\u00e8re de recyclage de cet isolant est d\u00e9j\u00e0 en place<\/strong> et va continuer \u00e0 se d\u00e9velopper afin de limiter son impact environnemental.<\/li>\n<\/ul>\n<h3>Les inconv\u00e9nients<\/h3>\n<p>La laine de verre, comme tout isolant, poss\u00e8de aussi quelques inconv\u00e9nients&nbsp;:<\/p>\n<ul>\n<li>Sa production consomme de l\u2019\u00e9nergie, mais son impact carbone sur tout le cycle de vie est assez bon.<\/li>\n<li>C\u2019est aussi un mat\u00e9riau qui utilise des ressources abondantes, mais non renouvelables&nbsp;: le sable. Mais la part de verre recycl\u00e9 peut constituer plus de 60% des mati\u00e8res utilis\u00e9es pour la fabrication.<\/li>\n<\/ul>\n<p>D\u00e9couvrez <a href=\"https:\/\/www.qualitel.org\/particuliers\/conseils\/8-idees-recues-sur-le-confort-thermique-dun-logement\/\">8&nbsp;id\u00e9es re\u00e7ues sur le confort thermique<\/a> et <a href=\"https:\/\/www.qualitel.org\/particuliers\/conseils\/7-idees-recues-sur-lisolation-phonique-des-logements\/\">7&nbsp;id\u00e9es re\u00e7ues sur l\u2019isolation phonique d\u2019un logement<\/a>.<\/p>\n<p>En fonction de l\u2019espace que l\u2019on souhaite isoler (isolation des murs, sols, combles\u2026), on ne va pas appliquer la m\u00eame \u00e9paisseur partout. L\u2019id\u00e9e est d\u2019atteindre une r\u00e9sistance thermique adapt\u00e9e \u00e0 une <a href=\"https:\/\/www.qualitel.org\/particuliers\/isolation\/\">bonne isolation de l\u2019habitat<\/a>. Voici quelques valeurs de r\u00e9f\u00e9rence pour savoir quelle \u00e9paisseur choisir.<\/p>\n<h3>Le conditionnement en panneaux de laine de verre<\/h3>\n<p><strong>Le conditionnement en panneaux rigides de laine de verre est pr\u00e9conis\u00e9 pour l\u2019isolation ext\u00e9rieure<\/strong> de votre habitat.<\/p>\n<p>Voici l\u2019\u00e9paisseur et la r\u00e9sistance thermique qu\u2019il faut viser en fonction de la partie de votre logement \u00e0 isoler avec la laine de verre&nbsp;:<\/p>\n<p>Notez que pour la toiture, deux techniques existent&nbsp;: l\u2019isolation sous rampants (\u00e0 l\u2019int\u00e9rieur) et la technique du sarking, qui consiste \u00e0 poser l\u2019isolant par l\u2019ext\u00e9rieur, entre la charpente et la couverture de toit.<\/p>\n<p>Dans le cadre de votre isolation \u00e0 la laine de verre, il est essentiel d\u2019installer un pare-vapeur de mani\u00e8re \u00e0 prot\u00e9ger la structure de votre habitat. Le pare-vapeur est notamment syst\u00e9matique pour les maisons en ossature bois, dans les r\u00e9gions tr\u00e8s froides pour \u00e9viter la condensation dans les pi\u00e8ces de bois.<\/p>\n<h3>Le conditionnement en rouleaux de laine de verre<\/h3>\n<p><strong>Le conditionnement en rouleaux de laine de verre est adapt\u00e9 \u00e0 l\u2019isolation int\u00e9rieure<\/strong> de votre habitat.<\/p>\n<h3>Le conditionnement en vrac ou flocons<\/h3>\n<p><strong>Le conditionnement de la laine de verre en flocons est adapt\u00e9 pour l\u2019<a href=\"https:\/\/www.qualitel.org\/particuliers\/isolation\/isolation-combles\/\">isolation de combles<\/a> perdus<\/strong>.<\/p>\n<p>D\u00e9couvrez aussi nos conseils pour <a href=\"https:\/\/www.qualitel.org\/particuliers\/isolation\/isolation-garage\/\">isoler un garage<\/a>, <a href=\"https:\/\/www.qualitel.org\/particuliers\/isolation\/mur-mitoyen\/\">isoler un mur mitoyen<\/a> et <a href=\"https:\/\/www.qualitel.org\/particuliers\/isolation\/isolation-phonique\/isolation-phonique-plafond\/\">l\u2019isolation phonique du plafond<\/a>.<\/p>\n<p>La laine de verre est appr\u00e9ci\u00e9e pour son <strong>bon rapport qualit\u00e9\/prix<\/strong>. Son co\u00fbt varie en fonction du conditionnement, mais aussi en fonction du fabricant et de la qualit\u00e9 du produit. Voici une moyenne de prix pour vous donner une id\u00e9e du budget n\u00e9cessaire \u00e0 l\u2019isolation de votre logement.<\/p>\n<h3>&nbsp;Prix des diff\u00e9rents formats de laine de verre<\/h3>\n<h3>Prix de la pose de la laine de verre<\/h3>\n<p>Pour la pose de votre laine de verre, nous vous conseillons de faire appel \u00e0 un professionnel. Ainsi, vous serez certain que l\u2019isolation de votre maison sera optimale. Le prix de la pose varie en fonction de diff\u00e9rents crit\u00e8res&nbsp;:<\/p>\n<ul>\n<li>s\u2019il s\u2019agit d\u2019une construction neuve ou d\u2019une r\u00e9novation<\/li>\n<li>s\u2019il y a besoin de faire une d\u00e9pose de l\u2019ancien isolant<\/li>\n<li>la complexit\u00e9 des travaux d\u2019isolation et notamment de l\u2019acc\u00e8s aux combles<\/li>\n<li>le professionnel choisi<\/li>\n<li>la surface \u00e0 isoler.<\/li>\n<\/ul>\n<p>Vous l\u2019aurez compris, il est difficile de donner un prix exact tant il y a des variables qui entrent en compte. Pour le choix du professionnel, <strong>nous vous conseillons de comparer les devis de plusieurs artisans qualifi\u00e9s Reconnus Garants de l\u2019Environnement (RGE)<\/strong>.<\/p>\n<h3>Aides de l\u2019\u00c9tat pour l\u2019isolation<\/h3>\n<p>Sachez qu\u2019il existe plusieurs aides financi\u00e8res de l\u2019\u00c9tat pour la <a href=\"https:\/\/www.qualitel.org\/particuliers\/travaux-renovation\/renovation-energetique\/\">r\u00e9novation \u00e9nerg\u00e9tique de votre logement&nbsp;<\/a>. En effet, l\u2019\u00c9tat fran\u00e7ais encourage les habitants \u00e0 b\u00e9n\u00e9ficier d\u2019une meilleure <a href=\"https:\/\/www.qualitel.org\/particuliers\/isolation\/isolation-thermique\/\">isolation thermique<\/a>, car cela permet de r\u00e9duire l\u2019utilisation du chauffage, et donc l\u2019impact environnemental de la consommation \u00e9nerg\u00e9tique.<\/p>\n<p>Pour r\u00e9aliser une simulation des aides auxquelles vous pourriez avoir droit, <a href=\"https:\/\/france-renov.gouv.fr\/aides\/simulation\" target=\"_blank\" rel=\"noopener\">rendez-vous sur le site de France R\u00e9nov\u2019<\/a> ou sur le <a href=\"https:\/\/aidesauxtravaux.fr\/?enseigne=oscar#\/accueil\">simulateur Oscar<\/a>.<\/p>\n<p><strong>Il est judicieux de faire appel \u00e0 un professionnel pour la pose de votre laine de verre afin d\u2019assurer une isolation de qualit\u00e9 et aux normes<\/strong>. De plus, comme expliqu\u00e9 ci-dessus, c\u2019est essentiel de choisir un professionnel certifi\u00e9 RGE pour b\u00e9n\u00e9ficier d\u2019aides financi\u00e8res \u00e0 la r\u00e9novation.<\/p>\n<p>En fonction de la technique de pose, vous ne faites pas appel au m\u00eame corps de m\u00e9tier.<\/p>\n<ul>\n<li>Pour une <a href=\"https:\/\/www.qualitel.org\/particuliers\/isolation\/isolation-par-exterieur\/\">isolation par l\u2019ext\u00e9rieur<\/a> de la toiture, choisissez un couvreur, un charpentier ou une entreprise g\u00e9n\u00e9rale de travaux.<\/li>\n<li>Pour une isolation par l\u2019int\u00e9rieur, <a href=\"https:\/\/www.qualitel.org\/particuliers\/pros-batiment\/choisir-platrier-plaquiste\/\">optez pour un pl\u00e2trier plaquiste<\/a> pour la pose de panneaux ou rouleaux.<\/li>\n<li>Pour l\u2019isolation de combles par soufflage de flocons, il faut choisir un artisan sp\u00e9cialis\u00e9 dans ce type de travaux, qui dispose d\u2019une machine \u00e0 souffler adapt\u00e9e \u00e0 votre isolant.<\/li>\n<li>Pour faire r\u00e9aliser un diagnostic global de votre isolation et de gros travaux, il est plus int\u00e9ressant de vous tourner vers un ma\u00eetre d\u2019\u0153uvre, comme un architecte ou un professionnel sp\u00e9cialis\u00e9 dans les gros travaux de r\u00e9novation.<\/li>\n<\/ul>\n<p>D\u00e9couvrez nos articles conseils pour&nbsp;:<\/p>\n<ul>\n<li><a href=\"https:\/\/www.qualitel.org\/particuliers\/conseils\/comment-bien-entretenir-votre-systeme-dassainissement-individuel\/\">Bien entretenir votre syst\u00e8me d\u2019assainissement<\/a><\/li>\n<li><a href=\"https:\/\/www.qualitel.org\/particuliers\/isolation\/rupteur-pont-thermique\/\">Comprendre les avantages d\u2019un rupteur de pont thermique<\/a><\/li>\n<li><a href=\"https:\/\/www.qualitel.org\/particuliers\/conseils\/comment-reduire-les-bruits-entre-voisins\/\">R\u00e9duire les bruits entre voisins<\/a><\/li>\n<li><a href=\"https:\/\/www.qualitel.org\/particuliers\/travaux-renovation\/sous-sol-cave-diagnostic\/\">Pr\u00e9parer l\u2019am\u00e9nagement de votre sous-sol<\/a><\/li>\n<li><a href=\"https:\/\/www.qualitel.org\/particuliers\/acheter-logement\/vices-caches-immobilier\/\">Faire face au vice cach\u00e9 d\u2019un logement<\/a><\/li>\n<\/ul>\n","protected":false},"featured_media":0,"parent":0,"menu_order":0,"template":"","categories":[203,208],"tags":[491,438,424,418,489],"article_type":[],"class_list":["post-41952","materiau","type-materiau","status-publish","hentry","category-confort","category-eco-responsabilite","tags-acoustique","tags-choix-des-materiaux","tags-isolation","tags-renovation","tags-thermique"],"acf":[],"yoast_head":"<!-- This site is optimized with the Yoast SEO plugin v26.2 - https:\/\/yoast.com\/wordpress\/plugins\/seo\/ -->\n<title>L\u2019isolation \u00e0 la laine de verre - Qualitel | Particuliers<\/title>\n<meta name=\"description\" content=\"La laine de verre est une laine min\u00e9rale utilis\u00e9e pour isoler les\u00a0logements neufs comme en r\u00e9novation. D\u00e9couvrez les avantages, inconv\u00e9nients, propri\u00e9t\u00e9s et prix moyens de cet isolant performant.\" \/>\n<meta name=\"robots\" content=\"index, follow, max-snippet:-1, max-image-preview:large, max-video-preview:-1\" \/>\n<link rel=\"canonical\" href=\"https:\/\/www.qualitel.org\/particuliers\/isolation\/laine-de-verre\/\" \/>\n<meta property=\"og:locale\" content=\"fr_FR\" \/>\n<meta property=\"og:type\" content=\"article\" \/>\n<meta property=\"og:title\" content=\"L\u2019isolation \u00e0 la laine de verre - Qualitel | Particuliers\" \/>\n<meta property=\"og:description\" content=\"La laine de verre est une laine min\u00e9rale utilis\u00e9e pour isoler les&nbsp;logements neufs comme en r\u00e9novation. D\u00e9couvrez les avantages, inconv\u00e9nients, propri\u00e9t\u00e9s et prix moyens de cet isolant performant.\" \/>\n<meta property=\"og:url\" content=\"https:\/\/www.qualitel.org\/particuliers\/isolation\/laine-de-verre\/\" \/>\n<meta property=\"og:site_name\" content=\"Qualitel | Particuliers\" \/>\n<meta property=\"article:publisher\" content=\"https:\/\/www.facebook.com\/groupequalitel\/\" \/>\n<meta property=\"article:modified_time\" content=\"2025-10-07T14:16:48+00:00\" \/>\n<meta property=\"og:image\" content=\"https:\/\/www.qualitel.org\/particuliers\/wp\/..\/uploads\/iStock-1303004869.jpg\" \/>\n\t<meta property=\"og:image:width\" content=\"800\" \/>\n\t<meta property=\"og:image:height\" content=\"533\" \/>\n\t<meta property=\"og:image:type\" content=\"image\/jpeg\" \/>\n<meta name=\"twitter:card\" content=\"summary_large_image\" \/>\n<meta name=\"twitter:description\" content=\"La laine de verre est une laine min\u00e9rale utilis\u00e9e pour isoler les&nbsp;logements neufs comme en r\u00e9novation. D\u00e9couvrez les avantages, inconv\u00e9nients, propri\u00e9t\u00e9s et prix moyens de cet isolant performant.\n\" \/>\n<meta name=\"twitter:site\" content=\"@groupeQUALITEL\" \/>\n<meta name=\"twitter:label1\" content=\"Est. reading time\" \/>\n\t<meta name=\"twitter:data1\" content=\"18 minutes\" \/>\n<script type=\"application\/ld+json\" class=\"yoast-schema-graph\">{\"@context\":\"https:\/\/schema.org\",\"@graph\":[{\"@type\":\"WebPage\",\"@id\":\"https:\/\/www.qualitel.org\/particuliers\/isolation\/laine-de-verre\/\",\"url\":\"https:\/\/www.qualitel.org\/particuliers\/isolation\/laine-de-verre\/\",\"name\":\"L\u2019isolation \u00e0 la laine de verre - Qualitel | Particuliers\",\"isPartOf\":{\"@id\":\"https:\/\/www.qualitel.org\/particuliers\/#website\"},\"primaryImageOfPage\":{\"@id\":\"https:\/\/www.qualitel.org\/particuliers\/isolation\/laine-de-verre\/#primaryimage\"},\"image\":{\"@id\":\"https:\/\/www.qualitel.org\/particuliers\/isolation\/laine-de-verre\/#primaryimage\"},\"thumbnailUrl\":\"https:\/\/www.qualitel.org\/particuliers\/wp\/..\/uploads\/iStock-1303004869-300x200.jpg\",\"datePublished\":\"2023-08-22T11:59:00+00:00\",\"dateModified\":\"2025-10-07T14:16:48+00:00\",\"description\":\"La laine de verre est une laine min\u00e9rale utilis\u00e9e pour isoler les\u00a0logements neufs comme en r\u00e9novation. D\u00e9couvrez les avantages, inconv\u00e9nients, propri\u00e9t\u00e9s et prix moyens de cet isolant performant.\",\"breadcrumb\":{\"@id\":\"https:\/\/www.qualitel.org\/particuliers\/isolation\/laine-de-verre\/#breadcrumb\"},\"inLanguage\":\"fr-FR\",\"potentialAction\":[{\"@type\":\"ReadAction\",\"target\":[\"https:\/\/www.qualitel.org\/particuliers\/isolation\/laine-de-verre\/\"]}]},{\"@type\":\"ImageObject\",\"inLanguage\":\"fr-FR\",\"@id\":\"https:\/\/www.qualitel.org\/particuliers\/isolation\/laine-de-verre\/#primaryimage\",\"url\":\"https:\/\/www.qualitel.org\/particuliers\/wp\/..\/uploads\/iStock-1303004869.jpg\",\"contentUrl\":\"https:\/\/www.qualitel.org\/particuliers\/wp\/..\/uploads\/iStock-1303004869.jpg\",\"width\":800,\"height\":533},{\"@type\":\"BreadcrumbList\",\"@id\":\"https:\/\/www.qualitel.org\/particuliers\/isolation\/laine-de-verre\/#breadcrumb\",\"itemListElement\":[{\"@type\":\"ListItem\",\"position\":1,\"name\":\"Accueil\",\"item\":\"https:\/\/www.qualitel.org\/particuliers\/\"},{\"@type\":\"ListItem\",\"position\":2,\"name\":\"L\u2019isolation thermique et phonique \u00e0 la laine de verre\"}]},{\"@type\":\"WebSite\",\"@id\":\"https:\/\/www.qualitel.org\/particuliers\/#website\",\"url\":\"https:\/\/www.qualitel.org\/particuliers\/\",\"name\":\"Qualitel | Particuliers\",\"description\":\"\",\"publisher\":{\"@id\":\"https:\/\/www.qualitel.org\/particuliers\/#organization\"},\"potentialAction\":[{\"@type\":\"SearchAction\",\"target\":{\"@type\":\"EntryPoint\",\"urlTemplate\":\"https:\/\/www.qualitel.org\/particuliers\/?s={search_term_string}\"},\"query-input\":{\"@type\":\"PropertyValueSpecification\",\"valueRequired\":true,\"valueName\":\"search_term_string\"}}],\"inLanguage\":\"fr-FR\"},{\"@type\":\"Organization\",\"@id\":\"https:\/\/www.qualitel.org\/particuliers\/#organization\",\"name\":\"Qualitel | Particuliers\",\"url\":\"https:\/\/www.qualitel.org\/particuliers\/\",\"logo\":{\"@type\":\"ImageObject\",\"inLanguage\":\"fr-FR\",\"@id\":\"https:\/\/www.qualitel.org\/particuliers\/#\/schema\/logo\/image\/\",\"url\":\"https:\/\/www.qualitel.org\/particuliers\/wp\/..\/uploads\/qualitel-squarelogo-1456752654225.png\",\"contentUrl\":\"https:\/\/www.qualitel.org\/particuliers\/wp\/..\/uploads\/qualitel-squarelogo-1456752654225.png\",\"width\":180,\"height\":180,\"caption\":\"Qualitel | Particuliers\"},\"image\":{\"@id\":\"https:\/\/www.qualitel.org\/particuliers\/#\/schema\/logo\/image\/\"},\"sameAs\":[\"https:\/\/www.facebook.com\/groupequalitel\/\",\"https:\/\/x.com\/groupeQUALITEL\",\"https:\/\/www.instagram.com\/associationqualitel\/\",\"https:\/\/www.pinterest.fr\/associationqualitel\/\"]}]}<\/script>\n<!-- \/ Yoast SEO plugin. -->","yoast_head_json":{"title":"L\u2019isolation \u00e0 la laine de verre - Qualitel | Particuliers","description":"La laine de verre est une laine min\u00e9rale utilis\u00e9e pour isoler les\u00a0logements neufs comme en r\u00e9novation. D\u00e9couvrez les avantages, inconv\u00e9nients, propri\u00e9t\u00e9s et prix moyens de cet isolant performant.","robots":{"index":"index","follow":"follow","max-snippet":"max-snippet:-1","max-image-preview":"max-image-preview:large","max-video-preview":"max-video-preview:-1"},"canonical":"https:\/\/www.qualitel.org\/particuliers\/isolation\/laine-de-verre\/","og_locale":"fr_FR","og_type":"article","og_title":"L\u2019isolation \u00e0 la laine de verre - Qualitel | Particuliers","og_description":"La laine de verre est une laine min\u00e9rale utilis\u00e9e pour isoler les&nbsp;logements neufs comme en r\u00e9novation. D\u00e9couvrez les avantages, inconv\u00e9nients, propri\u00e9t\u00e9s et prix moyens de cet isolant performant.","og_url":"https:\/\/www.qualitel.org\/particuliers\/isolation\/laine-de-verre\/","og_site_name":"Qualitel | Particuliers","article_publisher":"https:\/\/www.facebook.com\/groupequalitel\/","article_modified_time":"2025-10-07T14:16:48+00:00","og_image":[{"width":800,"height":533,"url":"https:\/\/www.qualitel.org\/particuliers\/wp\/..\/uploads\/iStock-1303004869.jpg","type":"image\/jpeg"}],"twitter_card":"summary_large_image","twitter_description":"La laine de verre est une laine min\u00e9rale utilis\u00e9e pour isoler les&nbsp;logements neufs comme en r\u00e9novation. D\u00e9couvrez les avantages, inconv\u00e9nients, propri\u00e9t\u00e9s et prix moyens de cet isolant performant.\n","twitter_site":"@groupeQUALITEL","twitter_misc":{"Est. reading time":"18 minutes"},"schema":{"@context":"https:\/\/schema.org","@graph":[{"@type":"WebPage","@id":"https:\/\/www.qualitel.org\/particuliers\/isolation\/laine-de-verre\/","url":"https:\/\/www.qualitel.org\/particuliers\/isolation\/laine-de-verre\/","name":"L\u2019isolation \u00e0 la laine de verre - Qualitel | Particuliers","isPartOf":{"@id":"https:\/\/www.qualitel.org\/particuliers\/#website"},"primaryImageOfPage":{"@id":"https:\/\/www.qualitel.org\/particuliers\/isolation\/laine-de-verre\/#primaryimage"},"image":{"@id":"https:\/\/www.qualitel.org\/particuliers\/isolation\/laine-de-verre\/#primaryimage"},"thumbnailUrl":"https:\/\/www.qualitel.org\/particuliers\/wp\/..\/uploads\/iStock-1303004869-300x200.jpg","datePublished":"2023-08-22T11:59:00+00:00","dateModified":"2025-10-07T14:16:48+00:00","description":"La laine de verre est une laine min\u00e9rale utilis\u00e9e pour isoler les\u00a0logements neufs comme en r\u00e9novation. D\u00e9couvrez les avantages, inconv\u00e9nients, propri\u00e9t\u00e9s et prix moyens de cet isolant performant.","breadcrumb":{"@id":"https:\/\/www.qualitel.org\/particuliers\/isolation\/laine-de-verre\/#breadcrumb"},"inLanguage":"fr-FR","potentialAction":[{"@type":"ReadAction","target":["https:\/\/www.qualitel.org\/particuliers\/isolation\/laine-de-verre\/"]}]},{"@type":"ImageObject","inLanguage":"fr-FR","@id":"https:\/\/www.qualitel.org\/particuliers\/isolation\/laine-de-verre\/#primaryimage","url":"https:\/\/www.qualitel.org\/particuliers\/wp\/..\/uploads\/iStock-1303004869.jpg","contentUrl":"https:\/\/www.qualitel.org\/particuliers\/wp\/..\/uploads\/iStock-1303004869.jpg","width":800,"height":533},{"@type":"BreadcrumbList","@id":"https:\/\/www.qualitel.org\/particuliers\/isolation\/laine-de-verre\/#breadcrumb","itemListElement":[{"@type":"ListItem","position":1,"name":"Accueil","item":"https:\/\/www.qualitel.org\/particuliers\/"},{"@type":"ListItem","position":2,"name":"L\u2019isolation thermique et phonique \u00e0 la laine de verre"}]},{"@type":"WebSite","@id":"https:\/\/www.qualitel.org\/particuliers\/#website","url":"https:\/\/www.qualitel.org\/particuliers\/","name":"Qualitel | Particuliers","description":"","publisher":{"@id":"https:\/\/www.qualitel.org\/particuliers\/#organization"},"potentialAction":[{"@type":"SearchAction","target":{"@type":"EntryPoint","urlTemplate":"https:\/\/www.qualitel.org\/particuliers\/?s={search_term_string}"},"query-input":{"@type":"PropertyValueSpecification","valueRequired":true,"valueName":"search_term_string"}}],"inLanguage":"fr-FR"},{"@type":"Organization","@id":"https:\/\/www.qualitel.org\/particuliers\/#organization","name":"Qualitel | Particuliers","url":"https:\/\/www.qualitel.org\/particuliers\/","logo":{"@type":"ImageObject","inLanguage":"fr-FR","@id":"https:\/\/www.qualitel.org\/particuliers\/#\/schema\/logo\/image\/","url":"https:\/\/www.qualitel.org\/particuliers\/wp\/..\/uploads\/qualitel-squarelogo-1456752654225.png","contentUrl":"https:\/\/www.qualitel.org\/particuliers\/wp\/..\/uploads\/qualitel-squarelogo-1456752654225.png","width":180,"height":180,"caption":"Qualitel | Particuliers"},"image":{"@id":"https:\/\/www.qualitel.org\/particuliers\/#\/schema\/logo\/image\/"},"sameAs":["https:\/\/www.facebook.com\/groupequalitel\/","https:\/\/x.com\/groupeQUALITEL","https:\/\/www.instagram.com\/associationqualitel\/","https:\/\/www.pinterest.fr\/associationqualitel\/"]}]}},"_links":{"self":[{"href":"https:\/\/www.qualitel.org\/particuliers\/wp-json\/wp\/v2\/materiau\/41952","targetHints":{"allow":["GET"]}}],"collection":[{"href":"https:\/\/www.qualitel.org\/particuliers\/wp-json\/wp\/v2\/materiau"}],"about":[{"href":"https:\/\/www.qualitel.org\/particuliers\/wp-json\/wp\/v2\/types\/materiau"}],"version-history":[{"count":43,"href":"https:\/\/www.qualitel.org\/particuliers\/wp-json\/wp\/v2\/materiau\/41952\/revisions"}],"predecessor-version":[{"id":51274,"href":"https:\/\/www.qualitel.org\/particuliers\/wp-json\/wp\/v2\/materiau\/41952\/revisions\/51274"}],"wp:attachment":[{"href":"https:\/\/www.qualitel.org\/particuliers\/wp-json\/wp\/v2\/media?parent=41952"}],"wp:term":[{"taxonomy":"category","embeddable":true,"href":"https:\/\/www.qualitel.org\/particuliers\/wp-json\/wp\/v2\/categories?post=41952"},{"taxonomy":"tags","embeddable":true,"href":"https:\/\/www.qualitel.org\/particuliers\/wp-json\/wp\/v2\/tags?post=41952"},{"taxonomy":"materiau_type","embeddable":true,"href":"https:\/\/www.qualitel.org\/particuliers\/wp-json\/wp\/v2\/article_type?post=41952"}],"curies":[{"name":"wp","href":"https:\/\/api.w.org\/{rel}","templated":true}]}}