{"id":4327,"date":"2018-11-16T12:46:14","date_gmt":"2018-11-16T11:46:14","guid":{"rendered":"http:\/\/qualitel.org\/?post_type=materiau&#038;p=4327"},"modified":"2024-08-08T16:54:41","modified_gmt":"2024-08-08T14:54:41","slug":"que-faut-il-savoir-sur-les-systemes-de-regulation-et-de-programmation-du-chauffage","status":"publish","type":"materiau","link":"https:\/\/www.qualitel.org\/particuliers\/equipements-et-materiaux-maison\/chauffage\/systemes-de-regulation-et-de-programmation-du-chauffage\/","title":{"rendered":"Que faut-il savoir sur les syst\u00e8mes de r\u00e9gulation et de programmation du chauffage&#160;?"},"content":{"rendered":"<h3>Le syst\u00e8me de r\u00e9gulation<\/h3>\n<p>Il permet de d\u00e9finir une temp\u00e9rature de r\u00e9f\u00e9rence pour votre logement appel\u00e9e<b>&#160;temp\u00e9rature de consigne<\/b>. Il est constitu\u00e9&#160;:<\/p>\n<ul>\n<li><b>D\u2019un capteur<\/b> (thermostat, sonde) qui mesure la temp\u00e9rature o\u00f9 il est install\u00e9,<\/li>\n<li><b>D\u2019un comparateur de consigne<\/b> qui envoie au syst\u00e8me de chauffage l\u2019information sur l\u2019\u00e9cart entre la temp\u00e9rature mesur\u00e9e et la temp\u00e9rature \u00ab&#160;r\u00e9f\u00e9rence&#160;\u00bb dite temp\u00e9rature de consigne,<\/li>\n<li><b>D\u2019une commande de fonctionnement <\/b>qui agit, en fonction de l\u2019information du comparateur de consigne, sur le chauffage (action sur le fonctionnement de la chaudi\u00e8re et sur le d\u00e9bit dans les tuyaux).<\/li>\n<\/ul>\n<h3>La programmation<\/h3>\n<p>Avec ce syst\u00e8me, vous pouvez d\u00e9finir la temp\u00e9rature en fonction des p\u00e9riodes d\u2019occupation&#160;: jour\/nuit, semaine ou week-end, p\u00e9riode d\u2019absence pour des vacances par exemple. La programmation compl\u00e8te le syst\u00e8me de r\u00e9gulation.<\/p>\n<p>Dans le cas du chauffage \u00e9lectrique, la programmation est assur\u00e9e par les thermostats \u00e9lectroniques \u00e0 \u00ab&#160;fil pilote&#160;\u00bb. Il y a un c\u00e2ble \u00e9lectrique raccord\u00e9 \u00e0 un programmateur centralis\u00e9 qui agit sur les \u00e9metteurs.<\/p>\n<p>Faites appel \u00e0 un <a href=\"https:\/\/www.qualitel.org\/particuliers\/pros-batiment\/choisir-plombier-chauffagiste\/\" target=\"_blank\" rel=\"noopener\">plombier-chauffagiste<\/a> pour installer votre syst\u00e8me. Voici des indications pour savoir quel syst\u00e8me fonctionne selon votre chauffage.<\/p>\n<h3>Pour le <a href=\"https:\/\/www.qualitel.org\/particuliers\/equipements-et-materiaux-maison\/chauffage\/radiateurs-a-eau-chaude\/\" target=\"_blank\" rel=\"noopener\">chauffage \u00e0 eau chaude<\/a><\/h3>\n<p><b>L&rsquo;installation de robinets thermostatiques <\/b>permet de r\u00e9gler l\u2019\u00e9mission de chaleur au niveau des radiateurs par commande manuelle de l\u2019utilisateur.<\/p>\n<p><b>Les thermostats d\u2019ambiance et les sondes ext\u00e9rieures&#160;<\/b>agissent sur la production de chaleur. Les sondes ext\u00e9rieures mesurent la temp\u00e9rature de l\u2019air ext\u00e9rieur et permettent d\u2019anticiper l\u2019influence des conditions climatiques sur la temp\u00e9rature int\u00e9rieure.<\/p>\n<p>Vous pouvez \u00e9galement faire installer une <b>sonde int\u00e9rieure de correction d\u2019ambiance<\/b>. Celle-ci ajustera le chauffage en fonction d\u2019apports de chaleur \u00e9ventuels, comme les rayons du soleil par les fen\u00eatres.<\/p>\n<h3>Pour le <a href=\"https:\/\/www.qualitel.org\/particuliers\/equipements-et-materiaux-maison\/chauffage\/chauffages-electriques\/\" target=\"_blank\" rel=\"noopener\">chauffage \u00e9lectrique<\/a><\/h3>\n<p>Les<strong> thermostats d\u2019ambiance<\/strong>&#160;peuvent \u00eatre utilis\u00e9s pour le plancher rayonnant, le plafond rayonnant et les radiateurs \u00e0 accumulation.<\/p>\n<p>Les <strong>thermostats \u00e9lectroniques<\/strong>&#160;sont employ\u00e9s pour les panneaux rayonnants, les radiateurs \u00e0 inertie et les convecteurs. Ils permettent une r\u00e9gulation pi\u00e8ce par pi\u00e8ce.<\/p>\n<p>Pour aller plus loin, d\u00e9couvrez <a href=\"https:\/\/www.qualitel.org\/particuliers\/equipements-et-materiaux-maison\/chauffage\/radiateurs-electriques-performants\/\">quels sont les radiateurs \u00e9lectriques les plus performants<\/a> et <a href=\"https:\/\/www.qualitel.org\/particuliers\/equipements-et-materiaux-maison\/chauffage\/puissance-radiateur-m2\/\">comment d\u00e9terminer la puissance de chauffage \u00e9lectrique installer par m\u00b2<\/a>.<\/p>\n<p>Pour les robinets thermostatiques, c\u2019est une garantie de la qualit\u00e9 de l\u2019\u00e9quipement dans le temps.<\/p>\n<h3>Le&#160;thermostat d\u2019ambiance<\/h3>\n<p>Il doit \u00eatre positionn\u00e9 <b>\u00e0 mi-hauteur de la pi\u00e8ce, <\/b>en g\u00e9n\u00e9ral dans<b> le s\u00e9jour. <\/b>Il doit \u00e9galement \u00eatre \u00e9loign\u00e9 des sources de chaleur (radiateur, rayons directs du soleil).<\/p>\n<h3>Les robinets thermostatiques<\/h3>\n<p><b>Ils ne doivent pas \u00eatre install\u00e9s dans la pi\u00e8ce o\u00f9 se trouve le thermostat d\u2019ambiance. <\/b>La temp\u00e9rature mesur\u00e9e par le thermostat est la r\u00e9f\u00e9rence du syst\u00e8me tandis que les \u00e9l\u00e9ments de r\u00e9gulation (robinets thermostatiques) servent \u00e0 ajuster la temp\u00e9rature dans les autres pi\u00e8ces.<\/p>\n<p>Lorsque vous <b>ouvrez la fen\u00eatre<\/b>, n\u2019oubliez pas de <b>fermer les robinets des radiateurs<\/b>. Le brusque changement de temp\u00e9rature d\u00fb \u00e0 l\u2019air ext\u00e9rieur risque de perturber le syst\u00e8me de r\u00e9gulation.<\/p>\n","protected":false},"featured_media":0,"parent":4313,"menu_order":6,"template":"","categories":[203,208],"tags":[436,424],"article_type":[],"class_list":["post-4327","materiau","type-materiau","status-publish","hentry","category-confort","category-eco-responsabilite","tags-choix-equipement","tags-isolation"],"acf":[],"yoast_head":"<!-- This site is optimized with the Yoast SEO plugin v26.2 - https:\/\/yoast.com\/wordpress\/plugins\/seo\/ -->\n<title>R\u00e9gulation et programmation du chauffage - Qualitel | Particuliers<\/title>\n<meta name=\"description\" content=\"L\u2019utilisation d\u2019un r\u00e9gulateur et d\u2019une programmation est une source consid\u00e9rable d\u2019\u00e9conomie d\u2019\u00e9nergie tout en pr\u00e9servant votre confort. Ces syst\u00e8mes ajustent en permanence le chauffage.\" \/>\n<meta name=\"robots\" content=\"index, follow, max-snippet:-1, max-image-preview:large, max-video-preview:-1\" \/>\n<link rel=\"canonical\" href=\"https:\/\/www.qualitel.org\/particuliers\/equipements-et-materiaux-maison\/chauffage\/systemes-de-regulation-et-de-programmation-du-chauffage\/\" \/>\n<meta property=\"og:locale\" content=\"fr_FR\" \/>\n<meta property=\"og:type\" content=\"article\" \/>\n<meta property=\"og:title\" content=\"R\u00e9gulation et programmation du chauffage - Qualitel | Particuliers\" \/>\n<meta property=\"og:description\" content=\"Optimisez votre consommation d&rsquo;\u00e9nergie et votre confort en utilisant un r\u00e9gulateur et une programmation pour votre chauffage. Nos experts vous expliquent comment ajuster la temp\u00e9rature selon la saison et l&rsquo;occupation de votre logement.\" \/>\n<meta property=\"og:url\" content=\"https:\/\/www.qualitel.org\/particuliers\/equipements-et-materiaux-maison\/chauffage\/systemes-de-regulation-et-de-programmation-du-chauffage\/\" \/>\n<meta property=\"og:site_name\" content=\"Qualitel | Particuliers\" \/>\n<meta property=\"article:publisher\" content=\"https:\/\/www.facebook.com\/groupequalitel\/\" \/>\n<meta property=\"article:modified_time\" content=\"2024-08-08T14:54:41+00:00\" \/>\n<meta property=\"og:image\" content=\"https:\/\/www.qualitel.org\/particuliers\/wp\/..\/uploads\/qualitel_social_part.jpg\" \/>\n\t<meta property=\"og:image:width\" content=\"1080\" \/>\n\t<meta property=\"og:image:height\" content=\"1080\" \/>\n\t<meta property=\"og:image:type\" content=\"image\/jpeg\" \/>\n<meta name=\"twitter:card\" content=\"summary_large_image\" \/>\n<meta name=\"twitter:description\" content=\"Optimisez votre consommation d&rsquo;\u00e9nergie et votre confort en utilisant un r\u00e9gulateur et une programmation pour votre chauffage. Nos experts vous expliquent comment ajuster la temp\u00e9rature selon la saison et l&rsquo;occupation de votre logement.\n\" \/>\n<meta name=\"twitter:site\" content=\"@groupeQUALITEL\" \/>\n<meta name=\"twitter:label1\" content=\"Est. reading time\" \/>\n\t<meta name=\"twitter:data1\" content=\"3 minutes\" \/>\n<script type=\"application\/ld+json\" class=\"yoast-schema-graph\">{\"@context\":\"https:\/\/schema.org\",\"@graph\":[{\"@type\":\"WebPage\",\"@id\":\"https:\/\/www.qualitel.org\/particuliers\/equipements-et-materiaux-maison\/chauffage\/systemes-de-regulation-et-de-programmation-du-chauffage\/\",\"url\":\"https:\/\/www.qualitel.org\/particuliers\/equipements-et-materiaux-maison\/chauffage\/systemes-de-regulation-et-de-programmation-du-chauffage\/\",\"name\":\"R\u00e9gulation et programmation du chauffage - Qualitel | Particuliers\",\"isPartOf\":{\"@id\":\"https:\/\/www.qualitel.org\/particuliers\/#website\"},\"datePublished\":\"2018-11-16T11:46:14+00:00\",\"dateModified\":\"2024-08-08T14:54:41+00:00\",\"description\":\"L\u2019utilisation d\u2019un r\u00e9gulateur et d\u2019une programmation est une source consid\u00e9rable d\u2019\u00e9conomie d\u2019\u00e9nergie tout en pr\u00e9servant votre confort. Ces syst\u00e8mes ajustent en permanence le chauffage.\",\"breadcrumb\":{\"@id\":\"https:\/\/www.qualitel.org\/particuliers\/equipements-et-materiaux-maison\/chauffage\/systemes-de-regulation-et-de-programmation-du-chauffage\/#breadcrumb\"},\"inLanguage\":\"fr-FR\",\"potentialAction\":[{\"@type\":\"ReadAction\",\"target\":[\"https:\/\/www.qualitel.org\/particuliers\/equipements-et-materiaux-maison\/chauffage\/systemes-de-regulation-et-de-programmation-du-chauffage\/\"]}]},{\"@type\":\"BreadcrumbList\",\"@id\":\"https:\/\/www.qualitel.org\/particuliers\/equipements-et-materiaux-maison\/chauffage\/systemes-de-regulation-et-de-programmation-du-chauffage\/#breadcrumb\",\"itemListElement\":[{\"@type\":\"ListItem\",\"position\":1,\"name\":\"Accueil\",\"item\":\"https:\/\/www.qualitel.org\/particuliers\/\"},{\"@type\":\"ListItem\",\"position\":2,\"name\":\"Comment bien choisir votre syst\u00e8me de chauffage&#160;?\",\"item\":\"https:\/\/www.qualitel.org\/particuliers\/equipements-et-materiaux\/chauffage\/\"},{\"@type\":\"ListItem\",\"position\":3,\"name\":\"Que faut-il savoir sur les syst\u00e8mes de r\u00e9gulation et de programmation du chauffage&#160;?\"}]},{\"@type\":\"WebSite\",\"@id\":\"https:\/\/www.qualitel.org\/particuliers\/#website\",\"url\":\"https:\/\/www.qualitel.org\/particuliers\/\",\"name\":\"Qualitel | Particuliers\",\"description\":\"\",\"publisher\":{\"@id\":\"https:\/\/www.qualitel.org\/particuliers\/#organization\"},\"potentialAction\":[{\"@type\":\"SearchAction\",\"target\":{\"@type\":\"EntryPoint\",\"urlTemplate\":\"https:\/\/www.qualitel.org\/particuliers\/?s={search_term_string}\"},\"query-input\":{\"@type\":\"PropertyValueSpecification\",\"valueRequired\":true,\"valueName\":\"search_term_string\"}}],\"inLanguage\":\"fr-FR\"},{\"@type\":\"Organization\",\"@id\":\"https:\/\/www.qualitel.org\/particuliers\/#organization\",\"name\":\"Qualitel | Particuliers\",\"url\":\"https:\/\/www.qualitel.org\/particuliers\/\",\"logo\":{\"@type\":\"ImageObject\",\"inLanguage\":\"fr-FR\",\"@id\":\"https:\/\/www.qualitel.org\/particuliers\/#\/schema\/logo\/image\/\",\"url\":\"https:\/\/www.qualitel.org\/particuliers\/wp\/..\/uploads\/qualitel-squarelogo-1456752654225.png\",\"contentUrl\":\"https:\/\/www.qualitel.org\/particuliers\/wp\/..\/uploads\/qualitel-squarelogo-1456752654225.png\",\"width\":180,\"height\":180,\"caption\":\"Qualitel | Particuliers\"},\"image\":{\"@id\":\"https:\/\/www.qualitel.org\/particuliers\/#\/schema\/logo\/image\/\"},\"sameAs\":[\"https:\/\/www.facebook.com\/groupequalitel\/\",\"https:\/\/x.com\/groupeQUALITEL\",\"https:\/\/www.instagram.com\/associationqualitel\/\",\"https:\/\/www.pinterest.fr\/associationqualitel\/\"]}]}<\/script>\n<!-- \/ Yoast SEO plugin. -->","yoast_head_json":{"title":"R\u00e9gulation et programmation du chauffage - Qualitel | Particuliers","description":"L\u2019utilisation d\u2019un r\u00e9gulateur et d\u2019une programmation est une source consid\u00e9rable d\u2019\u00e9conomie d\u2019\u00e9nergie tout en pr\u00e9servant votre confort. Ces syst\u00e8mes ajustent en permanence le chauffage.","robots":{"index":"index","follow":"follow","max-snippet":"max-snippet:-1","max-image-preview":"max-image-preview:large","max-video-preview":"max-video-preview:-1"},"canonical":"https:\/\/www.qualitel.org\/particuliers\/equipements-et-materiaux-maison\/chauffage\/systemes-de-regulation-et-de-programmation-du-chauffage\/","og_locale":"fr_FR","og_type":"article","og_title":"R\u00e9gulation et programmation du chauffage - Qualitel | Particuliers","og_description":"Optimisez votre consommation d&rsquo;\u00e9nergie et votre confort en utilisant un r\u00e9gulateur et une programmation pour votre chauffage. Nos experts vous expliquent comment ajuster la temp\u00e9rature selon la saison et l&rsquo;occupation de votre logement.","og_url":"https:\/\/www.qualitel.org\/particuliers\/equipements-et-materiaux-maison\/chauffage\/systemes-de-regulation-et-de-programmation-du-chauffage\/","og_site_name":"Qualitel | Particuliers","article_publisher":"https:\/\/www.facebook.com\/groupequalitel\/","article_modified_time":"2024-08-08T14:54:41+00:00","og_image":[{"width":1080,"height":1080,"url":"https:\/\/www.qualitel.org\/particuliers\/wp\/..\/uploads\/qualitel_social_part.jpg","type":"image\/jpeg"}],"twitter_card":"summary_large_image","twitter_description":"Optimisez votre consommation d&rsquo;\u00e9nergie et votre confort en utilisant un r\u00e9gulateur et une programmation pour votre chauffage. Nos experts vous expliquent comment ajuster la temp\u00e9rature selon la saison et l&rsquo;occupation de votre logement.\n","twitter_site":"@groupeQUALITEL","twitter_misc":{"Est. reading time":"3 minutes"},"schema":{"@context":"https:\/\/schema.org","@graph":[{"@type":"WebPage","@id":"https:\/\/www.qualitel.org\/particuliers\/equipements-et-materiaux-maison\/chauffage\/systemes-de-regulation-et-de-programmation-du-chauffage\/","url":"https:\/\/www.qualitel.org\/particuliers\/equipements-et-materiaux-maison\/chauffage\/systemes-de-regulation-et-de-programmation-du-chauffage\/","name":"R\u00e9gulation et programmation du chauffage - Qualitel | Particuliers","isPartOf":{"@id":"https:\/\/www.qualitel.org\/particuliers\/#website"},"datePublished":"2018-11-16T11:46:14+00:00","dateModified":"2024-08-08T14:54:41+00:00","description":"L\u2019utilisation d\u2019un r\u00e9gulateur et d\u2019une programmation est une source consid\u00e9rable d\u2019\u00e9conomie d\u2019\u00e9nergie tout en pr\u00e9servant votre confort. Ces syst\u00e8mes ajustent en permanence le chauffage.","breadcrumb":{"@id":"https:\/\/www.qualitel.org\/particuliers\/equipements-et-materiaux-maison\/chauffage\/systemes-de-regulation-et-de-programmation-du-chauffage\/#breadcrumb"},"inLanguage":"fr-FR","potentialAction":[{"@type":"ReadAction","target":["https:\/\/www.qualitel.org\/particuliers\/equipements-et-materiaux-maison\/chauffage\/systemes-de-regulation-et-de-programmation-du-chauffage\/"]}]},{"@type":"BreadcrumbList","@id":"https:\/\/www.qualitel.org\/particuliers\/equipements-et-materiaux-maison\/chauffage\/systemes-de-regulation-et-de-programmation-du-chauffage\/#breadcrumb","itemListElement":[{"@type":"ListItem","position":1,"name":"Accueil","item":"https:\/\/www.qualitel.org\/particuliers\/"},{"@type":"ListItem","position":2,"name":"Comment bien choisir votre syst\u00e8me de chauffage&#160;?","item":"https:\/\/www.qualitel.org\/particuliers\/equipements-et-materiaux\/chauffage\/"},{"@type":"ListItem","position":3,"name":"Que faut-il savoir sur les syst\u00e8mes de r\u00e9gulation et de programmation du chauffage&#160;?"}]},{"@type":"WebSite","@id":"https:\/\/www.qualitel.org\/particuliers\/#website","url":"https:\/\/www.qualitel.org\/particuliers\/","name":"Qualitel | Particuliers","description":"","publisher":{"@id":"https:\/\/www.qualitel.org\/particuliers\/#organization"},"potentialAction":[{"@type":"SearchAction","target":{"@type":"EntryPoint","urlTemplate":"https:\/\/www.qualitel.org\/particuliers\/?s={search_term_string}"},"query-input":{"@type":"PropertyValueSpecification","valueRequired":true,"valueName":"search_term_string"}}],"inLanguage":"fr-FR"},{"@type":"Organization","@id":"https:\/\/www.qualitel.org\/particuliers\/#organization","name":"Qualitel | Particuliers","url":"https:\/\/www.qualitel.org\/particuliers\/","logo":{"@type":"ImageObject","inLanguage":"fr-FR","@id":"https:\/\/www.qualitel.org\/particuliers\/#\/schema\/logo\/image\/","url":"https:\/\/www.qualitel.org\/particuliers\/wp\/..\/uploads\/qualitel-squarelogo-1456752654225.png","contentUrl":"https:\/\/www.qualitel.org\/particuliers\/wp\/..\/uploads\/qualitel-squarelogo-1456752654225.png","width":180,"height":180,"caption":"Qualitel | Particuliers"},"image":{"@id":"https:\/\/www.qualitel.org\/particuliers\/#\/schema\/logo\/image\/"},"sameAs":["https:\/\/www.facebook.com\/groupequalitel\/","https:\/\/x.com\/groupeQUALITEL","https:\/\/www.instagram.com\/associationqualitel\/","https:\/\/www.pinterest.fr\/associationqualitel\/"]}]}},"_links":{"self":[{"href":"https:\/\/www.qualitel.org\/particuliers\/wp-json\/wp\/v2\/materiau\/4327","targetHints":{"allow":["GET"]}}],"collection":[{"href":"https:\/\/www.qualitel.org\/particuliers\/wp-json\/wp\/v2\/materiau"}],"about":[{"href":"https:\/\/www.qualitel.org\/particuliers\/wp-json\/wp\/v2\/types\/materiau"}],"version-history":[{"count":87,"href":"https:\/\/www.qualitel.org\/particuliers\/wp-json\/wp\/v2\/materiau\/4327\/revisions"}],"predecessor-version":[{"id":47237,"href":"https:\/\/www.qualitel.org\/particuliers\/wp-json\/wp\/v2\/materiau\/4327\/revisions\/47237"}],"up":[{"embeddable":true,"href":"https:\/\/www.qualitel.org\/particuliers\/wp-json\/wp\/v2\/materiau\/4313"}],"wp:attachment":[{"href":"https:\/\/www.qualitel.org\/particuliers\/wp-json\/wp\/v2\/media?parent=4327"}],"wp:term":[{"taxonomy":"category","embeddable":true,"href":"https:\/\/www.qualitel.org\/particuliers\/wp-json\/wp\/v2\/categories?post=4327"},{"taxonomy":"tags","embeddable":true,"href":"https:\/\/www.qualitel.org\/particuliers\/wp-json\/wp\/v2\/tags?post=4327"},{"taxonomy":"materiau_type","embeddable":true,"href":"https:\/\/www.qualitel.org\/particuliers\/wp-json\/wp\/v2\/article_type?post=4327"}],"curies":[{"name":"wp","href":"https:\/\/api.w.org\/{rel}","templated":true}]}}