{"id":19413,"date":"2020-12-16T09:42:30","date_gmt":"2020-12-16T08:42:30","guid":{"rendered":"https:\/\/www.qualitel.org\/?post_type=projet&#038;p=19413"},"modified":"2025-10-15T17:16:12","modified_gmt":"2025-10-15T15:16:12","slug":"quels-travaux-mener-si-vous-etes-genes-par-des-bruits-aeriens-interieurs","status":"publish","type":"projet","link":"https:\/\/www.qualitel.org\/particuliers\/travaux-renovation\/isolation-phonique-bruits-aeriens-interieurs\/","title":{"rendered":"Bruit a\u00e9rien int\u00e9rieur&nbsp;: quels travaux pour l\u2019\u00e9viter&nbsp;?"},"content":{"rendered":"<p>Vos voisins de palier parlent fort et programment leur machine \u00e0 laver tard le soir. Quant \u00e0 ceux du dessus, vous avez parfois l\u2019impression d\u2019\u00eatre dans leur salon lorsque leur t\u00e9l\u00e9vision est allum\u00e9e\u2026 <strong>Comment limiter la transmission du bruit issu du voisinage&nbsp;?<\/strong><\/p>\n<p><strong>La solution&nbsp;:<\/strong>&nbsp;si les bruits viennent d\u2019un&nbsp;voisin&nbsp;situ\u00e9 \u00e0 c\u00f4t\u00e9 d\u2019une de vos pi\u00e8ces,&nbsp;faites&nbsp;doubler&nbsp;le&nbsp;mur&nbsp;en r\u00e9alisant une&nbsp;<strong>\u00ab&nbsp;contre-cloison&nbsp;\u00bb<\/strong> constitue\u0301e d\u2019une ossature me\u0301tallique fixe\u0301e au sol et au plafond, dans laquelle est interpose\u0301e une laine min\u00e9rale. L\u2019<a href=\"https:\/\/www.qualitel.org\/particuliers\/isolation\/mur-mitoyen\/\" target=\"_blank\" rel=\"noopener\">isolation du mur mitoyen<\/a> permet d\u2019am\u00e9liorer g\u00e9n\u00e9ralement l\u2019isolement aux bruits a\u00e9riens de 5 \u00e0 10 dB et de r\u00e9duire le niveau sonore. Cependant, la surface habitable est r\u00e9duite.<\/p>\n<p>Si le bruit vient d\u2019au-dessus (vibrations, bruit d\u2019impact sur le rev\u00eatement de sol, etc.), vous pouvez <a href=\"https:\/\/www.qualitel.org\/particuliers\/isolation\/isolation-phonique\/isolation-phonique-plafond\/\" target=\"_blank\" rel=\"noopener\">isoler phoniquement votre plafond<\/a> en ajoutant un plafond suspendu et \u00e9ventuellement faire d\u00e9solidariser vos cloisons par un trait de scie, car le bruit passe aussi par les cloisons&nbsp;!<\/p>\n<p>Il est parfois difficile d\u2019identifier la paroi en question, car il ne s\u2019agit pas toujours de celle qui s\u00e9pare les deux appartements. La propagation des bruits se fait dans toutes les structures. Demandez l\u2019expertise du Centre d\u2019information sur le bruit&nbsp;(<a href=\"https:\/\/www.bruit.fr\/\" target=\"_blank\" rel=\"noopener\">CidB<\/a>) ou d\u2019un&nbsp;<strong>acousticien<\/strong>.&nbsp; Ensuite, faites appel \u00e0 un <a href=\"https:\/\/www.qualitel.org\/particuliers\/pros-batiment\/choisir-platrier-plaquiste\/\" target=\"_blank\" rel=\"noopener\">pl\u00e2trier-plaquiste&nbsp;<\/a>pour les travaux.<\/p>\n<p><strong>Lors de l\u2019intervention du professionnel, voici quelques rep\u00e8res pour r\u00e9aliser un doublage efficace&nbsp;:&nbsp;<\/strong><\/p>\n<ul>\n<li>Le doublage se compose d\u2019un<strong>\u202f<\/strong>parement en plaque(s) de pl\u00e2tre \u2013 ou autre mat\u00e9riau rigide&nbsp;\u2013&nbsp;de 10&nbsp;\u00e0&nbsp;25 mm d\u2019\u00e9paisseur mont\u00e9 sur une ossature m\u00e9tallique ou encore en bois \u2013 sans contact avec la paroi \u00e0 doubler&nbsp;(ou \u00e9ventuellement un appui interm\u00e9diaire), avec un&nbsp;isolant&nbsp;fibreux<strong>\u202f<\/strong>entre les ossatures pour lutter contre le bruit.<\/li>\n<li>L\u2019\u00e9paisseur de l\u2019<strong>isolant phonique<\/strong> est de 5 cm minimum.<\/li>\n<li>Deux plaques de&nbsp;12,5&nbsp;mm sont utilis\u00e9es plut\u00f4t qu\u2019une seule de 25&nbsp;mm.<\/li>\n<li>Il vaut mieux augmenter la <strong>distance<\/strong> entre le mur et le parement, avant d\u2019ajouter plusieurs plaques.<\/li>\n<li>Il n\u2019y a aucune connexion rigide entre l\u2019ossature et la paroi \u00e0 doubler&nbsp;(\u00e0 l\u2019exception d\u2019un \u00e9ventuel appui interm\u00e9diaire pr\u00e9vu par le syst\u00e8me).<\/li>\n<li>L\u2019absorbant fibreux n\u2019est pas comprim\u00e9 entre la paroi et le parement.<\/li>\n<\/ul>\n<p>Le bruit a\u00e9rien des cages d\u2019escaliers est la&nbsp;deuxie\u0300me&nbsp;nuisance la plus souvent&nbsp;cite\u0301e&nbsp;par les occupants,&nbsp;apre\u0300s&nbsp;les bruits de chocs.<strong>&nbsp;<\/strong>Halls d\u2019entr\u00e9e, paliers et escaliers sont des lieux de passages fr\u00e9quents. Si les bruits provenant des escaliers (conversations, bruits de pas, portes qui claquent\u2026) parviennent jusqu\u2019\u00e0 votre logement, c\u2019est avant tout parce que votre porte pali\u00e8re n\u2019est pas suffisamment \u00e9tanche \u00e0 l\u2019air ou qu\u2019elle n\u2019a pas \u00e9t\u00e9 r\u00e9alis\u00e9e dans un mat\u00e9riau assez isolant.<\/p>\n<p><strong>Quelles mesures acoustiques appliquer&nbsp;?<\/strong> Les portes pali\u00e8res d\u2019appartement doivent \u00eatre&nbsp;:<\/p>\n<ul>\n<li><strong>\u00e0 \u00e2me pleine, c\u2019est-\u00e0-dire constitu\u00e9es d\u2019un m\u00eame panneau <\/strong>qui remplit enti\u00e8rement l\u2019int\u00e9rieur de la porte (sans vide d\u2019air \u00e0 l\u2019int\u00e9rieur)&nbsp;;<\/li>\n<li>\u00e9tanches \u00e0 l\u2019air sur les quatre c\u00f4t\u00e9s. Sur la partie basse, la meilleure solution est le&nbsp;<strong>seuil dit \u00ab&nbsp;\u00e0 la suisse<\/strong><strong>&nbsp;\u00bb<\/strong>. La porte viendra ainsi se coller contre une barre viss\u00e9e au sol, cr\u00e9ant de l\u2019herm\u00e9ticit\u00e9.<\/li>\n<\/ul>\n<p><strong>Si vous songez \u00e0 changer de porte, choisissez un<\/strong>&nbsp;<strong>mod\u00e8le acoustique ayant une performance&nbsp;R<\/strong><strong><sub>w<\/sub><\/strong><strong>+C&nbsp;ou R<\/strong><strong><sub>A<\/sub><\/strong><strong>&nbsp;de 37 \u00e0 41 dB<\/strong>, par exemple. Faites appel \u00e0 un <a href=\"https:\/\/www.qualitel.org\/particuliers\/pros-batiment\/choisir-menuisier\/\" target=\"_blank\" rel=\"noopener\">menuisier<\/a>&nbsp;pour vous guider dans ces travaux.<\/p>\n<p>De plus, dans l\u2019int\u00e9r\u00eat de tous, contactez votre <a href=\"https:\/\/www.qualitel.org\/particuliers\/travaux-renovation\/copropriete\/syndic\/\">syndic de copropri\u00e9t\u00e9<\/a> pour proposer d\u2019engager des travaux d\u2019am\u00e9lioration acoustique des couloirs et cages d\u2019escaliers de la copropri\u00e9t\u00e9. Pour r\u00e9duire la r\u00e9verb\u00e9ration dans les parties communes, vous pourrez, par exemple, envisager de mettre en place <strong>un tapis \u00e9pais&nbsp;ou une moquette<\/strong>&nbsp;avec une \u00e9paisseur d\u2019au moins 8&nbsp;mm&nbsp;au sol.<\/p>\n<p>Autre option, faites installer un absorbant acoustique sur les plafonds ou sur les murs. Cette solution avec un&nbsp;<strong>faux plafond en pl\u00e2tre perfor\u00e9 avec une laine min\u00e9rale et un voile de verre<\/strong>&nbsp;offre une performance acoustique certaine et durable. Mais sa mise en \u0153uvre est un peu plus complexe que la pose d\u2019un tapis ou d\u2019une moquette.<\/p>\n<p>Si le mur s\u00e9paratif est trop fin ou l\u00e9ger (ce qui arrive rarement)&nbsp;: r\u00e9f\u00e9rez-vous au cas n\u00b01.<\/p>\n<p>Dans le cas des maisons mitoyennes, les bruits ne transitent pas seulement par le mur de s\u00e9paration&nbsp;: il y a souvent une partie de la structure commune aux deux maisons, comme le plancher du rez-de-chauss\u00e9e et\/ou les fondations.<\/p>\n<p>Le probl\u00e8me n\u2019est pas simple \u00e0 r\u00e9soudre.&nbsp;Contactez le Centre d\u2019information sur le bruit<strong>&nbsp;(CidB)&nbsp;<\/strong>ou&nbsp;<strong>un acousticien<\/strong>. Ces professionnels vous aideront \u00e0 trouver les meilleures solutions \u00e0 mettre en \u0153uvre pour limiter la propagation du bruit dans la maison.<\/p>\n<p>Pour ame\u0301liorer l\u2019isolement entre deux logements, il faut bien su\u0302r s\u2019inte\u0301resser aux se\u0301paratifs&nbsp;: <strong>les murs et les planchers peuvent e\u0302tre renforce\u0301s, mais le bruit peut emprunter des chemins late\u0301raux<\/strong>. Pour ame\u0301liorer significativement l\u2019isolement acoustique et r\u00e9duire les nuisances sonores entre logements superpose\u0301s, il faudra donc e\u0301galement doubler les murs et\/ou les fac\u0327ades, ou d\u00e9solidariser les cloisons avec un trait de scie.<\/p>\n<ul>\n<li><strong>L\u2019alimentation en eau&nbsp;<\/strong>&nbsp;: les bruits provenant des circuits d\u2019eau sont g\u00e9n\u00e9ralement dus \u00e0 une trop forte pression dans le r\u00e9seau d\u2019alimentation\u202fou \u00e0\u202fdes robinets dont la qualit\u00e9 acoustique est mauvaise.<\/li>\n<\/ul>\n<p><strong>La solution pour une meilleure absorption acoustique<\/strong>&nbsp;: limitez la pression de l\u2019eau dans les canalisations \u00e0 3 bars en faisant installer par votre&nbsp;<a href=\"https:\/\/www.qualitel.org\/particuliers\/pros-batiment\/choisir-plombier-chauffagiste\/\" target=\"_blank\" rel=\"noopener\">plombier<\/a> un r\u00e9ducteur de pression et choisissez des robinets marqu\u00e9s NF. Ce changement d\u2019\u00e9quipement est relativement simple \u00e0 effectuer dans votre appartement. Par contre, il peut \u00eatre plus d\u00e9licat de l\u2019imposer \u00e0 votre voisin\u2026<\/p>\n<ul>\n<li><strong>La chasse d\u2019eau<\/strong>&nbsp;: les bruits de la\u202fchasse d\u2019eau du voisin cheminent par les conduits d\u2019\u00e9vacuation.<\/li>\n<\/ul>\n<p><strong>La solution pour limiter la propagation des bruits<\/strong>&nbsp;: encoffrez les canalisations avec une double \u00e9paisseur de plaques de pl\u00e2tre ou une plaque de bois agglom\u00e9r\u00e9 de 22 mm avec une laine min\u00e9rale \u00e0 l\u2019int\u00e9rieur. Pr\u00e9voyez une trappe de visite qui doit \u00eatre acoustique.<\/p>\n<p>Cependant, si la canalisation traverse le plancher sans \u00eatre d\u00e9solidaris\u00e9e, il y aura toujours du bruit qui se propagera dans le plancher. Pour vous accompagner dans les travaux, faites appel \u00e0 un pl\u00e2trier-plaquiste.<\/p>\n<ul>\n<li><strong>La VMC<\/strong>&nbsp;: votre ventilation est probablement encrass\u00e9e, mal r\u00e9gl\u00e9e\u2026 Ou vous disposez d\u2019un mod\u00e8le particuli\u00e8rement bruyant.<\/li>\n<\/ul>\n<p><strong>La solution pour r\u00e9duire les nuisances sonores<\/strong>&nbsp;: nettoyez les bouches, ou contactez un&nbsp;<a href=\"https:\/\/www.qualitel.org\/particuliers\/pros-batiment\/choisir-plombier-chauffagiste\/\" rel=\"noopener\">chauffagiste<\/a> pour qu\u2019il v\u00e9rifie l\u2019installation. Il pourra vous proposer d\u2019opter pour des syst\u00e8mes plus silencieux.<\/p>\n<ul>\n<li>La<strong>&nbsp;<a href=\"https:\/\/www.qualitel.org\/particuliers\/equipements-et-materiaux-maison\/chauffage\/chaudieres\/\">chaudi\u00e8re<\/a><\/strong> (individuelle ou collective) peut \u00e9galement engendrer des nuisances sonores.<\/li>\n<\/ul>\n<p><strong>La solution pour r\u00e9duire la transmission du bruit<\/strong>&nbsp;: tous les e\u0301quipements bruyants tels que les pompes ou surpresseurs doivent e\u0302tre de\u0301solidarise\u0301s. Plusieurs pre\u0301cautions sont \u00e0 prendre pour limiter le bruit de la chaufferie comme le montre le sch\u00e9ma. Parlez-en avec votre chauffagiste.<\/p>\n<ul>\n<li><strong>L\u2019ascenseur<\/strong>&nbsp;: il crisse \u00e0 chaque ouverture et fermeture ou tambourine \u00e0 chaque d\u00e9placement&nbsp;?<\/li>\n<\/ul>\n<p><strong>La solution contre le bruit et les vibrations<\/strong>&nbsp;: c\u2019est l\u2019affaire de l\u2019ascensoriste et la responsabilit\u00e9 du syndic de l\u2019immeuble. Si votre chambre se situe \u00e0 c\u00f4t\u00e9 de la machinerie, vous pouvez renforcer l\u2019isolation de la paroi mitoyenne, mais le probl\u00e8me est le plus souvent d\u2019origine vibratoire.<\/p>\n<p>La perception des sons de\u0301pend beaucoup du \u00ab&nbsp;bruit de fond&nbsp;\u00bb qui r\u00e8gne dans le logement (compos\u00e9 de bruits int\u00e9rieurs et ext\u00e9rieurs). Lorsque le bruit de fond est e\u0301leve\u0301 \u2013 en bordure d\u2019une route avec des fene\u0302tres anciennes, par exemple \u2013 le bruit de la te\u0301le\u0301vision du voisin est masque\u0301 par le bruit venant de l\u2019ext\u00e9rieur. Mais si le ba\u0302timent fait l\u2019objet d\u2019une r\u00e9novation, la donne change&nbsp;: le bruit du voisinage \u2013 g\u00e9n\u00e9ralement moins bien accept\u00e9 que celui du trafic routier \u2013 peut devenir audible. Il est donc important de veiller, parall\u00e8lement \u00e0 l\u2019<a href=\"https:\/\/www.qualitel.org\/particuliers\/isolation\/isolation-phonique\/\" rel=\"noopener\">isolation acoustique ext\u00e9rieure<\/a>, \u00e0 l\u2019am\u00e9lioration de la qualite\u0301 acoustique interne du ba\u0302timent.<\/p>\n<p>Pour aller plus loin, n\u2019h\u00e9sitez pas \u00e0 consulter notre <a href=\"https:\/\/www.qualitel.org\/fileadmin\/user_upload\/documents\/Referentiels_Documentation\/Dossiers_Thematiques\/DOSSIER_THEMATIQUE_Acoustique_Et_Renovation_WEB.pdf\" target=\"_blank\" rel=\"noopener\">\u00e9tude sur la performance acoustique des b\u00e2timents de logements collectifs anciens<\/a> et notre <a href=\"https:\/\/www.qualitel.org\/fileadmin\/user_upload\/documents\/Referentiels_Documentation\/Dossiers_Thematiques\/Guide_acoustique.pdf\" target=\"_blank\" rel=\"noopener\">guide pour am\u00e9liorer l\u2019acoustique des logements collectifs<\/a>.<\/p>\n","protected":false},"featured_media":45616,"parent":4334,"menu_order":2,"template":"","categories":[203,213],"tags":[491,424,428],"guide":[407,408],"article_type":[],"class_list":["post-19413","projet","type-projet","status-publish","has-post-thumbnail","hentry","category-confort","category-sante","tags-acoustique","tags-isolation","tags-travaux","guide-guide-de-travaux-specifiques-appartement","guide-guide-de-travaux-specifiques-maison"],"acf":[],"yoast_head":"<!-- This site is optimized with the Yoast SEO plugin v26.2 - https:\/\/yoast.com\/wordpress\/plugins\/seo\/ -->\n<title>Les travaux \u00e0 mener si vous \u00eates g\u00ean\u00e9s par des bruits a\u00e9riens int\u00e9rieurs\u202f - Qualitel | Particuliers<\/title>\n<meta name=\"description\" content=\"Le bruit int\u00e9rieur est particuli\u00e8rement d\u00e9sagr\u00e9able. Suivez les conseils de nos experts pour limiter ce type de bruits dans votre logement.\" \/>\n<meta name=\"robots\" content=\"index, follow, max-snippet:-1, max-image-preview:large, max-video-preview:-1\" \/>\n<link rel=\"canonical\" href=\"https:\/\/www.qualitel.org\/particuliers\/travaux-renovation\/isolation-phonique-bruits-aeriens-interieurs\/\" \/>\n<meta property=\"og:locale\" content=\"fr_FR\" \/>\n<meta property=\"og:type\" content=\"article\" \/>\n<meta property=\"og:title\" content=\"Les travaux \u00e0 mener si vous \u00eates g\u00ean\u00e9s par des bruits a\u00e9riens int\u00e9rieurs\u202f - Qualitel | Particuliers\" \/>\n<meta property=\"og:description\" content=\"Les bruits int\u00e9rieurs, tels que conversations, t\u00e9l\u00e9vision ou musique, sont une source d\u2019insatisfaction majeure dans les logements collectifs. D\u00e9couvrez nos conseils pour limiter ces nuisances sonores et am\u00e9liorer votre confort.\" \/>\n<meta property=\"og:url\" content=\"https:\/\/www.qualitel.org\/particuliers\/travaux-renovation\/isolation-phonique-bruits-aeriens-interieurs\/\" \/>\n<meta property=\"og:site_name\" content=\"Qualitel | Particuliers\" \/>\n<meta property=\"article:publisher\" content=\"https:\/\/www.facebook.com\/groupequalitel\/\" \/>\n<meta property=\"article:modified_time\" content=\"2025-10-15T15:16:12+00:00\" \/>\n<meta property=\"og:image\" content=\"https:\/\/www.qualitel.org\/particuliers\/wp\/..\/uploads\/AdobeStock_407200044.jpg\" \/>\n\t<meta property=\"og:image:width\" content=\"900\" \/>\n\t<meta property=\"og:image:height\" content=\"513\" \/>\n\t<meta property=\"og:image:type\" content=\"image\/jpeg\" \/>\n<meta name=\"twitter:card\" content=\"summary_large_image\" \/>\n<meta name=\"twitter:description\" content=\"Les bruits int\u00e9rieurs, tels que conversations, t\u00e9l\u00e9vision ou musique, sont une source d\u2019insatisfaction majeure dans les logements collectifs. D\u00e9couvrez nos conseils pour limiter ces nuisances sonores et am\u00e9liorer votre confort.\n\" \/>\n<meta name=\"twitter:site\" content=\"@groupeQUALITEL\" \/>\n<meta name=\"twitter:label1\" content=\"Est. reading time\" \/>\n\t<meta name=\"twitter:data1\" content=\"17 minutes\" \/>\n<script type=\"application\/ld+json\" class=\"yoast-schema-graph\">{\"@context\":\"https:\/\/schema.org\",\"@graph\":[{\"@type\":\"WebPage\",\"@id\":\"https:\/\/www.qualitel.org\/particuliers\/travaux-renovation\/isolation-phonique-bruits-aeriens-interieurs\/\",\"url\":\"https:\/\/www.qualitel.org\/particuliers\/travaux-renovation\/isolation-phonique-bruits-aeriens-interieurs\/\",\"name\":\"Les travaux \u00e0 mener si vous \u00eates g\u00ean\u00e9s par des bruits a\u00e9riens int\u00e9rieurs\u202f - Qualitel | Particuliers\",\"isPartOf\":{\"@id\":\"https:\/\/www.qualitel.org\/particuliers\/#website\"},\"primaryImageOfPage\":{\"@id\":\"https:\/\/www.qualitel.org\/particuliers\/travaux-renovation\/isolation-phonique-bruits-aeriens-interieurs\/#primaryimage\"},\"image\":{\"@id\":\"https:\/\/www.qualitel.org\/particuliers\/travaux-renovation\/isolation-phonique-bruits-aeriens-interieurs\/#primaryimage\"},\"thumbnailUrl\":\"https:\/\/www.qualitel.org\/particuliers\/wp\/..\/uploads\/AdobeStock_407200044.jpg\",\"datePublished\":\"2020-12-16T08:42:30+00:00\",\"dateModified\":\"2025-10-15T15:16:12+00:00\",\"description\":\"Le bruit int\u00e9rieur est particuli\u00e8rement d\u00e9sagr\u00e9able. Suivez les conseils de nos experts pour limiter ce type de bruits dans votre logement.\",\"breadcrumb\":{\"@id\":\"https:\/\/www.qualitel.org\/particuliers\/travaux-renovation\/isolation-phonique-bruits-aeriens-interieurs\/#breadcrumb\"},\"inLanguage\":\"fr-FR\",\"potentialAction\":[{\"@type\":\"ReadAction\",\"target\":[\"https:\/\/www.qualitel.org\/particuliers\/travaux-renovation\/isolation-phonique-bruits-aeriens-interieurs\/\"]}]},{\"@type\":\"ImageObject\",\"inLanguage\":\"fr-FR\",\"@id\":\"https:\/\/www.qualitel.org\/particuliers\/travaux-renovation\/isolation-phonique-bruits-aeriens-interieurs\/#primaryimage\",\"url\":\"https:\/\/www.qualitel.org\/particuliers\/wp\/..\/uploads\/AdobeStock_407200044.jpg\",\"contentUrl\":\"https:\/\/www.qualitel.org\/particuliers\/wp\/..\/uploads\/AdobeStock_407200044.jpg\",\"width\":900,\"height\":513},{\"@type\":\"BreadcrumbList\",\"@id\":\"https:\/\/www.qualitel.org\/particuliers\/travaux-renovation\/isolation-phonique-bruits-aeriens-interieurs\/#breadcrumb\",\"itemListElement\":[{\"@type\":\"ListItem\",\"position\":1,\"name\":\"Accueil\",\"item\":\"https:\/\/www.qualitel.org\/particuliers\/\"},{\"@type\":\"ListItem\",\"position\":2,\"name\":\"Isolation phonique : comment en finir avec les nuisances sonores ?\",\"item\":\"https:\/\/www.qualitel.org\/particuliers\/isolation\/isolation-phonique\/\"},{\"@type\":\"ListItem\",\"position\":3,\"name\":\"Bruit a\u00e9rien int\u00e9rieur : quels travaux pour l&rsquo;\u00e9viter ?\"}]},{\"@type\":\"WebSite\",\"@id\":\"https:\/\/www.qualitel.org\/particuliers\/#website\",\"url\":\"https:\/\/www.qualitel.org\/particuliers\/\",\"name\":\"Qualitel | Particuliers\",\"description\":\"\",\"publisher\":{\"@id\":\"https:\/\/www.qualitel.org\/particuliers\/#organization\"},\"potentialAction\":[{\"@type\":\"SearchAction\",\"target\":{\"@type\":\"EntryPoint\",\"urlTemplate\":\"https:\/\/www.qualitel.org\/particuliers\/?s={search_term_string}\"},\"query-input\":{\"@type\":\"PropertyValueSpecification\",\"valueRequired\":true,\"valueName\":\"search_term_string\"}}],\"inLanguage\":\"fr-FR\"},{\"@type\":\"Organization\",\"@id\":\"https:\/\/www.qualitel.org\/particuliers\/#organization\",\"name\":\"Qualitel | Particuliers\",\"url\":\"https:\/\/www.qualitel.org\/particuliers\/\",\"logo\":{\"@type\":\"ImageObject\",\"inLanguage\":\"fr-FR\",\"@id\":\"https:\/\/www.qualitel.org\/particuliers\/#\/schema\/logo\/image\/\",\"url\":\"https:\/\/www.qualitel.org\/particuliers\/wp\/..\/uploads\/qualitel-squarelogo-1456752654225.png\",\"contentUrl\":\"https:\/\/www.qualitel.org\/particuliers\/wp\/..\/uploads\/qualitel-squarelogo-1456752654225.png\",\"width\":180,\"height\":180,\"caption\":\"Qualitel | Particuliers\"},\"image\":{\"@id\":\"https:\/\/www.qualitel.org\/particuliers\/#\/schema\/logo\/image\/\"},\"sameAs\":[\"https:\/\/www.facebook.com\/groupequalitel\/\",\"https:\/\/x.com\/groupeQUALITEL\",\"https:\/\/www.instagram.com\/associationqualitel\/\",\"https:\/\/www.pinterest.fr\/associationqualitel\/\"]}]}<\/script>\n<!-- \/ Yoast SEO plugin. -->","yoast_head_json":{"title":"Les travaux \u00e0 mener si vous \u00eates g\u00ean\u00e9s par des bruits a\u00e9riens int\u00e9rieurs\u202f - Qualitel | Particuliers","description":"Le bruit int\u00e9rieur est particuli\u00e8rement d\u00e9sagr\u00e9able. Suivez les conseils de nos experts pour limiter ce type de bruits dans votre logement.","robots":{"index":"index","follow":"follow","max-snippet":"max-snippet:-1","max-image-preview":"max-image-preview:large","max-video-preview":"max-video-preview:-1"},"canonical":"https:\/\/www.qualitel.org\/particuliers\/travaux-renovation\/isolation-phonique-bruits-aeriens-interieurs\/","og_locale":"fr_FR","og_type":"article","og_title":"Les travaux \u00e0 mener si vous \u00eates g\u00ean\u00e9s par des bruits a\u00e9riens int\u00e9rieurs\u202f - Qualitel | Particuliers","og_description":"Les bruits int\u00e9rieurs, tels que conversations, t\u00e9l\u00e9vision ou musique, sont une source d\u2019insatisfaction majeure dans les logements collectifs. D\u00e9couvrez nos conseils pour limiter ces nuisances sonores et am\u00e9liorer votre confort.","og_url":"https:\/\/www.qualitel.org\/particuliers\/travaux-renovation\/isolation-phonique-bruits-aeriens-interieurs\/","og_site_name":"Qualitel | Particuliers","article_publisher":"https:\/\/www.facebook.com\/groupequalitel\/","article_modified_time":"2025-10-15T15:16:12+00:00","og_image":[{"width":900,"height":513,"url":"https:\/\/www.qualitel.org\/particuliers\/wp\/..\/uploads\/AdobeStock_407200044.jpg","type":"image\/jpeg"}],"twitter_card":"summary_large_image","twitter_description":"Les bruits int\u00e9rieurs, tels que conversations, t\u00e9l\u00e9vision ou musique, sont une source d\u2019insatisfaction majeure dans les logements collectifs. D\u00e9couvrez nos conseils pour limiter ces nuisances sonores et am\u00e9liorer votre confort.\n","twitter_site":"@groupeQUALITEL","twitter_misc":{"Est. reading time":"17 minutes"},"schema":{"@context":"https:\/\/schema.org","@graph":[{"@type":"WebPage","@id":"https:\/\/www.qualitel.org\/particuliers\/travaux-renovation\/isolation-phonique-bruits-aeriens-interieurs\/","url":"https:\/\/www.qualitel.org\/particuliers\/travaux-renovation\/isolation-phonique-bruits-aeriens-interieurs\/","name":"Les travaux \u00e0 mener si vous \u00eates g\u00ean\u00e9s par des bruits a\u00e9riens int\u00e9rieurs\u202f - Qualitel | Particuliers","isPartOf":{"@id":"https:\/\/www.qualitel.org\/particuliers\/#website"},"primaryImageOfPage":{"@id":"https:\/\/www.qualitel.org\/particuliers\/travaux-renovation\/isolation-phonique-bruits-aeriens-interieurs\/#primaryimage"},"image":{"@id":"https:\/\/www.qualitel.org\/particuliers\/travaux-renovation\/isolation-phonique-bruits-aeriens-interieurs\/#primaryimage"},"thumbnailUrl":"https:\/\/www.qualitel.org\/particuliers\/wp\/..\/uploads\/AdobeStock_407200044.jpg","datePublished":"2020-12-16T08:42:30+00:00","dateModified":"2025-10-15T15:16:12+00:00","description":"Le bruit int\u00e9rieur est particuli\u00e8rement d\u00e9sagr\u00e9able. Suivez les conseils de nos experts pour limiter ce type de bruits dans votre logement.","breadcrumb":{"@id":"https:\/\/www.qualitel.org\/particuliers\/travaux-renovation\/isolation-phonique-bruits-aeriens-interieurs\/#breadcrumb"},"inLanguage":"fr-FR","potentialAction":[{"@type":"ReadAction","target":["https:\/\/www.qualitel.org\/particuliers\/travaux-renovation\/isolation-phonique-bruits-aeriens-interieurs\/"]}]},{"@type":"ImageObject","inLanguage":"fr-FR","@id":"https:\/\/www.qualitel.org\/particuliers\/travaux-renovation\/isolation-phonique-bruits-aeriens-interieurs\/#primaryimage","url":"https:\/\/www.qualitel.org\/particuliers\/wp\/..\/uploads\/AdobeStock_407200044.jpg","contentUrl":"https:\/\/www.qualitel.org\/particuliers\/wp\/..\/uploads\/AdobeStock_407200044.jpg","width":900,"height":513},{"@type":"BreadcrumbList","@id":"https:\/\/www.qualitel.org\/particuliers\/travaux-renovation\/isolation-phonique-bruits-aeriens-interieurs\/#breadcrumb","itemListElement":[{"@type":"ListItem","position":1,"name":"Accueil","item":"https:\/\/www.qualitel.org\/particuliers\/"},{"@type":"ListItem","position":2,"name":"Isolation phonique : comment en finir avec les nuisances sonores ?","item":"https:\/\/www.qualitel.org\/particuliers\/isolation\/isolation-phonique\/"},{"@type":"ListItem","position":3,"name":"Bruit a\u00e9rien int\u00e9rieur : quels travaux pour l&rsquo;\u00e9viter ?"}]},{"@type":"WebSite","@id":"https:\/\/www.qualitel.org\/particuliers\/#website","url":"https:\/\/www.qualitel.org\/particuliers\/","name":"Qualitel | Particuliers","description":"","publisher":{"@id":"https:\/\/www.qualitel.org\/particuliers\/#organization"},"potentialAction":[{"@type":"SearchAction","target":{"@type":"EntryPoint","urlTemplate":"https:\/\/www.qualitel.org\/particuliers\/?s={search_term_string}"},"query-input":{"@type":"PropertyValueSpecification","valueRequired":true,"valueName":"search_term_string"}}],"inLanguage":"fr-FR"},{"@type":"Organization","@id":"https:\/\/www.qualitel.org\/particuliers\/#organization","name":"Qualitel | Particuliers","url":"https:\/\/www.qualitel.org\/particuliers\/","logo":{"@type":"ImageObject","inLanguage":"fr-FR","@id":"https:\/\/www.qualitel.org\/particuliers\/#\/schema\/logo\/image\/","url":"https:\/\/www.qualitel.org\/particuliers\/wp\/..\/uploads\/qualitel-squarelogo-1456752654225.png","contentUrl":"https:\/\/www.qualitel.org\/particuliers\/wp\/..\/uploads\/qualitel-squarelogo-1456752654225.png","width":180,"height":180,"caption":"Qualitel | Particuliers"},"image":{"@id":"https:\/\/www.qualitel.org\/particuliers\/#\/schema\/logo\/image\/"},"sameAs":["https:\/\/www.facebook.com\/groupequalitel\/","https:\/\/x.com\/groupeQUALITEL","https:\/\/www.instagram.com\/associationqualitel\/","https:\/\/www.pinterest.fr\/associationqualitel\/"]}]}},"_links":{"self":[{"href":"https:\/\/www.qualitel.org\/particuliers\/wp-json\/wp\/v2\/projet\/19413","targetHints":{"allow":["GET"]}}],"collection":[{"href":"https:\/\/www.qualitel.org\/particuliers\/wp-json\/wp\/v2\/projet"}],"about":[{"href":"https:\/\/www.qualitel.org\/particuliers\/wp-json\/wp\/v2\/types\/projet"}],"version-history":[{"count":134,"href":"https:\/\/www.qualitel.org\/particuliers\/wp-json\/wp\/v2\/projet\/19413\/revisions"}],"predecessor-version":[{"id":51524,"href":"https:\/\/www.qualitel.org\/particuliers\/wp-json\/wp\/v2\/projet\/19413\/revisions\/51524"}],"up":[{"embeddable":true,"href":"https:\/\/www.qualitel.org\/particuliers\/wp-json\/wp\/v2\/projet\/4334"}],"wp:featuredmedia":[{"embeddable":true,"href":"https:\/\/www.qualitel.org\/particuliers\/wp-json\/wp\/v2\/media\/45616"}],"wp:attachment":[{"href":"https:\/\/www.qualitel.org\/particuliers\/wp-json\/wp\/v2\/media?parent=19413"}],"wp:term":[{"taxonomy":"category","embeddable":true,"href":"https:\/\/www.qualitel.org\/particuliers\/wp-json\/wp\/v2\/categories?post=19413"},{"taxonomy":"tags","embeddable":true,"href":"https:\/\/www.qualitel.org\/particuliers\/wp-json\/wp\/v2\/tags?post=19413"},{"taxonomy":"guide","embeddable":true,"href":"https:\/\/www.qualitel.org\/particuliers\/wp-json\/wp\/v2\/guide?post=19413"},{"taxonomy":"projet_type","embeddable":true,"href":"https:\/\/www.qualitel.org\/particuliers\/wp-json\/wp\/v2\/article_type?post=19413"}],"curies":[{"name":"wp","href":"https:\/\/api.w.org\/{rel}","templated":true}]}}