{"id":19427,"date":"2020-10-02T10:07:28","date_gmt":"2020-10-02T08:07:28","guid":{"rendered":"https:\/\/www.qualitel.org\/?post_type=projet&#038;p=19427"},"modified":"2025-02-05T15:01:13","modified_gmt":"2025-02-05T14:01:13","slug":"quels-travaux-faire-realiser-si-vous-entendez-des-bruits-de-chocs","status":"publish","type":"projet","link":"https:\/\/www.qualitel.org\/particuliers\/travaux-renovation\/isolation-phonique-bruits-de-chocs\/","title":{"rendered":"Isolation phonique contre les bruits de choc&nbsp;: quels travaux r\u00e9aliser&nbsp;?"},"content":{"rendered":"<p>Les <strong>bruits de chocs<\/strong> sont ceux <strong>produits par un impact<\/strong> sur le plancher,<strong> quand on marche<\/strong>, <strong>qu\u2019on tire une chaise<\/strong> ou<strong> qu\u2019on fait tomber un objet<\/strong>. En effet, les planchers se mettent en vibration et e\u0301mettent du bruit dans les locaux voisins. La propagation des bruits de chocs et des vibrations de\u0301pend de la nature des planchers, des <a href=\"https:\/\/www.qualitel.org\/particuliers\/equipements-et-materiaux\/revetement-sol\/\">reve\u0302tements de sol<\/a> (moquette, tapis, parquet, <a href=\"https:\/\/www.qualitel.org\/particuliers\/revetements-sol\/stratifie\/\">sol stratifi\u00e9<\/a>, etc.) et des parois late\u0301rales ou cloisons par lesquelles le bruit se propage comme dans le cas du <a href=\"https:\/\/www.qualitel.org\/particuliers\/travaux-renovation\/isolation-phonique-bruits-aeriens-interieurs\/\">bruit ae\u0301rien<\/a>. Selon une <a href=\"https:\/\/www.qualitel.org\/fileadmin\/user_upload\/documents\/Referentiels_Documentation\/Dossiers_Thematiques\/DOSSIER_THEMATIQUE_Acoustique_Et_Renovation_WEB.pdf\" target=\"_blank\" rel=\"noopener\">enqu\u00eate QUALITEL<\/a>, les bruits de chocs sont <strong>g\u00eanants pour pr\u00e8s de 60% des personnes interrog\u00e9es<\/strong>.<\/p>\n<p>Pour limiter la propagation des bruits de chocs&nbsp;dans votre logement, il existe des solutions, mais elles ne sont pas simples. La solution de \u00ab&nbsp;bon sens&nbsp;\u00bb consiste, dans un premier temps, \u00e0&nbsp;<strong>exposer la situation de mani\u00e8re objective \u00e0 vos voisins<\/strong>. S\u2019ils sont compr\u00e9hensifs \u2013\u202fnotamment s\u2019ils subissent eux aussi des nuisances sonores \u2013 ils accepteront peut-\u00eatre de poser des tapis ou de la moquette dans les pi\u00e8ces de vie ou simplement d\u2019enlever leurs chaussures \u00e0 talons. Un conseil&nbsp;: invitez-les dans votre logement afin qu\u2019ils puissent prendre la pleine mesure du bruit qui vous incommode.<\/p>\n<p>De votre c\u00f4t\u00e9, il est toujours possible de poser un <strong>plafond suspendu <\/strong>en plaques de pl\u00e2tre et laine min\u00e9rale pour une meilleure insonorisation. Cependant, le plafond suspendu ne sera efficace que si le bruit ne passe pas aussi par les parois lat\u00e9rales.<\/p>\n<p>Attention, <strong>si la nuisance appara\u00eet apr\u00e8s un changement de sol chez votre voisin<\/strong>, cela constitue g\u00e9n\u00e9ralement une<strong> infraction au r\u00e8glement de copropri\u00e9t\u00e9<\/strong> et vous \u00eates en mesure d\u2019exiger que votre voisin fasse des travaux correctifs pour rem\u00e9dier au probl\u00e8me.<\/p>\n<p>Avant d\u2019engager des travaux d\u2019isolation phonique contre le bruit ou pour approfondir le sujet, contactez le Centre d\u2019information sur le bruit (<a href=\"https:\/\/www.bruit.fr\/\" target=\"_blank\" rel=\"noopener\">CidB<\/a>) ou <a href=\"http:\/\/www.giac-acoustique.org\/annuaire\/\" target=\"_blank\" rel=\"noopener\"><strong>consultez un acousticien<\/strong><\/a>.<\/p>\n<p>&nbsp;<\/p>\n<p>Pour att\u00e9nuer le bruit, le&nbsp;<strong>rev\u00eatement de sol<\/strong>&nbsp;\u00e0 faire poser doit \u00eatre&nbsp;<strong>souple et \u00e9lastique<\/strong>. Deux options sont envisageables pour avoir un sol jouant le r\u00f4le d\u2019isolant phonique&nbsp;:<\/p>\n<ul>\n<li><strong>Choisir un sol souple<\/strong>&nbsp;: moquettes un peu \u00e9paisses, tapis, rev\u00eatements en dalles ou&nbsp;l\u00e9s&nbsp;de vinyle sur sous-couche&nbsp;en&nbsp;mousse (<a href=\"http:\/\/www.cstb.fr\/archives\/webzines\/editions\/edition-davril-2010\/revetements-de-sols-pvc-de-nf-upeca-a-nf-upeca.html\" target=\"_blank\" rel=\"noopener\">certification NF UPEC A+<\/a>), linol\u00e9um sur sous-couche, moquettes en coco, etc. Ces produits att\u00e9nuent bien les chocs aigus (billes, talons, etc.), en particulier sur les planchers en b\u00e9ton utilis\u00e9s \u00e0 partir des ann\u00e9es 60, surtout s\u2019ils sont munis de sous-couches acoustiques et qu\u2019ils pr\u00e9sentent une am\u00e9lioration \u2206Lw d\u2019au moins 19 dB. La<strong> pose des sols souples reste facile \u00e0 r\u00e9aliser<\/strong>.<strong>&nbsp;<\/strong>Par contre, ils sont <strong>peu efficaces contre les bruits sourds<\/strong> (choc de talon, enfants qui sautent, etc.), en particulier dans les b\u00e2timents les plus anciens, avec des planchers \u00e0 poutrelles.<\/li>\n<\/ul>\n<h3>Qu\u2019est-ce que l\u2019indice&nbsp;\u2206Lw&nbsp;?<\/h3>\n<p>L\u2019indice d\u2019efficacite\u0301 \u2206Lw, exprime\u0301 en dB, mesure la performance acoustique aux bruits d\u2019impact d\u2019un reve\u0302tement de sol. Plus il est e\u0301leve\u0301, plus le reve\u0302tement est isolant.<\/p>\n<ul>\n<li>\u202f<strong>Choisir un sol dur<\/strong>&nbsp;(carrelage ou parquet)&nbsp;<strong>sur une\u202fsous-couche\u202fsouple<\/strong>&nbsp;: les sous-couches pour carrelage et parquet flottant test\u00e9es en laboratoire et sous avis technique doivent \u00eatre utilis\u00e9es pour un sol absorbant mieux le bruit. Une technique particuli\u00e8rement int\u00e9ressante consiste \u00e0 poser une\u202fchape flottante, chape anhydrite ou mortier (5 \u00e0 6 cm) sur une sous-couche souple. Les sous-couches acoustiques minces d\u2019une \u00e9paisseur inf\u00e9rieure \u00e0 5 mm doivent \u00eatre certifi\u00e9es <a href=\"https:\/\/www.cstb.fr\/nos-offres\/activites\/certification\" target=\"_blank\" rel=\"noopener\">QB\/CSTBat<\/a>. L\u2019augmentation de la hauteur du plancher n\u00e9cessite n\u00e9anmoins de v\u00e9rifier que le plancher peut supporter une telle surcharge ainsi que de recouper les portes et \u00e9ventuellement de d\u00e9placer les r\u00e9seaux d\u2019\u00e9lectricit\u00e9 et de gaz. Avant d\u2019engager des travaux, contactez le Centre d\u2019information sur le bruit (CidB) ou consultez un&nbsp;<strong>acousticien<\/strong>.<\/li>\n<\/ul>\n<p>Les&nbsp;<strong>plafonds suspendus<\/strong>, ge\u0301ne\u0301ralement appele\u0301s faux plafonds, sont plus faciles a\u0300 mettre en \u0153uvre que des chapes flottantes, pour autant que l\u2019on ait une hauteur sous plafond suffisante ainsi qu\u2019une distance suffisante entre les hauts de fene\u0302tres et le plafond.<\/p>\n<p>L\u2019<strong>e\u0301paisseur minimum<\/strong> du faux plafond est ge\u0301ne\u0301ralement de<strong> 10 cm<\/strong>. Il est constitue\u0301 d\u2019une laine mine\u0301rale et d\u2019une plaque de pla\u0302tre, mat\u00e9riaux isolants \u00e9galement efficaces pour lutter contre les bruits ext\u00e9rieurs.<\/p>\n<p>Pour ame\u0301liorer la performance acoustique, la premi\u00e8re chose \u00e0 faire est d\u2019augmenter la distance entre le plancher et la plaque. Il est ensuite possible d\u2019ajouter d\u2019autres plaques ou de choisir des plaques plus lourdes telles que les plaques \u00ab&nbsp;acoustiques&nbsp;\u00bb.<\/p>\n<p>Pour aller encore plus loin, le plafond peut e\u0302tre suspendu a\u0300 une structure inde\u0301pendante du plancher, permettant une <strong>att\u00e9nuation des ondes sonores<\/strong>. Cette option n\u2019a pas d\u2019impact sur la hauteur de vos sols. Mais elle peut cacher les moulures anciennes de votre logement si vous en avez et peut \u00eatre g\u00eanante selon la hauteur de vos fen\u00eatres\u2026 Ce dispositif r\u00e9duit votre hauteur sous plafond de 6 \u00e0 10 centim\u00e8tres minimum.<\/p>\n<p>Consultez notre article d\u00e9di\u00e9 \u00e0 <a href=\"https:\/\/www.qualitel.org\/particuliers\/isolation\/isolation-phonique\/isolation-phonique-plafond\/\">l\u2019isolation phonique du plafond<\/a> et questionnez un professionnel des travaux d\u2019<a href=\"https:\/\/www.qualitel.org\/particuliers\/isolation\/isolation-phonique\/\">isolation acoustique<\/a>.<\/p>\n<p>&nbsp;<\/p>\n<p>Pour aller plus loin, n\u2019h\u00e9sitez pas \u00e0 consulter notre <a href=\"https:\/\/www.qualitel.org\/fileadmin\/user_upload\/documents\/Referentiels_Documentation\/Dossiers_Thematiques\/DOSSIER_THEMATIQUE_Acoustique_Et_Renovation_WEB.pdf\" target=\"_blank\" rel=\"noopener\">\u00e9tude sur la performance acoustique des b\u00e2timents de logements collectifs anciens<\/a> et <a href=\"https:\/\/www.qualitel.org\/fileadmin\/user_upload\/documents\/Referentiels_Documentation\/Dossiers_Thematiques\/Guide_acoustique.pdf\" target=\"_blank\" rel=\"noopener\">notre guide pour am\u00e9liorer le confort acoustique des logements collectifs<\/a>.<\/p>\n","protected":false},"featured_media":0,"parent":4334,"menu_order":3,"template":"","categories":[203,213],"tags":[491,424,428],"guide":[407,408],"article_type":[],"class_list":["post-19427","projet","type-projet","status-publish","hentry","category-confort","category-sante","tags-acoustique","tags-isolation","tags-travaux","guide-guide-de-travaux-specifiques-appartement","guide-guide-de-travaux-specifiques-maison"],"acf":[],"yoast_head":"<!-- This site is optimized with the Yoast SEO plugin v26.2 - https:\/\/yoast.com\/wordpress\/plugins\/seo\/ -->\n<title>Isolation phonique contre les bruits de choc - Qualitel | Particuliers<\/title>\n<meta name=\"description\" content=\"L\u2019isolation phonique de votre logement est mauvaise et elle vous expose \u00e0 des bruits de choc ou d\u2019impact ? Suivez nos conseils pour isoler votre appartement du sol au plafond.\" \/>\n<meta name=\"robots\" content=\"index, follow, max-snippet:-1, max-image-preview:large, max-video-preview:-1\" \/>\n<link rel=\"canonical\" href=\"https:\/\/www.qualitel.org\/particuliers\/travaux-renovation\/isolation-phonique-bruits-de-chocs\/\" \/>\n<meta property=\"og:locale\" content=\"fr_FR\" \/>\n<meta property=\"og:type\" content=\"article\" \/>\n<meta property=\"og:title\" content=\"Isolation phonique contre les bruits de choc - Qualitel | Particuliers\" \/>\n<meta property=\"og:description\" content=\"Votre logement souffre d\u2019une mauvaise isolation phonique, vous exposant aux bruits de vos voisins et de l\u2019ext\u00e9rieur. D\u00e9couvrez nos conseils pour agir et am\u00e9liorer votre confort acoustique.\" \/>\n<meta property=\"og:url\" content=\"https:\/\/www.qualitel.org\/particuliers\/travaux-renovation\/isolation-phonique-bruits-de-chocs\/\" \/>\n<meta property=\"og:site_name\" content=\"Qualitel | Particuliers\" \/>\n<meta property=\"article:publisher\" content=\"https:\/\/www.facebook.com\/groupequalitel\/\" \/>\n<meta property=\"article:modified_time\" content=\"2025-02-05T14:01:13+00:00\" \/>\n<meta property=\"og:image\" content=\"https:\/\/www.qualitel.org\/particuliers\/wp\/..\/uploads\/qualitel_social_part.jpg\" \/>\n\t<meta property=\"og:image:width\" content=\"1080\" \/>\n\t<meta property=\"og:image:height\" content=\"1080\" \/>\n\t<meta property=\"og:image:type\" content=\"image\/jpeg\" \/>\n<meta name=\"twitter:card\" content=\"summary_large_image\" \/>\n<meta name=\"twitter:description\" content=\"Votre logement souffre d\u2019une mauvaise isolation phonique, vous exposant aux bruits de vos voisins et de l\u2019ext\u00e9rieur. D\u00e9couvrez nos conseils pour agir et am\u00e9liorer votre confort acoustique.\n\" \/>\n<meta name=\"twitter:site\" content=\"@groupeQUALITEL\" \/>\n<meta name=\"twitter:label1\" content=\"Est. reading time\" \/>\n\t<meta name=\"twitter:data1\" content=\"10 minutes\" \/>\n<script type=\"application\/ld+json\" class=\"yoast-schema-graph\">{\"@context\":\"https:\/\/schema.org\",\"@graph\":[{\"@type\":\"WebPage\",\"@id\":\"https:\/\/www.qualitel.org\/particuliers\/travaux-renovation\/isolation-phonique-bruits-de-chocs\/\",\"url\":\"https:\/\/www.qualitel.org\/particuliers\/travaux-renovation\/isolation-phonique-bruits-de-chocs\/\",\"name\":\"Isolation phonique contre les bruits de choc - Qualitel | Particuliers\",\"isPartOf\":{\"@id\":\"https:\/\/www.qualitel.org\/particuliers\/#website\"},\"datePublished\":\"2020-10-02T08:07:28+00:00\",\"dateModified\":\"2025-02-05T14:01:13+00:00\",\"description\":\"L\u2019isolation phonique de votre logement est mauvaise et elle vous expose \u00e0 des bruits de choc ou d\u2019impact ? Suivez nos conseils pour isoler votre appartement du sol au plafond.\",\"breadcrumb\":{\"@id\":\"https:\/\/www.qualitel.org\/particuliers\/travaux-renovation\/isolation-phonique-bruits-de-chocs\/#breadcrumb\"},\"inLanguage\":\"fr-FR\",\"potentialAction\":[{\"@type\":\"ReadAction\",\"target\":[\"https:\/\/www.qualitel.org\/particuliers\/travaux-renovation\/isolation-phonique-bruits-de-chocs\/\"]}]},{\"@type\":\"BreadcrumbList\",\"@id\":\"https:\/\/www.qualitel.org\/particuliers\/travaux-renovation\/isolation-phonique-bruits-de-chocs\/#breadcrumb\",\"itemListElement\":[{\"@type\":\"ListItem\",\"position\":1,\"name\":\"Accueil\",\"item\":\"https:\/\/www.qualitel.org\/particuliers\/\"},{\"@type\":\"ListItem\",\"position\":2,\"name\":\"Isolation phonique : comment en finir avec les nuisances sonores ?\",\"item\":\"https:\/\/www.qualitel.org\/particuliers\/isolation\/isolation-phonique\/\"},{\"@type\":\"ListItem\",\"position\":3,\"name\":\"Isolation phonique contre les bruits de choc : quels travaux r\u00e9aliser ?\"}]},{\"@type\":\"WebSite\",\"@id\":\"https:\/\/www.qualitel.org\/particuliers\/#website\",\"url\":\"https:\/\/www.qualitel.org\/particuliers\/\",\"name\":\"Qualitel | Particuliers\",\"description\":\"\",\"publisher\":{\"@id\":\"https:\/\/www.qualitel.org\/particuliers\/#organization\"},\"potentialAction\":[{\"@type\":\"SearchAction\",\"target\":{\"@type\":\"EntryPoint\",\"urlTemplate\":\"https:\/\/www.qualitel.org\/particuliers\/?s={search_term_string}\"},\"query-input\":{\"@type\":\"PropertyValueSpecification\",\"valueRequired\":true,\"valueName\":\"search_term_string\"}}],\"inLanguage\":\"fr-FR\"},{\"@type\":\"Organization\",\"@id\":\"https:\/\/www.qualitel.org\/particuliers\/#organization\",\"name\":\"Qualitel | Particuliers\",\"url\":\"https:\/\/www.qualitel.org\/particuliers\/\",\"logo\":{\"@type\":\"ImageObject\",\"inLanguage\":\"fr-FR\",\"@id\":\"https:\/\/www.qualitel.org\/particuliers\/#\/schema\/logo\/image\/\",\"url\":\"https:\/\/www.qualitel.org\/particuliers\/wp\/..\/uploads\/qualitel-squarelogo-1456752654225.png\",\"contentUrl\":\"https:\/\/www.qualitel.org\/particuliers\/wp\/..\/uploads\/qualitel-squarelogo-1456752654225.png\",\"width\":180,\"height\":180,\"caption\":\"Qualitel | Particuliers\"},\"image\":{\"@id\":\"https:\/\/www.qualitel.org\/particuliers\/#\/schema\/logo\/image\/\"},\"sameAs\":[\"https:\/\/www.facebook.com\/groupequalitel\/\",\"https:\/\/x.com\/groupeQUALITEL\",\"https:\/\/www.instagram.com\/associationqualitel\/\",\"https:\/\/www.pinterest.fr\/associationqualitel\/\"]}]}<\/script>\n<!-- \/ Yoast SEO plugin. -->","yoast_head_json":{"title":"Isolation phonique contre les bruits de choc - Qualitel | Particuliers","description":"L\u2019isolation phonique de votre logement est mauvaise et elle vous expose \u00e0 des bruits de choc ou d\u2019impact ? Suivez nos conseils pour isoler votre appartement du sol au plafond.","robots":{"index":"index","follow":"follow","max-snippet":"max-snippet:-1","max-image-preview":"max-image-preview:large","max-video-preview":"max-video-preview:-1"},"canonical":"https:\/\/www.qualitel.org\/particuliers\/travaux-renovation\/isolation-phonique-bruits-de-chocs\/","og_locale":"fr_FR","og_type":"article","og_title":"Isolation phonique contre les bruits de choc - Qualitel | Particuliers","og_description":"Votre logement souffre d\u2019une mauvaise isolation phonique, vous exposant aux bruits de vos voisins et de l\u2019ext\u00e9rieur. D\u00e9couvrez nos conseils pour agir et am\u00e9liorer votre confort acoustique.","og_url":"https:\/\/www.qualitel.org\/particuliers\/travaux-renovation\/isolation-phonique-bruits-de-chocs\/","og_site_name":"Qualitel | Particuliers","article_publisher":"https:\/\/www.facebook.com\/groupequalitel\/","article_modified_time":"2025-02-05T14:01:13+00:00","og_image":[{"width":1080,"height":1080,"url":"https:\/\/www.qualitel.org\/particuliers\/wp\/..\/uploads\/qualitel_social_part.jpg","type":"image\/jpeg"}],"twitter_card":"summary_large_image","twitter_description":"Votre logement souffre d\u2019une mauvaise isolation phonique, vous exposant aux bruits de vos voisins et de l\u2019ext\u00e9rieur. D\u00e9couvrez nos conseils pour agir et am\u00e9liorer votre confort acoustique.\n","twitter_site":"@groupeQUALITEL","twitter_misc":{"Est. reading time":"10 minutes"},"schema":{"@context":"https:\/\/schema.org","@graph":[{"@type":"WebPage","@id":"https:\/\/www.qualitel.org\/particuliers\/travaux-renovation\/isolation-phonique-bruits-de-chocs\/","url":"https:\/\/www.qualitel.org\/particuliers\/travaux-renovation\/isolation-phonique-bruits-de-chocs\/","name":"Isolation phonique contre les bruits de choc - Qualitel | Particuliers","isPartOf":{"@id":"https:\/\/www.qualitel.org\/particuliers\/#website"},"datePublished":"2020-10-02T08:07:28+00:00","dateModified":"2025-02-05T14:01:13+00:00","description":"L\u2019isolation phonique de votre logement est mauvaise et elle vous expose \u00e0 des bruits de choc ou d\u2019impact ? Suivez nos conseils pour isoler votre appartement du sol au plafond.","breadcrumb":{"@id":"https:\/\/www.qualitel.org\/particuliers\/travaux-renovation\/isolation-phonique-bruits-de-chocs\/#breadcrumb"},"inLanguage":"fr-FR","potentialAction":[{"@type":"ReadAction","target":["https:\/\/www.qualitel.org\/particuliers\/travaux-renovation\/isolation-phonique-bruits-de-chocs\/"]}]},{"@type":"BreadcrumbList","@id":"https:\/\/www.qualitel.org\/particuliers\/travaux-renovation\/isolation-phonique-bruits-de-chocs\/#breadcrumb","itemListElement":[{"@type":"ListItem","position":1,"name":"Accueil","item":"https:\/\/www.qualitel.org\/particuliers\/"},{"@type":"ListItem","position":2,"name":"Isolation phonique : comment en finir avec les nuisances sonores ?","item":"https:\/\/www.qualitel.org\/particuliers\/isolation\/isolation-phonique\/"},{"@type":"ListItem","position":3,"name":"Isolation phonique contre les bruits de choc : quels travaux r\u00e9aliser ?"}]},{"@type":"WebSite","@id":"https:\/\/www.qualitel.org\/particuliers\/#website","url":"https:\/\/www.qualitel.org\/particuliers\/","name":"Qualitel | Particuliers","description":"","publisher":{"@id":"https:\/\/www.qualitel.org\/particuliers\/#organization"},"potentialAction":[{"@type":"SearchAction","target":{"@type":"EntryPoint","urlTemplate":"https:\/\/www.qualitel.org\/particuliers\/?s={search_term_string}"},"query-input":{"@type":"PropertyValueSpecification","valueRequired":true,"valueName":"search_term_string"}}],"inLanguage":"fr-FR"},{"@type":"Organization","@id":"https:\/\/www.qualitel.org\/particuliers\/#organization","name":"Qualitel | Particuliers","url":"https:\/\/www.qualitel.org\/particuliers\/","logo":{"@type":"ImageObject","inLanguage":"fr-FR","@id":"https:\/\/www.qualitel.org\/particuliers\/#\/schema\/logo\/image\/","url":"https:\/\/www.qualitel.org\/particuliers\/wp\/..\/uploads\/qualitel-squarelogo-1456752654225.png","contentUrl":"https:\/\/www.qualitel.org\/particuliers\/wp\/..\/uploads\/qualitel-squarelogo-1456752654225.png","width":180,"height":180,"caption":"Qualitel | Particuliers"},"image":{"@id":"https:\/\/www.qualitel.org\/particuliers\/#\/schema\/logo\/image\/"},"sameAs":["https:\/\/www.facebook.com\/groupequalitel\/","https:\/\/x.com\/groupeQUALITEL","https:\/\/www.instagram.com\/associationqualitel\/","https:\/\/www.pinterest.fr\/associationqualitel\/"]}]}},"_links":{"self":[{"href":"https:\/\/www.qualitel.org\/particuliers\/wp-json\/wp\/v2\/projet\/19427","targetHints":{"allow":["GET"]}}],"collection":[{"href":"https:\/\/www.qualitel.org\/particuliers\/wp-json\/wp\/v2\/projet"}],"about":[{"href":"https:\/\/www.qualitel.org\/particuliers\/wp-json\/wp\/v2\/types\/projet"}],"version-history":[{"count":104,"href":"https:\/\/www.qualitel.org\/particuliers\/wp-json\/wp\/v2\/projet\/19427\/revisions"}],"predecessor-version":[{"id":49345,"href":"https:\/\/www.qualitel.org\/particuliers\/wp-json\/wp\/v2\/projet\/19427\/revisions\/49345"}],"up":[{"embeddable":true,"href":"https:\/\/www.qualitel.org\/particuliers\/wp-json\/wp\/v2\/projet\/4334"}],"wp:attachment":[{"href":"https:\/\/www.qualitel.org\/particuliers\/wp-json\/wp\/v2\/media?parent=19427"}],"wp:term":[{"taxonomy":"category","embeddable":true,"href":"https:\/\/www.qualitel.org\/particuliers\/wp-json\/wp\/v2\/categories?post=19427"},{"taxonomy":"tags","embeddable":true,"href":"https:\/\/www.qualitel.org\/particuliers\/wp-json\/wp\/v2\/tags?post=19427"},{"taxonomy":"guide","embeddable":true,"href":"https:\/\/www.qualitel.org\/particuliers\/wp-json\/wp\/v2\/guide?post=19427"},{"taxonomy":"projet_type","embeddable":true,"href":"https:\/\/www.qualitel.org\/particuliers\/wp-json\/wp\/v2\/article_type?post=19427"}],"curies":[{"name":"wp","href":"https:\/\/api.w.org\/{rel}","templated":true}]}}