{"id":21198,"date":"2021-01-20T15:52:21","date_gmt":"2021-01-20T14:52:21","guid":{"rendered":"https:\/\/www.qualitel.org\/particuliers\/?post_type=projet&#038;p=21198"},"modified":"2025-11-12T15:37:58","modified_gmt":"2025-11-12T14:37:58","slug":"quels-travaux-pouvez-vous-realiser-dans-votre-appartement-afin-dameliorer-votre-confort-thermique","status":"publish","type":"projet","link":"https:\/\/www.qualitel.org\/particuliers\/travaux-renovation\/confort-thermique\/","title":{"rendered":"Quels travaux pouvez-vous r\u00e9aliser dans votre appartement afin d\u2019am\u00e9liorer votre confort thermique&nbsp;?"},"content":{"rendered":"<h3>Pour un habitat confortable<\/h3>\n<p>Courants d\u2019air, sensations d\u2019humidit\u00e9 et de froid ou encore une temp\u00e9rature trop \u00e9lev\u00e9e l\u2019\u00e9t\u00e9\u2026 41&nbsp;% des Fran\u00e7ais vivant en appartement se disent insatisfaits du confort thermique de leur logement, d\u2019apr\u00e8s les <a href=\"https:\/\/www.qualitel.org\/barometre-qualitel-2017\/\" target=\"_blank\" rel=\"noopener\">r\u00e9sultats du barom\u00e8tre QUALITEL<\/a>. La temp\u00e9rature d\u2019un logement est pourtant un \u00e9l\u00e9ment d\u00e9terminant pour le bien-\u00eatre au quotidien.<\/p>\n<p>Avant de r\u00e9nover, faites un \u00e9tat des lieux de la qualit\u00e9 de votre logement&nbsp;:<\/p>\n<h3>Pour un appartement \u00e9co-responsable<\/h3>\n<p>En France, <a href=\"https:\/\/www.ecologie.gouv.fr\/politiques-publiques\/energie-batiments\" target=\"_blank\" rel=\"noopener\">les b\u00e2timents d\u2019habitation et du tertiaire consomment 43&nbsp;% de l\u2019\u00e9nergie<\/a> et les logements r\u00e9sidentiels \u00e9mettent 17&nbsp;% des \u00e9missions de gaz \u00e0 effet de serre. Un premier levier pour r\u00e9duire l\u2019impact environnemental des logements est donc de faire des travaux de r\u00e9novation \u00e9nerg\u00e9tique.<\/p>\n<p>En vivant en appartement, vous d\u00e9pendez de votre copropri\u00e9t\u00e9 en ce qui concerne certains \u00e9l\u00e9ments qui influencent votre confort thermique. Cependant, il est quand m\u00eame possible de faire des travaux pour l\u2019am\u00e9liorer&nbsp;! Et ainsi vous sentir mieux chez vous en toute saison.<\/p>\n<p><strong>Pour am\u00e9liorer votre confort thermique l\u2019hiver<\/strong><\/p>\n<p>Pour \u00eatre bien au chaud chez vous, sans pour autant avoir une facture \u00e9nerg\u00e9tique importante, vous pouvez agir sur&nbsp;:<\/p>\n<ul>\n<li>l\u2019<a href=\"https:\/\/www.qualitel.org\/particuliers\/isolation\/isolation-mur-interieur\/\">isolation des murs<\/a>, l\u2019<a href=\"https:\/\/www.qualitel.org\/particuliers\/isolation\/isolation-sol\/\">isolation des sols<\/a> et des plafonds,<\/li>\n<li>le <a href=\"https:\/\/www.qualitel.org\/particuliers\/travaux-renovation\/fenetres\/\">remplacement de vos fen\u00eatres<\/a>, en faisant poser des menuiseries double vitrage si vous n\u2019en avez pas, afin de limiter les effets de parois froides,<\/li>\n<li>votre <a href=\"https:\/\/www.qualitel.org\/particuliers\/equipements-et-materiaux\/chauffage\/\">syst\u00e8me de chauffage<\/a> et d\u2019<a href=\"https:\/\/www.qualitel.org\/particuliers\/equipements-et-materiaux\/production-eau-chaude\/\">eau chaude sanitaire<\/a>, s\u2019il s\u2019agit d\u2019un syst\u00e8me individuel, que vous pouvez remplacer par des syst\u00e8mes plus performants d\u2019un point de vue \u00e9nerg\u00e9tique.<\/li>\n<\/ul>\n<p><strong>Pour am\u00e9liorer votre confort thermique l\u2019\u00e9t\u00e9<\/strong><\/p>\n<ul>\n<li>l\u2019am\u00e9lioration de l\u2019<a href=\"https:\/\/www.qualitel.org\/particuliers\/isolation\/\">isolation<\/a> de votre logement&nbsp;: un bureau d\u2019\u00e9tudes thermiques pourra effectuer un diagnostic fiable,<\/li>\n<li>la pose d\u2019occultations ext\u00e9rieures de type volets roulants ou volets battants,<\/li>\n<li>une bonne ventilation, par exemple en installant des ventilateurs de plafond ou tout simplement en ventilant la nuit tomb\u00e9e,<\/li>\n<li>en dernier recours, l\u2019installation d\u2019une <a href=\"https:\/\/www.qualitel.org\/particuliers\/conseils\/comment-regler-la-climatisation\/\">climatisation<\/a>, qui reste cependant une technique tr\u00e8s consommatrice d\u2019\u00e9nergie et qui contribue \u00e0 l\u2019effet de serre.<\/li>\n<\/ul>\n<p><img loading=\"lazy\" decoding=\"async\" class=\"alignright wp-image-5854 size-medium\" src=\"https:\/\/www.qualitel.org\/particuliers\/wp\/..\/uploads\/Capture-d\u2019e\u0301cran-2018-11-18-a\u0300-11.34.53-300x273.png\" alt width=\"300\" height=\"273\" srcset=\"https:\/\/www.qualitel.org\/particuliers\/wp\/..\/uploads\/Capture-d\u2019e\u0301cran-2018-11-18-a\u0300-11.34.53-300x273.png 300w, https:\/\/www.qualitel.org\/particuliers\/wp\/..\/uploads\/Capture-d\u2019e\u0301cran-2018-11-18-a\u0300-11.34.53.png 395w\" sizes=\"auto, (max-width: 300px) 100vw, 300px\">N\u2019oubliez pas de faire effectuer ou de consulter le <a href=\"https:\/\/www.qualitel.org\/particuliers\/diagnostics-immobiliers\/dpe\/\" rel=\"noopener\">diagnostic de performance \u00e9nerg\u00e9tique<\/a> (DPE) de votre appartement. Regardez le classement attribu\u00e9 pour l\u2019\u00e9tiquette \u00e9nergie.<\/p>\n<p>Veillez cependant \u00e0 v\u00e9rifier aupr\u00e8s de votre <a href=\"https:\/\/www.qualitel.org\/particuliers\/travaux-renovation\/copropriete\/syndic\/\">syndic de copropri\u00e9t\u00e9<\/a> que les travaux que vous pensez entreprendre <strong>respectent le cadre global de votre copropri\u00e9t\u00e9<\/strong>. Sinon, pour changer vos fen\u00eatres ou installer une climatisation par exemple, vous devrez <strong>demander l\u2019accord de la copropri\u00e9t\u00e9<\/strong> en assembl\u00e9e g\u00e9n\u00e9rale.<\/p>\n<p>N\u2019h\u00e9sitez pas \u00e0 vous rendre dans les <strong>espaces Info Energie<\/strong> de l\u2019Ademe o\u00f9 les conseillers aident les particuliers gratuitement dans leur projet. Vous pouvez \u00e9galement \u00eatre mis en relation avec des professionnels afin de faire r\u00e9aliser des \u00e9tudes et des travaux pour am\u00e9liorer votre confort thermique.<\/p>\n<p>Enfin, vous trouverez de nombreux conseils et informations sur le site <a href=\"https:\/\/france-renov.gouv.fr\/\">France R\u00e9nov\u2019<\/a>, un <strong>service public<\/strong> qui vous guide gratuitement dans vos projets de travaux de r\u00e9novation \u00e9nerg\u00e9tique.<\/p>\n<p><strong>Bon \u00e0 savoir&nbsp;:<\/strong> depuis le 1er avril 2023, les logements class\u00e9s F ou G doivent obligatoirement r\u00e9aliser un <a href=\"https:\/\/www.qualitel.org\/particuliers\/diagnostics-immobiliers\/audit-energetique\/\">audit \u00e9nerg\u00e9tique r\u00e9glementaire<\/a> avant d\u2019\u00eatre propos\u00e9s \u00e0 la vente.<\/p>\n<p>Avant de lancer les travaux, pr\u00e9parez bien le financement. N\u2019oubliez pas d\u2019inclure le co\u00fbt des \u00e9tudes et l\u2019achat des mat\u00e9riaux et du mat\u00e9riel dans le budget total de vos travaux, qui pourra fortement varier selon leur ampleur.<\/p>\n<p>Au-del\u00e0 du recours \u00e0 vos <strong>fonds personnels<\/strong> ou aux <strong>cr\u00e9dits<\/strong> <strong>travaux<\/strong> \u00e0 solliciter aupr\u00e8s des banques, la r\u00e9novation \u00e9nerg\u00e9tique et l\u2019<a href=\"https:\/\/www.qualitel.org\/particuliers\/isolation\/isolation-thermique\/\">isolation thermique<\/a> de votre appartement pourra \u00eatre soutenue par les nombreuses <strong>aides financi\u00e8res<\/strong> existantes.<\/p>\n<p>Contactez les conseillers de l\u2019Ademe ou de l\u2019<a href=\"https:\/\/www.anil.org\/outils\/outils-de-calcul\/\" target=\"_blank\" rel=\"noopener\">Anil<\/a> pour vous faire aider dans vos d\u00e9marches et recherches sur votre plan de financement. Pensez aussi \u00e0 v\u00e9rifier votre \u00e9ligibilit\u00e9 aux aides financi\u00e8res sur <a href=\"https:\/\/france-renov.gouv.fr\/aides\/simulation#\/\" target=\"_blank\" rel=\"noopener\">France-renov.gouv.fr<\/a>.<\/p>\n<p><strong>Bon \u00e0 savoir&nbsp;:<\/strong> il existe plusieurs sites qui permettent de simuler le montant de vos aides financi\u00e8res comme <a href=\"https:\/\/france-renov.gouv.fr\/aides\/simulation\" target=\"_blank\" rel=\"noopener\">France R\u00e9nov\u2019<\/a> ou <a href=\"https:\/\/aidesauxtravaux.fr\/?enseigne=oscar#\/accueil\" target=\"_blank\" rel=\"noopener\">Oscar<\/a>.<\/p>\n<p>Fen\u00eatrier, menuisier, chauffagiste\u2026 Pour faire votre choix parmi les nombreux professionnels, vous pouvez commencer par v\u00e9rifier qu\u2019ils figurent parmi les <a href=\"https:\/\/france-renov.gouv.fr\/annuaires-professionnels\/artisan-rge-architecte\" target=\"_blank\" rel=\"noopener\">artisans RGE<\/a> (Reconnu Garant de l\u2019Environnement). Non seulement cette qualification vous garantira la comp\u00e9tence, mais elle sera aussi la condition de votre acc\u00e8s aux aides de l\u2019\u00c9tat pour les travaux d\u2019am\u00e9lioration \u00e9nerg\u00e9tique.<\/p>\n<p>N\u2019h\u00e9sitez pas \u00e0 vous renseigner sur les r\u00e9f\u00e9rences de ces professionnels, \u00e0 prendre le temps de <a href=\"https:\/\/www.qualitel.org\/particuliers\/pros-batiment\/questions-artisan-avant-signature-devis\/\">comparer les devis<\/a>, voire \u00e0 entrer en contact avec d\u2019anciens clients pour recueillir leurs impressions.<\/p>\n<p>C\u2019est une \u00e9tape importante pour gagner en confort thermique. Les mat\u00e9riaux et \u00e9quipements doivent r\u00e9pondre \u00e0 des <strong>crit\u00e8res de qualit\u00e9<\/strong> afin d\u2019\u00eatre performants, sains et s\u00fbrs.<\/p>\n<p>Pour vous assurer de la conformit\u00e9 des produits vis-\u00e0-vis des normes, optez pour ceux <a href=\"https:\/\/marque-nf.com\/\" target=\"_blank\" rel=\"noopener\"><strong>certifi\u00e9s NF<\/strong><\/a><strong> ou \u00e9quivalent (par exemple, <\/strong><a href=\"https:\/\/www.acermi.com\/fr\/\" target=\"_blank\" rel=\"noopener\"><strong>ACERMI<\/strong><\/a><strong> ou <\/strong><strong>QB<\/strong><strong> selon la famille de produits)<\/strong>. En effet, le sigle \u00ab&nbsp;CE&nbsp;\u00bb provient uniquement du fabricant, qui ne fait qu\u2019affirmer qu\u2019il s\u2019est conform\u00e9 \u00e0 la l\u00e9gislation europ\u00e9enne.<\/p>\n<p>Soyez aussi vigilants quant \u00e0 <a href=\"https:\/\/www.qualitel.org\/particuliers\/conseils\/a-quoi-sert-letiquette-sanitaire\/\" rel=\"noopener\">l\u2019\u00e9tiquetage sanitaire des mat\u00e9riaux&nbsp;<\/a>&nbsp;: la note A+ signifie qu\u2019ils lib\u00e9reront moins de polluants dans votre appartement.<\/p>\n<p>S\u2019assurer, c\u2019est obligatoire lorsque l\u2019on entreprend de lourds travaux de r\u00e9novation \u00e9nerg\u00e9tique. Pensez donc \u00e0 souscrire une <strong>assurance dommages-ouvrages<\/strong><strong>, <\/strong>qui vous couvrira en cas de sinistre. Elle couvre les r\u00e9parations des \u00e9l\u00e9ments faisant l\u2019objet d\u2019une garantie d\u00e9cennale.<\/p>\n<p>Pour en savoir plus, consultez notre guide.<\/p>\n<p>Le <a href=\"https:\/\/www.qualitel.org\/particuliers\/comprendre-vos-documents\/devis-travaux\/\">devis du professionnel<\/a> a \u00e9t\u00e9 valid\u00e9. Les dates de d\u00e9but et de fin du chantier ont \u00e9t\u00e9 d\u00e9finies. Vos travaux peuvent alors d\u00e9marrer.<\/p>\n<p>Si plusieurs types d\u2019interventions sont pr\u00e9vues, faites attention \u00e0 bien coordonner les artisans et \u00e0 participer aux r\u00e9unions de chantier. Si les travaux sont importants, faites-vous accompagner par un professionnel qui veillera au suivi et au respect des d\u00e9lais.<\/p>\n<p>\u00c0 la fin du chantier, soyez vigilant lors de la <strong>r\u00e9ception des travaux<\/strong>. V\u00e9rifiez que toutes les installations fonctionnent correctement et que l\u2019aboutissement du chantier correspond \u00e0 vos demandes initiales. Pour vous aider, voici les conseils de nos experts afin d\u2019organiser au mieux la r\u00e9ception de chantier.<\/p>\n","protected":false},"featured_media":50059,"parent":0,"menu_order":0,"template":"","categories":[203,208],"tags":[424,428],"guide":[407],"article_type":[399,391],"class_list":["post-21198","projet","type-projet","status-publish","has-post-thumbnail","hentry","category-confort","category-eco-responsabilite","tags-isolation","tags-travaux","guide-guide-de-travaux-specifiques-appartement","projet_type-ameliorer-lisolation","projet_type-beneficier-de-la-temperature-ideale"],"acf":[],"yoast_head":"<!-- This site is optimized with the Yoast SEO plugin v26.2 - https:\/\/yoast.com\/wordpress\/plugins\/seo\/ -->\n<title>Am\u00e9liorer le confort thermique - Qualitel | Particuliers<\/title>\n<meta name=\"description\" content=\"Types de travaux, choix de pros, aides financi\u00e8res\u2026 Suivez les conseils de nos experts pour am\u00e9liorer le confort thermique de votre appartement.\" \/>\n<meta name=\"robots\" content=\"index, follow, max-snippet:-1, max-image-preview:large, max-video-preview:-1\" \/>\n<link rel=\"canonical\" href=\"https:\/\/www.qualitel.org\/particuliers\/travaux-renovation\/confort-thermique\/\" \/>\n<meta property=\"og:locale\" content=\"fr_FR\" \/>\n<meta property=\"og:type\" content=\"article\" \/>\n<meta property=\"og:title\" content=\"Am\u00e9liorer le confort thermique - Qualitel | Particuliers\" \/>\n<meta property=\"og:description\" content=\"Votre logement n\u2019offre pas un confort thermique optimal, avec des temp\u00e9ratures extr\u00eames et des factures \u00e9lev\u00e9es. Pour am\u00e9liorer la situation, envisagez des travaux de r\u00e9novation \u00e9nerg\u00e9tique. D\u00e9couvrez nos conseils d\u2019experts pour vous guider.\" \/>\n<meta property=\"og:url\" content=\"https:\/\/www.qualitel.org\/particuliers\/travaux-renovation\/confort-thermique\/\" \/>\n<meta property=\"og:site_name\" content=\"Qualitel | Particuliers\" \/>\n<meta property=\"article:publisher\" content=\"https:\/\/www.facebook.com\/groupequalitel\/\" \/>\n<meta property=\"article:modified_time\" content=\"2025-11-12T14:37:58+00:00\" \/>\n<meta property=\"og:image\" content=\"https:\/\/www.qualitel.org\/particuliers\/wp\/..\/uploads\/AdobeStock_378912947.jpg\" \/>\n\t<meta property=\"og:image:width\" content=\"900\" \/>\n\t<meta property=\"og:image:height\" content=\"513\" \/>\n\t<meta property=\"og:image:type\" content=\"image\/jpeg\" \/>\n<meta name=\"twitter:card\" content=\"summary_large_image\" \/>\n<meta name=\"twitter:description\" content=\"Votre logement n\u2019offre pas un confort thermique optimal, avec des temp\u00e9ratures extr\u00eames et des factures \u00e9lev\u00e9es. Pour am\u00e9liorer la situation, envisagez des travaux de r\u00e9novation \u00e9nerg\u00e9tique. D\u00e9couvrez nos conseils d\u2019experts pour vous guider.\n\" \/>\n<meta name=\"twitter:site\" content=\"@groupeQUALITEL\" \/>\n<meta name=\"twitter:label1\" content=\"Est. reading time\" \/>\n\t<meta name=\"twitter:data1\" content=\"12 minutes\" \/>\n<script type=\"application\/ld+json\" class=\"yoast-schema-graph\">{\"@context\":\"https:\/\/schema.org\",\"@graph\":[{\"@type\":\"WebPage\",\"@id\":\"https:\/\/www.qualitel.org\/particuliers\/travaux-renovation\/confort-thermique\/\",\"url\":\"https:\/\/www.qualitel.org\/particuliers\/travaux-renovation\/confort-thermique\/\",\"name\":\"Am\u00e9liorer le confort thermique - Qualitel | Particuliers\",\"isPartOf\":{\"@id\":\"https:\/\/www.qualitel.org\/particuliers\/#website\"},\"primaryImageOfPage\":{\"@id\":\"https:\/\/www.qualitel.org\/particuliers\/travaux-renovation\/confort-thermique\/#primaryimage\"},\"image\":{\"@id\":\"https:\/\/www.qualitel.org\/particuliers\/travaux-renovation\/confort-thermique\/#primaryimage\"},\"thumbnailUrl\":\"https:\/\/www.qualitel.org\/particuliers\/wp\/..\/uploads\/AdobeStock_378912947.jpg\",\"datePublished\":\"2021-01-20T14:52:21+00:00\",\"dateModified\":\"2025-11-12T14:37:58+00:00\",\"description\":\"Types de travaux, choix de pros, aides financi\u00e8res\u2026 Suivez les conseils de nos experts pour am\u00e9liorer le confort thermique de votre appartement.\",\"breadcrumb\":{\"@id\":\"https:\/\/www.qualitel.org\/particuliers\/travaux-renovation\/confort-thermique\/#breadcrumb\"},\"inLanguage\":\"fr-FR\",\"potentialAction\":[{\"@type\":\"ReadAction\",\"target\":[\"https:\/\/www.qualitel.org\/particuliers\/travaux-renovation\/confort-thermique\/\"]}]},{\"@type\":\"ImageObject\",\"inLanguage\":\"fr-FR\",\"@id\":\"https:\/\/www.qualitel.org\/particuliers\/travaux-renovation\/confort-thermique\/#primaryimage\",\"url\":\"https:\/\/www.qualitel.org\/particuliers\/wp\/..\/uploads\/AdobeStock_378912947.jpg\",\"contentUrl\":\"https:\/\/www.qualitel.org\/particuliers\/wp\/..\/uploads\/AdobeStock_378912947.jpg\",\"width\":900,\"height\":513},{\"@type\":\"BreadcrumbList\",\"@id\":\"https:\/\/www.qualitel.org\/particuliers\/travaux-renovation\/confort-thermique\/#breadcrumb\",\"itemListElement\":[{\"@type\":\"ListItem\",\"position\":1,\"name\":\"Accueil\",\"item\":\"https:\/\/www.qualitel.org\/particuliers\/\"},{\"@type\":\"ListItem\",\"position\":2,\"name\":\"Quels travaux pouvez-vous r\u00e9aliser dans votre appartement afin d\u2019am\u00e9liorer votre confort thermique ?\"}]},{\"@type\":\"WebSite\",\"@id\":\"https:\/\/www.qualitel.org\/particuliers\/#website\",\"url\":\"https:\/\/www.qualitel.org\/particuliers\/\",\"name\":\"Qualitel | Particuliers\",\"description\":\"\",\"publisher\":{\"@id\":\"https:\/\/www.qualitel.org\/particuliers\/#organization\"},\"potentialAction\":[{\"@type\":\"SearchAction\",\"target\":{\"@type\":\"EntryPoint\",\"urlTemplate\":\"https:\/\/www.qualitel.org\/particuliers\/?s={search_term_string}\"},\"query-input\":{\"@type\":\"PropertyValueSpecification\",\"valueRequired\":true,\"valueName\":\"search_term_string\"}}],\"inLanguage\":\"fr-FR\"},{\"@type\":\"Organization\",\"@id\":\"https:\/\/www.qualitel.org\/particuliers\/#organization\",\"name\":\"Qualitel | Particuliers\",\"url\":\"https:\/\/www.qualitel.org\/particuliers\/\",\"logo\":{\"@type\":\"ImageObject\",\"inLanguage\":\"fr-FR\",\"@id\":\"https:\/\/www.qualitel.org\/particuliers\/#\/schema\/logo\/image\/\",\"url\":\"https:\/\/www.qualitel.org\/particuliers\/wp\/..\/uploads\/qualitel-squarelogo-1456752654225.png\",\"contentUrl\":\"https:\/\/www.qualitel.org\/particuliers\/wp\/..\/uploads\/qualitel-squarelogo-1456752654225.png\",\"width\":180,\"height\":180,\"caption\":\"Qualitel | Particuliers\"},\"image\":{\"@id\":\"https:\/\/www.qualitel.org\/particuliers\/#\/schema\/logo\/image\/\"},\"sameAs\":[\"https:\/\/www.facebook.com\/groupequalitel\/\",\"https:\/\/x.com\/groupeQUALITEL\",\"https:\/\/www.instagram.com\/associationqualitel\/\",\"https:\/\/www.pinterest.fr\/associationqualitel\/\"]}]}<\/script>\n<!-- \/ Yoast SEO plugin. -->","yoast_head_json":{"title":"Am\u00e9liorer le confort thermique - Qualitel | Particuliers","description":"Types de travaux, choix de pros, aides financi\u00e8res\u2026 Suivez les conseils de nos experts pour am\u00e9liorer le confort thermique de votre appartement.","robots":{"index":"index","follow":"follow","max-snippet":"max-snippet:-1","max-image-preview":"max-image-preview:large","max-video-preview":"max-video-preview:-1"},"canonical":"https:\/\/www.qualitel.org\/particuliers\/travaux-renovation\/confort-thermique\/","og_locale":"fr_FR","og_type":"article","og_title":"Am\u00e9liorer le confort thermique - Qualitel | Particuliers","og_description":"Votre logement n\u2019offre pas un confort thermique optimal, avec des temp\u00e9ratures extr\u00eames et des factures \u00e9lev\u00e9es. Pour am\u00e9liorer la situation, envisagez des travaux de r\u00e9novation \u00e9nerg\u00e9tique. D\u00e9couvrez nos conseils d\u2019experts pour vous guider.","og_url":"https:\/\/www.qualitel.org\/particuliers\/travaux-renovation\/confort-thermique\/","og_site_name":"Qualitel | Particuliers","article_publisher":"https:\/\/www.facebook.com\/groupequalitel\/","article_modified_time":"2025-11-12T14:37:58+00:00","og_image":[{"width":900,"height":513,"url":"https:\/\/www.qualitel.org\/particuliers\/wp\/..\/uploads\/AdobeStock_378912947.jpg","type":"image\/jpeg"}],"twitter_card":"summary_large_image","twitter_description":"Votre logement n\u2019offre pas un confort thermique optimal, avec des temp\u00e9ratures extr\u00eames et des factures \u00e9lev\u00e9es. Pour am\u00e9liorer la situation, envisagez des travaux de r\u00e9novation \u00e9nerg\u00e9tique. D\u00e9couvrez nos conseils d\u2019experts pour vous guider.\n","twitter_site":"@groupeQUALITEL","twitter_misc":{"Est. reading time":"12 minutes"},"schema":{"@context":"https:\/\/schema.org","@graph":[{"@type":"WebPage","@id":"https:\/\/www.qualitel.org\/particuliers\/travaux-renovation\/confort-thermique\/","url":"https:\/\/www.qualitel.org\/particuliers\/travaux-renovation\/confort-thermique\/","name":"Am\u00e9liorer le confort thermique - Qualitel | Particuliers","isPartOf":{"@id":"https:\/\/www.qualitel.org\/particuliers\/#website"},"primaryImageOfPage":{"@id":"https:\/\/www.qualitel.org\/particuliers\/travaux-renovation\/confort-thermique\/#primaryimage"},"image":{"@id":"https:\/\/www.qualitel.org\/particuliers\/travaux-renovation\/confort-thermique\/#primaryimage"},"thumbnailUrl":"https:\/\/www.qualitel.org\/particuliers\/wp\/..\/uploads\/AdobeStock_378912947.jpg","datePublished":"2021-01-20T14:52:21+00:00","dateModified":"2025-11-12T14:37:58+00:00","description":"Types de travaux, choix de pros, aides financi\u00e8res\u2026 Suivez les conseils de nos experts pour am\u00e9liorer le confort thermique de votre appartement.","breadcrumb":{"@id":"https:\/\/www.qualitel.org\/particuliers\/travaux-renovation\/confort-thermique\/#breadcrumb"},"inLanguage":"fr-FR","potentialAction":[{"@type":"ReadAction","target":["https:\/\/www.qualitel.org\/particuliers\/travaux-renovation\/confort-thermique\/"]}]},{"@type":"ImageObject","inLanguage":"fr-FR","@id":"https:\/\/www.qualitel.org\/particuliers\/travaux-renovation\/confort-thermique\/#primaryimage","url":"https:\/\/www.qualitel.org\/particuliers\/wp\/..\/uploads\/AdobeStock_378912947.jpg","contentUrl":"https:\/\/www.qualitel.org\/particuliers\/wp\/..\/uploads\/AdobeStock_378912947.jpg","width":900,"height":513},{"@type":"BreadcrumbList","@id":"https:\/\/www.qualitel.org\/particuliers\/travaux-renovation\/confort-thermique\/#breadcrumb","itemListElement":[{"@type":"ListItem","position":1,"name":"Accueil","item":"https:\/\/www.qualitel.org\/particuliers\/"},{"@type":"ListItem","position":2,"name":"Quels travaux pouvez-vous r\u00e9aliser dans votre appartement afin d\u2019am\u00e9liorer votre confort thermique ?"}]},{"@type":"WebSite","@id":"https:\/\/www.qualitel.org\/particuliers\/#website","url":"https:\/\/www.qualitel.org\/particuliers\/","name":"Qualitel | Particuliers","description":"","publisher":{"@id":"https:\/\/www.qualitel.org\/particuliers\/#organization"},"potentialAction":[{"@type":"SearchAction","target":{"@type":"EntryPoint","urlTemplate":"https:\/\/www.qualitel.org\/particuliers\/?s={search_term_string}"},"query-input":{"@type":"PropertyValueSpecification","valueRequired":true,"valueName":"search_term_string"}}],"inLanguage":"fr-FR"},{"@type":"Organization","@id":"https:\/\/www.qualitel.org\/particuliers\/#organization","name":"Qualitel | Particuliers","url":"https:\/\/www.qualitel.org\/particuliers\/","logo":{"@type":"ImageObject","inLanguage":"fr-FR","@id":"https:\/\/www.qualitel.org\/particuliers\/#\/schema\/logo\/image\/","url":"https:\/\/www.qualitel.org\/particuliers\/wp\/..\/uploads\/qualitel-squarelogo-1456752654225.png","contentUrl":"https:\/\/www.qualitel.org\/particuliers\/wp\/..\/uploads\/qualitel-squarelogo-1456752654225.png","width":180,"height":180,"caption":"Qualitel | Particuliers"},"image":{"@id":"https:\/\/www.qualitel.org\/particuliers\/#\/schema\/logo\/image\/"},"sameAs":["https:\/\/www.facebook.com\/groupequalitel\/","https:\/\/x.com\/groupeQUALITEL","https:\/\/www.instagram.com\/associationqualitel\/","https:\/\/www.pinterest.fr\/associationqualitel\/"]}]}},"_links":{"self":[{"href":"https:\/\/www.qualitel.org\/particuliers\/wp-json\/wp\/v2\/projet\/21198","targetHints":{"allow":["GET"]}}],"collection":[{"href":"https:\/\/www.qualitel.org\/particuliers\/wp-json\/wp\/v2\/projet"}],"about":[{"href":"https:\/\/www.qualitel.org\/particuliers\/wp-json\/wp\/v2\/types\/projet"}],"version-history":[{"count":101,"href":"https:\/\/www.qualitel.org\/particuliers\/wp-json\/wp\/v2\/projet\/21198\/revisions"}],"predecessor-version":[{"id":51926,"href":"https:\/\/www.qualitel.org\/particuliers\/wp-json\/wp\/v2\/projet\/21198\/revisions\/51926"}],"wp:featuredmedia":[{"embeddable":true,"href":"https:\/\/www.qualitel.org\/particuliers\/wp-json\/wp\/v2\/media\/50059"}],"wp:attachment":[{"href":"https:\/\/www.qualitel.org\/particuliers\/wp-json\/wp\/v2\/media?parent=21198"}],"wp:term":[{"taxonomy":"category","embeddable":true,"href":"https:\/\/www.qualitel.org\/particuliers\/wp-json\/wp\/v2\/categories?post=21198"},{"taxonomy":"tags","embeddable":true,"href":"https:\/\/www.qualitel.org\/particuliers\/wp-json\/wp\/v2\/tags?post=21198"},{"taxonomy":"guide","embeddable":true,"href":"https:\/\/www.qualitel.org\/particuliers\/wp-json\/wp\/v2\/guide?post=21198"},{"taxonomy":"projet_type","embeddable":true,"href":"https:\/\/www.qualitel.org\/particuliers\/wp-json\/wp\/v2\/article_type?post=21198"}],"curies":[{"name":"wp","href":"https:\/\/api.w.org\/{rel}","templated":true}]}}