{"id":2333,"date":"2018-10-08T17:19:34","date_gmt":"2018-10-08T15:19:34","guid":{"rendered":"http:\/\/46.101.208.180\/?post_type=projet&#038;p=2333"},"modified":"2024-08-07T16:40:48","modified_gmt":"2024-08-07T14:40:48","slug":"bien-faire-le-diagnostic-de-votre-salle-de-bain","status":"publish","type":"projet","link":"https:\/\/www.qualitel.org\/particuliers\/travaux-renovation\/salle-de-bain-diagnostic\/","title":{"rendered":"Comment bien faire le diagnostic de votre salle de bain&nbsp;?"},"content":{"rendered":"<p>Rencontrez-vous des probl\u00e8mes de refoulement, de d\u00e9bordement ou de <a href=\"https:\/\/www.qualitel.org\/particuliers\/conseils\/mauvaises-odeurs-maison\/\">mauvaises odeurs<\/a> dans votre salle de bain&nbsp;? Sachez que les d\u00e9g\u00e2ts caus\u00e9s par des <a href=\"https:\/\/www.qualitel.org\/particuliers\/travaux-renovation\/plomberie\/reparer-fuite-eau\/\">fuites<\/a> ou des bouchons peuvent \u00eatre rapidement importants.<\/p>\n<p><strong>Faites appel \u00e0 un plombier<\/strong> pour qu\u2019il vous informe sur l\u2019\u00e9tat des canalisations et les possibilit\u00e9s d\u2019implantation des \u00e9quipements. C\u2019est le professionnel le plus adapt\u00e9 pour vous fournir des indications sur l\u2019ensemble du r\u00e9seau&nbsp;: est-il rouill\u00e9, fuit-il&nbsp;?<\/p>\n<p>Avez-vous assez de lumi\u00e8res, d\u2019interrupteurs et de prises \u00e9lectriques&nbsp;?<\/p>\n<p>Dans votre salle de bain, vous avez besoin de nombreux branchements \u00e9lectriques&nbsp;: machine \u00e0 laver, s\u00e8che-cheveux ou encore s\u00e8che-serviette. Nous vous conseillons aussi de <b>pr\u00e9voir un nombre suffisant de points lumineux<\/b> avec un plafonnier et des spots \u00e9clairant votre vasque et votre miroir. Vous pourrez ainsi choisir l\u2019ambiance ad\u00e9quate pour vous raser de pr\u00e8s, ou vous relaxer dans un bain moussant.<\/p>\n<p>N\u2019oubliez pas que <b>l\u2019\u00e9lectricit\u00e9 peut pr\u00e9senter un vrai danger dans les pi\u00e8ces o\u00f9 il y a de l\u2019eau<\/b>. Faites appel \u00e0 un \u00e9lectricien pour veiller&nbsp;:<\/p>\n<ul>\n<li>au respect des normes de s\u00e9curit\u00e9 (NF C15-100) ;<\/li>\n<li>\u00e0 ce que les \u00e9quipements m\u00e9talliques (machine \u00e0 laver, corps de baignoire ou de douche m\u00e9tallique, s\u00e8che-serviette) soient bien reli\u00e9s entre eux et \u00e0 la terre&nbsp;;<\/li>\n<li>\u00e0 l\u2019implantation et au type de prise de courant.<\/li>\n<\/ul>\n<p>Le respect de ces mesures devra \u00eatre une priorit\u00e9 dans la planification des travaux.<\/p>\n<p>Transmettez bien les <a href=\"https:\/\/www.qualitel.org\/particuliers\/diagnostics-immobiliers\/\">diagnostics<\/a> de votre logement si vous les avez au professionnel contact\u00e9 (en cas d\u2019emm\u00e9nagement) ou renseignez-vous aupr\u00e8s de votre <a href=\"https:\/\/www.qualitel.org\/particuliers\/travaux-renovation\/copropriete\/syndic\/\">syndic de copropri\u00e9t\u00e9<\/a> (si vous \u00eates dans une copropri\u00e9t\u00e9). Gr\u00e2ce \u00e0 ces documents, le professionnel pourra \u00e9valuer la situation et les travaux \u00e0 faire.<\/p>\n<p>Comment votre salle de bain est-elle ventil\u00e9e&nbsp;? Avez-vous des moisissures sur les murs et plafonds&nbsp;? N\u2019h\u00e9sitez pas \u00e0 regarder derri\u00e8re les placards et sur les joints. Y a-t-il une ventilation naturelle, une <a href=\"https:\/\/www.qualitel.org\/particuliers\/conseils\/comment-reconnaitre-le-type-de-ventilation-que-vous-avez-dans-votre-logement\/\">VMC (ventilation m\u00e9canique contr\u00f4l\u00e9e)<\/a>&nbsp;?<\/p>\n<p><strong>Demandez \u00e0 votre professionnel <\/strong>(<a href=\"https:\/\/www.qualitel.org\/particuliers\/pros-batiment\/choisir-architecte\/\" target=\"_blank\" rel=\"noopener\">architecte<\/a>, <a href=\"https:\/\/www.qualitel.org\/particuliers\/pros-batiment\/choisir-plombier-chauffagiste\/\" target=\"_blank\" rel=\"noopener\">plombier<\/a>, etc.) de <strong>dresser un \u00e9tat des lieux de votre syst\u00e8me de ventilation.<\/strong> Les risques de <a href=\"https:\/\/www.qualitel.org\/particuliers\/conseils\/moisissures-comment-lutter-contre-afin-dameliorer-la-qualite-de-lair-dans-votre-logement\/\">moisissure<\/a> sont importants dans les pi\u00e8ces humides comme la salle de bain. Ces moisissures ont un impact sur votre sant\u00e9 et peuvent \u00e9galement \u00e9mettre des <a href=\"https:\/\/www.qualitel.org\/particuliers\/conseils\/comment-lutter-contre-les-composes-organiques-volatils-polluant-lair-de-votre-logement\/\">compos\u00e9s organiques volatils (COV)<\/a>. Pour \u00e9vacuer l\u2019humidit\u00e9 et les diff\u00e9rents polluants, il faut un renouvellement de l\u2019air ambiant. C\u2019est primordial pour la sant\u00e9 des occupants de votre logement et pour le maintien en bon \u00e9tat des mat\u00e9riaux.<\/p>\n<p>Nous vous recommandons de faire installer selon les cas&nbsp;:<\/p>\n<ul>\n<li><strong>une VMC<\/strong> (ventilation m\u00e9canique contr\u00f4l\u00e9e) ;<\/li>\n<li><strong>un a\u00e9rateur de salle de bain<\/strong>, qui reste toutefois moins efficace&nbsp;;<\/li>\n<li>faire poser <strong>une fen\u00eatre<\/strong> si c\u2019est possible. Choisissez-en une \u00e0 double vitrage minimum pour une bonne isolation thermique et phonique.<\/li>\n<\/ul>\n<p>Si vous r\u00e9novez enti\u00e8rement (ou si <a href=\"https:\/\/www.qualitel.org\/particuliers\/travaux-renovation\/comment-creer-sa-salle-de-bain-ou-sa-salle-deau\/\">vous cr\u00e9ez votre salle d\u2019eau<\/a>), demandez-vous o\u00f9 placer les appareils, rangements, \u00e9quipements, etc. Prenez bien en compte vos habitudes de vie.<\/p>\n<p><strong>Projetez-vous aussi dans le temps<\/strong>. Vous comptez avoir des enfants&nbsp;? Pensez \u00e0 am\u00e9nager votre salle de bain avec des \u00e9quipements adapt\u00e9s pour les laver et les langer. Anticipez \u00e9galement vos besoins quand vous ne serez plus tout jeune et que votre salle de bain deviendra la pi\u00e8ce de tous les dangers en favorisant l\u2019<a href=\"https:\/\/www.qualitel.org\/particuliers\/travaux-renovation\/accessibilite\/\">accessibilit\u00e9<\/a> de votre int\u00e9rieur. Le choix des \u00e9quipements en d\u00e9pendent.<\/p>\n<p><strong>Faites des simulations sur le plan de la salle de bain<\/strong> avec des formes reprenant la silhouette des \u00e9quipements (baignoire, douche, lave-linge, rangements, etc.) pour v\u00e9rifier la bonne disposition des \u00e9l\u00e9ments et la possibilit\u00e9 d\u2019y circuler facilement.<\/p>\n<p>Pour bien r\u00e9nover votre salle de bain, consultez notre guide pour conna\u00eetre <a href=\"https:\/\/www.qualitel.org\/particuliers\/travaux-renovation\/salle-de-bain\/\" target=\"_blank\" rel=\"noopener\">toutes les \u00e9tapes<\/a>.<\/p>\n","protected":false},"featured_media":0,"parent":2331,"menu_order":1,"template":"","categories":[203,208,213,220],"tags":[440,434,442],"guide":[462],"article_type":[],"class_list":["post-2333","projet","type-projet","status-publish","hentry","category-confort","category-eco-responsabilite","category-sante","category-securite","tags-plomberie","tags-salle-de-bain","tags-ventilation","guide-sous-guide-de-renovation"],"acf":[],"yoast_head":"<!-- This site is optimized with the Yoast SEO plugin v26.2 - https:\/\/yoast.com\/wordpress\/plugins\/seo\/ -->\n<title>Le diagnostic de la salle de bain - Qualitel | Particuliers<\/title>\n<meta name=\"description\" content=\"Avant de r\u00e9nover votre salle de bain, d\u00e9finissez bien votre projet. Que r\u00e9nover ? Pour d\u00e9terminer l\u2019ampleur des travaux avec les professionnels, posez-vous ces questions pr\u00e9par\u00e9es par nos experts.\" \/>\n<meta name=\"robots\" content=\"index, follow, max-snippet:-1, max-image-preview:large, max-video-preview:-1\" \/>\n<link rel=\"canonical\" href=\"https:\/\/www.qualitel.org\/particuliers\/travaux-renovation\/salle-de-bain-diagnostic\/\" \/>\n<meta property=\"og:locale\" content=\"fr_FR\" \/>\n<meta property=\"og:type\" content=\"article\" \/>\n<meta property=\"og:title\" content=\"Comment bien faire le diagnostic de votre salle de bain ?\" \/>\n<meta property=\"og:description\" content=\"Avant de r\u00e9nover votre salle de bain, d\u00e9finissez bien votre projet. Que r\u00e9nover&nbsp;? Pour d\u00e9terminer l\u2019ampleur des travaux avec les professionnels, posez-vous ces questions pr\u00e9par\u00e9es par nos experts.\" \/>\n<meta property=\"og:url\" content=\"https:\/\/www.qualitel.org\/particuliers\/travaux-renovation\/salle-de-bain-diagnostic\/\" \/>\n<meta property=\"og:site_name\" content=\"Qualitel | Particuliers\" \/>\n<meta property=\"article:publisher\" content=\"https:\/\/www.facebook.com\/groupequalitel\/\" \/>\n<meta property=\"article:modified_time\" content=\"2024-08-07T14:40:48+00:00\" \/>\n<meta property=\"og:image\" content=\"https:\/\/www.qualitel.org\/particuliers\/wp\/..\/uploads\/qualitel_social_part.jpg\" \/>\n\t<meta property=\"og:image:width\" content=\"1080\" \/>\n\t<meta property=\"og:image:height\" content=\"1080\" \/>\n\t<meta property=\"og:image:type\" content=\"image\/jpeg\" \/>\n<meta name=\"twitter:card\" content=\"summary_large_image\" \/>\n<meta name=\"twitter:title\" content=\"Comment bien faire le diagnostic de votre salle de bain ?\" \/>\n<meta name=\"twitter:description\" content=\"Avant de r\u00e9nover votre salle de bain, d\u00e9finissez bien votre projet. Que r\u00e9nover&nbsp;? Pour d\u00e9terminer l\u2019ampleur des travaux avec les professionnels, posez-vous ces questions pr\u00e9par\u00e9es par nos experts.\n\" \/>\n<meta name=\"twitter:site\" content=\"@groupeQUALITEL\" \/>\n<meta name=\"twitter:label1\" content=\"Est. reading time\" \/>\n\t<meta name=\"twitter:data1\" content=\"3 minutes\" \/>\n<script type=\"application\/ld+json\" class=\"yoast-schema-graph\">{\"@context\":\"https:\/\/schema.org\",\"@graph\":[{\"@type\":\"WebPage\",\"@id\":\"https:\/\/www.qualitel.org\/particuliers\/travaux-renovation\/salle-de-bain-diagnostic\/\",\"url\":\"https:\/\/www.qualitel.org\/particuliers\/travaux-renovation\/salle-de-bain-diagnostic\/\",\"name\":\"Le diagnostic de la salle de bain - Qualitel | Particuliers\",\"isPartOf\":{\"@id\":\"https:\/\/www.qualitel.org\/particuliers\/#website\"},\"datePublished\":\"2018-10-08T15:19:34+00:00\",\"dateModified\":\"2024-08-07T14:40:48+00:00\",\"description\":\"Avant de r\u00e9nover votre salle de bain, d\u00e9finissez bien votre projet. Que r\u00e9nover ? Pour d\u00e9terminer l\u2019ampleur des travaux avec les professionnels, posez-vous ces questions pr\u00e9par\u00e9es par nos experts.\",\"breadcrumb\":{\"@id\":\"https:\/\/www.qualitel.org\/particuliers\/travaux-renovation\/salle-de-bain-diagnostic\/#breadcrumb\"},\"inLanguage\":\"fr-FR\",\"potentialAction\":[{\"@type\":\"ReadAction\",\"target\":[\"https:\/\/www.qualitel.org\/particuliers\/travaux-renovation\/salle-de-bain-diagnostic\/\"]}]},{\"@type\":\"BreadcrumbList\",\"@id\":\"https:\/\/www.qualitel.org\/particuliers\/travaux-renovation\/salle-de-bain-diagnostic\/#breadcrumb\",\"itemListElement\":[{\"@type\":\"ListItem\",\"position\":1,\"name\":\"Accueil\",\"item\":\"https:\/\/www.qualitel.org\/particuliers\/\"},{\"@type\":\"ListItem\",\"position\":2,\"name\":\"R\u00e9novation d\u2019une salle de bain\",\"item\":\"https:\/\/www.qualitel.org\/particuliers\/travaux-renovation\/salle-de-bain\/\"},{\"@type\":\"ListItem\",\"position\":3,\"name\":\"Comment bien faire le diagnostic de votre salle de bain&nbsp;?\"}]},{\"@type\":\"WebSite\",\"@id\":\"https:\/\/www.qualitel.org\/particuliers\/#website\",\"url\":\"https:\/\/www.qualitel.org\/particuliers\/\",\"name\":\"Qualitel | Particuliers\",\"description\":\"\",\"publisher\":{\"@id\":\"https:\/\/www.qualitel.org\/particuliers\/#organization\"},\"potentialAction\":[{\"@type\":\"SearchAction\",\"target\":{\"@type\":\"EntryPoint\",\"urlTemplate\":\"https:\/\/www.qualitel.org\/particuliers\/?s={search_term_string}\"},\"query-input\":{\"@type\":\"PropertyValueSpecification\",\"valueRequired\":true,\"valueName\":\"search_term_string\"}}],\"inLanguage\":\"fr-FR\"},{\"@type\":\"Organization\",\"@id\":\"https:\/\/www.qualitel.org\/particuliers\/#organization\",\"name\":\"Qualitel | Particuliers\",\"url\":\"https:\/\/www.qualitel.org\/particuliers\/\",\"logo\":{\"@type\":\"ImageObject\",\"inLanguage\":\"fr-FR\",\"@id\":\"https:\/\/www.qualitel.org\/particuliers\/#\/schema\/logo\/image\/\",\"url\":\"https:\/\/www.qualitel.org\/particuliers\/wp\/..\/uploads\/qualitel-squarelogo-1456752654225.png\",\"contentUrl\":\"https:\/\/www.qualitel.org\/particuliers\/wp\/..\/uploads\/qualitel-squarelogo-1456752654225.png\",\"width\":180,\"height\":180,\"caption\":\"Qualitel | Particuliers\"},\"image\":{\"@id\":\"https:\/\/www.qualitel.org\/particuliers\/#\/schema\/logo\/image\/\"},\"sameAs\":[\"https:\/\/www.facebook.com\/groupequalitel\/\",\"https:\/\/x.com\/groupeQUALITEL\",\"https:\/\/www.instagram.com\/associationqualitel\/\",\"https:\/\/www.pinterest.fr\/associationqualitel\/\"]}]}<\/script>\n<!-- \/ Yoast SEO plugin. -->","yoast_head_json":{"title":"Le diagnostic de la salle de bain - Qualitel | Particuliers","description":"Avant de r\u00e9nover votre salle de bain, d\u00e9finissez bien votre projet. Que r\u00e9nover ? Pour d\u00e9terminer l\u2019ampleur des travaux avec les professionnels, posez-vous ces questions pr\u00e9par\u00e9es par nos experts.","robots":{"index":"index","follow":"follow","max-snippet":"max-snippet:-1","max-image-preview":"max-image-preview:large","max-video-preview":"max-video-preview:-1"},"canonical":"https:\/\/www.qualitel.org\/particuliers\/travaux-renovation\/salle-de-bain-diagnostic\/","og_locale":"fr_FR","og_type":"article","og_title":"Comment bien faire le diagnostic de votre salle de bain ?","og_description":"Avant de r\u00e9nover votre salle de bain, d\u00e9finissez bien votre projet. Que r\u00e9nover&nbsp;? Pour d\u00e9terminer l\u2019ampleur des travaux avec les professionnels, posez-vous ces questions pr\u00e9par\u00e9es par nos experts.","og_url":"https:\/\/www.qualitel.org\/particuliers\/travaux-renovation\/salle-de-bain-diagnostic\/","og_site_name":"Qualitel | Particuliers","article_publisher":"https:\/\/www.facebook.com\/groupequalitel\/","article_modified_time":"2024-08-07T14:40:48+00:00","og_image":[{"width":1080,"height":1080,"url":"https:\/\/www.qualitel.org\/particuliers\/wp\/..\/uploads\/qualitel_social_part.jpg","type":"image\/jpeg"}],"twitter_card":"summary_large_image","twitter_title":"Comment bien faire le diagnostic de votre salle de bain ?","twitter_description":"Avant de r\u00e9nover votre salle de bain, d\u00e9finissez bien votre projet. Que r\u00e9nover&nbsp;? Pour d\u00e9terminer l\u2019ampleur des travaux avec les professionnels, posez-vous ces questions pr\u00e9par\u00e9es par nos experts.\n","twitter_site":"@groupeQUALITEL","twitter_misc":{"Est. reading time":"3 minutes"},"schema":{"@context":"https:\/\/schema.org","@graph":[{"@type":"WebPage","@id":"https:\/\/www.qualitel.org\/particuliers\/travaux-renovation\/salle-de-bain-diagnostic\/","url":"https:\/\/www.qualitel.org\/particuliers\/travaux-renovation\/salle-de-bain-diagnostic\/","name":"Le diagnostic de la salle de bain - Qualitel | Particuliers","isPartOf":{"@id":"https:\/\/www.qualitel.org\/particuliers\/#website"},"datePublished":"2018-10-08T15:19:34+00:00","dateModified":"2024-08-07T14:40:48+00:00","description":"Avant de r\u00e9nover votre salle de bain, d\u00e9finissez bien votre projet. Que r\u00e9nover ? Pour d\u00e9terminer l\u2019ampleur des travaux avec les professionnels, posez-vous ces questions pr\u00e9par\u00e9es par nos experts.","breadcrumb":{"@id":"https:\/\/www.qualitel.org\/particuliers\/travaux-renovation\/salle-de-bain-diagnostic\/#breadcrumb"},"inLanguage":"fr-FR","potentialAction":[{"@type":"ReadAction","target":["https:\/\/www.qualitel.org\/particuliers\/travaux-renovation\/salle-de-bain-diagnostic\/"]}]},{"@type":"BreadcrumbList","@id":"https:\/\/www.qualitel.org\/particuliers\/travaux-renovation\/salle-de-bain-diagnostic\/#breadcrumb","itemListElement":[{"@type":"ListItem","position":1,"name":"Accueil","item":"https:\/\/www.qualitel.org\/particuliers\/"},{"@type":"ListItem","position":2,"name":"R\u00e9novation d\u2019une salle de bain","item":"https:\/\/www.qualitel.org\/particuliers\/travaux-renovation\/salle-de-bain\/"},{"@type":"ListItem","position":3,"name":"Comment bien faire le diagnostic de votre salle de bain&nbsp;?"}]},{"@type":"WebSite","@id":"https:\/\/www.qualitel.org\/particuliers\/#website","url":"https:\/\/www.qualitel.org\/particuliers\/","name":"Qualitel | Particuliers","description":"","publisher":{"@id":"https:\/\/www.qualitel.org\/particuliers\/#organization"},"potentialAction":[{"@type":"SearchAction","target":{"@type":"EntryPoint","urlTemplate":"https:\/\/www.qualitel.org\/particuliers\/?s={search_term_string}"},"query-input":{"@type":"PropertyValueSpecification","valueRequired":true,"valueName":"search_term_string"}}],"inLanguage":"fr-FR"},{"@type":"Organization","@id":"https:\/\/www.qualitel.org\/particuliers\/#organization","name":"Qualitel | Particuliers","url":"https:\/\/www.qualitel.org\/particuliers\/","logo":{"@type":"ImageObject","inLanguage":"fr-FR","@id":"https:\/\/www.qualitel.org\/particuliers\/#\/schema\/logo\/image\/","url":"https:\/\/www.qualitel.org\/particuliers\/wp\/..\/uploads\/qualitel-squarelogo-1456752654225.png","contentUrl":"https:\/\/www.qualitel.org\/particuliers\/wp\/..\/uploads\/qualitel-squarelogo-1456752654225.png","width":180,"height":180,"caption":"Qualitel | Particuliers"},"image":{"@id":"https:\/\/www.qualitel.org\/particuliers\/#\/schema\/logo\/image\/"},"sameAs":["https:\/\/www.facebook.com\/groupequalitel\/","https:\/\/x.com\/groupeQUALITEL","https:\/\/www.instagram.com\/associationqualitel\/","https:\/\/www.pinterest.fr\/associationqualitel\/"]}]}},"_links":{"self":[{"href":"https:\/\/www.qualitel.org\/particuliers\/wp-json\/wp\/v2\/projet\/2333","targetHints":{"allow":["GET"]}}],"collection":[{"href":"https:\/\/www.qualitel.org\/particuliers\/wp-json\/wp\/v2\/projet"}],"about":[{"href":"https:\/\/www.qualitel.org\/particuliers\/wp-json\/wp\/v2\/types\/projet"}],"version-history":[{"count":54,"href":"https:\/\/www.qualitel.org\/particuliers\/wp-json\/wp\/v2\/projet\/2333\/revisions"}],"predecessor-version":[{"id":47036,"href":"https:\/\/www.qualitel.org\/particuliers\/wp-json\/wp\/v2\/projet\/2333\/revisions\/47036"}],"up":[{"embeddable":true,"href":"https:\/\/www.qualitel.org\/particuliers\/wp-json\/wp\/v2\/projet\/2331"}],"wp:attachment":[{"href":"https:\/\/www.qualitel.org\/particuliers\/wp-json\/wp\/v2\/media?parent=2333"}],"wp:term":[{"taxonomy":"category","embeddable":true,"href":"https:\/\/www.qualitel.org\/particuliers\/wp-json\/wp\/v2\/categories?post=2333"},{"taxonomy":"tags","embeddable":true,"href":"https:\/\/www.qualitel.org\/particuliers\/wp-json\/wp\/v2\/tags?post=2333"},{"taxonomy":"guide","embeddable":true,"href":"https:\/\/www.qualitel.org\/particuliers\/wp-json\/wp\/v2\/guide?post=2333"},{"taxonomy":"projet_type","embeddable":true,"href":"https:\/\/www.qualitel.org\/particuliers\/wp-json\/wp\/v2\/article_type?post=2333"}],"curies":[{"name":"wp","href":"https:\/\/api.w.org\/{rel}","templated":true}]}}