{"id":2337,"date":"2022-02-28T17:23:14","date_gmt":"2022-02-28T16:23:14","guid":{"rendered":"http:\/\/46.101.208.180\/?post_type=projet&#038;p=2337"},"modified":"2025-07-29T11:18:37","modified_gmt":"2025-07-29T09:18:37","slug":"bien-renover-votre-sejour","status":"publish","type":"projet","link":"https:\/\/www.qualitel.org\/particuliers\/travaux-renovation\/sejour\/","title":{"rendered":"Les \u00e9tapes pour bien refaire son salon"},"content":{"rendered":"<p>La premi\u00e8re \u00e9tape pour relooker efficacement votre salon est d\u2019en dresser un \u00e9tat des lieux. Regardez votre pi\u00e8ce sous toutes les coutures pour d\u00e9terminer ce que vous devez inclure comme travaux dans votre projet de relooking et de <a href=\"https:\/\/www.qualitel.org\/particuliers\/travaux-renovation\/sejour\/\">r\u00e9novation du s\u00e9jour<\/a>. Faut-il changer le sol, refaire la peinture, mettre aux normes l\u2019\u00e9lectricit\u00e9, <a href=\"https:\/\/www.qualitel.org\/particuliers\/travaux-renovation\/fenetres\/\">changer les fen\u00eatres<\/a>, le syst\u00e8me de chauffage ou simplement quelques meubles comme la table basse, la salle \u00e0 manger ou le canap\u00e9&nbsp;?<\/p>\n<p>Apr\u00e8s l\u2019\u00e9tat des lieux de votre s\u00e9jour actuel, <b>pensez au budget que vous pouvez consacrer \u00e0 cette r\u00e9novation, en ayant en t\u00eate que des co\u00fbts suppl\u00e9mentaires seront sans doute \u00e0 pr\u00e9voir<\/b>. En cas de petit budget, il est possible d\u2019emprunter certaines techniques de d\u00e9coration int\u00e9rieure au home staging plut\u00f4t que de refaire tout son salon. Vous pouvez par exemple repeindre et customiser vos meubles pour les remettre au go\u00fbt du jour au lieu de les changer.<\/p>\n<p>Pour r\u00e9nover votre s\u00e9jour et financer des travaux plus lourds que le relooking (installation d\u2019un po\u00eale \u00e0 bois, changement des fen\u00eatres, pose de rev\u00eatements par un professionnel, etc.), vous pouvez soit d\u00e9bloquer des fonds personnels, soit prendre un cr\u00e9dit travaux aupr\u00e8s d\u2019un \u00e9tablissement bancaire.<\/p>\n<p>Il existe \u00e9galement diff\u00e9rents <a href=\"https:\/\/www.qualitel.org\/particuliers\/travaux-renovation\/cout-renovation-maison\/\" target=\"_blank\" rel=\"noopener\"><strong>aides financi\u00e8res<\/strong><\/a> si la r\u00e9novation de votre s\u00e9jour permet de r\u00e9aliser des gains \u00e9cologiques (<a href=\"https:\/\/www.qualitel.org\/particuliers\/isolation\/isolation-mur-interieur\/\">isolation des murs par l\u2019int\u00e9rieur<\/a>, installation d\u2019un <a href=\"https:\/\/www.qualitel.org\/particuliers\/equipements-et-materiaux-maison\/chauffage\/poeles\/\">po\u00eale<\/a> \u00e0 bois, remplacement des fen\u00eatres, pose d\u2019une <a href=\"https:\/\/www.qualitel.org\/particuliers\/equipements-et-materiaux-maison\/ventilation\/vmc-double-flux\/\">VMC double flux<\/a>\u2026) ou des subventions accord\u00e9es sous conditions par les collectivit\u00e9s locales, etc.<\/p>\n<p><strong>Bon \u00e0 savoir&nbsp;:<\/strong> il existe plusieurs sites qui permettent de simuler le montant de vos aides financi\u00e8res comme <a href=\"https:\/\/france-renov.gouv.fr\/aides\/simulation\">France R\u00e9nov\u2019<\/a> ou <a href=\"https:\/\/aidesauxtravaux.fr\/?enseigne=oscar#\/accueil\">Oscar<\/a>.<\/p>\n<p>Avec ce projet de r\u00e9novation, c\u2019est l\u2019occasion d\u2019agencer votre espace de vie de mani\u00e8re plus optimale et de d\u00e9cloisonner en ouvrant par exemple la cuisine sur le salon. Nous vous recommandons de vous<b> faire accompagner&nbsp;par un professionnel<\/b> pour la phase de conception afin d\u2019\u00eatre guid\u00e9 dans vos choix. Ce professionnel va prendre en compte vos besoins, l\u2019emplacement des murs porteurs, de la distribution \u00e9lectrique, des gaines, canalisations et c\u00e2bles pour vous proposer un projet personnalis\u00e9.&nbsp;Il \u00e9tablira un <a href=\"https:\/\/www.qualitel.org\/particuliers\/comprendre-vos-documents\/plans-darchitecte\/\">plan<\/a> et des vues de votre futur s\u00e9jour en 3D pour acter l\u2019agencement tout en veillant au respect des normes de s\u00e9curit\u00e9.<\/p>\n<p><strong>Quel est le bon professionnel pour vous accompagner dans votre projet&nbsp;: un architecte, un architecte d\u2019int\u00e9rieur ou une entreprise g\u00e9n\u00e9rale de travaux&nbsp;?<\/strong><\/p>\n<p>Pour refaire votre s\u00e9jour, diff\u00e9rents corps de m\u00e9tier peuvent \u00eatre amen\u00e9s \u00e0 intervenir&nbsp;en fonction de votre projet&nbsp;: chauffagiste, pl\u00e2trier-plaquiste, \u00e9lectricien, menuisier, peintre, etc.&nbsp;Si vous avez choisi de vous faire accompagner par un professionnel pour r\u00e9aliser les plans (<a href=\"https:\/\/www.qualitel.org\/particuliers\/pros-batiment\/choisir-architecte\/\" target=\"_blank\" rel=\"noopener\">architecte<\/a>, <a href=\"https:\/\/www.qualitel.org\/particuliers\/pros-batiment\/choisir-architecte-dinterieur\/\" target=\"_blank\" rel=\"noopener\">architecte d\u2019int\u00e9rieur<\/a>), il pourra aussi vous accompagner pour le choix des artisans ou de l\u2019<a href=\"https:\/\/www.qualitel.org\/particuliers\/pros-batiment\/choisir-entreprise-generale-de-travaux\/\">entreprise g\u00e9n\u00e9rale de travaux<\/a>.<\/p>\n<p>Pour en savoir plus sur les r\u00f4les et missions de chaque artisan, consultez les fiches pratiques r\u00e9alis\u00e9es par nos experts. Nous vous indiquons tous les points \u00e0 v\u00e9rifier et les questions \u00e0 poser.<\/p>\n<p>&nbsp;<\/p>\n<h3>Vous vivez en appartement&nbsp;?<\/h3>\n<p>Nous vous recommandons de consulter le r\u00e8glement de copropri\u00e9t\u00e9 afin de conna\u00eetre les contraintes \u00e9ventuelles.<\/p>\n<h3>Vous vivez en maison&nbsp;?<\/h3>\n<p>Renseignez-vous aupr\u00e8s de votre mairie sur les normes d\u2019urbanisme pr\u00e9vues par le <a href=\"https:\/\/www.qualitel.org\/particuliers\/comprendre-vos-documents\/plan-local-urbanisme\/\">Plan local d\u2019urbanisme (PLU)<\/a>, qui d\u00e9terminent <a href=\"https:\/\/www.qualitel.org\/particuliers\/travaux-renovation\/permis-construire\/\" rel=\"noopener\">les d\u00e9marches<\/a> que vous aurez \u00e0 faire.<\/p>\n<p>En cas de transformation d\u2019une fen\u00eatre en une porte-fen\u00eatre ou une baie vitr\u00e9e, qui modifie l\u2019aspect ext\u00e9rieur du b\u00e2timent, une autorisation pr\u00e9alable sera sans doute n\u00e9cessaire. Mais si ce dernier est prot\u00e9g\u00e9 (class\u00e9 monument historique) ou si votre projet cumule le percement d\u2019un mur et un agrandissement d\u2019espace, vous devrez obtenir une autorisation de travaux voire un <a href=\"https:\/\/www.qualitel.org\/particuliers\/comprendre-vos-documents\/permis-construire\/\">permis de construire<\/a>.<\/p>\n<p>Pour un s\u00e9jour sain, s\u00fbr et confortable, le choix des mat\u00e9riaux et \u00e9quipements est primordial. Parmi les diff\u00e9rents signes de qualit\u00e9, le <b>marquage NF<\/b><b> est \u00e0 privil\u00e9gier. Cette certification est un rep\u00e8re utile pour avoir la garantie de bons mat\u00e9riaux et \u00e9quipements. <\/b><\/p>\n<h3><b><img loading=\"lazy\" decoding=\"async\" class=\"alignright size-medium wp-image-4032\" src=\"https:\/\/www.qualitel.org\/particuliers\/wp\/..\/uploads\/emissions-air-interieur-300x159.png\" alt width=\"300\" height=\"159\" srcset=\"https:\/\/www.qualitel.org\/particuliers\/wp\/..\/uploads\/emissions-air-interieur-300x159.png 300w, https:\/\/www.qualitel.org\/particuliers\/wp\/..\/uploads\/emissions-air-interieur.png 557w\" sizes=\"auto, (max-width: 300px) 100vw, 300px\"><\/b>Rev\u00eatements muraux<\/h3>\n<p>Dans le choix des rev\u00eatements muraux (<a href=\"https:\/\/www.qualitel.org\/particuliers\/equipements-et-materiaux-maison\/revetement-mural\/papier-peint\/\">papier peint<\/a>, <a href=\"https:\/\/www.qualitel.org\/particuliers\/equipements-et-materiaux\/peinture-interieure\/\">peinture<\/a>, <a href=\"https:\/\/www.qualitel.org\/particuliers\/equipements-et-materiaux-maison\/revetement-mural\/habillages-en-bois\/\">lambris ou habillage en bois<\/a>, <a href=\"https:\/\/www.qualitel.org\/particuliers\/equipements-et-materiaux-maison\/revetement-mural\/tissus-muraux\/\">tissu mural<\/a>, etc.), il n\u2019y a pas que la couleur ou l\u2019imprim\u00e9 qui compte. Mais \u00e9galement la finition et la composition. Regardez l\u2019<a href=\"https:\/\/www.qualitel.org\/particuliers\/conseils\/a-quoi-sert-letiquette-sanitaire\/\">\u00e9tiquette sanitaire<\/a> sur les produits de construction en contact avec l\u2019air int\u00e9rieur. Cet \u00e9tiquetage indique pour chaque produit le niveau d\u2019\u00e9mission de <a href=\"https:\/\/www.qualitel.org\/particuliers\/conseils\/comment-lutter-contre-les-composes-organiques-volatils-polluant-lair-de-votre-logement\/\">compos\u00e9s organiques volatils<\/a>. Privil\u00e9giez les produits avec une \u00e9tiquette A+ qui regroupe ceux ayant les plus faibles \u00e9missions de COV.<\/p>\n<h3>Rev\u00eatements de sol<\/h3>\n<p>Vous en avez marre de la moquette beige (et tach\u00e9e) dans votre s\u00e9jour&nbsp;? <a href=\"https:\/\/www.qualitel.org\/particuliers\/equipements-et-materiaux-maison\/revetement-sol\/carrelage\/\">Carrelage<\/a>, <a href=\"https:\/\/www.qualitel.org\/particuliers\/equipements-et-materiaux-maison\/revetement-sol\/beton\/\">b\u00e9ton<\/a>\/<a href=\"https:\/\/www.qualitel.org\/particuliers\/equipements-et-materiaux-maison\/revetement-sol\/beton-cire\/\">b\u00e9ton cir\u00e9<\/a> ou <a href=\"https:\/\/www.qualitel.org\/particuliers\/equipements-et-materiaux-maison\/revetement-sol\/parquets\/\">parquet<\/a> peuvent \u00eatre d\u2019autres options, en faisant attention \u00e0 maintenir, voire \u00e0 am\u00e9liorer, la qualit\u00e9 acoustique de votre sol, par rapport aux voisins. V\u00e9rifiez bien que votre choix est permis par le r\u00e8glement de copropri\u00e9t\u00e9.<\/p>\n<h3>Fen\u00eatres<\/h3>\n<p>Elles peuvent \u00eatre en<strong> bois, en aluminium ou en PVC<\/strong>. \u00c0 vitrage identique, leurs performances sont globalement \u00e9quivalentes, avec cependant des <strong>exigences d\u2019<a href=\"https:\/\/www.qualitel.org\/particuliers\/conseils\/comment-bien-entretenir-les-portes-fenetres-et-volets-de-votre-logement\/\">entretien<\/a><\/strong> diff\u00e9rentes pour le bois, qui n\u00e9cessite en g\u00e9n\u00e9ral un renouvellement r\u00e9gulier de la peinture ou du vernis de protection. Si vous \u00eates en copropri\u00e9t\u00e9, regardez dans le r\u00e8glement de copropri\u00e9t\u00e9 s\u2019il y a des indications pr\u00e9cises sur le mod\u00e8le de fen\u00eatre \u00e0 choisir. Pour une bonne isolation phonique et thermique, privil\u00e9giez au minimum du double vitrage.<\/p>\n<p>Pour vous aider dans vos recherches, suivez nos recommandations en mati\u00e8re de d\u00e9coration int\u00e9rieure&nbsp;:<\/p>\n<p><a href=\"https:\/\/www.qualitel.org\/particuliers\/travaux-renovation\/gestion-chantier-renovation\/\">G\u00e9rer un chantier<\/a> est une mission complexe&nbsp;: bien coordonner les diff\u00e9rents artisans, contr\u00f4ler les interventions de chacun et v\u00e9rifier les d\u00e9lais. Nous vous recommandons de vous faire accompagner par un professionnel pour un chantier serein et de qualit\u00e9. Au fil de ces \u00e9tapes, participez aux rendez-vous de chantier organis\u00e9s par votre professionnel. Pour un bon <a href=\"https:\/\/www.qualitel.org\/particuliers\/travaux-renovation\/suivre-chantier-renovation\/\">suivi de chantier<\/a>, venez avec les plans, prenez des notes et des photos.<\/p>\n<p>\u00c0 la fin des travaux vient l\u2019\u00e9tape de la <b><a href=\"https:\/\/www.qualitel.org\/particuliers\/travaux-renovation\/reception-fin-de-travaux\/\">r\u00e9ception des travaux<\/a>, rendez-vous \u00e0 ne pas rater car il d\u00e9clenche le d\u00e9marrage des d\u00e9lais de garantie<\/b>.<\/p>\n","protected":false},"featured_media":0,"parent":0,"menu_order":0,"template":"","categories":[203,208,213,220],"tags":[418,435],"guide":[331],"article_type":[],"class_list":["post-2337","projet","type-projet","status-publish","hentry","category-confort","category-eco-responsabilite","category-sante","category-securite","tags-renovation","tags-sejour","guide-guide-de-travaux-de-pieces"],"acf":[],"yoast_head":"<!-- This site is optimized with the Yoast SEO plugin v26.2 - https:\/\/yoast.com\/wordpress\/plugins\/seo\/ -->\n<title>Travaux de r\u00e9novation salon - Qualitel | Particuliers<\/title>\n<meta name=\"description\" content=\"Envie de refaire son salon ? Afin de mener votre projet de r\u00e9novation du salon\/s\u00e9jour en toute s\u00e9r\u00e9nit\u00e9, suivez les conseils de nos experts\" \/>\n<meta name=\"robots\" content=\"index, follow, max-snippet:-1, max-image-preview:large, max-video-preview:-1\" \/>\n<link rel=\"canonical\" href=\"https:\/\/www.qualitel.org\/particuliers\/travaux-renovation\/sejour\/\" \/>\n<meta property=\"og:locale\" content=\"fr_FR\" \/>\n<meta property=\"og:type\" content=\"article\" \/>\n<meta property=\"og:title\" content=\"Les \u00e9tapes pour bien r\u00e9nover votre s\u00e9jour\" \/>\n<meta property=\"og:description\" content=\"Envie de moderniser votre salon&nbsp;? Mobilier vieillot, rev\u00eatements ab\u00eem\u00e9s, fen\u00eatres peu performantes\u2026 Il est temps de donner un coup de neuf \u00e0 cet espace de vie essentiel. D\u00e9couvrez les conseils de nos experts pour une r\u00e9novation r\u00e9ussie.\" \/>\n<meta property=\"og:url\" content=\"https:\/\/www.qualitel.org\/particuliers\/travaux-renovation\/sejour\/\" \/>\n<meta property=\"og:site_name\" content=\"Qualitel | Particuliers\" \/>\n<meta property=\"article:publisher\" content=\"https:\/\/www.facebook.com\/groupequalitel\/\" \/>\n<meta property=\"article:modified_time\" content=\"2025-07-29T09:18:37+00:00\" \/>\n<meta property=\"og:image\" content=\"https:\/\/www.qualitel.org\/particuliers\/wp\/..\/uploads\/emissions-air-interieur.png\" \/>\n\t<meta property=\"og:image:width\" content=\"557\" \/>\n\t<meta property=\"og:image:height\" content=\"296\" \/>\n\t<meta property=\"og:image:type\" content=\"image\/png\" \/>\n<meta name=\"twitter:card\" content=\"summary_large_image\" \/>\n<meta name=\"twitter:title\" content=\"Les \u00e9tapes pour bien r\u00e9nover votre s\u00e9jour\" \/>\n<meta name=\"twitter:description\" content=\"Envie de moderniser votre salon&nbsp;? Mobilier vieillot, rev\u00eatements ab\u00eem\u00e9s, fen\u00eatres peu performantes\u2026 Il est temps de donner un coup de neuf \u00e0 cet espace de vie essentiel. D\u00e9couvrez les conseils de nos experts pour une r\u00e9novation r\u00e9ussie.\n\" \/>\n<meta name=\"twitter:site\" content=\"@groupeQUALITEL\" \/>\n<meta name=\"twitter:label1\" content=\"Est. reading time\" \/>\n\t<meta name=\"twitter:data1\" content=\"12 minutes\" \/>\n<script type=\"application\/ld+json\" class=\"yoast-schema-graph\">{\"@context\":\"https:\/\/schema.org\",\"@graph\":[{\"@type\":\"WebPage\",\"@id\":\"https:\/\/www.qualitel.org\/particuliers\/travaux-renovation\/sejour\/\",\"url\":\"https:\/\/www.qualitel.org\/particuliers\/travaux-renovation\/sejour\/\",\"name\":\"Travaux de r\u00e9novation salon - Qualitel | Particuliers\",\"isPartOf\":{\"@id\":\"https:\/\/www.qualitel.org\/particuliers\/#website\"},\"primaryImageOfPage\":{\"@id\":\"https:\/\/www.qualitel.org\/particuliers\/travaux-renovation\/sejour\/#primaryimage\"},\"image\":{\"@id\":\"https:\/\/www.qualitel.org\/particuliers\/travaux-renovation\/sejour\/#primaryimage\"},\"thumbnailUrl\":\"https:\/\/www.qualitel.org\/particuliers\/wp\/..\/uploads\/emissions-air-interieur-300x159.png\",\"datePublished\":\"2022-02-28T16:23:14+00:00\",\"dateModified\":\"2025-07-29T09:18:37+00:00\",\"description\":\"Envie de refaire son salon ? Afin de mener votre projet de r\u00e9novation du salon\/s\u00e9jour en toute s\u00e9r\u00e9nit\u00e9, suivez les conseils de nos experts\",\"breadcrumb\":{\"@id\":\"https:\/\/www.qualitel.org\/particuliers\/travaux-renovation\/sejour\/#breadcrumb\"},\"inLanguage\":\"fr-FR\",\"potentialAction\":[{\"@type\":\"ReadAction\",\"target\":[\"https:\/\/www.qualitel.org\/particuliers\/travaux-renovation\/sejour\/\"]}]},{\"@type\":\"ImageObject\",\"inLanguage\":\"fr-FR\",\"@id\":\"https:\/\/www.qualitel.org\/particuliers\/travaux-renovation\/sejour\/#primaryimage\",\"url\":\"https:\/\/www.qualitel.org\/particuliers\/wp\/..\/uploads\/emissions-air-interieur.png\",\"contentUrl\":\"https:\/\/www.qualitel.org\/particuliers\/wp\/..\/uploads\/emissions-air-interieur.png\",\"width\":557,\"height\":296},{\"@type\":\"BreadcrumbList\",\"@id\":\"https:\/\/www.qualitel.org\/particuliers\/travaux-renovation\/sejour\/#breadcrumb\",\"itemListElement\":[{\"@type\":\"ListItem\",\"position\":1,\"name\":\"Accueil\",\"item\":\"https:\/\/www.qualitel.org\/particuliers\/\"},{\"@type\":\"ListItem\",\"position\":2,\"name\":\"Les \u00e9tapes pour bien refaire son salon\"}]},{\"@type\":\"WebSite\",\"@id\":\"https:\/\/www.qualitel.org\/particuliers\/#website\",\"url\":\"https:\/\/www.qualitel.org\/particuliers\/\",\"name\":\"Qualitel | Particuliers\",\"description\":\"\",\"publisher\":{\"@id\":\"https:\/\/www.qualitel.org\/particuliers\/#organization\"},\"potentialAction\":[{\"@type\":\"SearchAction\",\"target\":{\"@type\":\"EntryPoint\",\"urlTemplate\":\"https:\/\/www.qualitel.org\/particuliers\/?s={search_term_string}\"},\"query-input\":{\"@type\":\"PropertyValueSpecification\",\"valueRequired\":true,\"valueName\":\"search_term_string\"}}],\"inLanguage\":\"fr-FR\"},{\"@type\":\"Organization\",\"@id\":\"https:\/\/www.qualitel.org\/particuliers\/#organization\",\"name\":\"Qualitel | Particuliers\",\"url\":\"https:\/\/www.qualitel.org\/particuliers\/\",\"logo\":{\"@type\":\"ImageObject\",\"inLanguage\":\"fr-FR\",\"@id\":\"https:\/\/www.qualitel.org\/particuliers\/#\/schema\/logo\/image\/\",\"url\":\"https:\/\/www.qualitel.org\/particuliers\/wp\/..\/uploads\/qualitel-squarelogo-1456752654225.png\",\"contentUrl\":\"https:\/\/www.qualitel.org\/particuliers\/wp\/..\/uploads\/qualitel-squarelogo-1456752654225.png\",\"width\":180,\"height\":180,\"caption\":\"Qualitel | Particuliers\"},\"image\":{\"@id\":\"https:\/\/www.qualitel.org\/particuliers\/#\/schema\/logo\/image\/\"},\"sameAs\":[\"https:\/\/www.facebook.com\/groupequalitel\/\",\"https:\/\/x.com\/groupeQUALITEL\",\"https:\/\/www.instagram.com\/associationqualitel\/\",\"https:\/\/www.pinterest.fr\/associationqualitel\/\"]}]}<\/script>\n<!-- \/ Yoast SEO plugin. -->","yoast_head_json":{"title":"Travaux de r\u00e9novation salon - Qualitel | Particuliers","description":"Envie de refaire son salon ? Afin de mener votre projet de r\u00e9novation du salon\/s\u00e9jour en toute s\u00e9r\u00e9nit\u00e9, suivez les conseils de nos experts","robots":{"index":"index","follow":"follow","max-snippet":"max-snippet:-1","max-image-preview":"max-image-preview:large","max-video-preview":"max-video-preview:-1"},"canonical":"https:\/\/www.qualitel.org\/particuliers\/travaux-renovation\/sejour\/","og_locale":"fr_FR","og_type":"article","og_title":"Les \u00e9tapes pour bien r\u00e9nover votre s\u00e9jour","og_description":"Envie de moderniser votre salon&nbsp;? Mobilier vieillot, rev\u00eatements ab\u00eem\u00e9s, fen\u00eatres peu performantes\u2026 Il est temps de donner un coup de neuf \u00e0 cet espace de vie essentiel. D\u00e9couvrez les conseils de nos experts pour une r\u00e9novation r\u00e9ussie.","og_url":"https:\/\/www.qualitel.org\/particuliers\/travaux-renovation\/sejour\/","og_site_name":"Qualitel | Particuliers","article_publisher":"https:\/\/www.facebook.com\/groupequalitel\/","article_modified_time":"2025-07-29T09:18:37+00:00","og_image":[{"width":557,"height":296,"url":"https:\/\/www.qualitel.org\/particuliers\/wp\/..\/uploads\/emissions-air-interieur.png","type":"image\/png"}],"twitter_card":"summary_large_image","twitter_title":"Les \u00e9tapes pour bien r\u00e9nover votre s\u00e9jour","twitter_description":"Envie de moderniser votre salon&nbsp;? Mobilier vieillot, rev\u00eatements ab\u00eem\u00e9s, fen\u00eatres peu performantes\u2026 Il est temps de donner un coup de neuf \u00e0 cet espace de vie essentiel. D\u00e9couvrez les conseils de nos experts pour une r\u00e9novation r\u00e9ussie.\n","twitter_site":"@groupeQUALITEL","twitter_misc":{"Est. reading time":"12 minutes"},"schema":{"@context":"https:\/\/schema.org","@graph":[{"@type":"WebPage","@id":"https:\/\/www.qualitel.org\/particuliers\/travaux-renovation\/sejour\/","url":"https:\/\/www.qualitel.org\/particuliers\/travaux-renovation\/sejour\/","name":"Travaux de r\u00e9novation salon - Qualitel | Particuliers","isPartOf":{"@id":"https:\/\/www.qualitel.org\/particuliers\/#website"},"primaryImageOfPage":{"@id":"https:\/\/www.qualitel.org\/particuliers\/travaux-renovation\/sejour\/#primaryimage"},"image":{"@id":"https:\/\/www.qualitel.org\/particuliers\/travaux-renovation\/sejour\/#primaryimage"},"thumbnailUrl":"https:\/\/www.qualitel.org\/particuliers\/wp\/..\/uploads\/emissions-air-interieur-300x159.png","datePublished":"2022-02-28T16:23:14+00:00","dateModified":"2025-07-29T09:18:37+00:00","description":"Envie de refaire son salon ? Afin de mener votre projet de r\u00e9novation du salon\/s\u00e9jour en toute s\u00e9r\u00e9nit\u00e9, suivez les conseils de nos experts","breadcrumb":{"@id":"https:\/\/www.qualitel.org\/particuliers\/travaux-renovation\/sejour\/#breadcrumb"},"inLanguage":"fr-FR","potentialAction":[{"@type":"ReadAction","target":["https:\/\/www.qualitel.org\/particuliers\/travaux-renovation\/sejour\/"]}]},{"@type":"ImageObject","inLanguage":"fr-FR","@id":"https:\/\/www.qualitel.org\/particuliers\/travaux-renovation\/sejour\/#primaryimage","url":"https:\/\/www.qualitel.org\/particuliers\/wp\/..\/uploads\/emissions-air-interieur.png","contentUrl":"https:\/\/www.qualitel.org\/particuliers\/wp\/..\/uploads\/emissions-air-interieur.png","width":557,"height":296},{"@type":"BreadcrumbList","@id":"https:\/\/www.qualitel.org\/particuliers\/travaux-renovation\/sejour\/#breadcrumb","itemListElement":[{"@type":"ListItem","position":1,"name":"Accueil","item":"https:\/\/www.qualitel.org\/particuliers\/"},{"@type":"ListItem","position":2,"name":"Les \u00e9tapes pour bien refaire son salon"}]},{"@type":"WebSite","@id":"https:\/\/www.qualitel.org\/particuliers\/#website","url":"https:\/\/www.qualitel.org\/particuliers\/","name":"Qualitel | Particuliers","description":"","publisher":{"@id":"https:\/\/www.qualitel.org\/particuliers\/#organization"},"potentialAction":[{"@type":"SearchAction","target":{"@type":"EntryPoint","urlTemplate":"https:\/\/www.qualitel.org\/particuliers\/?s={search_term_string}"},"query-input":{"@type":"PropertyValueSpecification","valueRequired":true,"valueName":"search_term_string"}}],"inLanguage":"fr-FR"},{"@type":"Organization","@id":"https:\/\/www.qualitel.org\/particuliers\/#organization","name":"Qualitel | Particuliers","url":"https:\/\/www.qualitel.org\/particuliers\/","logo":{"@type":"ImageObject","inLanguage":"fr-FR","@id":"https:\/\/www.qualitel.org\/particuliers\/#\/schema\/logo\/image\/","url":"https:\/\/www.qualitel.org\/particuliers\/wp\/..\/uploads\/qualitel-squarelogo-1456752654225.png","contentUrl":"https:\/\/www.qualitel.org\/particuliers\/wp\/..\/uploads\/qualitel-squarelogo-1456752654225.png","width":180,"height":180,"caption":"Qualitel | Particuliers"},"image":{"@id":"https:\/\/www.qualitel.org\/particuliers\/#\/schema\/logo\/image\/"},"sameAs":["https:\/\/www.facebook.com\/groupequalitel\/","https:\/\/x.com\/groupeQUALITEL","https:\/\/www.instagram.com\/associationqualitel\/","https:\/\/www.pinterest.fr\/associationqualitel\/"]}]}},"_links":{"self":[{"href":"https:\/\/www.qualitel.org\/particuliers\/wp-json\/wp\/v2\/projet\/2337","targetHints":{"allow":["GET"]}}],"collection":[{"href":"https:\/\/www.qualitel.org\/particuliers\/wp-json\/wp\/v2\/projet"}],"about":[{"href":"https:\/\/www.qualitel.org\/particuliers\/wp-json\/wp\/v2\/types\/projet"}],"version-history":[{"count":139,"href":"https:\/\/www.qualitel.org\/particuliers\/wp-json\/wp\/v2\/projet\/2337\/revisions"}],"predecessor-version":[{"id":50446,"href":"https:\/\/www.qualitel.org\/particuliers\/wp-json\/wp\/v2\/projet\/2337\/revisions\/50446"}],"wp:attachment":[{"href":"https:\/\/www.qualitel.org\/particuliers\/wp-json\/wp\/v2\/media?parent=2337"}],"wp:term":[{"taxonomy":"category","embeddable":true,"href":"https:\/\/www.qualitel.org\/particuliers\/wp-json\/wp\/v2\/categories?post=2337"},{"taxonomy":"tags","embeddable":true,"href":"https:\/\/www.qualitel.org\/particuliers\/wp-json\/wp\/v2\/tags?post=2337"},{"taxonomy":"guide","embeddable":true,"href":"https:\/\/www.qualitel.org\/particuliers\/wp-json\/wp\/v2\/guide?post=2337"},{"taxonomy":"projet_type","embeddable":true,"href":"https:\/\/www.qualitel.org\/particuliers\/wp-json\/wp\/v2\/article_type?post=2337"}],"curies":[{"name":"wp","href":"https:\/\/api.w.org\/{rel}","templated":true}]}}