{"id":2339,"date":"2018-10-08T17:22:53","date_gmt":"2018-10-08T15:22:53","guid":{"rendered":"http:\/\/46.101.208.180\/?post_type=projet&#038;p=2339"},"modified":"2025-01-10T14:49:18","modified_gmt":"2025-01-10T13:49:18","slug":"bien-faire-le-diagnostic-de-votre-sejour","status":"publish","type":"projet","link":"https:\/\/www.qualitel.org\/particuliers\/travaux-renovation\/sejour-diagnostic\/","title":{"rendered":"Comment bien faire le diagnostic de votre s\u00e9jour&nbsp;?"},"content":{"rendered":"<p>Pour vous sentir bien dans la pi\u00e8ce principale de votre logement, la question du chauffage est essentielle. Quitte \u00e0 r\u00e9nover votre s\u00e9jour, profitez-en pour voir si ce n\u2019est pas le moment de vous pr\u00e9occuper de tout ce qui pourra contribuer \u00e0 un meilleur confort thermique (syst\u00e8me de chauffage, isolation, fen\u00eatres\u2026)<\/p>\n<p>Avez-vous un <a href=\"https:\/\/www.qualitel.org\/particuliers\/diagnostics-immobiliers\/dpe\/\" rel=\"noopener\">diagnostic de performance \u00e9nerg\u00e9tique (DPE)<\/a> de votre logement&nbsp;? Regardez la note attribu\u00e9e&nbsp;: si vous avez un <a href=\"https:\/\/www.qualitel.org\/particuliers\/diagnostics-immobiliers\/dpe\/classe-energetique-c\/\">DPE C<\/a> ou inf\u00e9rieur, c\u2019est le moment d\u2019agir. Cela peut signifier que votre syst\u00e8me de chauffage consomme peut-\u00eatre un peu trop ou qu\u2019il n\u2019y a pas suffisamment de radiateurs dans la pi\u00e8ce.<\/p>\n<p>Avez-vous assez de <strong>prises de courant<\/strong> pour brancher tous vos appareils&nbsp;? Poss\u00e9dez-vous un <a href=\"https:\/\/www.qualitel.org\/particuliers\/diagnostics-immobiliers\/electrique\/\">diagnostic \u00e9lectrique<\/a> r\u00e9cent de votre logement&nbsp;? Nous conseillons d\u2019en faire r\u00e9aliser un avant vos travaux. Lisez bien les constats dress\u00e9s par le <a href=\"https:\/\/www.qualitel.org\/particuliers\/pros-batiment\/choisir-diagnostiqueur\/\" target=\"_blank\" rel=\"noopener\">diagnostiqueur<\/a>. Cela va vous permettre de savoir si des travaux sont \u00e0 programmer.<\/p>\n<p>Dans votre s\u00e9jour, il <strong>faut de nombreux branchements \u00e9lectriques <\/strong>&nbsp;: t\u00e9l\u00e9viseur, lecteur DVD, box, lampes, etc. Confiez la mise aux normes (si votre diagnostic \u00e9lectrique vous le recommande) ou les travaux \u00e0 un&nbsp;<a href=\"https:\/\/www.qualitel.org\/particuliers\/pros-batiment\/choisir-electricien\/\" target=\"_blank\" rel=\"noopener\">\u00e9lectricien<\/a> pour qu\u2019il veille \u00e0 la s\u00e9curit\u00e9, \u00e0 la qualit\u00e9 de votre installation \u00e9lectrique, \u00e0 la distribution VDI (TV, t\u00e9l\u00e9phone et informatique) et \u00e0 la bonne r\u00e9partition de prises de courant pr\u00e8s des \u00e9quipements et des interrupteurs. C\u2019est le moment d\u2019en finir avec les c\u00e2bles apparents et les rallonges&nbsp;! Ces travaux vous permettront \u00e9galement de <a href=\"https:\/\/www.qualitel.org\/particuliers\/travaux-renovation\/electricite\/\" target=\"_blank\" rel=\"noopener\">mettre aux normes votre installation<\/a>.<\/p>\n<p>Profitez, \u00e9galement, de la r\u00e9novation pour <strong>changer votre \u00e9clairage.<\/strong> Nous vous recommandons de pr\u00e9voir un nombre suffisant de points lumineux avec des <a href=\"https:\/\/www.qualitel.org\/particuliers\/conseils\/x-comment-bien-eclairer-votre-logement\/\" target=\"_blank\" rel=\"noopener\">\u00e9clairages directs, indirects ou diffus<\/a>. Par exemple, pr\u00e8s de votre canap\u00e9, veillez \u00e0 pouvoir brancher une liseuse. Vous pourrez ainsi choisir la bonne ambiance selon si vous faites une soir\u00e9e entre amis ou si vous regardez un film bien install\u00e9 dans votre canap\u00e9.<\/p>\n<p>Veillez au bon renouvellement de l\u2019air int\u00e9rieur de votre s\u00e9jour&nbsp;! La ventilation permet <a href=\"https:\/\/www.qualitel.org\/fileadmin\/user_upload\/documents\/Referentiels_Documentation\/Dossiers_Thematiques\/Dossier_Thematique_QualiteAir_GrandPublic_WEB.pdf\" target=\"_blank\" rel=\"noopener\">d\u2019\u00e9vacuer les diff\u00e9rents polluants<\/a> et d\u2019\u00e9viter les probl\u00e8mes d\u2019<a href=\"https:\/\/www.qualitel.org\/particuliers\/conseils\/mesurer-taux-humidite\/\">humidit\u00e9<\/a>, tout en assurant un bon confort thermique.<\/p>\n<p>Dans le salon, nous vous recommandons d\u2019avoir des <strong>entr\u00e9es d\u2019air<\/strong> qui donnent sur l\u2019ext\u00e9rieur et une bouche d\u2019extraction d\u2019air ou un passage d\u2019air vers les autres pi\u00e8ces. Demandez conseil \u00e0 votre professionnel (<a href=\"https:\/\/www.qualitel.org\/particuliers\/pros-batiment\/choisir-architecte\/\" target=\"_blank\" rel=\"noopener\">architecte<\/a>, <a href=\"https:\/\/www.qualitel.org\/particuliers\/pros-batiment\/choisir-plombier-chauffagiste\/\" target=\"_blank\" rel=\"noopener\">plombier-chauffagiste<\/a>, etc.) qui pourra dresser un \u00e9tat des lieux de votre <a href=\"https:\/\/www.qualitel.org\/particuliers\/travaux-renovation\/systeme-de-ventilation\/\">syst\u00e8me de ventilation<\/a> et pr\u00e9coniser les travaux \u00e0 mener.<\/p>\n<p>&nbsp;<\/p>\n<p>Vos fen\u00eatres sont-elles \u00e9quip\u00e9es d\u2019un double vitrage&nbsp;? Est ce que vous sentez de l\u2019air passer lorsqu\u2019elles sont ferm\u00e9es&nbsp;?&nbsp; Pour v\u00e9rifier cela, nous vous conseillons de faire un test simple&nbsp;: coincez une feuille dans la fen\u00eatre et refermez-la. Si le papier s\u2019enl\u00e8ve facilement, cela signifie que les joints isolants ne sont plus efficaces et qu\u2019il faut agir. Cela va vous permettre de mieux isoler votre logement du froid mais aussi des bruits ext\u00e9rieurs. Demandez conseil \u00e0 un sp\u00e9cialiste (<a href=\"https:\/\/www.qualitel.org\/particuliers\/pros-batiment\/choisir-fenetrier\/\" rel=\"noopener\">fen\u00eatrier<\/a>, <a href=\"https:\/\/www.qualitel.org\/particuliers\/pros-batiment\/choisir-menuisier\/\" rel=\"noopener\">menuisier<\/a>) pour <a href=\"https:\/\/www.qualitel.org\/particuliers\/equipements-et-materiaux\/fenetres\/\" rel=\"noopener\">choisir les types d\u2019ouverture et les mat\u00e9riaux (bois, aluminium, PVC) de vos fen\u00eatres.<\/a><\/p>\n<p>Si vous \u00eates g\u00ean\u00e9s par le bruit de la rue, choisissez un double vitrage plus \u00e9pais ou feuillet\u00e9 acoustique, et des entr\u00e9es d\u2019air acoustiques. <b>Nous vous conseillons de choisir des <\/b><a href=\"https:\/\/evaluation.cstb.fr\/doc\/certification\/reglement-acotherm.pdf\"><b>fen\u00eatres certifi\u00e9es&nbsp;Acotherm<\/b><\/a><b>. Leurs qualit\u00e9s acoustiques sont garanties.<\/b><\/p>\n<p>\u00cates-vous g\u00ean\u00e9 par des <a href=\"https:\/\/www.youtube.com\/watch?v=6_aa8Vc3Z3k&amp;t=2s\" target=\"_blank\" rel=\"noopener\"><strong>nuisances sonores<\/strong> dans votre logement<\/a>&nbsp;? Profitez du projet de r\u00e9novation de votre salon pour isoler davantage votre pi\u00e8ce si vous \u00eates g\u00ean\u00e9 par des <a href=\"https:\/\/www.qualitel.org\/particuliers\/travaux-renovation\/isolation-phonique-bruits-de-chocs\/\">bruits d\u2019impact<\/a> (chocs \u00e9mis sur le plancher, objets qui roulent, chaises qui raclent, etc.).<\/p>\n<p>Le saviez-vous&nbsp;?&nbsp; \u00ab&nbsp;<i>Les nuisances sonores g\u00e9n\u00e8rent du stress et, de fa\u00e7on r\u00e9p\u00e9t\u00e9e, une mauvaise qualit\u00e9 de sommeil. Cela entra\u00eene \u00e0 terme une augmentation des maladies cardiovasculaires <\/i>&nbsp;\u00bb, explique <a href=\"https:\/\/www.qualitel.org\/particuliers\/conseils\/nuisances-sonores-quels-sont-les-risques-pour-la-sante\/\" rel=\"noopener\">Nicolas Balanant, expert acoustique de Qualitel<\/a>.<\/p>\n<p>Pour traiter les bruits d\u2019impact et selon les recommandations de l\u2019acousticien, nous vous conseillons de faire isoler les faux-plafonds et les murs avec une laine min\u00e9rale (<a href=\"https:\/\/www.qualitel.org\/particuliers\/isolation\/laine-de-verre\/\">laine de verre<\/a>, <a href=\"https:\/\/www.qualitel.org\/particuliers\/isolation\/laine-de-roche\/\">laine de roche<\/a>), une <a href=\"https:\/\/www.qualitel.org\/particuliers\/isolation\/laine-de-chanvre\/\">laine de chanvre<\/a> ou encore une <a href=\"https:\/\/www.qualitel.org\/particuliers\/isolation\/laine-de-bois\/\">laine de bois<\/a>. Le bruit passe un peu partout, donc les fa\u00e7ades, les conduits de chemin\u00e9e, les gaines techniques, les conduits traversant, etc., doivent aussi \u00eatre isol\u00e9s.<\/p>\n<p>Pour ne pas g\u00eaner vos voisins, choisissez un <a href=\"https:\/\/www.qualitel.org\/particuliers\/equipements-et-materiaux\/revetement-sol\/\">rev\u00eatement de sol<\/a> qui limite les bruits d\u2019impacts ou compl\u00e9tez-le par une couche qui absorbe ces bruits.<\/p>\n<p>Souhaitez-vous un s\u00e9jour plus spacieux en cr\u00e9ant une ouverture sur une autre pi\u00e8ce&nbsp;? O\u00f9 comptez-vous placer les appareils, les rangements, les \u00e9quipements, le mobilier etc.&nbsp;?<\/p>\n<p>Prenez bien en compte vos habitudes de vie pour d\u00e9finir cet am\u00e9nagement. <strong>Faites des simulations sur le plan de votre s\u00e9jour<\/strong> avec des formes reprenant la silhouette de vos meubles, \u00e9quipements et rangements. Cette m\u00e9thode va vous aider \u00e0 v\u00e9rifier la bonne disposition des \u00e9l\u00e9ments et la possibilit\u00e9 d\u2019y circuler facilement.<\/p>\n<p>&nbsp;<\/p>\n","protected":false},"featured_media":0,"parent":2337,"menu_order":0,"template":"","categories":[203,208,213,220],"tags":[436,431,418,435],"guide":[462],"article_type":[],"class_list":["post-2339","projet","type-projet","status-publish","hentry","category-confort","category-eco-responsabilite","category-sante","category-securite","tags-choix-equipement","tags-diagnostic","tags-renovation","tags-sejour","guide-sous-guide-de-renovation"],"acf":[],"yoast_head":"<!-- This site is optimized with the Yoast SEO plugin v26.2 - https:\/\/yoast.com\/wordpress\/plugins\/seo\/ -->\n<title>Diagnostic travaux s\u00e9jour - Qualitel | Particuliers<\/title>\n<meta name=\"description\" content=\"Avant de commencer la r\u00e9novation de votre s\u00e9jour, prenez le temps d&#039;\u00e9valuer les travaux \u00e0 r\u00e9aliser. Pour vous guider, voici une liste de questions \u00e0 consid\u00e9rer pour d\u00e9finir l&#039;ampleur du projet avec des professionnels.\" \/>\n<meta name=\"robots\" content=\"index, follow, max-snippet:-1, max-image-preview:large, max-video-preview:-1\" \/>\n<link rel=\"canonical\" href=\"https:\/\/www.qualitel.org\/particuliers\/travaux-renovation\/sejour-diagnostic\/\" \/>\n<meta property=\"og:locale\" content=\"fr_FR\" \/>\n<meta property=\"og:type\" content=\"article\" \/>\n<meta property=\"og:title\" content=\"Comment bien faire le diagnostic de votre s\u00e9jour ?\" \/>\n<meta property=\"og:description\" content=\"Avant de commencer la r\u00e9novation de votre s\u00e9jour, prenez le temps d\u2019\u00e9valuer les travaux \u00e0 r\u00e9aliser. Pour vous guider, voici une liste de questions \u00e0 consid\u00e9rer pour d\u00e9finir l\u2019ampleur du projet avec des professionnels.\" \/>\n<meta property=\"og:url\" content=\"https:\/\/www.qualitel.org\/particuliers\/travaux-renovation\/sejour-diagnostic\/\" \/>\n<meta property=\"og:site_name\" content=\"Qualitel | Particuliers\" \/>\n<meta property=\"article:publisher\" content=\"https:\/\/www.facebook.com\/groupequalitel\/\" \/>\n<meta property=\"article:modified_time\" content=\"2025-01-10T13:49:18+00:00\" \/>\n<meta property=\"og:image\" content=\"https:\/\/www.qualitel.org\/particuliers\/wp\/..\/uploads\/qualitel_social_part.jpg\" \/>\n\t<meta property=\"og:image:width\" content=\"1080\" \/>\n\t<meta property=\"og:image:height\" content=\"1080\" \/>\n\t<meta property=\"og:image:type\" content=\"image\/jpeg\" \/>\n<meta name=\"twitter:card\" content=\"summary_large_image\" \/>\n<meta name=\"twitter:title\" content=\"Comment bien faire le diagnostic de votre s\u00e9jour ?\" \/>\n<meta name=\"twitter:description\" content=\"Avant de commencer la r\u00e9novation de votre s\u00e9jour, prenez le temps d\u2019\u00e9valuer les travaux \u00e0 r\u00e9aliser. Pour vous guider, voici une liste de questions \u00e0 consid\u00e9rer pour d\u00e9finir l\u2019ampleur du projet avec des professionnels.\n\" \/>\n<meta name=\"twitter:site\" content=\"@groupeQUALITEL\" \/>\n<meta name=\"twitter:label1\" content=\"Est. reading time\" \/>\n\t<meta name=\"twitter:data1\" content=\"11 minutes\" \/>\n<script type=\"application\/ld+json\" class=\"yoast-schema-graph\">{\"@context\":\"https:\/\/schema.org\",\"@graph\":[{\"@type\":\"WebPage\",\"@id\":\"https:\/\/www.qualitel.org\/particuliers\/travaux-renovation\/sejour-diagnostic\/\",\"url\":\"https:\/\/www.qualitel.org\/particuliers\/travaux-renovation\/sejour-diagnostic\/\",\"name\":\"Diagnostic travaux s\u00e9jour - Qualitel | Particuliers\",\"isPartOf\":{\"@id\":\"https:\/\/www.qualitel.org\/particuliers\/#website\"},\"datePublished\":\"2018-10-08T15:22:53+00:00\",\"dateModified\":\"2025-01-10T13:49:18+00:00\",\"description\":\"Avant de commencer la r\u00e9novation de votre s\u00e9jour, prenez le temps d'\u00e9valuer les travaux \u00e0 r\u00e9aliser. Pour vous guider, voici une liste de questions \u00e0 consid\u00e9rer pour d\u00e9finir l'ampleur du projet avec des professionnels.\",\"breadcrumb\":{\"@id\":\"https:\/\/www.qualitel.org\/particuliers\/travaux-renovation\/sejour-diagnostic\/#breadcrumb\"},\"inLanguage\":\"fr-FR\",\"potentialAction\":[{\"@type\":\"ReadAction\",\"target\":[\"https:\/\/www.qualitel.org\/particuliers\/travaux-renovation\/sejour-diagnostic\/\"]}]},{\"@type\":\"BreadcrumbList\",\"@id\":\"https:\/\/www.qualitel.org\/particuliers\/travaux-renovation\/sejour-diagnostic\/#breadcrumb\",\"itemListElement\":[{\"@type\":\"ListItem\",\"position\":1,\"name\":\"Accueil\",\"item\":\"https:\/\/www.qualitel.org\/particuliers\/\"},{\"@type\":\"ListItem\",\"position\":2,\"name\":\"Les \u00e9tapes pour bien refaire son salon\",\"item\":\"https:\/\/www.qualitel.org\/particuliers\/travaux-renovation\/sejour\/\"},{\"@type\":\"ListItem\",\"position\":3,\"name\":\"Comment bien faire le diagnostic de votre s\u00e9jour ?\"}]},{\"@type\":\"WebSite\",\"@id\":\"https:\/\/www.qualitel.org\/particuliers\/#website\",\"url\":\"https:\/\/www.qualitel.org\/particuliers\/\",\"name\":\"Qualitel | Particuliers\",\"description\":\"\",\"publisher\":{\"@id\":\"https:\/\/www.qualitel.org\/particuliers\/#organization\"},\"potentialAction\":[{\"@type\":\"SearchAction\",\"target\":{\"@type\":\"EntryPoint\",\"urlTemplate\":\"https:\/\/www.qualitel.org\/particuliers\/?s={search_term_string}\"},\"query-input\":{\"@type\":\"PropertyValueSpecification\",\"valueRequired\":true,\"valueName\":\"search_term_string\"}}],\"inLanguage\":\"fr-FR\"},{\"@type\":\"Organization\",\"@id\":\"https:\/\/www.qualitel.org\/particuliers\/#organization\",\"name\":\"Qualitel | Particuliers\",\"url\":\"https:\/\/www.qualitel.org\/particuliers\/\",\"logo\":{\"@type\":\"ImageObject\",\"inLanguage\":\"fr-FR\",\"@id\":\"https:\/\/www.qualitel.org\/particuliers\/#\/schema\/logo\/image\/\",\"url\":\"https:\/\/www.qualitel.org\/particuliers\/wp\/..\/uploads\/qualitel-squarelogo-1456752654225.png\",\"contentUrl\":\"https:\/\/www.qualitel.org\/particuliers\/wp\/..\/uploads\/qualitel-squarelogo-1456752654225.png\",\"width\":180,\"height\":180,\"caption\":\"Qualitel | Particuliers\"},\"image\":{\"@id\":\"https:\/\/www.qualitel.org\/particuliers\/#\/schema\/logo\/image\/\"},\"sameAs\":[\"https:\/\/www.facebook.com\/groupequalitel\/\",\"https:\/\/x.com\/groupeQUALITEL\",\"https:\/\/www.instagram.com\/associationqualitel\/\",\"https:\/\/www.pinterest.fr\/associationqualitel\/\"]}]}<\/script>\n<!-- \/ Yoast SEO plugin. -->","yoast_head_json":{"title":"Diagnostic travaux s\u00e9jour - Qualitel | Particuliers","description":"Avant de commencer la r\u00e9novation de votre s\u00e9jour, prenez le temps d'\u00e9valuer les travaux \u00e0 r\u00e9aliser. Pour vous guider, voici une liste de questions \u00e0 consid\u00e9rer pour d\u00e9finir l'ampleur du projet avec des professionnels.","robots":{"index":"index","follow":"follow","max-snippet":"max-snippet:-1","max-image-preview":"max-image-preview:large","max-video-preview":"max-video-preview:-1"},"canonical":"https:\/\/www.qualitel.org\/particuliers\/travaux-renovation\/sejour-diagnostic\/","og_locale":"fr_FR","og_type":"article","og_title":"Comment bien faire le diagnostic de votre s\u00e9jour ?","og_description":"Avant de commencer la r\u00e9novation de votre s\u00e9jour, prenez le temps d\u2019\u00e9valuer les travaux \u00e0 r\u00e9aliser. Pour vous guider, voici une liste de questions \u00e0 consid\u00e9rer pour d\u00e9finir l\u2019ampleur du projet avec des professionnels.","og_url":"https:\/\/www.qualitel.org\/particuliers\/travaux-renovation\/sejour-diagnostic\/","og_site_name":"Qualitel | Particuliers","article_publisher":"https:\/\/www.facebook.com\/groupequalitel\/","article_modified_time":"2025-01-10T13:49:18+00:00","og_image":[{"width":1080,"height":1080,"url":"https:\/\/www.qualitel.org\/particuliers\/wp\/..\/uploads\/qualitel_social_part.jpg","type":"image\/jpeg"}],"twitter_card":"summary_large_image","twitter_title":"Comment bien faire le diagnostic de votre s\u00e9jour ?","twitter_description":"Avant de commencer la r\u00e9novation de votre s\u00e9jour, prenez le temps d\u2019\u00e9valuer les travaux \u00e0 r\u00e9aliser. Pour vous guider, voici une liste de questions \u00e0 consid\u00e9rer pour d\u00e9finir l\u2019ampleur du projet avec des professionnels.\n","twitter_site":"@groupeQUALITEL","twitter_misc":{"Est. reading time":"11 minutes"},"schema":{"@context":"https:\/\/schema.org","@graph":[{"@type":"WebPage","@id":"https:\/\/www.qualitel.org\/particuliers\/travaux-renovation\/sejour-diagnostic\/","url":"https:\/\/www.qualitel.org\/particuliers\/travaux-renovation\/sejour-diagnostic\/","name":"Diagnostic travaux s\u00e9jour - Qualitel | Particuliers","isPartOf":{"@id":"https:\/\/www.qualitel.org\/particuliers\/#website"},"datePublished":"2018-10-08T15:22:53+00:00","dateModified":"2025-01-10T13:49:18+00:00","description":"Avant de commencer la r\u00e9novation de votre s\u00e9jour, prenez le temps d'\u00e9valuer les travaux \u00e0 r\u00e9aliser. Pour vous guider, voici une liste de questions \u00e0 consid\u00e9rer pour d\u00e9finir l'ampleur du projet avec des professionnels.","breadcrumb":{"@id":"https:\/\/www.qualitel.org\/particuliers\/travaux-renovation\/sejour-diagnostic\/#breadcrumb"},"inLanguage":"fr-FR","potentialAction":[{"@type":"ReadAction","target":["https:\/\/www.qualitel.org\/particuliers\/travaux-renovation\/sejour-diagnostic\/"]}]},{"@type":"BreadcrumbList","@id":"https:\/\/www.qualitel.org\/particuliers\/travaux-renovation\/sejour-diagnostic\/#breadcrumb","itemListElement":[{"@type":"ListItem","position":1,"name":"Accueil","item":"https:\/\/www.qualitel.org\/particuliers\/"},{"@type":"ListItem","position":2,"name":"Les \u00e9tapes pour bien refaire son salon","item":"https:\/\/www.qualitel.org\/particuliers\/travaux-renovation\/sejour\/"},{"@type":"ListItem","position":3,"name":"Comment bien faire le diagnostic de votre s\u00e9jour ?"}]},{"@type":"WebSite","@id":"https:\/\/www.qualitel.org\/particuliers\/#website","url":"https:\/\/www.qualitel.org\/particuliers\/","name":"Qualitel | Particuliers","description":"","publisher":{"@id":"https:\/\/www.qualitel.org\/particuliers\/#organization"},"potentialAction":[{"@type":"SearchAction","target":{"@type":"EntryPoint","urlTemplate":"https:\/\/www.qualitel.org\/particuliers\/?s={search_term_string}"},"query-input":{"@type":"PropertyValueSpecification","valueRequired":true,"valueName":"search_term_string"}}],"inLanguage":"fr-FR"},{"@type":"Organization","@id":"https:\/\/www.qualitel.org\/particuliers\/#organization","name":"Qualitel | Particuliers","url":"https:\/\/www.qualitel.org\/particuliers\/","logo":{"@type":"ImageObject","inLanguage":"fr-FR","@id":"https:\/\/www.qualitel.org\/particuliers\/#\/schema\/logo\/image\/","url":"https:\/\/www.qualitel.org\/particuliers\/wp\/..\/uploads\/qualitel-squarelogo-1456752654225.png","contentUrl":"https:\/\/www.qualitel.org\/particuliers\/wp\/..\/uploads\/qualitel-squarelogo-1456752654225.png","width":180,"height":180,"caption":"Qualitel | Particuliers"},"image":{"@id":"https:\/\/www.qualitel.org\/particuliers\/#\/schema\/logo\/image\/"},"sameAs":["https:\/\/www.facebook.com\/groupequalitel\/","https:\/\/x.com\/groupeQUALITEL","https:\/\/www.instagram.com\/associationqualitel\/","https:\/\/www.pinterest.fr\/associationqualitel\/"]}]}},"_links":{"self":[{"href":"https:\/\/www.qualitel.org\/particuliers\/wp-json\/wp\/v2\/projet\/2339","targetHints":{"allow":["GET"]}}],"collection":[{"href":"https:\/\/www.qualitel.org\/particuliers\/wp-json\/wp\/v2\/projet"}],"about":[{"href":"https:\/\/www.qualitel.org\/particuliers\/wp-json\/wp\/v2\/types\/projet"}],"version-history":[{"count":133,"href":"https:\/\/www.qualitel.org\/particuliers\/wp-json\/wp\/v2\/projet\/2339\/revisions"}],"predecessor-version":[{"id":48878,"href":"https:\/\/www.qualitel.org\/particuliers\/wp-json\/wp\/v2\/projet\/2339\/revisions\/48878"}],"up":[{"embeddable":true,"href":"https:\/\/www.qualitel.org\/particuliers\/wp-json\/wp\/v2\/projet\/2337"}],"wp:attachment":[{"href":"https:\/\/www.qualitel.org\/particuliers\/wp-json\/wp\/v2\/media?parent=2339"}],"wp:term":[{"taxonomy":"category","embeddable":true,"href":"https:\/\/www.qualitel.org\/particuliers\/wp-json\/wp\/v2\/categories?post=2339"},{"taxonomy":"tags","embeddable":true,"href":"https:\/\/www.qualitel.org\/particuliers\/wp-json\/wp\/v2\/tags?post=2339"},{"taxonomy":"guide","embeddable":true,"href":"https:\/\/www.qualitel.org\/particuliers\/wp-json\/wp\/v2\/guide?post=2339"},{"taxonomy":"projet_type","embeddable":true,"href":"https:\/\/www.qualitel.org\/particuliers\/wp-json\/wp\/v2\/article_type?post=2339"}],"curies":[{"name":"wp","href":"https:\/\/api.w.org\/{rel}","templated":true}]}}