{"id":25312,"date":"2022-09-26T10:39:04","date_gmt":"2022-09-26T08:39:04","guid":{"rendered":"https:\/\/www.qualitel.org\/particuliers\/?post_type=projet&#038;p=25312"},"modified":"2026-03-20T11:19:39","modified_gmt":"2026-03-20T10:19:39","slug":"clea-lespace-numerique-de-votre-logement-pour-faciliter-sa-gestion-et-son-entretien","status":"publish","type":"projet","link":"https:\/\/www.qualitel.org\/particuliers\/clea-lespace-numerique-de-votre-logement\/","title":{"rendered":"CL\u00c9A&nbsp;: le carnet d\u2019information du logement pour faciliter sa gestion et son entretien"},"content":{"rendered":"<p><a href=\"https:\/\/clea.qualitel.org\/inscription\/particulier?mtm_source=qlpart&amp;mtm_medium=site&amp;mtm_campaign=push_article_clea\" target=\"_blank\" rel=\"noopener\"><img loading=\"lazy\" decoding=\"async\" class=\"aligncenter wp-image-25452 size-full\" src=\"https:\/\/www.qualitel.org\/particuliers\/wp\/..\/uploads\/creer_espace_clea.png\" alt width=\"437\" height=\"63\" srcset=\"https:\/\/www.qualitel.org\/particuliers\/wp\/..\/uploads\/creer_espace_clea.png 437w, https:\/\/www.qualitel.org\/particuliers\/wp\/..\/uploads\/creer_espace_clea-300x43.png 300w\" sizes=\"auto, (max-width: 437px) 100vw, 437px\"><\/a><\/p>\n<p>&nbsp;<\/p>\n<p>CL\u00c9A est un carnet d\u2019information du logement (CIL) digital qui <strong>centralise tout ce qu\u2019il faut savoir sur votre logement et ses \u00e9quipements<\/strong>.<\/p>\n<p>Bien renseign\u00e9, cet espace num\u00e9rique permet une meilleure connaissance de l\u2019appartement ou de la maison par ses propri\u00e9taires ou locataires successifs, pendant toute la dur\u00e9e de vie du logement. Au-del\u00e0 de l\u2019historique qu\u2019il retrace, cet outil vous accompagne pour entretenir votre logement, am\u00e9liorer ses performances \u00e9nerg\u00e9tiques et utiliser ses \u00e9quipements au quotidien.<\/p>\n<p><img loading=\"lazy\" decoding=\"async\" class=\"aligncenter wp-image-25377\" src=\"https:\/\/www.qualitel.org\/particuliers\/wp\/..\/uploads\/clea_ordi_tel-300x150.jpg\" alt width=\"500\" height=\"249\" srcset=\"https:\/\/www.qualitel.org\/particuliers\/wp\/..\/uploads\/clea_ordi_tel-300x150.jpg 300w, https:\/\/www.qualitel.org\/particuliers\/wp\/..\/uploads\/clea_ordi_tel.jpg 712w\" sizes=\"auto, (max-width: 500px) 100vw, 500px\"><\/p>\n<p>&nbsp;<\/p>\n<p>Depuis le 1<sup>er<\/sup> janvier 2023, le Carnet d\u2019Information du Logement (CIL) est <strong>obligatoire pour les maisons et appartements neufs<\/strong> (permis d\u00e9pos\u00e9s depuis le 1<sup>er<\/sup> janvier 2023) et<strong> ceux faisant l\u2019objet de travaux d\u2019am\u00e9lioration de la performance \u00e9nerg\u00e9tique<\/strong> (d\u00e9claration de travaux ou devis sign\u00e9s depuis le 1<sup>er<\/sup> janvier 2023).<\/p>\n<ul>\n<li><strong><img loading=\"lazy\" decoding=\"async\" class=\"alignright wp-image-25427\" src=\"https:\/\/www.qualitel.org\/particuliers\/wp\/..\/uploads\/facile-300x292.png\" alt width=\"35\" height=\"34\" srcset=\"https:\/\/www.qualitel.org\/particuliers\/wp\/..\/uploads\/facile-300x292.png 300w, https:\/\/www.qualitel.org\/particuliers\/wp\/..\/uploads\/facile-150x150.png 150w, https:\/\/www.qualitel.org\/particuliers\/wp\/..\/uploads\/facile.png 443w\" sizes=\"auto, (max-width: 35px) 100vw, 35px\">Gratuit <\/strong><\/li>\n<\/ul>\n<p>CL\u00c9A est un espace <strong>accessible gratuitement pour tous les particuliers<\/strong> depuis smartphone, tablette et ordinateur.<\/p>\n<ul>\n<li><strong>S\u00e9curis\u00e9<img loading=\"lazy\" decoding=\"async\" class=\"alignright wp-image-25420\" role=\"img\" src=\"https:\/\/www.qualitel.org\/particuliers\/wp\/..\/uploads\/picto-cadenas.svg\" alt width=\"25\" height=\"33\"> <\/strong><\/li>\n<\/ul>\n<p>Cet outil fournit un<strong> espace de stockage p\u00e9renne et compl\u00e8tement s\u00e9curis\u00e9<\/strong>. Vos donn\u00e9es personnelles sont prot\u00e9g\u00e9es et ne peuvent \u00eatre utilis\u00e9es \u00e0 des fins commerciales.<\/p>\n<ul>\n<li><strong><img loading=\"lazy\" decoding=\"async\" class=\"alignright wp-image-25433\" src=\"https:\/\/www.qualitel.org\/particuliers\/wp\/..\/uploads\/utilisation_clea.png\" alt width=\"35\" height=\"49\">Facile \u00e0 utiliser&nbsp;<\/strong><\/li>\n<\/ul>\n<p>Il suffit de vous<strong> cr\u00e9er un compte et de compl\u00e9ter les caract\u00e9ristiques de votre logement<\/strong> ainsi que ses \u00e9quipements. Si vous poss\u00e9dez plusieurs maisons ou appartements, vous pouvez tous les regrouper dans votre espace CL\u00c9A. En quelques clics, centralisez ensuite les documents et les contacts dont vous avez besoin et laissez-vous guider par nos conseils et plannings d\u2019entretien.<\/p>\n<p>&nbsp;<\/p>\n<p><a href=\"https:\/\/clea.qualitel.org\/inscription\/particulier?mtm_source=qlpart&amp;mtm_medium=site&amp;mtm_campaign=push_article_clea\" target=\"_blank\" rel=\"noopener\"><img loading=\"lazy\" decoding=\"async\" class=\"aligncenter wp-image-25452 size-full\" src=\"https:\/\/www.qualitel.org\/particuliers\/wp\/..\/uploads\/creer_espace_clea.png\" alt width=\"437\" height=\"63\" srcset=\"https:\/\/www.qualitel.org\/particuliers\/wp\/..\/uploads\/creer_espace_clea.png 437w, https:\/\/www.qualitel.org\/particuliers\/wp\/..\/uploads\/creer_espace_clea-300x43.png 300w\" sizes=\"auto, (max-width: 437px) 100vw, 437px\"><\/a><\/p>\n<p>&nbsp;<\/p>\n<p>Une fois votre adresse postale renseign\u00e9e,<strong> vous acc\u00e9dez \u00e0 toutes les informations de type cadastre, zone radon, zone sismique, zone monument historique, indice de qualit\u00e9 de l\u2019air, indice de qualit\u00e9 de l\u2019eau<\/strong>\u2026 Ces informations \u00e9parpill\u00e9es sur les diff\u00e9rents sites de l\u2019administration fran\u00e7aise sont d\u00e9sormais rassembl\u00e9es dans un seul et m\u00eame espace&nbsp;: votre CL\u00c9A.<\/p>\n<p><img loading=\"lazy\" decoding=\"async\" class=\"aligncenter wp-image-25334\" src=\"https:\/\/www.qualitel.org\/particuliers\/wp\/..\/uploads\/capture-caracteristique.jpg\" alt width=\"700\" height=\"293\" srcset=\"https:\/\/www.qualitel.org\/particuliers\/wp\/..\/uploads\/capture-caracteristique.jpg 800w, https:\/\/www.qualitel.org\/particuliers\/wp\/..\/uploads\/capture-caracteristique-300x126.jpg 300w\" sizes=\"auto, (max-width: 700px) 100vw, 700px\"><\/p>\n<p>Dans la rubrique \u00ab&nbsp;Documents&nbsp;\u00bb de votre CL\u00c9A, vous pouvez <strong>centraliser et conserver tous les documents li\u00e9s \u00e0 votre logement<\/strong>&nbsp;:<\/p>\n<ul>\n<li>plans&nbsp;;<\/li>\n<li>dossiers de diagnostics&nbsp;;<\/li>\n<li>Passeport Technique Gaz (obligatoire depuis le 1<sup>er<\/sup> janvier 2020) ;<\/li>\n<li>notices d\u2019entretien des appareils&nbsp;;<\/li>\n<li>devis et factures&nbsp;;<\/li>\n<li><a href=\"https:\/\/www.qualitel.org\/particuliers\/conseils\/carnet-entretien-copropriete\/\">carnet d\u2019entretien de la copropri\u00e9t\u00e9<\/a>&nbsp;;<\/li>\n<li>etc.<\/li>\n<\/ul>\n<p>Vous ne prenez plus le risque de perdre vos papiers importants, tout est regroup\u00e9 au m\u00eame endroit&nbsp;et stock\u00e9 sur un serveur s\u00e9curis\u00e9 et p\u00e9renne&nbsp;!<\/p>\n<p>Avec un compte CL\u00c9A,<strong> lors de la revente de votre logement, vous pourrez fournir un historique complet et fiable du suivi apport\u00e9 \u00e0 votre bien et \u00e0 vos \u00e9quipements<\/strong>. Un argument de poids pour rassurer les acheteurs potentiels.<\/p>\n<p>Radiateurs, chaudi\u00e8re, pompe \u00e0 chaleur, VMC, ampoules, d\u00e9tecteur de fum\u00e9e, adoucisseur, domotique, hotte, volets\u2026 Des fiches \u00e9quipements&nbsp;pr\u00e9-renseign\u00e9es permettent d\u2019acc\u00e9der \u00e0 des<strong> informations et des conseils sur les appareils que vous avez<\/strong> chez vous.<\/p>\n<p>En fonction des \u00e9quipements s\u00e9lectionn\u00e9s,<strong> vous recevez des alertes d\u2019entretien<\/strong> sur votre espace ou par email. Param\u00e9tr\u00e9es avec une p\u00e9riodicit\u00e9 id\u00e9ale, ces alertes prennent la forme de messages de rappel pour ne jamais plus oublier d\u2019entretenir vos \u00e9quipements.<\/p>\n<h3>Des conseils et actualit\u00e9s pour pr\u00e9server la qualit\u00e9 de votre logement<\/h3>\n<p>Retrouvez sur votre espace CL\u00c9A des<strong> fiches conseils pour optimiser votre consommation<\/strong>, am\u00e9liorer la qualit\u00e9 de votre air int\u00e9rieur, d\u00e9couvrir des gestes verts ou les r\u00e9flexes \u00e0 adopter en cas d\u2019al\u00e9as climatiques.<\/p>\n<p>Des actualit\u00e9s sont \u00e9galement publi\u00e9es r\u00e9guli\u00e8rement afin de vous informer sur la qualit\u00e9 du logement, vous conseiller pour vos travaux, vous avertir des \u00e9volutions r\u00e9glementaires\u2026<\/p>\n<h3>Un carnet d\u2019adresses centralis\u00e9<\/h3>\n<p>Dans la rubrique \u00ab&nbsp;Contacts&nbsp;\u00bb, vous pouvez <strong>rassembler les num\u00e9ros de t\u00e9l\u00e9phone et les adresses email des interlocuteurs li\u00e9s \u00e0 votre logement<\/strong>&nbsp;: gardien, syndic, plombier, assureur, \u00e9lectricien\u2026 Toutes les personnes qui jouent un r\u00f4le dans la gestion de votre logement ont leur place.<\/p>\n<p>Et si le propri\u00e9taire pr\u00e9c\u00e9dent a \u00e9galement utilis\u00e9 l\u2019outil CL\u00c9A, vous pourrez par exemple retrouver les coordonn\u00e9es du plombier-chauffagiste qui a install\u00e9 la chaudi\u00e8re et le contacter pour effectuer son entretien annuel.<\/p>\n<p><a href=\"https:\/\/clea.qualitel.org\/inscription\/particulier?mtm_source=qlpart&amp;mtm_medium=site&amp;mtm_campaign=push_article_clea\" target=\"_blank\" rel=\"noopener\"><img loading=\"lazy\" decoding=\"async\" class=\"aligncenter wp-image-25451 size-full\" src=\"https:\/\/www.qualitel.org\/particuliers\/wp\/..\/uploads\/acceder_espace_clea.png\" alt width=\"437\" height=\"63\" srcset=\"https:\/\/www.qualitel.org\/particuliers\/wp\/..\/uploads\/acceder_espace_clea.png 437w, https:\/\/www.qualitel.org\/particuliers\/wp\/..\/uploads\/acceder_espace_clea-300x43.png 300w\" sizes=\"auto, (max-width: 437px) 100vw, 437px\"><\/a><\/p>\n<p>&nbsp;<\/p>\n","protected":false},"featured_media":0,"parent":0,"menu_order":0,"template":"","categories":[203,213],"tags":[429,487,418],"guide":[],"article_type":[],"class_list":["post-25312","projet","type-projet","status-publish","hentry","category-confort","category-sante","tags-construction","tags-entretien","tags-renovation"],"acf":[],"yoast_head":"<!-- This site is optimized with the Yoast SEO plugin v26.2 - https:\/\/yoast.com\/wordpress\/plugins\/seo\/ -->\n<title>CL\u00c9A, le carnet d&#039;information du logement (CIL) - Qualitel | Particuliers<\/title>\n<meta name=\"description\" content=\"CL\u00c9A, c&#039;est le carnet d&#039;information du logement num\u00e9rique : vous y conservez tous vos documents en toute s\u00e9curit\u00e9, et vous y retrouvez infos, conseils ou encore planning d&#039;entretien.\" \/>\n<meta name=\"robots\" content=\"index, follow, max-snippet:-1, max-image-preview:large, max-video-preview:-1\" \/>\n<link rel=\"canonical\" href=\"https:\/\/www.qualitel.org\/particuliers\/clea-lespace-numerique-de-votre-logement\/\" \/>\n<meta property=\"og:locale\" content=\"fr_FR\" \/>\n<meta property=\"og:type\" content=\"article\" \/>\n<meta property=\"og:title\" content=\"CL\u00c9A, le carnet d&#039;information du logement (CIL) - Qualitel | Particuliers\" \/>\n<meta property=\"og:description\" content=\"Quand r\u00e9viser votre chaudi\u00e8re&nbsp;? Votre logement est-il en zone inondable&nbsp;? Quel \u00e9tait le co\u00fbt des travaux de r\u00e9novation de la salle de bain&nbsp;? Pour consulter facilement vos diagnostics ou documents de travaux, remplissez gratuitement le carnet d\u2019information CL\u00c9A.\" \/>\n<meta property=\"og:url\" content=\"https:\/\/www.qualitel.org\/particuliers\/clea-lespace-numerique-de-votre-logement\/\" \/>\n<meta property=\"og:site_name\" content=\"Qualitel | Particuliers\" \/>\n<meta property=\"article:publisher\" content=\"https:\/\/www.facebook.com\/groupequalitel\/\" \/>\n<meta property=\"article:modified_time\" content=\"2026-03-20T10:19:39+00:00\" \/>\n<meta property=\"og:image\" content=\"https:\/\/www.qualitel.org\/particuliers\/wp\/..\/uploads\/creer_espace_clea.png\" \/>\n\t<meta property=\"og:image:width\" content=\"437\" \/>\n\t<meta property=\"og:image:height\" content=\"63\" \/>\n\t<meta property=\"og:image:type\" content=\"image\/png\" \/>\n<meta name=\"twitter:card\" content=\"summary_large_image\" \/>\n<meta name=\"twitter:description\" content=\"Quand r\u00e9viser votre chaudi\u00e8re&nbsp;? Votre logement est-il en zone inondable&nbsp;? Quel \u00e9tait le co\u00fbt des travaux de r\u00e9novation de la salle de bain&nbsp;? Pour consulter facilement vos diagnostics ou documents de travaux, remplissez gratuitement le carnet d\u2019information CL\u00c9A.\n\" \/>\n<meta name=\"twitter:site\" content=\"@groupeQUALITEL\" \/>\n<meta name=\"twitter:label1\" content=\"Est. reading time\" \/>\n\t<meta name=\"twitter:data1\" content=\"11 minutes\" \/>\n<script type=\"application\/ld+json\" class=\"yoast-schema-graph\">{\"@context\":\"https:\/\/schema.org\",\"@graph\":[{\"@type\":\"WebPage\",\"@id\":\"https:\/\/www.qualitel.org\/particuliers\/clea-lespace-numerique-de-votre-logement\/\",\"url\":\"https:\/\/www.qualitel.org\/particuliers\/clea-lespace-numerique-de-votre-logement\/\",\"name\":\"CL\u00c9A, le carnet d'information du logement (CIL) - Qualitel | Particuliers\",\"isPartOf\":{\"@id\":\"https:\/\/www.qualitel.org\/particuliers\/#website\"},\"primaryImageOfPage\":{\"@id\":\"https:\/\/www.qualitel.org\/particuliers\/clea-lespace-numerique-de-votre-logement\/#primaryimage\"},\"image\":{\"@id\":\"https:\/\/www.qualitel.org\/particuliers\/clea-lespace-numerique-de-votre-logement\/#primaryimage\"},\"thumbnailUrl\":\"https:\/\/www.qualitel.org\/particuliers\/wp\/..\/uploads\/creer_espace_clea.png\",\"datePublished\":\"2022-09-26T08:39:04+00:00\",\"dateModified\":\"2026-03-20T10:19:39+00:00\",\"description\":\"CL\u00c9A, c'est le carnet d'information du logement num\u00e9rique : vous y conservez tous vos documents en toute s\u00e9curit\u00e9, et vous y retrouvez infos, conseils ou encore planning d'entretien.\",\"breadcrumb\":{\"@id\":\"https:\/\/www.qualitel.org\/particuliers\/clea-lespace-numerique-de-votre-logement\/#breadcrumb\"},\"inLanguage\":\"fr-FR\",\"potentialAction\":[{\"@type\":\"ReadAction\",\"target\":[\"https:\/\/www.qualitel.org\/particuliers\/clea-lespace-numerique-de-votre-logement\/\"]}]},{\"@type\":\"ImageObject\",\"inLanguage\":\"fr-FR\",\"@id\":\"https:\/\/www.qualitel.org\/particuliers\/clea-lespace-numerique-de-votre-logement\/#primaryimage\",\"url\":\"https:\/\/www.qualitel.org\/particuliers\/wp\/..\/uploads\/creer_espace_clea.png\",\"contentUrl\":\"https:\/\/www.qualitel.org\/particuliers\/wp\/..\/uploads\/creer_espace_clea.png\",\"width\":437,\"height\":63},{\"@type\":\"BreadcrumbList\",\"@id\":\"https:\/\/www.qualitel.org\/particuliers\/clea-lespace-numerique-de-votre-logement\/#breadcrumb\",\"itemListElement\":[{\"@type\":\"ListItem\",\"position\":1,\"name\":\"Accueil\",\"item\":\"https:\/\/www.qualitel.org\/particuliers\/\"},{\"@type\":\"ListItem\",\"position\":2,\"name\":\"CL\u00c9A\u202f: le carnet d&rsquo;information du logement pour faciliter sa gestion et son entretien\"}]},{\"@type\":\"WebSite\",\"@id\":\"https:\/\/www.qualitel.org\/particuliers\/#website\",\"url\":\"https:\/\/www.qualitel.org\/particuliers\/\",\"name\":\"Qualitel | Particuliers\",\"description\":\"\",\"publisher\":{\"@id\":\"https:\/\/www.qualitel.org\/particuliers\/#organization\"},\"potentialAction\":[{\"@type\":\"SearchAction\",\"target\":{\"@type\":\"EntryPoint\",\"urlTemplate\":\"https:\/\/www.qualitel.org\/particuliers\/?s={search_term_string}\"},\"query-input\":{\"@type\":\"PropertyValueSpecification\",\"valueRequired\":true,\"valueName\":\"search_term_string\"}}],\"inLanguage\":\"fr-FR\"},{\"@type\":\"Organization\",\"@id\":\"https:\/\/www.qualitel.org\/particuliers\/#organization\",\"name\":\"Qualitel | Particuliers\",\"url\":\"https:\/\/www.qualitel.org\/particuliers\/\",\"logo\":{\"@type\":\"ImageObject\",\"inLanguage\":\"fr-FR\",\"@id\":\"https:\/\/www.qualitel.org\/particuliers\/#\/schema\/logo\/image\/\",\"url\":\"https:\/\/www.qualitel.org\/particuliers\/wp\/..\/uploads\/qualitel-squarelogo-1456752654225.png\",\"contentUrl\":\"https:\/\/www.qualitel.org\/particuliers\/wp\/..\/uploads\/qualitel-squarelogo-1456752654225.png\",\"width\":180,\"height\":180,\"caption\":\"Qualitel | Particuliers\"},\"image\":{\"@id\":\"https:\/\/www.qualitel.org\/particuliers\/#\/schema\/logo\/image\/\"},\"sameAs\":[\"https:\/\/www.facebook.com\/groupequalitel\/\",\"https:\/\/x.com\/groupeQUALITEL\",\"https:\/\/www.instagram.com\/associationqualitel\/\",\"https:\/\/www.pinterest.fr\/associationqualitel\/\"]}]}<\/script>\n<!-- \/ Yoast SEO plugin. -->","yoast_head_json":{"title":"CL\u00c9A, le carnet d'information du logement (CIL) - Qualitel | Particuliers","description":"CL\u00c9A, c'est le carnet d'information du logement num\u00e9rique : vous y conservez tous vos documents en toute s\u00e9curit\u00e9, et vous y retrouvez infos, conseils ou encore planning d'entretien.","robots":{"index":"index","follow":"follow","max-snippet":"max-snippet:-1","max-image-preview":"max-image-preview:large","max-video-preview":"max-video-preview:-1"},"canonical":"https:\/\/www.qualitel.org\/particuliers\/clea-lespace-numerique-de-votre-logement\/","og_locale":"fr_FR","og_type":"article","og_title":"CL\u00c9A, le carnet d'information du logement (CIL) - Qualitel | Particuliers","og_description":"Quand r\u00e9viser votre chaudi\u00e8re&nbsp;? Votre logement est-il en zone inondable&nbsp;? Quel \u00e9tait le co\u00fbt des travaux de r\u00e9novation de la salle de bain&nbsp;? Pour consulter facilement vos diagnostics ou documents de travaux, remplissez gratuitement le carnet d\u2019information CL\u00c9A.","og_url":"https:\/\/www.qualitel.org\/particuliers\/clea-lespace-numerique-de-votre-logement\/","og_site_name":"Qualitel | Particuliers","article_publisher":"https:\/\/www.facebook.com\/groupequalitel\/","article_modified_time":"2026-03-20T10:19:39+00:00","og_image":[{"width":437,"height":63,"url":"https:\/\/www.qualitel.org\/particuliers\/wp\/..\/uploads\/creer_espace_clea.png","type":"image\/png"}],"twitter_card":"summary_large_image","twitter_description":"Quand r\u00e9viser votre chaudi\u00e8re&nbsp;? Votre logement est-il en zone inondable&nbsp;? Quel \u00e9tait le co\u00fbt des travaux de r\u00e9novation de la salle de bain&nbsp;? Pour consulter facilement vos diagnostics ou documents de travaux, remplissez gratuitement le carnet d\u2019information CL\u00c9A.\n","twitter_site":"@groupeQUALITEL","twitter_misc":{"Est. reading time":"11 minutes"},"schema":{"@context":"https:\/\/schema.org","@graph":[{"@type":"WebPage","@id":"https:\/\/www.qualitel.org\/particuliers\/clea-lespace-numerique-de-votre-logement\/","url":"https:\/\/www.qualitel.org\/particuliers\/clea-lespace-numerique-de-votre-logement\/","name":"CL\u00c9A, le carnet d'information du logement (CIL) - Qualitel | Particuliers","isPartOf":{"@id":"https:\/\/www.qualitel.org\/particuliers\/#website"},"primaryImageOfPage":{"@id":"https:\/\/www.qualitel.org\/particuliers\/clea-lespace-numerique-de-votre-logement\/#primaryimage"},"image":{"@id":"https:\/\/www.qualitel.org\/particuliers\/clea-lespace-numerique-de-votre-logement\/#primaryimage"},"thumbnailUrl":"https:\/\/www.qualitel.org\/particuliers\/wp\/..\/uploads\/creer_espace_clea.png","datePublished":"2022-09-26T08:39:04+00:00","dateModified":"2026-03-20T10:19:39+00:00","description":"CL\u00c9A, c'est le carnet d'information du logement num\u00e9rique : vous y conservez tous vos documents en toute s\u00e9curit\u00e9, et vous y retrouvez infos, conseils ou encore planning d'entretien.","breadcrumb":{"@id":"https:\/\/www.qualitel.org\/particuliers\/clea-lespace-numerique-de-votre-logement\/#breadcrumb"},"inLanguage":"fr-FR","potentialAction":[{"@type":"ReadAction","target":["https:\/\/www.qualitel.org\/particuliers\/clea-lespace-numerique-de-votre-logement\/"]}]},{"@type":"ImageObject","inLanguage":"fr-FR","@id":"https:\/\/www.qualitel.org\/particuliers\/clea-lespace-numerique-de-votre-logement\/#primaryimage","url":"https:\/\/www.qualitel.org\/particuliers\/wp\/..\/uploads\/creer_espace_clea.png","contentUrl":"https:\/\/www.qualitel.org\/particuliers\/wp\/..\/uploads\/creer_espace_clea.png","width":437,"height":63},{"@type":"BreadcrumbList","@id":"https:\/\/www.qualitel.org\/particuliers\/clea-lespace-numerique-de-votre-logement\/#breadcrumb","itemListElement":[{"@type":"ListItem","position":1,"name":"Accueil","item":"https:\/\/www.qualitel.org\/particuliers\/"},{"@type":"ListItem","position":2,"name":"CL\u00c9A\u202f: le carnet d&rsquo;information du logement pour faciliter sa gestion et son entretien"}]},{"@type":"WebSite","@id":"https:\/\/www.qualitel.org\/particuliers\/#website","url":"https:\/\/www.qualitel.org\/particuliers\/","name":"Qualitel | Particuliers","description":"","publisher":{"@id":"https:\/\/www.qualitel.org\/particuliers\/#organization"},"potentialAction":[{"@type":"SearchAction","target":{"@type":"EntryPoint","urlTemplate":"https:\/\/www.qualitel.org\/particuliers\/?s={search_term_string}"},"query-input":{"@type":"PropertyValueSpecification","valueRequired":true,"valueName":"search_term_string"}}],"inLanguage":"fr-FR"},{"@type":"Organization","@id":"https:\/\/www.qualitel.org\/particuliers\/#organization","name":"Qualitel | Particuliers","url":"https:\/\/www.qualitel.org\/particuliers\/","logo":{"@type":"ImageObject","inLanguage":"fr-FR","@id":"https:\/\/www.qualitel.org\/particuliers\/#\/schema\/logo\/image\/","url":"https:\/\/www.qualitel.org\/particuliers\/wp\/..\/uploads\/qualitel-squarelogo-1456752654225.png","contentUrl":"https:\/\/www.qualitel.org\/particuliers\/wp\/..\/uploads\/qualitel-squarelogo-1456752654225.png","width":180,"height":180,"caption":"Qualitel | Particuliers"},"image":{"@id":"https:\/\/www.qualitel.org\/particuliers\/#\/schema\/logo\/image\/"},"sameAs":["https:\/\/www.facebook.com\/groupequalitel\/","https:\/\/x.com\/groupeQUALITEL","https:\/\/www.instagram.com\/associationqualitel\/","https:\/\/www.pinterest.fr\/associationqualitel\/"]}]}},"_links":{"self":[{"href":"https:\/\/www.qualitel.org\/particuliers\/wp-json\/wp\/v2\/projet\/25312","targetHints":{"allow":["GET"]}}],"collection":[{"href":"https:\/\/www.qualitel.org\/particuliers\/wp-json\/wp\/v2\/projet"}],"about":[{"href":"https:\/\/www.qualitel.org\/particuliers\/wp-json\/wp\/v2\/types\/projet"}],"version-history":[{"count":228,"href":"https:\/\/www.qualitel.org\/particuliers\/wp-json\/wp\/v2\/projet\/25312\/revisions"}],"predecessor-version":[{"id":53053,"href":"https:\/\/www.qualitel.org\/particuliers\/wp-json\/wp\/v2\/projet\/25312\/revisions\/53053"}],"wp:attachment":[{"href":"https:\/\/www.qualitel.org\/particuliers\/wp-json\/wp\/v2\/media?parent=25312"}],"wp:term":[{"taxonomy":"category","embeddable":true,"href":"https:\/\/www.qualitel.org\/particuliers\/wp-json\/wp\/v2\/categories?post=25312"},{"taxonomy":"tags","embeddable":true,"href":"https:\/\/www.qualitel.org\/particuliers\/wp-json\/wp\/v2\/tags?post=25312"},{"taxonomy":"guide","embeddable":true,"href":"https:\/\/www.qualitel.org\/particuliers\/wp-json\/wp\/v2\/guide?post=25312"},{"taxonomy":"projet_type","embeddable":true,"href":"https:\/\/www.qualitel.org\/particuliers\/wp-json\/wp\/v2\/article_type?post=25312"}],"curies":[{"name":"wp","href":"https:\/\/api.w.org\/{rel}","templated":true}]}}