{"id":30378,"date":"2022-04-26T16:57:56","date_gmt":"2022-04-26T14:57:56","guid":{"rendered":"https:\/\/www.qualitel.org\/particuliers\/?post_type=projet&#038;p=30378"},"modified":"2025-10-15T10:32:20","modified_gmt":"2025-10-15T08:32:20","slug":"les-differentes-techniques-disolation-thermique","status":"publish","type":"projet","link":"https:\/\/www.qualitel.org\/particuliers\/isolation\/techniques-isolation\/","title":{"rendered":"Les diff\u00e9rentes techniques d\u2019isolation thermique"},"content":{"rendered":"<p>Avant d\u2019entamer des <a href=\"https:\/\/www.qualitel.org\/particuliers\/isolation\/\" target=\"_blank\" rel=\"noopener\">travaux d\u2019isolation<\/a>, vous devez faire l\u2019\u00e9tat des lieux de votre logement&nbsp;: quelles sont les zones mal isol\u00e9es&nbsp;? O\u00f9 les d\u00e9perditions de chaleur sont-elles les plus importantes&nbsp;? Dans quelles pi\u00e8ces pouvez-vous apporter une isolation&nbsp;? Y-a-t-il un pont thermique&nbsp;?<\/p>\n<p>Pour vous aider, voici un sch\u00e9ma qui \u00e9num\u00e8re les parts de d\u00e9perditions thermiques par zone, dans une maison non isol\u00e9e&nbsp;:<\/p>\n<p><img loading=\"lazy\" decoding=\"async\" class=\"aligncenter wp-image-29130\" src=\"https:\/\/www.qualitel.org\/particuliers\/wp\/..\/uploads\/Isolation-thermique-1024x712.jpg\" alt width=\"700\" height=\"486\" srcset=\"https:\/\/www.qualitel.org\/particuliers\/wp\/..\/uploads\/Isolation-thermique-1024x712.jpg 1024w, https:\/\/www.qualitel.org\/particuliers\/wp\/..\/uploads\/Isolation-thermique-300x208.jpg 300w, https:\/\/www.qualitel.org\/particuliers\/wp\/..\/uploads\/Isolation-thermique-1536x1067.jpg 1536w, https:\/\/www.qualitel.org\/particuliers\/wp\/..\/uploads\/Isolation-thermique-2048x1423.jpg 2048w, https:\/\/www.qualitel.org\/particuliers\/wp\/..\/uploads\/Isolation-thermique-1079x750.jpg 1079w\" sizes=\"auto, (max-width: 700px) 100vw, 700px\"><\/p>\n<p>Le<strong> toit est responsable de la plus grande part de d\u00e9perditions thermiques<\/strong>. C\u2019est donc le chantier prioritaire en termes d\u2019isolation. Juste derri\u00e8re, les <strong>murs constituent la priorit\u00e9 num\u00e9ro 2<\/strong> pour avoir un logement bien isol\u00e9.<\/p>\n<p>Le <strong>remplacement des fen\u00eatres<\/strong> est le chantier suivant si vous ne b\u00e9n\u00e9ficiez pas de double ou de <a href=\"https:\/\/www.qualitel.org\/particuliers\/equipements-et-materiaux\/fenetres\/triple-vitrage\/\">triple vitrage<\/a> ou si les menuiseries sont d\u00e9t\u00e9rior\u00e9es.<\/p>\n<p><img loading=\"lazy\" decoding=\"async\" class=\"alignright wp-image-39316\" src=\"https:\/\/www.qualitel.org\/particuliers\/wp\/..\/uploads\/schema-pont-thermique-300x287.jpg\" alt width=\"240\" height=\"230\" srcset=\"https:\/\/www.qualitel.org\/particuliers\/wp\/..\/uploads\/schema-pont-thermique-300x287.jpg 300w, https:\/\/www.qualitel.org\/particuliers\/wp\/..\/uploads\/schema-pont-thermique.jpg 600w\" sizes=\"auto, (max-width: 240px) 100vw, 240px\">Enfin, les <strong>sols<\/strong>, les <a href=\"https:\/\/www.qualitel.org\/particuliers\/isolation\/rupteur-pont-thermique\/\"><strong>ponts thermiques<\/strong><\/a> et les <strong>parois donnant sur des locaux non chauff\u00e9s<\/strong> (<strong><a href=\"https:\/\/www.qualitel.org\/particuliers\/isolation\/isolation-garage\/\" target=\"_blank\" rel=\"noopener\">garage<\/a>, cave, sous-sol<\/strong>) participent aux d\u00e9perditions thermiques d\u2019un logement mais de fa\u00e7on plus mod\u00e9r\u00e9e. Ces chantiers d\u2019isolation sont importants mais moins prioritaires.<\/p>\n<p>Le renouvellement d\u2019air repr\u00e9sente \u00e9galement une part non n\u00e9gligeable des d\u00e9perditions thermiques mais c\u2019est un processus indispensable pour \u00e9vacuer les polluants et l\u2019humidit\u00e9 dans l\u2019air donc une d\u00e9perdition acceptable. Pour la limiter, vous pouvez vous tourner vers un syst\u00e8me de <a href=\"https:\/\/www.qualitel.org\/particuliers\/equipements-et-materiaux-maison\/ventilation\/vmc-double-flux\/\" target=\"_blank\" rel=\"noopener\">VMC double flux<\/a> o\u00f9 l\u2019air entrant est chauff\u00e9 gr\u00e2ce aux calories de l\u2019air sortant.<\/p>\n<p>Il existe 3 grands types d\u2019isolation&nbsp;:<\/p>\n<ul>\n<li><strong>l\u2019isolation par l\u2019int\u00e9rieur, dite ITI<\/strong>, o\u00f9 l\u2019isolant est pos\u00e9 \u00e0 l\u2019int\u00e9rieur du logement (murs, planchers bas, combles, rampants\u2026)&nbsp;;<\/li>\n<li><strong>l\u2019isolation par l\u2019ext\u00e9rieur, dite ITE<\/strong>, o\u00f9 l\u2019isolant est pos\u00e9 \u00e0 l\u2019ext\u00e9rieur du logement (murs, toiture)&nbsp;;<\/li>\n<li><strong>l\u2019isolation r\u00e9partie, dite ITR,<\/strong> o\u00f9 l\u2019isolation est assur\u00e9e par les parois structurelles.<\/li>\n<\/ul>\n<p>Il est \u00e9galement possible de recourir \u00e0 l\u2019ITI et \u00e0 l\u2019ITE au sein d\u2019un m\u00eame logement, on parle alors d\u2019<strong>isolation mixte<\/strong>.<\/p>\n<h3>Pour la couverture d\u2019un logement<\/h3>\n<p>La couverture ou la toiture a pour fonction de prot\u00e9ger le logement et repose sur la charpente. Selon le type de couverture, le type d\u2019isolant utilis\u00e9 pour assurer l\u2019isolation de la toiture n\u2019est pas le m\u00eame&nbsp;:<\/p>\n<ul>\n<li>en g\u00e9n\u00e9ral, la <strong>couverture inclin\u00e9e<\/strong> est isol\u00e9e par une <strong>forte \u00e9paisseur de laine min\u00e9rale dispos\u00e9e sous la toiture ou sur un plancher non accessible<\/strong> dans les combles&nbsp;;<\/li>\n<li><strong>dans le cas d\u2019une toiture-terrasse<\/strong>, il faut un <strong>mat\u00e9riau isolant rigide<\/strong> de type polystyr\u00e8ne ou polyur\u00e9thane, \u00e0 disposer sur la terrasse, avec une protection ad\u00e9quate.<\/li>\n<\/ul>\n<p>Nous vous recommandons de faire appel \u00e0 un <a href=\"https:\/\/www.qualitel.org\/particuliers\/pros-batiment\/choisir-couvreur\/\" target=\"_blank\" rel=\"noopener\">couvreur certifi\u00e9<\/a> pour tous les travaux touchant \u00e0 votre toit.<\/p>\n<h3>Pour les combles<\/h3>\n<p><img loading=\"lazy\" decoding=\"async\" class=\"alignright size-medium wp-image-30434\" src=\"https:\/\/www.qualitel.org\/particuliers\/wp\/..\/uploads\/shutterstock_1879598149-300x205.jpg\" alt width=\"300\" height=\"205\" srcset=\"https:\/\/www.qualitel.org\/particuliers\/wp\/..\/uploads\/shutterstock_1879598149-300x205.jpg 300w, https:\/\/www.qualitel.org\/particuliers\/wp\/..\/uploads\/shutterstock_1879598149.jpg 1000w\" sizes=\"auto, (max-width: 300px) 100vw, 300px\">Selon l\u2019Ademe, des combles non isol\u00e9s repr\u00e9sentent le plus gros potentiel d\u2019\u00e9conomies d\u2019\u00e9nergie. <strong><a href=\"https:\/\/www.qualitel.org\/particuliers\/isolation\/isolation-combles\/\" target=\"_blank\" rel=\"noopener\">Isoler les combles<\/a> reste donc la priorit\u00e9 pour viser un confort thermique optimal<\/strong> dans votre logement. Si vous ne les isolez pas, les autres travaux de r\u00e9novation que vous entreprendrez risquent d\u2018\u00eatre moins efficaces.<\/p>\n<p>Pour isoler vos combles, il faut suivre les r\u00e8gles de l\u2019art d\u00e9crites dans les supports techniques du CSTB. Que l\u2019on isole en une ou deux couches de mat\u00e9riaux d\u2019isolation, l\u2019objectif est de viser une bonne inertie thermique pour garantir le confort d\u2019hiver et d\u2019\u00e9t\u00e9 ainsi qu\u2019un faible niveau de consommation d\u2019\u00e9nergie.<\/p>\n<p>En \u00e9t\u00e9, l\u2019isolation des combles perdus par soufflage ou la pose d\u2019un isolant sous toiture garantissent un bon \u00ab&nbsp;d\u00e9phasage thermique&nbsp;\u00bb&nbsp;: la chaleur entre moins vite dans votre habitation&nbsp;!<\/p>\n<p>L\u2019isolation thermique d\u2019un comble perdu peut \u00eatre r\u00e9alis\u00e9e par une laine \u00e0 souffler ou en panneaux de laine \u00e0 d\u00e9rouler. Pour garantir le confort thermique ainsi qu\u2019une basse consommation d\u2019\u00e9nergie, pr\u00e9voyez une \u00e9paisseur importante pour augmenter la r\u00e9sistance thermique. Un pare-vapeur ind\u00e9pendant et continu doit \u00e9galement \u00eatre pos\u00e9 du c\u00f4t\u00e9 chauff\u00e9 de la paroi. Si les combles perdus ne sont pas \u00e9tanches \u00e0 l\u2019air, pr\u00e9voyez \u00e9galement la pose d\u2019une membrane d\u2019\u00e9tanch\u00e9it\u00e9 \u00e0 l\u2019air.<\/p>\n<p>Si vous voulez isoler vos combles et que vous r\u00e9alisez qu\u2019ils ont d\u00e9j\u00e0 une couche d\u2019isolant, la premi\u00e8re chose \u00e0 faire est de<strong> v\u00e9rifier l\u2019\u00e9tat de l\u2019isolant<\/strong> et sa performance \u00e9nerg\u00e9tique.<\/p>\n<p>Lorsqu\u2019elles sont en bon \u00e9tat, les laines min\u00e9rales (laine de verre ou laine de roche) ne perdent pas leur pouvoir isolant avec le temps. Il est donc int\u00e9ressant de continuer \u00e0 en profiter et de limiter l\u2019\u00e9paisseur du mat\u00e9riau de l\u2019isolant \u00e0 ajouter pour faire des \u00e9conomies. Toutefois, veillez \u00e0 ce que la laine ne soit ni tass\u00e9e, ni trou\u00e9e par des rongeurs, et qu\u2019elle n\u2019ait pas pris l\u2019eau, auxquels cas la performance isolante sera moindre. Si elle est en bon \u00e9tat et que vous souhaitez ajouter une nouvelle couche d\u2019isolant, pensez \u00e0 faire r\u00e9aliser un calcul de portance par un bureau d\u2019\u00e9tude avant de vous lancer dans les travaux d\u2019isolation thermique.<\/p>\n<p>&nbsp;<\/p>\n<h3>Pour le plancher bas<\/h3>\n<p>Pour <a href=\"https:\/\/www.qualitel.org\/particuliers\/isolation\/isolation-sol\/\" target=\"_blank\" rel=\"noopener\">isoler le sol<\/a>, si celui-ci n\u2019est pas du tout isol\u00e9, nous recommandons un isolant rigide de type polystyr\u00e8ne ou polyur\u00e9thane \u00e0 poser sur l\u2019ensemble de la surface de plancher, ou en sous-face de plancher si celui-ci se situe au-dessus d\u2019un local accessible (sous-sol, cave, vide sanitaire accessible\u2026).<\/p>\n<p>Si vous souhaitez vous orienter vers un choix plus \u00e9cologique, le li\u00e8ge est un tr\u00e8s bon mat\u00e9riau isolant.<\/p>\n<h3>Pour les murs<\/h3>\n<p>En mati\u00e8re de performances thermiques, les mat\u00e9riaux usuels assurant la fonction porteuse, comme le b\u00e9ton, le parpaing ou m\u00eame la pierre de taille pr\u00e9sentent en g\u00e9n\u00e9ral un faible pouvoir isolant. Il faut leur ajouter un isolant thermique et phonique&nbsp;: la laine de verre, la laine de roche, la laine de chanvre, le polystyr\u00e8ne PSE, le polyur\u00e9thane, la laine de bois, etc. Ces mat\u00e9riaux isolants peuvent \u00eatre pos\u00e9s&nbsp;:<\/p>\n<ul>\n<li><strong>\u00e0 l\u2019int\u00e9rieur du b\u00e2timent<\/strong>&nbsp;: l\u2019isolant est alors g\u00e9n\u00e9ralement prot\u00e9g\u00e9 par une plaque de pl\u00e2tre. Il s\u2019agit d\u2019une <a href=\"https:\/\/www.qualitel.org\/particuliers\/isolation\/isolation-mur-interieur\/\" target=\"_blank\" rel=\"noopener\">isolation thermique des murs par l\u2019int\u00e9rieur<\/a>&nbsp;;<\/li>\n<li><strong>\u00e0 l\u2019ext\u00e9rieur<\/strong>&nbsp;: l\u2019isolant est alors prot\u00e9g\u00e9 par un treillis de fibres de verre et par un enduit (ou par des \u00e9l\u00e9ments pr\u00e9fabriqu\u00e9s appel\u00e9s bardages). On parle alors d\u2019<a href=\"https:\/\/www.qualitel.org\/particuliers\/isolation\/isolation-par-exterieur\/\" target=\"_blank\" rel=\"noopener\">isolation des murs par l\u2019ext\u00e9rieur<\/a> ou d\u2019isolation thermique ext\u00e9rieure.<\/li>\n<\/ul>\n<p>Il existe une autre solution pour la <a href=\"https:\/\/www.qualitel.org\/particuliers\/bien-faire-construire\/types-de-murs\/\" target=\"_blank\" rel=\"noopener\">construction des murs<\/a>&nbsp;: l\u2019isolation thermique r\u00e9partie. Il y a 2 grandes familles de mat\u00e9riaux de ce type, qui se pr\u00e9sentent sous forme de blocs dits monomurs&nbsp;: le monomur de terre cuite et le monomur de b\u00e9ton cellulaire.<\/p>\n<p>Ces blocs de ma\u00e7onnerie assurent \u00e0 la fois la fonction porteuse et la fonction d\u2019isolation thermique. Celle-ci peut \u00eatre compl\u00e9t\u00e9e par le recours \u00e0 un isolant int\u00e9rieur ou ext\u00e9rieur, comme dans le cas pr\u00e9c\u00e9dent, ou bien par un isolant mis en \u0153uvre en usine dans les alv\u00e9oles. Ce type de solution pour am\u00e9liorer l\u2019isolation thermique est utilis\u00e9 dans la maison individuelle et dans des immeubles collectifs atteignant 3 \u00e0 4 \u00e9tages.<\/p>\n<p>Si vous souhaitez faire construire une maison en bois, optez pour un isolant de pleine \u00e9paisseur du mur d\u2019origine v\u00e9g\u00e9tale (laine de coton, laine de chanvre, etc.), prot\u00e9g\u00e9 \u00e0 l\u2019ext\u00e9rieur par un rev\u00eatement fix\u00e9 \u00e0 l\u2019ossature (appel\u00e9 aussi bardage).<\/p>\n<p><strong>Isoler les murs par l\u2019int\u00e9rieur reste plus \u00e9conomique et offre un bon rapport performance-prix<\/strong>. N\u2019oubliez pas d\u2019associer un <a href=\"https:\/\/www.qualitel.org\/particuliers\/equipements-et-materiaux-maison\/ventilation\/\" target=\"_blank\" rel=\"noopener\">syst\u00e8me de ventilation<\/a> aux travaux d\u2019isolation int\u00e9rieure afin d\u2019assurer le renouvellement de l\u2019air et la qualit\u00e9 de l\u2019air int\u00e9rieur de votre logement. Si vous pr\u00e9f\u00e9rez partir sur une<strong> isolation ext\u00e9rieure des murs<\/strong>, sachez que cela <strong>donnera une nouvelle physionomie \u00e0 votre fa\u00e7ade, tout en augmentant la performance thermique de votre logement et votre confort<\/strong>. Cette option limite par ailleurs les ponts thermiques mais n\u00e9cessite aussi un bon syst\u00e8me de ventilation.<\/p>\n<p>Pour avoir un logement bien isol\u00e9, le type d\u2019isolation entrepris compte \u00e9norm\u00e9ment mais il faut \u00e9galement lui associer le bon isolant.<\/p>\n<h3>Pour les fen\u00eatres<\/h3>\n<p><img loading=\"lazy\" decoding=\"async\" class=\"alignright size-medium wp-image-30435\" src=\"https:\/\/www.qualitel.org\/particuliers\/wp\/..\/uploads\/shutterstock_1577300728-300x203.jpg\" alt width=\"300\" height=\"203\" srcset=\"https:\/\/www.qualitel.org\/particuliers\/wp\/..\/uploads\/shutterstock_1577300728-300x203.jpg 300w, https:\/\/www.qualitel.org\/particuliers\/wp\/..\/uploads\/shutterstock_1577300728.jpg 1000w\" sizes=\"auto, (max-width: 300px) 100vw, 300px\">Les fen\u00eatres et portes-fen\u00eatres jouent un <strong>r\u00f4le important<\/strong> dans votre maison ou appartement. Elles servent de rempart aux intemp\u00e9ries, permettent de laisser entrer la lumi\u00e8re et isolent thermiquement et acoustiquement votre logement.<\/p>\n<p>En revanche, lorsqu\u2019elles sont en mauvais \u00e9tat, mal install\u00e9es ou dot\u00e9es de vitrages trop fins, elles participent de fa\u00e7on non n\u00e9gligeable aux d\u00e9perditions thermiques.<\/p>\n<p>Pour am\u00e9liorer l\u2019isolation de vos fen\u00eatres, vous avez 2 options&nbsp;:<\/p>\n<ul>\n<li>vous pouvez<strong> <a href=\"https:\/\/www.qualitel.org\/particuliers\/travaux-renovation\/fenetres\/\" target=\"_blank\" rel=\"noopener\">remplacer enti\u00e8rement vos fen\u00eatres<\/a> existantes<\/strong>, avec les co\u00fbts et les travaux que cela implique. Vous obtiendrez alors une bonne isolation phonique et thermique&nbsp;;<\/li>\n<li>vous pouvez <strong>changer vos fen\u00eatres en conservant le dormant actuel s\u2019il est en bon \u00e9tat<\/strong>. C\u2019est une m\u00e9thode plus rapide mais elle diminue la taille du vitrage et provoque une perte thermique et de luminosit\u00e9, ce qui n\u2019est pas id\u00e9al.<\/li>\n<\/ul>\n<p>Avant de changer vos menuiseries, <strong>v\u00e9rifiez tout de m\u00eame si le manque d\u2019\u00e9tanch\u00e9it\u00e9 \u00e0 l\u2019air ne vient pas des joints<\/strong>&nbsp;: ouvrez votre fen\u00eatre, placez une feuille de papier sur les joints puis refermez. Si les joints sont en bon \u00e9tat, vous ne devez pas pouvoir retirer la feuille. Si cette derni\u00e8re vous reste dans la main, il faut changer les joints.<\/p>\n<p>Sachez que la performance isolante de vos nouvelles fen\u00eatres d\u00e9pend du coefficient de transmission thermique (Uw) et du facteur solaire (Sw). Pour avoir des menuiseries efficaces en termes d\u2019isolation acoustique et thermique, vous avez le choix entre&nbsp;:<\/p>\n<ul>\n<li>le <strong>double vitrage<\/strong> qui diminue l\u2019effet de paroi froide, la condensation et les d\u00e9perditions thermiques&nbsp;;<\/li>\n<li>le <strong>double vitrage \u00e0 isolation renforc\u00e9e (VIR)<\/strong> qui a les m\u00eames caract\u00e9ristiques isolantes que le double vitrage mais avec un contr\u00f4le solaire. De plus, il bloque la chaleur \u00e0 l\u2019int\u00e9rieur du logement afin qu\u2019elle ne s\u2019\u00e9chappe pas par les fen\u00eatres et \u00e9vite \u00e9galement les surchauffes estivales&nbsp;;<\/li>\n<li>le <strong>triple vitrage<\/strong>, qui a les meilleures performances thermiques mais p\u00e8se relativement lourd et ne peut pas \u00eatre install\u00e9 partout. Attention, l\u2019isolation acoustique d\u2019un triple vitrage n\u2019est pas meilleure que celle d\u2019un double vitrage.<\/li>\n<\/ul>\n<p>Pour en savoir plus sur les crit\u00e8res \u00e0 prendre en compte afin de choisir des fen\u00eatres performantes, consultez notre guide d\u00e9di\u00e9 aux <a href=\"https:\/\/www.qualitel.org\/particuliers\/equipements-et-materiaux\/fenetres\/\" target=\"_blank\" rel=\"noopener\">fen\u00eatres<\/a>.<\/p>\n<p>Investir dans une isolation thermique efficace est <strong>essentiel pour r\u00e9duire les d\u00e9perditions de chaleur et am\u00e9liorer le confort de votre habitat<\/strong>. Isolants naturels (fibre de bois, laine de mouton, li\u00e8ge expans\u00e9) ou solutions d\u2019isolation synth\u00e9tiques (mousse polyur\u00e9thane, polystyr\u00e8ne extrud\u00e9 ou expans\u00e9), chaque mat\u00e9riau pr\u00e9sente un coefficient de conductivit\u00e9 thermique qui lui est propre. En optant pour des mat\u00e9riaux \u00e9cologiques et certifi\u00e9s, vous pouvez r\u00e9aliser des \u00e9conomies tout en respectant la r\u00e9glementation environnementale en vigueur (RE2020).<\/p>\n","protected":false},"featured_media":0,"parent":0,"menu_order":0,"template":"","categories":[203,213],"tags":[424,418,489,428],"guide":[],"article_type":[399],"class_list":["post-30378","projet","type-projet","status-publish","hentry","category-confort","category-sante","tags-isolation","tags-renovation","tags-thermique","tags-travaux","projet_type-ameliorer-lisolation"],"acf":[],"yoast_head":"<!-- This site is optimized with the Yoast SEO plugin v26.2 - https:\/\/yoast.com\/wordpress\/plugins\/seo\/ -->\n<title>Comment bien choisir son isolation thermique ? - Qualitel | Particuliers<\/title>\n<meta name=\"description\" content=\"Pour am\u00e9liorer l&#039;isolation thermique de vos murs, toits, combles et sols, optez pour des techniques vari\u00e9es : isolation par l\u2019int\u00e9rieur, par l\u2019ext\u00e9rieur ou r\u00e9partie.\" \/>\n<meta name=\"robots\" content=\"index, follow, max-snippet:-1, max-image-preview:large, max-video-preview:-1\" \/>\n<link rel=\"canonical\" href=\"https:\/\/www.qualitel.org\/particuliers\/isolation\/techniques-isolation\/\" \/>\n<meta property=\"og:locale\" content=\"fr_FR\" \/>\n<meta property=\"og:type\" content=\"article\" \/>\n<meta property=\"og:title\" content=\"Comment bien choisir son isolation thermique ? - Qualitel | Particuliers\" \/>\n<meta property=\"og:description\" content=\"Pour r\u00e9duire les pertes de chaleur, am\u00e9liorer le confort et \u00e9conomiser de l\u2019\u00e9nergie, une bonne isolation thermique est essentielle. Quelle technique et quelles zones isoler&nbsp;? Nos experts vous conseillent.\" \/>\n<meta property=\"og:url\" content=\"https:\/\/www.qualitel.org\/particuliers\/isolation\/techniques-isolation\/\" \/>\n<meta property=\"og:site_name\" content=\"Qualitel | Particuliers\" \/>\n<meta property=\"article:publisher\" content=\"https:\/\/www.facebook.com\/groupequalitel\/\" \/>\n<meta property=\"article:modified_time\" content=\"2025-10-15T08:32:20+00:00\" \/>\n<meta property=\"og:image\" content=\"https:\/\/www.qualitel.org\/particuliers\/wp\/..\/uploads\/Isolation-thermique.jpg\" \/>\n\t<meta property=\"og:image:width\" content=\"2458\" \/>\n\t<meta property=\"og:image:height\" content=\"1708\" \/>\n\t<meta property=\"og:image:type\" content=\"image\/jpeg\" \/>\n<meta name=\"twitter:card\" content=\"summary_large_image\" \/>\n<meta name=\"twitter:description\" content=\"Pour r\u00e9duire les pertes de chaleur, am\u00e9liorer le confort et \u00e9conomiser de l\u2019\u00e9nergie, une bonne isolation thermique est essentielle. Quelle technique et quelles zones isoler&nbsp;? Nos experts vous conseillent.\n\" \/>\n<meta name=\"twitter:site\" content=\"@groupeQUALITEL\" \/>\n<meta name=\"twitter:label1\" content=\"Est. reading time\" \/>\n\t<meta name=\"twitter:data1\" content=\"20 minutes\" \/>\n<script type=\"application\/ld+json\" class=\"yoast-schema-graph\">{\"@context\":\"https:\/\/schema.org\",\"@graph\":[{\"@type\":\"WebPage\",\"@id\":\"https:\/\/www.qualitel.org\/particuliers\/isolation\/techniques-isolation\/\",\"url\":\"https:\/\/www.qualitel.org\/particuliers\/isolation\/techniques-isolation\/\",\"name\":\"Comment bien choisir son isolation thermique ? - Qualitel | Particuliers\",\"isPartOf\":{\"@id\":\"https:\/\/www.qualitel.org\/particuliers\/#website\"},\"primaryImageOfPage\":{\"@id\":\"https:\/\/www.qualitel.org\/particuliers\/isolation\/techniques-isolation\/#primaryimage\"},\"image\":{\"@id\":\"https:\/\/www.qualitel.org\/particuliers\/isolation\/techniques-isolation\/#primaryimage\"},\"thumbnailUrl\":\"https:\/\/www.qualitel.org\/particuliers\/wp\/..\/uploads\/Isolation-thermique-1024x712.jpg\",\"datePublished\":\"2022-04-26T14:57:56+00:00\",\"dateModified\":\"2025-10-15T08:32:20+00:00\",\"description\":\"Pour am\u00e9liorer l'isolation thermique de vos murs, toits, combles et sols, optez pour des techniques vari\u00e9es : isolation par l\u2019int\u00e9rieur, par l\u2019ext\u00e9rieur ou r\u00e9partie.\",\"breadcrumb\":{\"@id\":\"https:\/\/www.qualitel.org\/particuliers\/isolation\/techniques-isolation\/#breadcrumb\"},\"inLanguage\":\"fr-FR\",\"potentialAction\":[{\"@type\":\"ReadAction\",\"target\":[\"https:\/\/www.qualitel.org\/particuliers\/isolation\/techniques-isolation\/\"]}]},{\"@type\":\"ImageObject\",\"inLanguage\":\"fr-FR\",\"@id\":\"https:\/\/www.qualitel.org\/particuliers\/isolation\/techniques-isolation\/#primaryimage\",\"url\":\"https:\/\/www.qualitel.org\/particuliers\/wp\/..\/uploads\/Isolation-thermique.jpg\",\"contentUrl\":\"https:\/\/www.qualitel.org\/particuliers\/wp\/..\/uploads\/Isolation-thermique.jpg\",\"width\":2458,\"height\":1708},{\"@type\":\"BreadcrumbList\",\"@id\":\"https:\/\/www.qualitel.org\/particuliers\/isolation\/techniques-isolation\/#breadcrumb\",\"itemListElement\":[{\"@type\":\"ListItem\",\"position\":1,\"name\":\"Accueil\",\"item\":\"https:\/\/www.qualitel.org\/particuliers\/\"},{\"@type\":\"ListItem\",\"position\":2,\"name\":\"Les diff\u00e9rentes techniques d\u2019isolation thermique\"}]},{\"@type\":\"WebSite\",\"@id\":\"https:\/\/www.qualitel.org\/particuliers\/#website\",\"url\":\"https:\/\/www.qualitel.org\/particuliers\/\",\"name\":\"Qualitel | Particuliers\",\"description\":\"\",\"publisher\":{\"@id\":\"https:\/\/www.qualitel.org\/particuliers\/#organization\"},\"potentialAction\":[{\"@type\":\"SearchAction\",\"target\":{\"@type\":\"EntryPoint\",\"urlTemplate\":\"https:\/\/www.qualitel.org\/particuliers\/?s={search_term_string}\"},\"query-input\":{\"@type\":\"PropertyValueSpecification\",\"valueRequired\":true,\"valueName\":\"search_term_string\"}}],\"inLanguage\":\"fr-FR\"},{\"@type\":\"Organization\",\"@id\":\"https:\/\/www.qualitel.org\/particuliers\/#organization\",\"name\":\"Qualitel | Particuliers\",\"url\":\"https:\/\/www.qualitel.org\/particuliers\/\",\"logo\":{\"@type\":\"ImageObject\",\"inLanguage\":\"fr-FR\",\"@id\":\"https:\/\/www.qualitel.org\/particuliers\/#\/schema\/logo\/image\/\",\"url\":\"https:\/\/www.qualitel.org\/particuliers\/wp\/..\/uploads\/qualitel-squarelogo-1456752654225.png\",\"contentUrl\":\"https:\/\/www.qualitel.org\/particuliers\/wp\/..\/uploads\/qualitel-squarelogo-1456752654225.png\",\"width\":180,\"height\":180,\"caption\":\"Qualitel | Particuliers\"},\"image\":{\"@id\":\"https:\/\/www.qualitel.org\/particuliers\/#\/schema\/logo\/image\/\"},\"sameAs\":[\"https:\/\/www.facebook.com\/groupequalitel\/\",\"https:\/\/x.com\/groupeQUALITEL\",\"https:\/\/www.instagram.com\/associationqualitel\/\",\"https:\/\/www.pinterest.fr\/associationqualitel\/\"]}]}<\/script>\n<!-- \/ Yoast SEO plugin. -->","yoast_head_json":{"title":"Comment bien choisir son isolation thermique ? - Qualitel | Particuliers","description":"Pour am\u00e9liorer l'isolation thermique de vos murs, toits, combles et sols, optez pour des techniques vari\u00e9es : isolation par l\u2019int\u00e9rieur, par l\u2019ext\u00e9rieur ou r\u00e9partie.","robots":{"index":"index","follow":"follow","max-snippet":"max-snippet:-1","max-image-preview":"max-image-preview:large","max-video-preview":"max-video-preview:-1"},"canonical":"https:\/\/www.qualitel.org\/particuliers\/isolation\/techniques-isolation\/","og_locale":"fr_FR","og_type":"article","og_title":"Comment bien choisir son isolation thermique ? - Qualitel | Particuliers","og_description":"Pour r\u00e9duire les pertes de chaleur, am\u00e9liorer le confort et \u00e9conomiser de l\u2019\u00e9nergie, une bonne isolation thermique est essentielle. Quelle technique et quelles zones isoler&nbsp;? Nos experts vous conseillent.","og_url":"https:\/\/www.qualitel.org\/particuliers\/isolation\/techniques-isolation\/","og_site_name":"Qualitel | Particuliers","article_publisher":"https:\/\/www.facebook.com\/groupequalitel\/","article_modified_time":"2025-10-15T08:32:20+00:00","og_image":[{"width":2458,"height":1708,"url":"https:\/\/www.qualitel.org\/particuliers\/wp\/..\/uploads\/Isolation-thermique.jpg","type":"image\/jpeg"}],"twitter_card":"summary_large_image","twitter_description":"Pour r\u00e9duire les pertes de chaleur, am\u00e9liorer le confort et \u00e9conomiser de l\u2019\u00e9nergie, une bonne isolation thermique est essentielle. Quelle technique et quelles zones isoler&nbsp;? Nos experts vous conseillent.\n","twitter_site":"@groupeQUALITEL","twitter_misc":{"Est. reading time":"20 minutes"},"schema":{"@context":"https:\/\/schema.org","@graph":[{"@type":"WebPage","@id":"https:\/\/www.qualitel.org\/particuliers\/isolation\/techniques-isolation\/","url":"https:\/\/www.qualitel.org\/particuliers\/isolation\/techniques-isolation\/","name":"Comment bien choisir son isolation thermique ? - Qualitel | Particuliers","isPartOf":{"@id":"https:\/\/www.qualitel.org\/particuliers\/#website"},"primaryImageOfPage":{"@id":"https:\/\/www.qualitel.org\/particuliers\/isolation\/techniques-isolation\/#primaryimage"},"image":{"@id":"https:\/\/www.qualitel.org\/particuliers\/isolation\/techniques-isolation\/#primaryimage"},"thumbnailUrl":"https:\/\/www.qualitel.org\/particuliers\/wp\/..\/uploads\/Isolation-thermique-1024x712.jpg","datePublished":"2022-04-26T14:57:56+00:00","dateModified":"2025-10-15T08:32:20+00:00","description":"Pour am\u00e9liorer l'isolation thermique de vos murs, toits, combles et sols, optez pour des techniques vari\u00e9es : isolation par l\u2019int\u00e9rieur, par l\u2019ext\u00e9rieur ou r\u00e9partie.","breadcrumb":{"@id":"https:\/\/www.qualitel.org\/particuliers\/isolation\/techniques-isolation\/#breadcrumb"},"inLanguage":"fr-FR","potentialAction":[{"@type":"ReadAction","target":["https:\/\/www.qualitel.org\/particuliers\/isolation\/techniques-isolation\/"]}]},{"@type":"ImageObject","inLanguage":"fr-FR","@id":"https:\/\/www.qualitel.org\/particuliers\/isolation\/techniques-isolation\/#primaryimage","url":"https:\/\/www.qualitel.org\/particuliers\/wp\/..\/uploads\/Isolation-thermique.jpg","contentUrl":"https:\/\/www.qualitel.org\/particuliers\/wp\/..\/uploads\/Isolation-thermique.jpg","width":2458,"height":1708},{"@type":"BreadcrumbList","@id":"https:\/\/www.qualitel.org\/particuliers\/isolation\/techniques-isolation\/#breadcrumb","itemListElement":[{"@type":"ListItem","position":1,"name":"Accueil","item":"https:\/\/www.qualitel.org\/particuliers\/"},{"@type":"ListItem","position":2,"name":"Les diff\u00e9rentes techniques d\u2019isolation thermique"}]},{"@type":"WebSite","@id":"https:\/\/www.qualitel.org\/particuliers\/#website","url":"https:\/\/www.qualitel.org\/particuliers\/","name":"Qualitel | Particuliers","description":"","publisher":{"@id":"https:\/\/www.qualitel.org\/particuliers\/#organization"},"potentialAction":[{"@type":"SearchAction","target":{"@type":"EntryPoint","urlTemplate":"https:\/\/www.qualitel.org\/particuliers\/?s={search_term_string}"},"query-input":{"@type":"PropertyValueSpecification","valueRequired":true,"valueName":"search_term_string"}}],"inLanguage":"fr-FR"},{"@type":"Organization","@id":"https:\/\/www.qualitel.org\/particuliers\/#organization","name":"Qualitel | Particuliers","url":"https:\/\/www.qualitel.org\/particuliers\/","logo":{"@type":"ImageObject","inLanguage":"fr-FR","@id":"https:\/\/www.qualitel.org\/particuliers\/#\/schema\/logo\/image\/","url":"https:\/\/www.qualitel.org\/particuliers\/wp\/..\/uploads\/qualitel-squarelogo-1456752654225.png","contentUrl":"https:\/\/www.qualitel.org\/particuliers\/wp\/..\/uploads\/qualitel-squarelogo-1456752654225.png","width":180,"height":180,"caption":"Qualitel | Particuliers"},"image":{"@id":"https:\/\/www.qualitel.org\/particuliers\/#\/schema\/logo\/image\/"},"sameAs":["https:\/\/www.facebook.com\/groupequalitel\/","https:\/\/x.com\/groupeQUALITEL","https:\/\/www.instagram.com\/associationqualitel\/","https:\/\/www.pinterest.fr\/associationqualitel\/"]}]}},"_links":{"self":[{"href":"https:\/\/www.qualitel.org\/particuliers\/wp-json\/wp\/v2\/projet\/30378","targetHints":{"allow":["GET"]}}],"collection":[{"href":"https:\/\/www.qualitel.org\/particuliers\/wp-json\/wp\/v2\/projet"}],"about":[{"href":"https:\/\/www.qualitel.org\/particuliers\/wp-json\/wp\/v2\/types\/projet"}],"version-history":[{"count":76,"href":"https:\/\/www.qualitel.org\/particuliers\/wp-json\/wp\/v2\/projet\/30378\/revisions"}],"predecessor-version":[{"id":51461,"href":"https:\/\/www.qualitel.org\/particuliers\/wp-json\/wp\/v2\/projet\/30378\/revisions\/51461"}],"wp:attachment":[{"href":"https:\/\/www.qualitel.org\/particuliers\/wp-json\/wp\/v2\/media?parent=30378"}],"wp:term":[{"taxonomy":"category","embeddable":true,"href":"https:\/\/www.qualitel.org\/particuliers\/wp-json\/wp\/v2\/categories?post=30378"},{"taxonomy":"tags","embeddable":true,"href":"https:\/\/www.qualitel.org\/particuliers\/wp-json\/wp\/v2\/tags?post=30378"},{"taxonomy":"guide","embeddable":true,"href":"https:\/\/www.qualitel.org\/particuliers\/wp-json\/wp\/v2\/guide?post=30378"},{"taxonomy":"projet_type","embeddable":true,"href":"https:\/\/www.qualitel.org\/particuliers\/wp-json\/wp\/v2\/article_type?post=30378"}],"curies":[{"name":"wp","href":"https:\/\/api.w.org\/{rel}","templated":true}]}}