{"id":3106,"date":"2022-02-25T16:55:14","date_gmt":"2022-02-25T15:55:14","guid":{"rendered":"http:\/\/qualitel.org\/?post_type=projet&#038;p=3106"},"modified":"2025-10-15T17:23:10","modified_gmt":"2025-10-15T15:23:10","slug":"comment-bien-faire-renover-votre-systeme-de-ventilation","status":"publish","type":"projet","link":"https:\/\/www.qualitel.org\/particuliers\/travaux-renovation\/systeme-de-ventilation\/","title":{"rendered":"Comment installer une nouvelle ventilation&nbsp;?"},"content":{"rendered":"<p>L\u2019OQAI (Observatoire pour la Qualit\u00e9 de l\u2019Air Int\u00e9rieur) nous alerte sur la dangerosit\u00e9 des <b>polluants<\/b> que nous respirons dans les <b>environnements clos<\/b> (logements, bureaux, \u00e9coles, etc.). Ces polluants peuvent \u00eatre des <b><a href=\"https:\/\/www.qualitel.org\/particuliers\/conseils\/comment-lutter-contre-les-composes-organiques-volatils-polluant-lair-de-votre-logement\/\">compos\u00e9s organiques volatiles<\/a> (COV)<\/b>, des <a href=\"https:\/\/www.qualitel.org\/particuliers\/conseils\/moisissures-comment-lutter-contre-afin-dameliorer-la-qualite-de-lair-dans-votre-logement\/\"><b>moisissures<\/b><\/a> ou des <b>polluants provenant de l\u2019ext\u00e9rieur<\/b> (tels que les <b>pollens<\/b> ou encore les <a href=\"https:\/\/www.qualitel.org\/particuliers\/conseils\/particules-comment-les-limiter-pour-ameliorer-la-qualite-de-lair-interieur-de-votre-logement\/\"><b>particules fines<\/b><\/a> issues du trafic routier).<\/p>\n<p>Les cons\u00e9quences de l\u2019exposition \u00e0 ces polluants sur notre sant\u00e9 peuvent \u00eatre plus ou moins graves&nbsp;: irritations cutan\u00e9es, toux, maux de t\u00eate, naus\u00e9es ou encore le d\u00e9veloppement de pathologies plus graves (li\u00e9es au syst\u00e8me respiratoire par exemple).<\/p>\n<p><iframe loading=\"lazy\" src=\"https:\/\/www.youtube.com\/embed\/Et7xFXvXGrQ\" width=\"100%\" height=\"315\" frameborder=\"0\" allowfullscreen=\"allowfullscreen\" data-mce-fragment=\"1\"><\/iframe><\/p>\n<p>&nbsp;<\/p>\n<p>Pour que votre logement soit sain et a\u00e9r\u00e9, il est donc primordial d\u2019y assurer un renouvellement d\u2019air r\u00e9gulier. Avoir une bonne ventilation naturelle ou m\u00e9canique (VMC) \u2013 choix du bon syst\u00e8me, d\u00e9bit efficace, filtre renouvel\u00e9 et entretien r\u00e9gulier \u2013 vous permet de&nbsp;:<\/p>\n<ul>\n<li><b>Prot\u00e9ger<\/b> la sant\u00e9 de votre famille (notamment des probl\u00e8mes respiratoires) en \u00e9vacuant une part importante des polluants issus des <a href=\"https:\/\/www.qualitel.org\/particuliers\/conseils\/choix-produits-entretien\/\">produits m\u00e9nagers<\/a>, des meubles, des <a href=\"https:\/\/www.qualitel.org\/particuliers\/equipements-et-materiaux-maison\/revetement-sol\/moquette\/\">moquettes<\/a>, de la cuisine, etc. et en apportant un air frais \u00e0 la place de l\u2019air vici\u00e9<\/li>\n<li><b>Limiter la d\u00e9gradation de votre logement<\/b> (condensation, moisissures, papiers peints ou peintures qui s\u2019ab\u00eement, etc.) <b>en \u00e9vacuant l\u2019humidit\u00e9<\/b> contenue dans l\u2019air extrait<b>.<\/b><\/li>\n<\/ul>\n<p style=\"text-align: left;\">L\u2019a\u00e9ration quotidienne de votre logement \u2013 dix minutes, deux fois par jour, le matin et le soir \u2013 combin\u00e9e \u00e0 un syst\u00e8me de ventilation efficace \u2013 reste le meilleur moyen de respirer un air plus pur chez soi&nbsp;!<\/p>\n<p>Attention, un ventilateur a pour mission de brasser l\u2019air mais n\u2019a aucun impact sur le renouvellement d\u2019air dans un logement car ce m\u00e9canisme ne permet pas \u00e0 l\u2019air ext\u00e9rieur de remplacer l\u2019air vici\u00e9.<\/p>\n<p>Dans un projet de travaux d\u2019am\u00e9lioration du syst\u00e8me de ventilation, <b>un diagnostic du syst\u00e8me de ventilation <\/b>est une \u00e9tape essentielle. Nos experts vous guident pour \u00e9valuer l\u2019\u00e9tat de votre installation et d\u00e9terminer ce qu\u2019il est n\u00e9cessaire de r\u00e9nover pour \u00e9vacuer efficacement l\u2019air vici\u00e9.<\/p>\n<h3>Identifiez le type d\u2019a\u00e9ration d\u00e9j\u00e0 existant<\/h3>\n<p>Avant d\u2019entreprendre la r\u00e9novation de votre ventilation, il est imp\u00e9ratif de faire le point sur vos \u00e9quipements et sur les diff\u00e9rents syst\u00e8mes d\u2019a\u00e9ration ou de ventilation de votre logement.<\/p>\n<p>Regardez si vous avez&nbsp;:<\/p>\n<ul>\n<li>Une <b>Ventilation M\u00e9canique Contr\u00f4l\u00e9e<\/b> <strong>(VMC)<\/strong> avec des <strong>entr\u00e9es d\u2019air<\/strong> dans les fen\u00eatres des pi\u00e8ces de vie (chambre, s\u00e9jour, salle \u00e0 manger, etc.) et des <strong>bouches d\u2019extraction<\/strong> d\u2019air dans les pi\u00e8ces humides (cuisine, salle de bain, WC). Dans le cas de la <a href=\"https:\/\/www.qualitel.org\/particuliers\/equipements-et-materiaux-maison\/ventilation\/vmc-simple-flux\/\">VMC simple flux<\/a> (<a href=\"https:\/\/www.qualitel.org\/particuliers\/equipements-et-materiaux-maison\/ventilation\/vmc-hygroreglable\/\">VMC hygror\u00e9glable<\/a> ou VMC auto-r\u00e9glable),&nbsp;seul r\u00e9seau de conduits est pr\u00e9sent pour extraire l\u2019air vici\u00e9 alors que dans le cas de la <a href=\"https:\/\/www.qualitel.org\/particuliers\/equipements-et-materiaux-maison\/ventilation\/vmc-double-flux\/\">VMC double flux<\/a>, deux r\u00e9seaux de gaines cohabitent, chacun dot\u00e9 par son propre ventilateur&nbsp;: un pour expulser l\u2019air vici\u00e9 depuis les pi\u00e8ces humides et un pour apporter l\u2019air ext\u00e9rieur pr\u00e9chauff\u00e9 dans les pi\u00e8ces de vie gr\u00e2ce aux calories pr\u00e9sentes dans l\u2019air vici\u00e9 qui limitent les d\u00e9perditions de chaleur.<\/li>\n<li>Une <strong>Ventilation M\u00e9canique par Insufflation (VMI)<\/strong> avec des bouches d\u2019aspiration pour aspirer l\u2019air ext\u00e9rieur, des bouches d\u2019insufflation et des sorties d\u2019air.<\/li>\n<\/ul>\n<p>Si vous n\u2019avez ni l\u2019un ni l\u2019autre et que votre logement date d\u2019apr\u00e8s 1937, il doit certainement disposer d\u2019une <a href=\"https:\/\/www.qualitel.org\/particuliers\/equipements-et-materiaux-maison\/ventilation\/ventilation-naturelle\/\">ventilation naturelle<\/a>. Dans ce cas, assurez-vous que vous disposez bien&nbsp;:<\/p>\n<ul>\n<li>De <b>grilles d\u2019entr\u00e9e d\u2019air <\/b>(elles sont g\u00e9n\u00e9ralement situ\u00e9es dans les <b>parties basses<\/b> des cuisines, salles de bain ou WC)<\/li>\n<li>Ainsi que des <b>grilles d\u2019extraction<\/b> (dans les menuiseries de vos fen\u00eatres ou dans les murs en parties hautes).<\/li>\n<\/ul>\n<h3>V\u00e9rifiez le bon fonctionnement de votre syst\u00e8me de ventilation<\/h3>\n<p>Un dispositif &nbsp;de <a href=\"https:\/\/www.qualitel.org\/particuliers\/equipements-et-materiaux-maison\/ventilation\/\">ventilation<\/a> a bien \u00e9t\u00e9 install\u00e9 chez vous, mais est-il assez efficace pour vous offrir une bonne a\u00e9ration et une qualit\u00e9 de l\u2019air ambiant optimale&nbsp;? Voici trois gestes simples pour le v\u00e9rifier.<\/p>\n<p><b>1\/ Examinez l\u2019\u00e9tat de vos entr\u00e9es d\u2019air, <\/b>situ\u00e9es g\u00e9n\u00e9ralement dans les menuiseries ou dans les coffres de volets roulants et v\u00e9rifiez vos <b>bouches d\u2019extraction<\/b>, en partie haute, dans les murs ou plafonds des pi\u00e8ces humides (salle de bain, cuisine, WC). Sont-elles d\u00e9t\u00e9rior\u00e9es, encrass\u00e9es ou obstru\u00e9es&nbsp;?<\/p>\n<p><b>2\/ \u00c9valuez leur fonctionnement et leurs d\u00e9bits<\/b>. Dans le cas d\u2019une VMC&nbsp;:<\/p>\n<ul>\n<li>Placez une feuille de papier tr\u00e8s fine devant chaque<b> bouche d\u2019extraction<\/b>. Si elle reste coll\u00e9e, c\u2019est que votre ventilation fonctionne.<\/li>\n<li>Pour les <b>entr\u00e9es d\u2019air<\/b>, placez \u00e0 nouveau la feuille et assurez-vous que cette derni\u00e8re est bien repouss\u00e9e (signe que la bouche est op\u00e9rationnelle). Vous pouvez aussi vous assurer par le toucher que l\u2019entr\u00e9e d\u2019air fonctionne (en pla\u00e7ant votre main devant cette derni\u00e8re).<\/li>\n<\/ul>\n<p><b>3\/ Veillez aux autres signes de mauvaise ventilation&nbsp;<\/b>comme les traces d\u2019<a href=\"https:\/\/www.qualitel.org\/particuliers\/conseils\/humidite-quels-sont-les-risques-pour-votre-logement\/\">humidit\u00e9<\/a> sur les murs, les moisissures ou encore une bu\u00e9e\/condensation persistante longtemps sur le miroir apr\u00e8s l\u2019utilisation de la douche.<\/p>\n<h3>Consultez les diagnostics amiante et plomb<\/h3>\n<p>En cas de travaux de r\u00e9novation importants de votre syst\u00e8me de ventilation, le <a href=\"https:\/\/www.qualitel.org\/particuliers\/diagnostics-immobiliers\/amiante\/\">diagnostic amiante<\/a> et le <a href=\"https:\/\/www.qualitel.org\/particuliers\/diagnostics-immobiliers\/plomb\/\">constat de risque d\u2019exposition au plomb<\/a> sont obligatoires afin de vous prot\u00e9ger, ainsi que les professionnels qui interviendront sur le chantier. Si les diagnostics r\u00e9v\u00e8lent la pr\u00e9sence de ces mat\u00e9riaux dangereux, des pr\u00e9cautions particuli\u00e8res devront \u00eatre prises sur le chantier et le traitement des d\u00e9chets devra \u00eatre suivi avec la plus grande prudence. Avant de d\u00e9marrer des travaux, consultez les diagnostics \u2013 s\u2019ils vous ont \u00e9t\u00e9 remis lors de la vente \u2013 ou faites appel \u00e0 un <strong><a href=\"https:\/\/www.qualitel.org\/particuliers\/pros-batiment\/choisir-diagnostiqueur\/\">diagnostiqueur<\/a> certifi\u00e9 <\/strong>par un organisme certificateur accr\u00e9dit\u00e9 par le Cofrac (CERQUAL accr\u00e9dit\u00e9 sous le n\u00b05-0050 \u2013 Liste des sites et port\u00e9e disponibles sur <a href=\"https:\/\/www.cofrac.fr\/\" target=\"_blank\" rel=\"noopener\">www.cofrac.fr<\/a>).<\/p>\n<p>Vos tests ne sont pas concluants ou pire, vous constatez que vous n\u2019avez pas de syst\u00e8me de ventilation&nbsp;? Vous envisagez donc s\u00e9rieusement des travaux de r\u00e9novation. Mais comment proc\u00e9der&nbsp;? \u00c0 ce stade, la question du budget se pose. Ce dernier<b>&nbsp;<\/b>variera sensiblement selon l\u2019<b>ampleur des travaux.&nbsp;<\/b><\/p>\n<p>Il existe plusieurs solutions de financement&nbsp;: prendre un <b>cr\u00e9dit travaux<\/b> aupr\u00e8s d\u2019un \u00e9tablissement bancaire ou obtenir l\u2019accord pour des <b>aides financi\u00e8res, notamment si vous effectuez <\/b>un bouquet de travaux (avec par exemple des travaux d\u2019<a href=\"https:\/\/www.qualitel.org\/particuliers\/isolation\/\">isolation<\/a>).<\/p>\n<p><strong>Bon \u00e0 savoir&nbsp;:<\/strong> il existe plusieurs sites qui permettent de simuler le montant de vos aides financi\u00e8res comme <a href=\"https:\/\/france-renov.gouv.fr\/aides\/simulation\">France R\u00e9nov\u2019<\/a> ou <a href=\"https:\/\/aidesauxtravaux.fr\/?enseigne=oscar#\/accueil\">Oscar<\/a>.<\/p>\n<p>Si votre budget le permet, il est recommand\u00e9 d\u2019installer dans votre habitation un syst\u00e8me de ventilation double flux avec \u00e9changeur thermique qui permet de limiter les d\u00e9perditions de chaleur et de faire des \u00e9conomies d\u2019\u00e9nergie. Le principe&nbsp;? L\u2019air frais ext\u00e9rieur est chauff\u00e9 avant d\u2019arriver dans vos pi\u00e8ces principales, un v\u00e9ritable atout en hiver&nbsp;!<\/p>\n<p>Pour vous aider \u00e0 d\u00e9finir le sc\u00e9nario de ventilation le plus efficace et le mieux adapt\u00e9 \u00e0 votre logement et \u00e0 votre budget, faites appel \u00e0 des<a href=\"https:\/\/www.qualitel.org\/particuliers\/pros-batiment\/\" target=\"_blank\" rel=\"noopener\"><b> professionnels sp\u00e9cialis\u00e9s <\/b><\/a>(<b><a href=\"https:\/\/www.qualitel.org\/particuliers\/pros-batiment\/choisir-plombier-chauffagiste\/\">plombier-chauffagiste<\/a>, bureau d\u2019\u00e9tude thermique ou <a href=\"https:\/\/www.qualitel.org\/particuliers\/pros-batiment\/choisir-architecte\/\">architecte<\/a><\/b>). Ils seront \u00e0 m\u00eame de vous orienter sur la nature des travaux \u00e0 effectuer&nbsp;: r\u00e9parer ou changer votre ventilation. Prenez le temps d\u2019\u00e9tudier leurs propositions, de v\u00e9rifier leurs <b>r\u00e9f\u00e9rences<\/b> et de <b>comparer leur <a href=\"https:\/\/www.qualitel.org\/particuliers\/comprendre-vos-documents\/devis-travaux\/\" target=\"_blank\" rel=\"noopener\">devis<\/a><\/b>&nbsp;pour \u00eatre s\u00fbr de valider la meilleure option.<\/p>\n<p>&nbsp;<\/p>\n<p>Dans le cas o\u00f9 vos travaux de r\u00e9novation de ventilation s\u2019int\u00e8grent \u00e0 un projet plus global d\u2019<b>am\u00e9lioration de la performance \u00e9nerg\u00e9tique<\/b> de votre habitation, veillez \u00e0 ce que le professionnel choisi soit <b>labellis\u00e9 RG<\/b><b>E<\/b> (Reconnu Garant de l\u2019Environnement).&nbsp;Les professionnels RGE ont suivi une formation sp\u00e9cifique et s\u2019engagent \u00e0 respecter une charte de qualit\u00e9. Faire appel \u00e0 de tels professionnels vous permettra peut-\u00eatre de b\u00e9n\u00e9ficier d\u2019une ou plusieurs aides financi\u00e8res.<\/p>\n<p>Vos \u00e9quipements et produits de construction seront d\u00e9termin\u00e9s par le type de ventilation que vous choisirez. Le professionnel qui vous accompagnera dans votre projet de r\u00e9novation sera en mesure de vous en pr\u00e9senter les sp\u00e9cificit\u00e9s.<\/p>\n<p>Consultez le guide de nos experts pour trouver le syst\u00e8me adapt\u00e9 \u00e0 votre logement et \u00e0 vos besoins.<\/p>\n<p>Apr\u00e8s avoir valid\u00e9 le <a href=\"https:\/\/www.qualitel.org\/particuliers\/pros-batiment\/questions-artisan-avant-signature-devis\/\">devis du professionnel<\/a> choisi et fix\u00e9 avec lui les dates de d\u00e9but et de fin de chantier, vous \u00eates pr\u00eat pour lancer les travaux&nbsp;!<\/p>\n<h3>\u00c0 quoi devez-vous penser pendant le chantier&nbsp;?<\/h3>\n<p><a href=\"https:\/\/www.qualitel.org\/particuliers\/travaux-renovation\/gestion-chantier-renovation\/\" target=\"_blank\" rel=\"noopener\">G\u00e9rer un chantier<\/a> n\u2019est pas toujours ais\u00e9 quand plusieurs artisans doivent intervenir. Il faut <b>coordonner les artisans<\/b>, v\u00e9rifier les interventions de chacun et s\u2019assurer de la bonne tenue des <b>d\u00e9lais<\/b>. Si vous vous trouvez dans cette configuration, nous vous conseillons de vous faire accompagner (par un architecte, par exemple) pour franchir cette \u00e9tape sereinement.<\/p>\n<p>Au fil des travaux de r\u00e9novation de votre installation de ventilation, si vous \u00eates sur place, <b>veillez au quotidien \u00e0 leur bon <\/b>d\u00e9roulement. Pour vous assurer que les travaux sont bien conformes au projet valid\u00e9 en amont, ne ratez pas les <b>r\u00e9unions <\/b>organis\u00e9es par votre professionnel sur le chantier.<\/p>\n<p><b>Si vous habitez dans un logement collectif, <\/b>n\u2019oubliez pas de <a href=\"https:\/\/www.qualitel.org\/particuliers\/travaux-renovation\/copropriete\/\" target=\"_blank\" rel=\"noopener\">pr\u00e9venir votre syndic<\/a> et vos voisins si les travaux de r\u00e9novation ont une incidence sur la vie quotidienne de votre immeuble (bruit notamment).<\/p>\n<h3>Que faire \u00e0 la fin du chantier&nbsp;?<\/h3>\n<p><a href=\"https:\/\/www.qualitel.org\/particuliers\/travaux-renovation\/reception-fin-de-travaux\/\" target=\"_blank\" rel=\"noopener\">Au terme de la r\u00e9novation<\/a> de votre syst\u00e8me de ventilation, v\u00e9rifiez ces diff\u00e9rents points&nbsp;:<\/p>\n<ul>\n<li>L\u2019ensemble de l\u2019installation fonctionne-t-il correctement&nbsp;? Vous pouvez refaire le test de la feuille de papier pour voir si les ventilations ont un d\u00e9bit d\u2019air suffisant.<\/li>\n<li>Les garanties et modes d\u2019emploi des syst\u00e8mes de ventilation des bouches d\u2019extraction vous ont-ils bien \u00e9t\u00e9 remis&nbsp;?<\/li>\n<li>Vous a-t-on expliqu\u00e9 le fonctionnement et les pr\u00e9cautions d\u2019usage \u00e0 prendre, telles que les modalit\u00e9s d\u2019<a href=\"https:\/\/www.qualitel.org\/particuliers\/conseils\/comment-bien-assurer-lentretien-de-votre-systeme-de-ventilation\/\">entretien de la ventilation<\/a> et des bouches d\u2019extraction&nbsp;?<\/li>\n<\/ul>\n","protected":false},"featured_media":0,"parent":0,"menu_order":0,"template":"","categories":[203,208,213,220],"tags":[418,428,442],"guide":[407,408],"article_type":[390,395],"class_list":["post-3106","projet","type-projet","status-publish","hentry","category-confort","category-eco-responsabilite","category-sante","category-securite","tags-renovation","tags-travaux","tags-ventilation","guide-guide-de-travaux-specifiques-appartement","guide-guide-de-travaux-specifiques-maison","projet_type-avoir-une-installation-saine-et-sure","projet_type-mettre-aux-normes-votre-installation"],"acf":[],"yoast_head":"<!-- This site is optimized with the Yoast SEO plugin v26.2 - https:\/\/yoast.com\/wordpress\/plugins\/seo\/ -->\n<title>Comment installer une nouvelle ventilation - Qualitel | Particuliers<\/title>\n<meta name=\"description\" content=\"Choix des professionnels, des \u00e9quipements et suivi de chantier : suivez les conseils pour bien faire r\u00e9nover votre installation.\" \/>\n<meta name=\"robots\" content=\"index, follow, max-snippet:-1, max-image-preview:large, max-video-preview:-1\" \/>\n<link rel=\"canonical\" href=\"https:\/\/www.qualitel.org\/particuliers\/travaux-renovation\/systeme-de-ventilation\/\" \/>\n<meta property=\"og:locale\" content=\"fr_FR\" \/>\n<meta property=\"og:type\" content=\"article\" \/>\n<meta property=\"og:title\" content=\"Comment bien faire changer et installer votre syst\u00e8me de ventilation ?\" \/>\n<meta property=\"og:description\" content=\"Besoin d\u2019installer ou remplacer votre syst\u00e8me de ventilation&nbsp;? Pour une r\u00e9novation de cuisine, salle de bain ou projet global, suivez nos conseils d\u2019experts pour une ventilation efficace et sereine.\" \/>\n<meta property=\"og:url\" content=\"https:\/\/www.qualitel.org\/particuliers\/travaux-renovation\/systeme-de-ventilation\/\" \/>\n<meta property=\"og:site_name\" content=\"Qualitel | Particuliers\" \/>\n<meta property=\"article:publisher\" content=\"https:\/\/www.facebook.com\/groupequalitel\/\" \/>\n<meta property=\"article:modified_time\" content=\"2025-10-15T15:23:10+00:00\" \/>\n<meta property=\"og:image\" content=\"https:\/\/www.qualitel.org\/particuliers\/wp\/..\/uploads\/qualitel_social_part.jpg\" \/>\n\t<meta property=\"og:image:width\" content=\"1080\" \/>\n\t<meta property=\"og:image:height\" content=\"1080\" \/>\n\t<meta property=\"og:image:type\" content=\"image\/jpeg\" \/>\n<meta name=\"twitter:card\" content=\"summary_large_image\" \/>\n<meta name=\"twitter:title\" content=\"Comment bien faire changer et installer votre syst\u00e8me de ventilation ?\" \/>\n<meta name=\"twitter:description\" content=\"Besoin d\u2019installer ou remplacer votre syst\u00e8me de ventilation&nbsp;? Pour une r\u00e9novation de cuisine, salle de bain ou projet global, suivez nos conseils d\u2019experts pour une ventilation efficace et sereine.\n\" \/>\n<meta name=\"twitter:site\" content=\"@groupeQUALITEL\" \/>\n<meta name=\"twitter:label1\" content=\"Est. reading time\" \/>\n\t<meta name=\"twitter:data1\" content=\"17 minutes\" \/>\n<script type=\"application\/ld+json\" class=\"yoast-schema-graph\">{\"@context\":\"https:\/\/schema.org\",\"@graph\":[{\"@type\":\"WebPage\",\"@id\":\"https:\/\/www.qualitel.org\/particuliers\/travaux-renovation\/systeme-de-ventilation\/\",\"url\":\"https:\/\/www.qualitel.org\/particuliers\/travaux-renovation\/systeme-de-ventilation\/\",\"name\":\"Comment installer une nouvelle ventilation - Qualitel | Particuliers\",\"isPartOf\":{\"@id\":\"https:\/\/www.qualitel.org\/particuliers\/#website\"},\"datePublished\":\"2022-02-25T15:55:14+00:00\",\"dateModified\":\"2025-10-15T15:23:10+00:00\",\"description\":\"Choix des professionnels, des \u00e9quipements et suivi de chantier : suivez les conseils pour bien faire r\u00e9nover votre installation.\",\"breadcrumb\":{\"@id\":\"https:\/\/www.qualitel.org\/particuliers\/travaux-renovation\/systeme-de-ventilation\/#breadcrumb\"},\"inLanguage\":\"fr-FR\",\"potentialAction\":[{\"@type\":\"ReadAction\",\"target\":[\"https:\/\/www.qualitel.org\/particuliers\/travaux-renovation\/systeme-de-ventilation\/\"]}]},{\"@type\":\"BreadcrumbList\",\"@id\":\"https:\/\/www.qualitel.org\/particuliers\/travaux-renovation\/systeme-de-ventilation\/#breadcrumb\",\"itemListElement\":[{\"@type\":\"ListItem\",\"position\":1,\"name\":\"Accueil\",\"item\":\"https:\/\/www.qualitel.org\/particuliers\/\"},{\"@type\":\"ListItem\",\"position\":2,\"name\":\"Comment installer une nouvelle ventilation ?\"}]},{\"@type\":\"WebSite\",\"@id\":\"https:\/\/www.qualitel.org\/particuliers\/#website\",\"url\":\"https:\/\/www.qualitel.org\/particuliers\/\",\"name\":\"Qualitel | Particuliers\",\"description\":\"\",\"publisher\":{\"@id\":\"https:\/\/www.qualitel.org\/particuliers\/#organization\"},\"potentialAction\":[{\"@type\":\"SearchAction\",\"target\":{\"@type\":\"EntryPoint\",\"urlTemplate\":\"https:\/\/www.qualitel.org\/particuliers\/?s={search_term_string}\"},\"query-input\":{\"@type\":\"PropertyValueSpecification\",\"valueRequired\":true,\"valueName\":\"search_term_string\"}}],\"inLanguage\":\"fr-FR\"},{\"@type\":\"Organization\",\"@id\":\"https:\/\/www.qualitel.org\/particuliers\/#organization\",\"name\":\"Qualitel | Particuliers\",\"url\":\"https:\/\/www.qualitel.org\/particuliers\/\",\"logo\":{\"@type\":\"ImageObject\",\"inLanguage\":\"fr-FR\",\"@id\":\"https:\/\/www.qualitel.org\/particuliers\/#\/schema\/logo\/image\/\",\"url\":\"https:\/\/www.qualitel.org\/particuliers\/wp\/..\/uploads\/qualitel-squarelogo-1456752654225.png\",\"contentUrl\":\"https:\/\/www.qualitel.org\/particuliers\/wp\/..\/uploads\/qualitel-squarelogo-1456752654225.png\",\"width\":180,\"height\":180,\"caption\":\"Qualitel | Particuliers\"},\"image\":{\"@id\":\"https:\/\/www.qualitel.org\/particuliers\/#\/schema\/logo\/image\/\"},\"sameAs\":[\"https:\/\/www.facebook.com\/groupequalitel\/\",\"https:\/\/x.com\/groupeQUALITEL\",\"https:\/\/www.instagram.com\/associationqualitel\/\",\"https:\/\/www.pinterest.fr\/associationqualitel\/\"]}]}<\/script>\n<!-- \/ Yoast SEO plugin. -->","yoast_head_json":{"title":"Comment installer une nouvelle ventilation - Qualitel | Particuliers","description":"Choix des professionnels, des \u00e9quipements et suivi de chantier : suivez les conseils pour bien faire r\u00e9nover votre installation.","robots":{"index":"index","follow":"follow","max-snippet":"max-snippet:-1","max-image-preview":"max-image-preview:large","max-video-preview":"max-video-preview:-1"},"canonical":"https:\/\/www.qualitel.org\/particuliers\/travaux-renovation\/systeme-de-ventilation\/","og_locale":"fr_FR","og_type":"article","og_title":"Comment bien faire changer et installer votre syst\u00e8me de ventilation ?","og_description":"Besoin d\u2019installer ou remplacer votre syst\u00e8me de ventilation&nbsp;? Pour une r\u00e9novation de cuisine, salle de bain ou projet global, suivez nos conseils d\u2019experts pour une ventilation efficace et sereine.","og_url":"https:\/\/www.qualitel.org\/particuliers\/travaux-renovation\/systeme-de-ventilation\/","og_site_name":"Qualitel | Particuliers","article_publisher":"https:\/\/www.facebook.com\/groupequalitel\/","article_modified_time":"2025-10-15T15:23:10+00:00","og_image":[{"width":1080,"height":1080,"url":"https:\/\/www.qualitel.org\/particuliers\/wp\/..\/uploads\/qualitel_social_part.jpg","type":"image\/jpeg"}],"twitter_card":"summary_large_image","twitter_title":"Comment bien faire changer et installer votre syst\u00e8me de ventilation ?","twitter_description":"Besoin d\u2019installer ou remplacer votre syst\u00e8me de ventilation&nbsp;? Pour une r\u00e9novation de cuisine, salle de bain ou projet global, suivez nos conseils d\u2019experts pour une ventilation efficace et sereine.\n","twitter_site":"@groupeQUALITEL","twitter_misc":{"Est. reading time":"17 minutes"},"schema":{"@context":"https:\/\/schema.org","@graph":[{"@type":"WebPage","@id":"https:\/\/www.qualitel.org\/particuliers\/travaux-renovation\/systeme-de-ventilation\/","url":"https:\/\/www.qualitel.org\/particuliers\/travaux-renovation\/systeme-de-ventilation\/","name":"Comment installer une nouvelle ventilation - Qualitel | Particuliers","isPartOf":{"@id":"https:\/\/www.qualitel.org\/particuliers\/#website"},"datePublished":"2022-02-25T15:55:14+00:00","dateModified":"2025-10-15T15:23:10+00:00","description":"Choix des professionnels, des \u00e9quipements et suivi de chantier : suivez les conseils pour bien faire r\u00e9nover votre installation.","breadcrumb":{"@id":"https:\/\/www.qualitel.org\/particuliers\/travaux-renovation\/systeme-de-ventilation\/#breadcrumb"},"inLanguage":"fr-FR","potentialAction":[{"@type":"ReadAction","target":["https:\/\/www.qualitel.org\/particuliers\/travaux-renovation\/systeme-de-ventilation\/"]}]},{"@type":"BreadcrumbList","@id":"https:\/\/www.qualitel.org\/particuliers\/travaux-renovation\/systeme-de-ventilation\/#breadcrumb","itemListElement":[{"@type":"ListItem","position":1,"name":"Accueil","item":"https:\/\/www.qualitel.org\/particuliers\/"},{"@type":"ListItem","position":2,"name":"Comment installer une nouvelle ventilation ?"}]},{"@type":"WebSite","@id":"https:\/\/www.qualitel.org\/particuliers\/#website","url":"https:\/\/www.qualitel.org\/particuliers\/","name":"Qualitel | Particuliers","description":"","publisher":{"@id":"https:\/\/www.qualitel.org\/particuliers\/#organization"},"potentialAction":[{"@type":"SearchAction","target":{"@type":"EntryPoint","urlTemplate":"https:\/\/www.qualitel.org\/particuliers\/?s={search_term_string}"},"query-input":{"@type":"PropertyValueSpecification","valueRequired":true,"valueName":"search_term_string"}}],"inLanguage":"fr-FR"},{"@type":"Organization","@id":"https:\/\/www.qualitel.org\/particuliers\/#organization","name":"Qualitel | Particuliers","url":"https:\/\/www.qualitel.org\/particuliers\/","logo":{"@type":"ImageObject","inLanguage":"fr-FR","@id":"https:\/\/www.qualitel.org\/particuliers\/#\/schema\/logo\/image\/","url":"https:\/\/www.qualitel.org\/particuliers\/wp\/..\/uploads\/qualitel-squarelogo-1456752654225.png","contentUrl":"https:\/\/www.qualitel.org\/particuliers\/wp\/..\/uploads\/qualitel-squarelogo-1456752654225.png","width":180,"height":180,"caption":"Qualitel | Particuliers"},"image":{"@id":"https:\/\/www.qualitel.org\/particuliers\/#\/schema\/logo\/image\/"},"sameAs":["https:\/\/www.facebook.com\/groupequalitel\/","https:\/\/x.com\/groupeQUALITEL","https:\/\/www.instagram.com\/associationqualitel\/","https:\/\/www.pinterest.fr\/associationqualitel\/"]}]}},"_links":{"self":[{"href":"https:\/\/www.qualitel.org\/particuliers\/wp-json\/wp\/v2\/projet\/3106","targetHints":{"allow":["GET"]}}],"collection":[{"href":"https:\/\/www.qualitel.org\/particuliers\/wp-json\/wp\/v2\/projet"}],"about":[{"href":"https:\/\/www.qualitel.org\/particuliers\/wp-json\/wp\/v2\/types\/projet"}],"version-history":[{"count":93,"href":"https:\/\/www.qualitel.org\/particuliers\/wp-json\/wp\/v2\/projet\/3106\/revisions"}],"predecessor-version":[{"id":51542,"href":"https:\/\/www.qualitel.org\/particuliers\/wp-json\/wp\/v2\/projet\/3106\/revisions\/51542"}],"wp:attachment":[{"href":"https:\/\/www.qualitel.org\/particuliers\/wp-json\/wp\/v2\/media?parent=3106"}],"wp:term":[{"taxonomy":"category","embeddable":true,"href":"https:\/\/www.qualitel.org\/particuliers\/wp-json\/wp\/v2\/categories?post=3106"},{"taxonomy":"tags","embeddable":true,"href":"https:\/\/www.qualitel.org\/particuliers\/wp-json\/wp\/v2\/tags?post=3106"},{"taxonomy":"guide","embeddable":true,"href":"https:\/\/www.qualitel.org\/particuliers\/wp-json\/wp\/v2\/guide?post=3106"},{"taxonomy":"projet_type","embeddable":true,"href":"https:\/\/www.qualitel.org\/particuliers\/wp-json\/wp\/v2\/article_type?post=3106"}],"curies":[{"name":"wp","href":"https:\/\/api.w.org\/{rel}","templated":true}]}}