{"id":3128,"date":"2021-01-18T17:32:24","date_gmt":"2021-01-18T16:32:24","guid":{"rendered":"http:\/\/qualitel.org\/?post_type=projet&#038;p=3128"},"modified":"2026-01-16T11:54:45","modified_gmt":"2026-01-16T10:54:45","slug":"x-guide-i-1-1-1-comment-decrypter-lannonce-immobiliere-dun-appartement-en-vente","status":"publish","type":"projet","link":"https:\/\/www.qualitel.org\/particuliers\/acheter-logement\/comprendre-annonce\/","title":{"rendered":"Comment d\u00e9crypter l\u2019annonce immobili\u00e8re d\u2019un appartement en vente&nbsp;?"},"content":{"rendered":"<p>\u00ab&nbsp;Vend T1 bis, Beg, kitchenette, quartier calme. Consommation \u00e9nerg\u00e9tique&nbsp;: D&nbsp;\u00bb. Si certains \u00e9l\u00e9ments de cette petite annonce vous \u00e9chappent, la lecture de cette fiche pratique vous sera sans doute utile.<\/p>\n<p>Dans une annonce d\u2019agence immobili\u00e8re ou de particulier \u00e0 particulier, vous devez retrouver des informations de base qui vous permettent de faire un premier tri avant d\u2019entamer vos visites. <strong>Ces mentions sont obligatoires \u00e0 l\u2019affichage et sont encadr\u00e9es par la <a href=\"https:\/\/www.legifrance.gouv.fr\/loda\/id\/JORFTEXT000028772256\" target=\"_blank\" rel=\"noopener\">loi pour l\u2019acc\u00e8s au logement et un urbanisme r\u00e9nov\u00e9<\/a><\/strong> (dite loi Alur), lorsque l\u2019annonce est diffus\u00e9e par un professionnel (agence ou notaire).<\/p>\n<h3>Quelles mentions doivent figurer dans une annonce immobili\u00e8re&nbsp;?<\/h3>\n<ul>\n<li aria-level=\"1\"><strong>La localisation<\/strong>&nbsp;: parfois un quartier, une rue ou bien encore une carte interactive pour g\u00e9olocaliser le bien immobilier.<\/li>\n<li aria-level=\"1\"><strong>La <a href=\"https:\/\/www.qualitel.org\/particuliers\/diagnostics-immobiliers\/loi-carrez\/\">surface privative loi Carrez<\/a><\/strong> en m\u00e8tre carr\u00e9 est obligatoire pour les ventes d\u2019un logement en copropri\u00e9t\u00e9. La <a href=\"https:\/\/www.qualitel.org\/particuliers\/conseils\/surface-habitable\/\">surface habitable<\/a> effective du logement peut \u00e9galement \u00eatre utilis\u00e9e.<\/li>\n<li aria-level=\"1\"><strong>Le type d\u2019appartement \u00e0 vendre et sa composition<\/strong> doivent \u00e9galement \u00eatre sp\u00e9cifi\u00e9s avec le nombre de pi\u00e8ces (studio, T1, T2, etc.), s\u2019il y a une salle d\u2019eau ou une cuisine ouverte, par exemple.<\/li>\n<li aria-level=\"1\"><strong>L\u2019\u00e9tat du logement<\/strong>&nbsp;: \u00ab&nbsp;\u00e0 r\u00e9nover&nbsp;\u00bb, \u00ab&nbsp;remis en \u00e9tat&nbsp;\u00bb, \u00ab&nbsp;enti\u00e8rement r\u00e9nov\u00e9&nbsp;\u00bb, etc.<\/li>\n<li aria-level=\"1\"><strong>Le <a href=\"https:\/\/www.qualitel.org\/particuliers\/diagnostics-immobiliers\/dpe\/\">Diagnostic de Performance Energ\u00e9tique<\/a> (DPE)<\/strong> indiquant l\u2019efficacit\u00e9 \u00e9nerg\u00e9tique du logement. Cette information est maintenant obligatoire \u00e0 l\u2019achat comme dans le cadre d\u2019une location.<\/li>\n<li aria-level=\"1\"><strong>Le prix de vente du bien<\/strong>&nbsp;: l\u2019<a href=\"https:\/\/www.legifrance.gouv.fr\/jorf\/id\/JORFTEXT000033888549\" target=\"_blank\" rel=\"noopener\">arr\u00eat\u00e9 du 10 janvier 2017<\/a> relatif \u00e0 l\u2019information des consommateurs par les professionnels intervenant dans une transaction immobili\u00e8re oblige, depuis le 1er avril 2017, les agences immobili\u00e8res \u00e0 indiquer quelle est la personne devant r\u00e9gler les frais d\u2019agence avec les mentions \u00ab&nbsp;honoraires \u00e0 la charge du vendeur&nbsp;\u00bb ou \u00ab&nbsp;honoraires \u00e0 la charge de l\u2019acheteur&nbsp;\u00bb. Si les frais sont \u00e0 la charge de l\u2019acheteur, leur montant en euros ou leur pourcentage doit \u00eatre notifi\u00e9. \u00c0 chaque fois, tous ces montants sont donn\u00e9s toutes taxes comprises.<\/li>\n<\/ul>\n<p>Les annonces d\u2019appartement \u00e0 vendre \u00e9mises par des agences ou des notaires doivent, \u00e9galement, comporter leur num\u00e9ro de SIREN.<\/p>\n<p>La loi Acc\u00e8s au logement et un urbanisme r\u00e9nov\u00e9 (Alur) du 23 mars 2014 fixe les r\u00e8gles concernant les annonces de vente d\u2019un logement en copropri\u00e9t\u00e9. L\u2019annonce immobili\u00e8re doit indiquer le <strong>statut du bien vendu<\/strong> (dire qu\u2019il se trouve en copropri\u00e9t\u00e9), le<strong> nombre de lots<\/strong>, le<strong> montant annuel des charges<\/strong>, mais aussi l\u2019<strong>existence de proc\u00e9dures en cours dans la copropri\u00e9t\u00e9<\/strong>. Par ailleurs, des documents doivent \u00eatre annex\u00e9s \u00e0 la promesse de vente ou l\u2019acte de vente&nbsp;: fiche synth\u00e9tique, r\u00e8glement de copropri\u00e9t\u00e9, \u00e9tat descriptif de division et proc\u00e8s-verbaux des trois derni\u00e8res ann\u00e9es, document attestant de la situation financi\u00e8re de la copropri\u00e9t\u00e9 et du lot vendu (\u00e9tat dat\u00e9).<\/p>\n<h3>Les \u00e9l\u00e9ments non obligatoires dans une annonce immobili\u00e8re<\/h3>\n<p>Enfin, notons que <strong>l\u2019annonce ne doit pas imp\u00e9rativement comporter des photos du bien<\/strong>. Cependant, faites attention s\u2019il y a des photos&nbsp;: les nouvelles techniques de prises de vue (avec des objectifs grand angle) permettent d\u2019obtenir des clich\u00e9s tr\u00e8s avantageux. Ces images ne traduisent pas toujours fid\u00e8lement la r\u00e9alit\u00e9. La dimension des pi\u00e8ces peut, notamment, sembler plus grande.<\/p>\n<p>Le style d\u2019une annonce immobili\u00e8re est tr\u00e8s codifi\u00e9. Pour vous aider \u00e0 vous rep\u00e9rer dans vos recherches d\u2019appartement, voici des explications sur ce que signifie chaque expression employ\u00e9e.<\/p>\n<h3>Pour qualifier le type d\u2019appartement en vente<\/h3>\n<ul>\n<li aria-level=\"1\"><strong>Appartement de charme<\/strong>&nbsp;: parquet, hauteur sous plafond, beaux volumes, moulures ou poutres apparentes, etc. L\u2019appartement de charme a fr\u00e9quemment un \u00ab&nbsp;cachet&nbsp;\u00bb li\u00e9 \u00e0 son histoire (souvent longue) et \u00e0 son esth\u00e9tique.<\/li>\n<li aria-level=\"1\"><strong>Appartement atypique<\/strong>&nbsp;: vous voil\u00e0 pr\u00e9venus&nbsp;! Vous allez aux devants d\u2019une surprise. L\u2019agencement d\u2019un appartement atypique peut \u00eatre un brin biscornu. Si vous \u00eates plut\u00f4t adepte du classique et du fonctionnel, ce logement n\u2019est sans doute pas fait pour vous.<\/li>\n<li aria-level=\"1\"><strong>Appartement \u00e0 fort potentiel<\/strong>&nbsp;: derri\u00e8re cette expression se cache souvent un appartement \u00e0 restaurer ou \u00e0 moderniser. Avis donc aux bricoleurs et \u00e0 ceux qui peuvent attendre quelques mois de travaux avant d\u2019habiter leur logement.<\/li>\n<li aria-level=\"1\"><strong>Coup de c\u0153ur<\/strong>&nbsp;: les \u00ab&nbsp;coups de c\u0153ur&nbsp;\u00bb d\u2019une agence immobili\u00e8re sont un peu leur \u00ab&nbsp;coin des bonnes affaires&nbsp;\u00bb. Ce sont des biens g\u00e9n\u00e9ralement bien situ\u00e9s et \u00e0 un prix int\u00e9ressant par rapport au march\u00e9 immobilier.<\/li>\n<li aria-level=\"1\"><strong>Duplex<\/strong>&nbsp;: appartement sur deux niveaux. Le triplex se compose de trois niveaux.<\/li>\n<li aria-level=\"1\"><strong>Souplex<\/strong>&nbsp;: appartement constitu\u00e9 d\u2019un rez-de-chauss\u00e9e et d\u2019un sous-sol am\u00e9nag\u00e9. On le retrouve de plus en plus sur les march\u00e9s immobiliers tendus, comme \u00e0 Paris, car il est g\u00e9n\u00e9ralement plus abordable. Il faut \u00eatre vigilant sur les questions d\u2019humidit\u00e9 et de syst\u00e8me de ventilation, ainsi que sur le mode d\u2019\u00e9clairage.<\/li>\n<li aria-level=\"1\"><strong>Studio<\/strong>&nbsp;: appartement compos\u00e9 d\u2019une seule pi\u00e8ce avec un coin cuisine et une salle d\u2019eau ou de bain s\u00e9par\u00e9s (les WC s\u00e9par\u00e9s de la salle d\u2019eau, ne comptent bien entendu pas comme une pi\u00e8ce suppl\u00e9mentaire). La \u00ab&nbsp;studette&nbsp;\u00bb est un terme (certes mignon !) qui n\u2019a aucune existence l\u00e9gale. C\u2019est une mani\u00e8re subtile de d\u00e9crire un logement \u00e0 la superficie tr\u00e8s r\u00e9duite.<\/li>\n<\/ul>\n<p>La hauteur sous plafond doit \u00eatre d\u2019au moins 2,20 m, la surface habitable de 9m\u00b2 et le volume habitable d\u2019au moins 20 m\u00b3 selon le d\u00e9cret du 30 janvier 2002 relatif aux <a href=\"https:\/\/www.qualitel.org\/particuliers\/conseils\/logement-decent\/\">caract\u00e9ristiques du logement d\u00e9cent<\/a>.<\/p>\n<h3>Pour d\u00e9finir les \u00e9quipements de la cuisine<\/h3>\n<ul>\n<li aria-level=\"1\"><strong>Cuisine \u00e9quip\u00e9e<\/strong>&nbsp;: cuisine qui poss\u00e8de au moins un r\u00e9frig\u00e9rateur et des plaques de cuisson.<\/li>\n<li aria-level=\"1\"><strong>Cuisine am\u00e9nag\u00e9e<\/strong>&nbsp;: cuisine sans appareil \u00e9lectrom\u00e9nager, mais avec des meubles de cuisine, pour les rangements.<\/li>\n<li aria-level=\"1\"><strong>Kitchenette<\/strong>&nbsp;: la kitchenette peut tout \u00e0 la fois \u00eatre une petite cuisine am\u00e9ricaine ou un placard reconverti en cuisine.<\/li>\n<\/ul>\n<h3>Pour caract\u00e9riser l\u2019environnement de l\u2019immeuble<\/h3>\n<ul>\n<li aria-level=\"1\"><strong>Quartier anim\u00e9\/calme<\/strong>&nbsp;: le mot \u00ab&nbsp;anim\u00e9&nbsp;\u00bb peut signifier le pire (un quartier tr\u00e8s bruyant) comme le meilleur (la proximit\u00e9 des commerces, transports, \u00e9quipements sportifs, \u00e9coles, etc.). De la m\u00eame mani\u00e8re, le quartier \u00ab&nbsp;calme&nbsp;\u00bb cache peut-\u00eatre aussi un bien isol\u00e9 de toute civilisation\u2026 Mieux vaut donc aller sur place pour se faire sa propre id\u00e9e.<\/li>\n<li aria-level=\"1\"><strong>Quartier en devenir<\/strong>&nbsp;: le quartier est en plein d\u00e9veloppement (nouveaux immeubles, nouvelles installations, peut-\u00eatre nouvelle station de m\u00e9tro\/tram\/bus). L\u2019appartement devrait prendre rapidement de la valeur, mais vous pourriez \u00eatre d\u00e9rang\u00e9 par des travaux dans le voisinage.<\/li>\n<\/ul>\n<p>Dans les annonces immobili\u00e8res, vous pouvez voir indiqu\u00e9es&nbsp;: la surface privative loi Carrez et la surface habitable. Quelles sont les diff\u00e9rences&nbsp;? Nos experts font le point.<\/p>\n<h3>La surface privative<\/h3>\n<p>La <a href=\"https:\/\/www.qualitel.org\/particuliers\/diagnostics-immobiliers\/loi-carrez\/\">loi Carrez<\/a> du 18 d\u00e9cembre 1996 obligeant les vendeurs \u00e0 sp\u00e9cifier aux potentiels acqu\u00e9reurs, la superficie privative du bien immobilier qu\u2019ils vendent <strong>ne s\u2019applique que pour les transactions li\u00e9es aux lots en copropri\u00e9t\u00e9<\/strong>. La surface loi Carrez doit donc obligatoirement \u00eatre sp\u00e9cifi\u00e9e dans un&nbsp; acte authentique de vente d\u2019un logement en copropri\u00e9t\u00e9. La r\u00e9glementation pr\u00e9cise que <strong>cette superficie est la mesure d\u2019un lieu clos, couvert et d\u2019une hauteur sup\u00e9rieure au minimum \u00e0 1,80 m\u00e8tre<\/strong>.<\/p>\n<p><strong>Les <a href=\"https:\/\/www.qualitel.org\/particuliers\/conseils\/amenagement-balcon\/\">balcons<\/a>, terrasses, garages, place de parking, d\u00e9pendances, cloisons, embrasures de fen\u00eatres et portes, cages et marches d\u2019escalier, gaines et parties inf\u00e9rieures \u00e0 1,80 m\u00e8tre n\u2019entrent donc pas dans le calcul<\/strong>. Attention, les combles am\u00e9nag\u00e9s ou non am\u00e9nag\u00e9s et les placards sont bien pris en compte si leur hauteur est d\u2019au moins 1,80 m\u00e8tre.<\/p>\n<p><strong>Si le vendeur s\u2019est tromp\u00e9 de plus de 5 % dans la mesure de son appartement, vous \u00eates en droit de demander une baisse proportionnelle du prix du logement<\/strong>. C\u2019est pourquoi il est souvent recommand\u00e9 aux vendeurs de faire appel \u00e0 un professionnel (g\u00e9om\u00e8tre, <a href=\"https:\/\/www.qualitel.org\/particuliers\/pros-batiment\/choisir-diagnostiqueur\/\">diagnostiqueur immobilier<\/a>) pour prendre les mesures exactes du bien et minimiser les risques.<\/p>\n<h3>La surface habitable<\/h3>\n<p>Cette superficie <strong>correspond \u00e0 la surface de plancher construite sans l\u2019\u00e9paisseur des murs, les marches et les cages d\u2019escalier, les gaines, les embrasures de portes et de fen\u00eatres, les combles non am\u00e9nag\u00e9s, les caves, les sous-sols, les garages, les terrasses, les loggias, les balcons, les v\u00e9randas et autres parties d\u2019une hauteur inf\u00e9rieure \u00e0 1,80 m\u00e8tre<\/strong> selon l\u2019article R 111-2 du code de la construction et de l\u2019habitation.<\/p>\n<p>Si vous \u00eates locataire , sachez que <strong>cette information est obligatoire pour la location<\/strong>. La surface habitable s\u2019applique aussi pour les ventes de logements neufs et peut \u00eatre utilis\u00e9e dans la vente de logement existant.<\/p>\n<p>Les annonces immobili\u00e8res sont des textes relativement courts. Pour donner un maximum de renseignements, un grand nombre d\u2019abr\u00e9viations est employ\u00e9. Afin de r\u00e9ussir \u00e0 d\u00e9chiffrer sans probl\u00e8me les annonces d\u2019appartements en vente, voici la signification des abr\u00e9viations les plus utilis\u00e9es&nbsp;:<\/p>\n<ul>\n<li aria-level=\"1\"><strong>Asc<\/strong>&nbsp;: ascenseur.<\/li>\n<li aria-level=\"1\"><strong>Balc<\/strong>&nbsp;: balcon. Sachez que sa surface n\u2019est pas comprise dans la superficie annonc\u00e9e (en tout cas, elle ne doit l\u00e9galement pas l\u2019\u00eatre).<\/li>\n<li aria-level=\"1\"><strong>Chb<\/strong>&nbsp;: chambre.<\/li>\n<li aria-level=\"1\"><strong>Dig<\/strong>&nbsp;: digicode (indique une r\u00e9sidence s\u00e9curis\u00e9e)<\/li>\n<li aria-level=\"1\"><strong>Et.<\/strong> : \u00e9tage (et. 5\/5 pour un dernier \u00e9tage par exemple)<\/li>\n<li aria-level=\"1\"><strong>Sdb<\/strong>&nbsp;: salle de bain avec une baignoire.<\/li>\n<li aria-level=\"1\"><strong>Sde<\/strong>&nbsp;: salle d\u2019eau avec une douche.<\/li>\n<li aria-level=\"1\"><strong>Tbe ou Beg<\/strong>&nbsp;: tr\u00e8s bon \u00e9tat ou bon \u00e9tat g\u00e9n\u00e9ral.<\/li>\n<\/ul>\n<p>Une boussole permet g\u00e9n\u00e9ralement de prendre connaissance de l\u2019orientation du logement, et ainsi de savoir s\u2019il est expos\u00e9 plein sud, s\u2019il est traversant ou non, etc.<\/p>\n<h3>Quelle est la diff\u00e9rence entre un T1 et un F1&nbsp;?<\/h3>\n<p>Pour d\u00e9crire les appartements de plusieurs pi\u00e8ces, les agents immobiliers et notaires utilisent indiff\u00e9remment la lettre T (type) ou F (fonction) et un num\u00e9ro qui correspond au nombre de pi\u00e8ces, hors cuisine et salle de bains&nbsp;:<\/p>\n<ul>\n<li aria-level=\"1\"><strong>Dans un T1 (ou F1)<\/strong>, la cuisine est simplement s\u00e9par\u00e9e de la pi\u00e8ce principale. On retrouve parfois la d\u00e9nomination T1 bis (ou F1 bis) : cela signifie que la pi\u00e8ce principale est suffisamment grande pour en faire deux ou bien que l\u2019am\u00e9nagement de l\u2019espace de cette pi\u00e8ce dessine deux espaces distincts (on a souvent affaire \u00e0 un espace semi-s\u00e9par\u00e9, par une alc\u00f4ve ou une mezzanine).<\/li>\n<li aria-level=\"1\"><strong>Dans un appartement de type 2 (T2 ou F2)<\/strong>, le logement est g\u00e9n\u00e9ralement compos\u00e9 d\u2019une cuisine, d\u2019une chambre, d\u2019une pi\u00e8ce de vie et d\u2019une salle de bain.<\/li>\n<li aria-level=\"1\"><strong>Le T3 (ou F3)<\/strong> comprend une cuisine et 3 pi\u00e8ces (peu importe leur fonction, cela peut \u00eatre une salle \u00e0 manger, un bureau et une chambre), etc.<\/li>\n<\/ul>\n<p><img loading=\"lazy\" decoding=\"async\" class=\"size-medium wp-image-16932 alignleft\" src=\"https:\/\/www.qualitel.org\/particuliers\/uploads\/DPE-flout\u00e9-212x300.png\" alt width=\"212\" height=\"300\" srcset=\"https:\/\/www.qualitel.org\/particuliers\/wp\/..\/uploads\/DPE-flout\u00e9-212x300.png 212w, https:\/\/www.qualitel.org\/particuliers\/wp\/..\/uploads\/DPE-flout\u00e9.png 493w\" sizes=\"auto, (max-width: 212px) 100vw, 212px\">Le <a href=\"https:\/\/www.qualitel.org\/particuliers\/diagnostics-immobiliers\/dpe\/\" rel=\"noopener\">DPE<\/a> (diagnostic de performance \u00e9nerg\u00e9tique) mentionn\u00e9 sur toute annonce immobili\u00e8re vous permet de vous donner une id\u00e9e du montant de vos futures factures de chauffage et d\u2019eau chaude. <strong>La performance \u00e9nerg\u00e9tique d\u2019un logement correspond \u00e0 une estimation de ce qu\u2019il va consommer en \u00e9nergie et de ce qu\u2019il va rejeter en \u00e9missions de gaz \u00e0 effet de serre.<\/strong><\/p>\n<p>&nbsp;<\/p>\n<p>&nbsp;<\/p>\n<p>Ce DPE, valable 10 ans, permet de d\u00e9finir le classement \u00e9nerg\u00e9tique de votre logement, d\u00e9fini par une lettre et une couleur. Les biens immobiliers sont class\u00e9s de A (logement \u00e9conome, vert) \u00e0 G (logement \u00e9nergivore, rouge). <strong>Toute annonce immobili\u00e8re a pour obligation de faire figurer le classement \u00e9nerg\u00e9tique du bien<\/strong>.<\/p>\n<p>Cependant, dans certains cas, ce <strong><a href=\"https:\/\/www.qualitel.org\/particuliers\/diagnostics-immobiliers\/dpe\/dpe-vierge\/\">DPE peut \u00eatre vierge<\/a> car le calcul n\u2019est pas r\u00e9alisabl<\/strong>e. C\u2019est le cas des b\u00e2timents construits avant 1948 et des b\u00e2timents collectifs pour lesquels on ne peut pas estimer les consommations du logement (chauffage collectif et pas de comptage individuel et absence de facture).<\/p>\n<p>M\u00eame si c\u2019est le seul \u00e0 \u00eatre mentionn\u00e9 dans une annonce immobili\u00e8re, le DPE n\u2019est pas le seul diagnostic \u00e0 \u00eatre obligatoire dans le cadre d\u2019une vente immobili\u00e8re. Il y a aussi&nbsp;:<\/p>\n<ul>\n<li aria-level=\"1\">le <a href=\"https:\/\/www.qualitel.org\/particuliers\/diagnostics-immobiliers\/electrique\/\">diagnostic \u00e9lectrique<\/a>,<\/li>\n<li aria-level=\"1\">le <a href=\"https:\/\/www.qualitel.org\/particuliers\/diagnostics-immobiliers\/amiante\/\">diagnostic amiante<\/a>,<\/li>\n<li aria-level=\"1\">le <a href=\"https:\/\/www.qualitel.org\/particuliers\/diagnostics-immobiliers\/plomb\/\">diagnostic plomb<\/a>,<\/li>\n<li aria-level=\"1\">le <a href=\"https:\/\/www.qualitel.org\/particuliers\/diagnostics-immobiliers\/termites\/\">diagnostic termites<\/a>,<\/li>\n<li aria-level=\"1\">le <a href=\"https:\/\/www.qualitel.org\/particuliers\/diagnostics-immobiliers\/assainissement\/\">diagnostic assainissement<\/a>, etc.<\/li>\n<\/ul>\n<p>Sachez que<strong> tous les diagnostics obligatoires dans le cadre d\u2019une vente immobili\u00e8re sont \u00e0 la charge du vendeur<\/strong>, et non de l\u2019acqu\u00e9reur.<\/p>\n<p>Pour en savoir plus sur les diagnostics et les points \u00e0 v\u00e9rifier lors de la visite d\u2019un appartement \u00e0 vendre, consultez notre guide&nbsp;:<\/p>\n","protected":false},"featured_media":47491,"parent":3164,"menu_order":0,"template":"","categories":[203,220],"tags":[446,480,431,428],"guide":[338],"article_type":[],"class_list":["post-3128","projet","type-projet","status-publish","has-post-thumbnail","hentry","category-confort","category-securite","tags-achat","tags-copropriete","tags-diagnostic","tags-travaux","guide-guide-detape-dachat-dun-appartement"],"acf":[],"yoast_head":"<!-- This site is optimized with the Yoast SEO plugin v26.2 - https:\/\/yoast.com\/wordpress\/plugins\/seo\/ -->\n<title>D\u00e9crypter l\u2019annonce immobili\u00e8re d\u2019un appartement - Qualitel | Particuliers<\/title>\n<meta name=\"description\" content=\"Que signifient les termes et abr\u00e9viations des annonces immobili\u00e8res ? Voici les cl\u00e9s pour comprendre et d\u00e9crypter l&#039;annonce d&#039;un appartement en vente.\" \/>\n<meta name=\"robots\" content=\"index, follow, max-snippet:-1, max-image-preview:large, max-video-preview:-1\" \/>\n<link rel=\"canonical\" href=\"https:\/\/www.qualitel.org\/particuliers\/acheter-logement\/comprendre-annonce\/\" \/>\n<meta property=\"og:locale\" content=\"fr_FR\" \/>\n<meta property=\"og:type\" content=\"article\" \/>\n<meta property=\"og:title\" content=\"Comment d\u00e9crypter l\u2019annonce immobili\u00e8re d\u2019un appartement en vente ?\" \/>\n<meta property=\"og:description\" content=\"Les abr\u00e9viations et termes propres \u00e0 l\u2019immobilier sont souvent difficiles \u00e0 comprendre. Pour le n\u00e9ophyte, consulter des annonces d\u2019appartement \u00e0 vendre peut relever d\u2019un v\u00e9ritable travail de d\u00e9cryptage. Voici donc les cl\u00e9s pour enfin tout comprendre.\" \/>\n<meta property=\"og:url\" content=\"https:\/\/www.qualitel.org\/particuliers\/acheter-logement\/comprendre-annonce\/\" \/>\n<meta property=\"og:site_name\" content=\"Qualitel | Particuliers\" \/>\n<meta property=\"article:publisher\" content=\"https:\/\/www.facebook.com\/groupequalitel\/\" \/>\n<meta property=\"article:modified_time\" content=\"2026-01-16T10:54:45+00:00\" \/>\n<meta property=\"og:image\" content=\"https:\/\/www.qualitel.org\/particuliers\/wp\/..\/uploads\/AdobeStock_594960084.jpg\" \/>\n\t<meta property=\"og:image:width\" content=\"900\" \/>\n\t<meta property=\"og:image:height\" content=\"513\" \/>\n\t<meta property=\"og:image:type\" content=\"image\/jpeg\" \/>\n<meta name=\"twitter:card\" content=\"summary_large_image\" \/>\n<meta name=\"twitter:title\" content=\"Comment d\u00e9crypter l\u2019annonce immobili\u00e8re d\u2019un appartement en vente ?\" \/>\n<meta name=\"twitter:description\" content=\"Les abr\u00e9viations et termes propres \u00e0 l\u2019immobilier sont souvent difficiles \u00e0 comprendre. Pour le n\u00e9ophyte, consulter des annonces d\u2019appartement \u00e0 vendre peut relever d\u2019un v\u00e9ritable travail de d\u00e9cryptage. Voici donc les cl\u00e9s pour enfin tout comprendre.\n\" \/>\n<meta name=\"twitter:site\" content=\"@groupeQUALITEL\" \/>\n<meta name=\"twitter:label1\" content=\"Est. reading time\" \/>\n\t<meta name=\"twitter:data1\" content=\"22 minutes\" \/>\n<script type=\"application\/ld+json\" class=\"yoast-schema-graph\">{\"@context\":\"https:\/\/schema.org\",\"@graph\":[{\"@type\":\"WebPage\",\"@id\":\"https:\/\/www.qualitel.org\/particuliers\/acheter-logement\/comprendre-annonce\/\",\"url\":\"https:\/\/www.qualitel.org\/particuliers\/acheter-logement\/comprendre-annonce\/\",\"name\":\"D\u00e9crypter l\u2019annonce immobili\u00e8re d\u2019un appartement - Qualitel | Particuliers\",\"isPartOf\":{\"@id\":\"https:\/\/www.qualitel.org\/particuliers\/#website\"},\"primaryImageOfPage\":{\"@id\":\"https:\/\/www.qualitel.org\/particuliers\/acheter-logement\/comprendre-annonce\/#primaryimage\"},\"image\":{\"@id\":\"https:\/\/www.qualitel.org\/particuliers\/acheter-logement\/comprendre-annonce\/#primaryimage\"},\"thumbnailUrl\":\"https:\/\/www.qualitel.org\/particuliers\/wp\/..\/uploads\/AdobeStock_594960084.jpg\",\"datePublished\":\"2021-01-18T16:32:24+00:00\",\"dateModified\":\"2026-01-16T10:54:45+00:00\",\"description\":\"Que signifient les termes et abr\u00e9viations des annonces immobili\u00e8res ? Voici les cl\u00e9s pour comprendre et d\u00e9crypter l'annonce d'un appartement en vente.\",\"breadcrumb\":{\"@id\":\"https:\/\/www.qualitel.org\/particuliers\/acheter-logement\/comprendre-annonce\/#breadcrumb\"},\"inLanguage\":\"fr-FR\",\"potentialAction\":[{\"@type\":\"ReadAction\",\"target\":[\"https:\/\/www.qualitel.org\/particuliers\/acheter-logement\/comprendre-annonce\/\"]}]},{\"@type\":\"ImageObject\",\"inLanguage\":\"fr-FR\",\"@id\":\"https:\/\/www.qualitel.org\/particuliers\/acheter-logement\/comprendre-annonce\/#primaryimage\",\"url\":\"https:\/\/www.qualitel.org\/particuliers\/wp\/..\/uploads\/AdobeStock_594960084.jpg\",\"contentUrl\":\"https:\/\/www.qualitel.org\/particuliers\/wp\/..\/uploads\/AdobeStock_594960084.jpg\",\"width\":900,\"height\":513},{\"@type\":\"BreadcrumbList\",\"@id\":\"https:\/\/www.qualitel.org\/particuliers\/acheter-logement\/comprendre-annonce\/#breadcrumb\",\"itemListElement\":[{\"@type\":\"ListItem\",\"position\":1,\"name\":\"Accueil\",\"item\":\"https:\/\/www.qualitel.org\/particuliers\/\"},{\"@type\":\"ListItem\",\"position\":2,\"name\":\"Les \u00e9tapes essentielles pour bien acheter votre appartement\",\"item\":\"https:\/\/www.qualitel.org\/particuliers\/acheter-logement\/etapes-achat-appartement\/\"},{\"@type\":\"ListItem\",\"position\":3,\"name\":\"Comment d\u00e9crypter l\u2019annonce immobili\u00e8re d\u2019un appartement en vente ?\"}]},{\"@type\":\"WebSite\",\"@id\":\"https:\/\/www.qualitel.org\/particuliers\/#website\",\"url\":\"https:\/\/www.qualitel.org\/particuliers\/\",\"name\":\"Qualitel | Particuliers\",\"description\":\"\",\"publisher\":{\"@id\":\"https:\/\/www.qualitel.org\/particuliers\/#organization\"},\"potentialAction\":[{\"@type\":\"SearchAction\",\"target\":{\"@type\":\"EntryPoint\",\"urlTemplate\":\"https:\/\/www.qualitel.org\/particuliers\/?s={search_term_string}\"},\"query-input\":{\"@type\":\"PropertyValueSpecification\",\"valueRequired\":true,\"valueName\":\"search_term_string\"}}],\"inLanguage\":\"fr-FR\"},{\"@type\":\"Organization\",\"@id\":\"https:\/\/www.qualitel.org\/particuliers\/#organization\",\"name\":\"Qualitel | Particuliers\",\"url\":\"https:\/\/www.qualitel.org\/particuliers\/\",\"logo\":{\"@type\":\"ImageObject\",\"inLanguage\":\"fr-FR\",\"@id\":\"https:\/\/www.qualitel.org\/particuliers\/#\/schema\/logo\/image\/\",\"url\":\"https:\/\/www.qualitel.org\/particuliers\/wp\/..\/uploads\/qualitel-squarelogo-1456752654225.png\",\"contentUrl\":\"https:\/\/www.qualitel.org\/particuliers\/wp\/..\/uploads\/qualitel-squarelogo-1456752654225.png\",\"width\":180,\"height\":180,\"caption\":\"Qualitel | Particuliers\"},\"image\":{\"@id\":\"https:\/\/www.qualitel.org\/particuliers\/#\/schema\/logo\/image\/\"},\"sameAs\":[\"https:\/\/www.facebook.com\/groupequalitel\/\",\"https:\/\/x.com\/groupeQUALITEL\",\"https:\/\/www.instagram.com\/associationqualitel\/\",\"https:\/\/www.pinterest.fr\/associationqualitel\/\"]}]}<\/script>\n<!-- \/ Yoast SEO plugin. -->","yoast_head_json":{"title":"D\u00e9crypter l\u2019annonce immobili\u00e8re d\u2019un appartement - Qualitel | Particuliers","description":"Que signifient les termes et abr\u00e9viations des annonces immobili\u00e8res ? Voici les cl\u00e9s pour comprendre et d\u00e9crypter l'annonce d'un appartement en vente.","robots":{"index":"index","follow":"follow","max-snippet":"max-snippet:-1","max-image-preview":"max-image-preview:large","max-video-preview":"max-video-preview:-1"},"canonical":"https:\/\/www.qualitel.org\/particuliers\/acheter-logement\/comprendre-annonce\/","og_locale":"fr_FR","og_type":"article","og_title":"Comment d\u00e9crypter l\u2019annonce immobili\u00e8re d\u2019un appartement en vente ?","og_description":"Les abr\u00e9viations et termes propres \u00e0 l\u2019immobilier sont souvent difficiles \u00e0 comprendre. Pour le n\u00e9ophyte, consulter des annonces d\u2019appartement \u00e0 vendre peut relever d\u2019un v\u00e9ritable travail de d\u00e9cryptage. Voici donc les cl\u00e9s pour enfin tout comprendre.","og_url":"https:\/\/www.qualitel.org\/particuliers\/acheter-logement\/comprendre-annonce\/","og_site_name":"Qualitel | Particuliers","article_publisher":"https:\/\/www.facebook.com\/groupequalitel\/","article_modified_time":"2026-01-16T10:54:45+00:00","og_image":[{"width":900,"height":513,"url":"https:\/\/www.qualitel.org\/particuliers\/wp\/..\/uploads\/AdobeStock_594960084.jpg","type":"image\/jpeg"}],"twitter_card":"summary_large_image","twitter_title":"Comment d\u00e9crypter l\u2019annonce immobili\u00e8re d\u2019un appartement en vente ?","twitter_description":"Les abr\u00e9viations et termes propres \u00e0 l\u2019immobilier sont souvent difficiles \u00e0 comprendre. Pour le n\u00e9ophyte, consulter des annonces d\u2019appartement \u00e0 vendre peut relever d\u2019un v\u00e9ritable travail de d\u00e9cryptage. Voici donc les cl\u00e9s pour enfin tout comprendre.\n","twitter_site":"@groupeQUALITEL","twitter_misc":{"Est. reading time":"22 minutes"},"schema":{"@context":"https:\/\/schema.org","@graph":[{"@type":"WebPage","@id":"https:\/\/www.qualitel.org\/particuliers\/acheter-logement\/comprendre-annonce\/","url":"https:\/\/www.qualitel.org\/particuliers\/acheter-logement\/comprendre-annonce\/","name":"D\u00e9crypter l\u2019annonce immobili\u00e8re d\u2019un appartement - Qualitel | Particuliers","isPartOf":{"@id":"https:\/\/www.qualitel.org\/particuliers\/#website"},"primaryImageOfPage":{"@id":"https:\/\/www.qualitel.org\/particuliers\/acheter-logement\/comprendre-annonce\/#primaryimage"},"image":{"@id":"https:\/\/www.qualitel.org\/particuliers\/acheter-logement\/comprendre-annonce\/#primaryimage"},"thumbnailUrl":"https:\/\/www.qualitel.org\/particuliers\/wp\/..\/uploads\/AdobeStock_594960084.jpg","datePublished":"2021-01-18T16:32:24+00:00","dateModified":"2026-01-16T10:54:45+00:00","description":"Que signifient les termes et abr\u00e9viations des annonces immobili\u00e8res ? Voici les cl\u00e9s pour comprendre et d\u00e9crypter l'annonce d'un appartement en vente.","breadcrumb":{"@id":"https:\/\/www.qualitel.org\/particuliers\/acheter-logement\/comprendre-annonce\/#breadcrumb"},"inLanguage":"fr-FR","potentialAction":[{"@type":"ReadAction","target":["https:\/\/www.qualitel.org\/particuliers\/acheter-logement\/comprendre-annonce\/"]}]},{"@type":"ImageObject","inLanguage":"fr-FR","@id":"https:\/\/www.qualitel.org\/particuliers\/acheter-logement\/comprendre-annonce\/#primaryimage","url":"https:\/\/www.qualitel.org\/particuliers\/wp\/..\/uploads\/AdobeStock_594960084.jpg","contentUrl":"https:\/\/www.qualitel.org\/particuliers\/wp\/..\/uploads\/AdobeStock_594960084.jpg","width":900,"height":513},{"@type":"BreadcrumbList","@id":"https:\/\/www.qualitel.org\/particuliers\/acheter-logement\/comprendre-annonce\/#breadcrumb","itemListElement":[{"@type":"ListItem","position":1,"name":"Accueil","item":"https:\/\/www.qualitel.org\/particuliers\/"},{"@type":"ListItem","position":2,"name":"Les \u00e9tapes essentielles pour bien acheter votre appartement","item":"https:\/\/www.qualitel.org\/particuliers\/acheter-logement\/etapes-achat-appartement\/"},{"@type":"ListItem","position":3,"name":"Comment d\u00e9crypter l\u2019annonce immobili\u00e8re d\u2019un appartement en vente ?"}]},{"@type":"WebSite","@id":"https:\/\/www.qualitel.org\/particuliers\/#website","url":"https:\/\/www.qualitel.org\/particuliers\/","name":"Qualitel | Particuliers","description":"","publisher":{"@id":"https:\/\/www.qualitel.org\/particuliers\/#organization"},"potentialAction":[{"@type":"SearchAction","target":{"@type":"EntryPoint","urlTemplate":"https:\/\/www.qualitel.org\/particuliers\/?s={search_term_string}"},"query-input":{"@type":"PropertyValueSpecification","valueRequired":true,"valueName":"search_term_string"}}],"inLanguage":"fr-FR"},{"@type":"Organization","@id":"https:\/\/www.qualitel.org\/particuliers\/#organization","name":"Qualitel | Particuliers","url":"https:\/\/www.qualitel.org\/particuliers\/","logo":{"@type":"ImageObject","inLanguage":"fr-FR","@id":"https:\/\/www.qualitel.org\/particuliers\/#\/schema\/logo\/image\/","url":"https:\/\/www.qualitel.org\/particuliers\/wp\/..\/uploads\/qualitel-squarelogo-1456752654225.png","contentUrl":"https:\/\/www.qualitel.org\/particuliers\/wp\/..\/uploads\/qualitel-squarelogo-1456752654225.png","width":180,"height":180,"caption":"Qualitel | Particuliers"},"image":{"@id":"https:\/\/www.qualitel.org\/particuliers\/#\/schema\/logo\/image\/"},"sameAs":["https:\/\/www.facebook.com\/groupequalitel\/","https:\/\/x.com\/groupeQUALITEL","https:\/\/www.instagram.com\/associationqualitel\/","https:\/\/www.pinterest.fr\/associationqualitel\/"]}]}},"_links":{"self":[{"href":"https:\/\/www.qualitel.org\/particuliers\/wp-json\/wp\/v2\/projet\/3128","targetHints":{"allow":["GET"]}}],"collection":[{"href":"https:\/\/www.qualitel.org\/particuliers\/wp-json\/wp\/v2\/projet"}],"about":[{"href":"https:\/\/www.qualitel.org\/particuliers\/wp-json\/wp\/v2\/types\/projet"}],"version-history":[{"count":206,"href":"https:\/\/www.qualitel.org\/particuliers\/wp-json\/wp\/v2\/projet\/3128\/revisions"}],"predecessor-version":[{"id":52241,"href":"https:\/\/www.qualitel.org\/particuliers\/wp-json\/wp\/v2\/projet\/3128\/revisions\/52241"}],"up":[{"embeddable":true,"href":"https:\/\/www.qualitel.org\/particuliers\/wp-json\/wp\/v2\/projet\/3164"}],"wp:featuredmedia":[{"embeddable":true,"href":"https:\/\/www.qualitel.org\/particuliers\/wp-json\/wp\/v2\/media\/47491"}],"wp:attachment":[{"href":"https:\/\/www.qualitel.org\/particuliers\/wp-json\/wp\/v2\/media?parent=3128"}],"wp:term":[{"taxonomy":"category","embeddable":true,"href":"https:\/\/www.qualitel.org\/particuliers\/wp-json\/wp\/v2\/categories?post=3128"},{"taxonomy":"tags","embeddable":true,"href":"https:\/\/www.qualitel.org\/particuliers\/wp-json\/wp\/v2\/tags?post=3128"},{"taxonomy":"guide","embeddable":true,"href":"https:\/\/www.qualitel.org\/particuliers\/wp-json\/wp\/v2\/guide?post=3128"},{"taxonomy":"projet_type","embeddable":true,"href":"https:\/\/www.qualitel.org\/particuliers\/wp-json\/wp\/v2\/article_type?post=3128"}],"curies":[{"name":"wp","href":"https:\/\/api.w.org\/{rel}","templated":true}]}}