{"id":3875,"date":"2021-03-29T16:40:43","date_gmt":"2021-03-29T14:40:43","guid":{"rendered":"http:\/\/qualitel.org\/?post_type=projet&#038;p=3875"},"modified":"2025-09-16T14:12:41","modified_gmt":"2025-09-16T12:12:41","slug":"quels-sont-les-points-a-verifier-lors-de-la-reception-de-vos-travaux-de-renovation","status":"publish","type":"projet","link":"https:\/\/www.qualitel.org\/particuliers\/travaux-renovation\/verification-travaux\/","title":{"rendered":"Quels sont les points \u00e0 v\u00e9rifier lors de la r\u00e9ception de vos travaux de r\u00e9novation&nbsp;?"},"content":{"rendered":"","protected":false},"featured_media":50743,"parent":0,"menu_order":0,"template":"","categories":[203,220],"tags":[436,438,418,428],"guide":[334],"article_type":[],"class_list":["post-3875","projet","type-projet","status-publish","has-post-thumbnail","hentry","category-confort","category-securite","tags-choix-equipement","tags-choix-des-materiaux","tags-renovation","tags-travaux","guide-guide-transverse-de-renovation"],"acf":[],"yoast_head":"<!-- This site is optimized with the Yoast SEO plugin v26.2 - https:\/\/yoast.com\/wordpress\/plugins\/seo\/ -->\n<title>R\u00e9ception des travaux de r\u00e9novation\u00a0: checklist des points \u00e0 v\u00e9rifier - Qualitel | Particuliers<\/title>\n<meta name=\"description\" content=\"Pour vous assurer que tout est conforme \u00e0 vos attentes, nos experts vous ont pr\u00e9par\u00e9 une check-list d\u00e9taill\u00e9e pour faire le tour complet de votre habitat refait.\" \/>\n<meta name=\"robots\" content=\"index, follow, max-snippet:-1, max-image-preview:large, max-video-preview:-1\" \/>\n<link rel=\"canonical\" href=\"https:\/\/www.qualitel.org\/particuliers\/travaux-renovation\/verification-travaux\/\" \/>\n<meta property=\"og:locale\" content=\"fr_FR\" \/>\n<meta property=\"og:type\" content=\"article\" \/>\n<meta property=\"og:title\" content=\"Quels sont les points \u00e0 v\u00e9rifier lors de la r\u00e9ception de vos travaux de r\u00e9novation ?\" \/>\n<meta property=\"og:description\" content=\"Votre chantier de r\u00e9novation touche \u00e0 sa fin et il est temps de proc\u00e9der \u00e0 la r\u00e9ception des travaux. Pour v\u00e9rifier la conformit\u00e9 des travaux r\u00e9alis\u00e9s, nos experts ont pr\u00e9par\u00e9 une check-list d\u00e9taill\u00e9e pour inspecter votre logement r\u00e9nov\u00e9.\" \/>\n<meta property=\"og:url\" content=\"https:\/\/www.qualitel.org\/particuliers\/travaux-renovation\/verification-travaux\/\" \/>\n<meta property=\"og:site_name\" content=\"Qualitel | Particuliers\" \/>\n<meta property=\"article:publisher\" content=\"https:\/\/www.facebook.com\/groupequalitel\/\" \/>\n<meta property=\"article:modified_time\" content=\"2025-09-16T12:12:41+00:00\" \/>\n<meta property=\"og:image\" content=\"https:\/\/www.qualitel.org\/particuliers\/wp\/..\/uploads\/AdobeStock_998305099.jpg\" \/>\n\t<meta property=\"og:image:width\" content=\"1100\" \/>\n\t<meta property=\"og:image:height\" content=\"733\" \/>\n\t<meta property=\"og:image:type\" content=\"image\/jpeg\" \/>\n<meta name=\"twitter:card\" content=\"summary_large_image\" \/>\n<meta name=\"twitter:title\" content=\"Quels sont les points \u00e0 v\u00e9rifier lors de la r\u00e9ception de vos travaux de r\u00e9novation ?\" \/>\n<meta name=\"twitter:description\" content=\"Votre chantier de r\u00e9novation touche \u00e0 sa fin et il est temps de proc\u00e9der \u00e0 la r\u00e9ception des travaux. Pour v\u00e9rifier la conformit\u00e9 des travaux r\u00e9alis\u00e9s, nos experts ont pr\u00e9par\u00e9 une check-list d\u00e9taill\u00e9e pour inspecter votre logement r\u00e9nov\u00e9.\n\" \/>\n<meta name=\"twitter:site\" content=\"@groupeQUALITEL\" \/>\n<meta name=\"twitter:label1\" content=\"Est. reading time\" \/>\n\t<meta name=\"twitter:data1\" content=\"6 minutes\" \/>\n<script type=\"application\/ld+json\" class=\"yoast-schema-graph\">{\"@context\":\"https:\/\/schema.org\",\"@graph\":[{\"@type\":\"WebPage\",\"@id\":\"https:\/\/www.qualitel.org\/particuliers\/travaux-renovation\/verification-travaux\/\",\"url\":\"https:\/\/www.qualitel.org\/particuliers\/travaux-renovation\/verification-travaux\/\",\"name\":\"R\u00e9ception des travaux de r\u00e9novation\u00a0: checklist des points \u00e0 v\u00e9rifier - Qualitel | Particuliers\",\"isPartOf\":{\"@id\":\"https:\/\/www.qualitel.org\/particuliers\/#website\"},\"primaryImageOfPage\":{\"@id\":\"https:\/\/www.qualitel.org\/particuliers\/travaux-renovation\/verification-travaux\/#primaryimage\"},\"image\":{\"@id\":\"https:\/\/www.qualitel.org\/particuliers\/travaux-renovation\/verification-travaux\/#primaryimage\"},\"thumbnailUrl\":\"https:\/\/www.qualitel.org\/particuliers\/wp\/..\/uploads\/AdobeStock_998305099.jpg\",\"datePublished\":\"2021-03-29T14:40:43+00:00\",\"dateModified\":\"2025-09-16T12:12:41+00:00\",\"description\":\"Pour vous assurer que tout est conforme \u00e0 vos attentes, nos experts vous ont pr\u00e9par\u00e9 une check-list d\u00e9taill\u00e9e pour faire le tour complet de votre habitat refait.\",\"breadcrumb\":{\"@id\":\"https:\/\/www.qualitel.org\/particuliers\/travaux-renovation\/verification-travaux\/#breadcrumb\"},\"inLanguage\":\"fr-FR\",\"potentialAction\":[{\"@type\":\"ReadAction\",\"target\":[\"https:\/\/www.qualitel.org\/particuliers\/travaux-renovation\/verification-travaux\/\"]}]},{\"@type\":\"ImageObject\",\"inLanguage\":\"fr-FR\",\"@id\":\"https:\/\/www.qualitel.org\/particuliers\/travaux-renovation\/verification-travaux\/#primaryimage\",\"url\":\"https:\/\/www.qualitel.org\/particuliers\/wp\/..\/uploads\/AdobeStock_998305099.jpg\",\"contentUrl\":\"https:\/\/www.qualitel.org\/particuliers\/wp\/..\/uploads\/AdobeStock_998305099.jpg\",\"width\":1100,\"height\":733},{\"@type\":\"BreadcrumbList\",\"@id\":\"https:\/\/www.qualitel.org\/particuliers\/travaux-renovation\/verification-travaux\/#breadcrumb\",\"itemListElement\":[{\"@type\":\"ListItem\",\"position\":1,\"name\":\"Accueil\",\"item\":\"https:\/\/www.qualitel.org\/particuliers\/\"},{\"@type\":\"ListItem\",\"position\":2,\"name\":\"Quels sont les points \u00e0 v\u00e9rifier lors de la r\u00e9ception de vos travaux de r\u00e9novation ?\"}]},{\"@type\":\"WebSite\",\"@id\":\"https:\/\/www.qualitel.org\/particuliers\/#website\",\"url\":\"https:\/\/www.qualitel.org\/particuliers\/\",\"name\":\"Qualitel | Particuliers\",\"description\":\"\",\"publisher\":{\"@id\":\"https:\/\/www.qualitel.org\/particuliers\/#organization\"},\"potentialAction\":[{\"@type\":\"SearchAction\",\"target\":{\"@type\":\"EntryPoint\",\"urlTemplate\":\"https:\/\/www.qualitel.org\/particuliers\/?s={search_term_string}\"},\"query-input\":{\"@type\":\"PropertyValueSpecification\",\"valueRequired\":true,\"valueName\":\"search_term_string\"}}],\"inLanguage\":\"fr-FR\"},{\"@type\":\"Organization\",\"@id\":\"https:\/\/www.qualitel.org\/particuliers\/#organization\",\"name\":\"Qualitel | Particuliers\",\"url\":\"https:\/\/www.qualitel.org\/particuliers\/\",\"logo\":{\"@type\":\"ImageObject\",\"inLanguage\":\"fr-FR\",\"@id\":\"https:\/\/www.qualitel.org\/particuliers\/#\/schema\/logo\/image\/\",\"url\":\"https:\/\/www.qualitel.org\/particuliers\/wp\/..\/uploads\/qualitel-squarelogo-1456752654225.png\",\"contentUrl\":\"https:\/\/www.qualitel.org\/particuliers\/wp\/..\/uploads\/qualitel-squarelogo-1456752654225.png\",\"width\":180,\"height\":180,\"caption\":\"Qualitel | Particuliers\"},\"image\":{\"@id\":\"https:\/\/www.qualitel.org\/particuliers\/#\/schema\/logo\/image\/\"},\"sameAs\":[\"https:\/\/www.facebook.com\/groupequalitel\/\",\"https:\/\/x.com\/groupeQUALITEL\",\"https:\/\/www.instagram.com\/associationqualitel\/\",\"https:\/\/www.pinterest.fr\/associationqualitel\/\"]}]}<\/script>\n<!-- \/ Yoast SEO plugin. -->","yoast_head_json":{"title":"R\u00e9ception des travaux de r\u00e9novation\u00a0: checklist des points \u00e0 v\u00e9rifier - Qualitel | Particuliers","description":"Pour vous assurer que tout est conforme \u00e0 vos attentes, nos experts vous ont pr\u00e9par\u00e9 une check-list d\u00e9taill\u00e9e pour faire le tour complet de votre habitat refait.","robots":{"index":"index","follow":"follow","max-snippet":"max-snippet:-1","max-image-preview":"max-image-preview:large","max-video-preview":"max-video-preview:-1"},"canonical":"https:\/\/www.qualitel.org\/particuliers\/travaux-renovation\/verification-travaux\/","og_locale":"fr_FR","og_type":"article","og_title":"Quels sont les points \u00e0 v\u00e9rifier lors de la r\u00e9ception de vos travaux de r\u00e9novation ?","og_description":"Votre chantier de r\u00e9novation touche \u00e0 sa fin et il est temps de proc\u00e9der \u00e0 la r\u00e9ception des travaux. Pour v\u00e9rifier la conformit\u00e9 des travaux r\u00e9alis\u00e9s, nos experts ont pr\u00e9par\u00e9 une check-list d\u00e9taill\u00e9e pour inspecter votre logement r\u00e9nov\u00e9.","og_url":"https:\/\/www.qualitel.org\/particuliers\/travaux-renovation\/verification-travaux\/","og_site_name":"Qualitel | Particuliers","article_publisher":"https:\/\/www.facebook.com\/groupequalitel\/","article_modified_time":"2025-09-16T12:12:41+00:00","og_image":[{"width":1100,"height":733,"url":"https:\/\/www.qualitel.org\/particuliers\/wp\/..\/uploads\/AdobeStock_998305099.jpg","type":"image\/jpeg"}],"twitter_card":"summary_large_image","twitter_title":"Quels sont les points \u00e0 v\u00e9rifier lors de la r\u00e9ception de vos travaux de r\u00e9novation ?","twitter_description":"Votre chantier de r\u00e9novation touche \u00e0 sa fin et il est temps de proc\u00e9der \u00e0 la r\u00e9ception des travaux. Pour v\u00e9rifier la conformit\u00e9 des travaux r\u00e9alis\u00e9s, nos experts ont pr\u00e9par\u00e9 une check-list d\u00e9taill\u00e9e pour inspecter votre logement r\u00e9nov\u00e9.\n","twitter_site":"@groupeQUALITEL","twitter_misc":{"Est. reading time":"6 minutes"},"schema":{"@context":"https:\/\/schema.org","@graph":[{"@type":"WebPage","@id":"https:\/\/www.qualitel.org\/particuliers\/travaux-renovation\/verification-travaux\/","url":"https:\/\/www.qualitel.org\/particuliers\/travaux-renovation\/verification-travaux\/","name":"R\u00e9ception des travaux de r\u00e9novation\u00a0: checklist des points \u00e0 v\u00e9rifier - Qualitel | Particuliers","isPartOf":{"@id":"https:\/\/www.qualitel.org\/particuliers\/#website"},"primaryImageOfPage":{"@id":"https:\/\/www.qualitel.org\/particuliers\/travaux-renovation\/verification-travaux\/#primaryimage"},"image":{"@id":"https:\/\/www.qualitel.org\/particuliers\/travaux-renovation\/verification-travaux\/#primaryimage"},"thumbnailUrl":"https:\/\/www.qualitel.org\/particuliers\/wp\/..\/uploads\/AdobeStock_998305099.jpg","datePublished":"2021-03-29T14:40:43+00:00","dateModified":"2025-09-16T12:12:41+00:00","description":"Pour vous assurer que tout est conforme \u00e0 vos attentes, nos experts vous ont pr\u00e9par\u00e9 une check-list d\u00e9taill\u00e9e pour faire le tour complet de votre habitat refait.","breadcrumb":{"@id":"https:\/\/www.qualitel.org\/particuliers\/travaux-renovation\/verification-travaux\/#breadcrumb"},"inLanguage":"fr-FR","potentialAction":[{"@type":"ReadAction","target":["https:\/\/www.qualitel.org\/particuliers\/travaux-renovation\/verification-travaux\/"]}]},{"@type":"ImageObject","inLanguage":"fr-FR","@id":"https:\/\/www.qualitel.org\/particuliers\/travaux-renovation\/verification-travaux\/#primaryimage","url":"https:\/\/www.qualitel.org\/particuliers\/wp\/..\/uploads\/AdobeStock_998305099.jpg","contentUrl":"https:\/\/www.qualitel.org\/particuliers\/wp\/..\/uploads\/AdobeStock_998305099.jpg","width":1100,"height":733},{"@type":"BreadcrumbList","@id":"https:\/\/www.qualitel.org\/particuliers\/travaux-renovation\/verification-travaux\/#breadcrumb","itemListElement":[{"@type":"ListItem","position":1,"name":"Accueil","item":"https:\/\/www.qualitel.org\/particuliers\/"},{"@type":"ListItem","position":2,"name":"Quels sont les points \u00e0 v\u00e9rifier lors de la r\u00e9ception de vos travaux de r\u00e9novation ?"}]},{"@type":"WebSite","@id":"https:\/\/www.qualitel.org\/particuliers\/#website","url":"https:\/\/www.qualitel.org\/particuliers\/","name":"Qualitel | Particuliers","description":"","publisher":{"@id":"https:\/\/www.qualitel.org\/particuliers\/#organization"},"potentialAction":[{"@type":"SearchAction","target":{"@type":"EntryPoint","urlTemplate":"https:\/\/www.qualitel.org\/particuliers\/?s={search_term_string}"},"query-input":{"@type":"PropertyValueSpecification","valueRequired":true,"valueName":"search_term_string"}}],"inLanguage":"fr-FR"},{"@type":"Organization","@id":"https:\/\/www.qualitel.org\/particuliers\/#organization","name":"Qualitel | Particuliers","url":"https:\/\/www.qualitel.org\/particuliers\/","logo":{"@type":"ImageObject","inLanguage":"fr-FR","@id":"https:\/\/www.qualitel.org\/particuliers\/#\/schema\/logo\/image\/","url":"https:\/\/www.qualitel.org\/particuliers\/wp\/..\/uploads\/qualitel-squarelogo-1456752654225.png","contentUrl":"https:\/\/www.qualitel.org\/particuliers\/wp\/..\/uploads\/qualitel-squarelogo-1456752654225.png","width":180,"height":180,"caption":"Qualitel | Particuliers"},"image":{"@id":"https:\/\/www.qualitel.org\/particuliers\/#\/schema\/logo\/image\/"},"sameAs":["https:\/\/www.facebook.com\/groupequalitel\/","https:\/\/x.com\/groupeQUALITEL","https:\/\/www.instagram.com\/associationqualitel\/","https:\/\/www.pinterest.fr\/associationqualitel\/"]}]}},"_links":{"self":[{"href":"https:\/\/www.qualitel.org\/particuliers\/wp-json\/wp\/v2\/projet\/3875","targetHints":{"allow":["GET"]}}],"collection":[{"href":"https:\/\/www.qualitel.org\/particuliers\/wp-json\/wp\/v2\/projet"}],"about":[{"href":"https:\/\/www.qualitel.org\/particuliers\/wp-json\/wp\/v2\/types\/projet"}],"version-history":[{"count":65,"href":"https:\/\/www.qualitel.org\/particuliers\/wp-json\/wp\/v2\/projet\/3875\/revisions"}],"predecessor-version":[{"id":50745,"href":"https:\/\/www.qualitel.org\/particuliers\/wp-json\/wp\/v2\/projet\/3875\/revisions\/50745"}],"wp:featuredmedia":[{"embeddable":true,"href":"https:\/\/www.qualitel.org\/particuliers\/wp-json\/wp\/v2\/media\/50743"}],"wp:attachment":[{"href":"https:\/\/www.qualitel.org\/particuliers\/wp-json\/wp\/v2\/media?parent=3875"}],"wp:term":[{"taxonomy":"category","embeddable":true,"href":"https:\/\/www.qualitel.org\/particuliers\/wp-json\/wp\/v2\/categories?post=3875"},{"taxonomy":"tags","embeddable":true,"href":"https:\/\/www.qualitel.org\/particuliers\/wp-json\/wp\/v2\/tags?post=3875"},{"taxonomy":"guide","embeddable":true,"href":"https:\/\/www.qualitel.org\/particuliers\/wp-json\/wp\/v2\/guide?post=3875"},{"taxonomy":"projet_type","embeddable":true,"href":"https:\/\/www.qualitel.org\/particuliers\/wp-json\/wp\/v2\/article_type?post=3875"}],"curies":[{"name":"wp","href":"https:\/\/api.w.org\/{rel}","templated":true}]}}