{"id":4030,"date":"2021-11-04T11:49:15","date_gmt":"2021-11-04T10:49:15","guid":{"rendered":"http:\/\/qualitel.org\/?post_type=projet&#038;p=4030"},"modified":"2025-10-15T17:21:36","modified_gmt":"2025-10-15T15:21:36","slug":"faites-le-diagnostic-de-votre-sous-sol","status":"publish","type":"projet","link":"https:\/\/www.qualitel.org\/particuliers\/travaux-renovation\/sous-sol-cave-diagnostic\/","title":{"rendered":"Am\u00e9nagement de sous-sol&nbsp;: les points \u00e0 contr\u00f4ler"},"content":{"rendered":"<p>Vous la visualisez d\u00e9j\u00e0&nbsp;: de grandes \u00e9tag\u00e8res du sol au plafond, avec des bo\u00eetes bien ordonn\u00e9es, vos outils, vos raquettes de tennis, votre garde-manger. Ou peut-\u00eatre pr\u00e9voyez-vous une buanderie&nbsp;? <b>Dans les deux cas, cette \u00ab&nbsp;pi\u00e8ce technique&nbsp;\u00bb o\u00f9 vous ne ferez que passer doit vous faciliter la vie<\/b>. Pour bien la r\u00e9nover, contr\u00f4lez chaque \u00e9l\u00e9ment (ventilation, sols, \u00e9lectricit\u00e9, etc.) afin d\u2019anticiper tous les travaux \u00e0 faire r\u00e9aliser.<\/p>\n<h3>Pensez \u00e0 l\u2019humidit\u00e9<\/h3>\n<p>Observez-vous des traces d\u2019eau qui ruissellent sur les murs&nbsp;? Constatez-vous la pr\u00e9sence de <a href=\"https:\/\/www.qualitel.org\/particuliers\/conseils\/moisissures-comment-lutter-contre-afin-dameliorer-la-qualite-de-lair-dans-votre-logement\/\">moisissures<\/a>&nbsp;? Lors de la r\u00e9novation de votre sous-sol, profitez-en pour assainir la surface. <strong>Le sous-sol est la premi\u00e8re pi\u00e8ce de la maison touch\u00e9e par l\u2019humidit\u00e9<\/strong>, o\u00f9 la ventilation naturelle est bien souvent insuffisante voire inexistante.<\/p>\n<p>Pour l\u2019endiguer, il vous faudra<strong> faire appel \u00e0 une entreprise sp\u00e9cialis\u00e9e dans le traitement de l\u2019humidit\u00e9<\/strong>. Cette derni\u00e8re vous recommandera les travaux \u00e0 mettre en \u0153uvre et ceux-ci seront diff\u00e9rents selon la nature du terrain (argileux, limoneux, humif\u00e8re, siliceux, calcaire, sableux, etc).<\/p>\n<p>R\u00e9f\u00e9rez-vous \u00e0 l\u2019\u00e9tude de sol contenue dans le <a href=\"https:\/\/www.qualitel.org\/particuliers\/diagnostics-immobiliers\/erp\/\">diagnostic ERP<\/a> (\u00e9tat des risques et pollutions) dans le cas o\u00f9 votre maison a \u00e9t\u00e9 construite r\u00e9cemment dans une zone concern\u00e9e par l\u2019obligation de ce diagnostic de pollution des sols, risques naturels et technologiques. De m\u00eame, consulter le <a href=\"https:\/\/www.qualitel.org\/particuliers\/comprendre-vos-documents\/ppri\/\">PPRi (plan de pr\u00e9vention des risques inondations)<\/a> de votre zone.<br>\nLa solution se trouvera peut-\u00eatre dans la pose d\u2019un drain autour de la maison, pour s\u2019attaquer \u00e0 la source. Sinon, il est envisageable de cr\u00e9er une barri\u00e8re infranchissable sur les murs c\u00f4t\u00e9 ext\u00e9rieur, en d\u00e9caissant et en appliquant un rev\u00eatement imperm\u00e9able. Il est \u00e9galement possible d\u2019appliquer le rev\u00eatement imperm\u00e9able c\u00f4t\u00e9 int\u00e9rieur des murs. Une autre solution, plus co\u00fbteuse, consiste \u00e0 injecter de la r\u00e9sine dans l\u2019\u00e9paisseur du mur pour stopper les remont\u00e9es d\u2019humidit\u00e9.<\/p>\n<h3>Veillez \u00e0 la ventilation&nbsp;: un sous-sol doit \u00eatre ventil\u00e9<\/h3>\n<p>Observez la pi\u00e8ce&nbsp;: y a-t-il une <a href=\"https:\/\/www.qualitel.org\/particuliers\/equipements-et-materiaux-maison\/ventilation\/ventilation-naturelle\/\">ventilation naturelle<\/a> ou bien un syst\u00e8me de ventilation m\u00e9canique contr\u00f4l\u00e9e (VMC) dans cet espace&nbsp;? Si vous d\u00e9cidez de chauffer votre sous-sol, privil\u00e9giez l\u2019installation d\u2019une ventilation m\u00e9canique contr\u00f4l\u00e9e (<a href=\"https:\/\/www.qualitel.org\/particuliers\/equipements-et-materiaux-maison\/ventilation\/vmc-simple-flux\/\">VMC simple flux<\/a> ou <a href=\"https:\/\/www.qualitel.org\/particuliers\/equipements-et-materiaux-maison\/ventilation\/vmc-double-flux\/\">VMC double flux<\/a>) pour un renouvellement de l\u2019air en continu. Assurer une ventilation de votre sous-sol est indispensable si vous projetez d\u2019y installer votre buanderie, pour que la vapeur d\u2019eau puisse s\u2019\u00e9vacuer et ainsi obtenir un air int\u00e9rieur sain.<\/p>\n<h3>V\u00e9rifiez le syst\u00e8me \u00e9lectrique<\/h3>\n<p>Pour installer une machine \u00e0 laver et un s\u00e8che-linge ou brancher votre fer \u00e0 repasser, c\u2019est mieux de disposer de prises \u00e9lectriques&nbsp;! Combien y en a-t-il&nbsp;? Si la pi\u00e8ce n\u2019est pas \u00e9quip\u00e9e, vous devrez contacter un <a href=\"https:\/\/www.qualitel.org\/particuliers\/pros-batiment\/choisir-electricien\/\">\u00e9lectricien<\/a> pour faire adapter le syst\u00e8me \u00e0 vos besoins \u00e9lectriques, d\u2019\u00e9clairage ou de chauffage, par exemple.<\/p>\n<h3>N\u2019oubliez pas l\u2019isolation thermique<\/h3>\n<p>Quelle temp\u00e9rature fait-il dans votre sous-sol ou garage enterr\u00e9&nbsp;? Les recommandations formul\u00e9es par le diagnostiqueur immobilier dans le <a href=\"https:\/\/www.qualitel.org\/particuliers\/diagnostics-immobiliers\/dpe\/\">diagnostic de performance \u00e9nerg\u00e9tique<\/a> ainsi que le sch\u00e9ma des d\u00e9perditions thermiques peuvent vous aiguiller sur le niveau d\u2019<a href=\"https:\/\/www.qualitel.org\/particuliers\/isolation\/\">isolation<\/a> actuel de votre sous-sol. S\u2019il n\u2019est pas correctement isol\u00e9, profitez de travaux pour gagner en confort thermique.<\/p>\n<p><b>Le sous-sol \u00e9tant en contact direct avec la terre, il faudra <a href=\"https:\/\/www.qualitel.org\/particuliers\/isolation\/isolation-sol\/\">isoler le sol<\/a> et tout ou partie des murs<\/b>. N\u2019h\u00e9sitez pas \u00e0 faire appel \u00e0 un <a href=\"https:\/\/www.qualitel.org\/particuliers\/pros-batiment\/choisir-platrier-plaquiste\/\">pl\u00e2trier-plaquiste<\/a> qualifi\u00e9 RGE (reconnu garant de l\u2019environnement) si vous souhaitez b\u00e9n\u00e9ficier d\u2019aides financi\u00e8res. Il est pr\u00e9f\u00e9rable de recouvrir le plancher de plaques isolantes rigides avant d\u2019installer le rev\u00eatement de sol (carrelage, parquet\u2026). Pour les murs, des plaques de pl\u00e2tre doubl\u00e9es d\u2019un isolant feront l\u2019affaire si vos murs sont r\u00e9guliers et non humides. S\u2019ils sont irr\u00e9guliers, ins\u00e9rez de la <a href=\"https:\/\/www.qualitel.org\/particuliers\/isolation\/laine-de-verre\/\">laine de verre<\/a> derri\u00e8re les plaques de pl\u00e2tre.<\/p>\n<p>Suite parentale, chambre d\u2019amis, salle de jeux pour les enfants, bureau, home cin\u00e9ma, salle de musique\u2026 Les possibilit\u00e9s sont multiples. La transformation d\u2019un sous-sol en pi\u00e8ce de vie n\u00e9cessite cependant de r\u00e9aliser un diagnostic technique complet.<\/p>\n<h3>Veillez \u00e0 la ventilation, au syst\u00e8me \u00e9lectrique et \u00e0 l\u2019isolation thermique<\/h3>\n<p><strong>Vos murs pr\u00e9sentent-ils des moisissures ou de la condensation&nbsp;?<\/strong> Le sous-sol est-il bien ventil\u00e9&nbsp;? Y-a-t-il une VMC ou faut-il am\u00e9liorer la ventilation, installer une ventilation simple flux ou double flux&nbsp;? Avez-vous assez de prises \u00e9lectriques&nbsp;? Le sous-sol est-il bien isol\u00e9 thermiquement&nbsp;? Si ce n\u2019est pas le cas, ajoutez ces points \u00e0 la liste des travaux \u00e0 faire mener par des professionnels. Car ce qui vaut pour une pi\u00e8ce technique est encore plus vrai pour une pi\u00e8ce de vie&nbsp;! Pr\u00eatez-y une attention plus importante encore&nbsp;: dans une pi\u00e8ce de vie, ces \u00e9l\u00e9ments ont un impact direct sur votre confort et votre sant\u00e9 au quotidien.<\/p>\n<h3>Songez \u00e0 l\u2019acc\u00e8s<\/h3>\n<p>Les escaliers menant aux sous-sols sont parfois tr\u00e8s raides&nbsp;! Qu\u2019en est-il chez vous&nbsp;? Si c\u2019est le cas, cela peut repr\u00e9senter un obstacle si vous ou vos enfants les empruntent plusieurs fois par jour. Si vous devez les refaire, prenez contact avec un <a href=\"https:\/\/www.qualitel.org\/particuliers\/pros-batiment\/choisir-menuisier\/\" target=\"_blank\" rel=\"noopener\">menuisier<\/a>, <a href=\"https:\/\/www.qualitel.org\/particuliers\/pros-batiment\/choisir-serrurier-metallier\/\" target=\"_blank\" rel=\"noopener\">serrurier-m\u00e9tallier<\/a> ou <a href=\"https:\/\/www.qualitel.org\/particuliers\/pros-batiment\/choisir-macon\/\" target=\"_blank\" rel=\"noopener\">ma\u00e7on<\/a> selon le choix du mat\u00e9riau (bois, m\u00e9tal, b\u00e9ton). <strong>Notez que la hauteur des marches doit \u00eatre entre 17 et 21 cm et que la largeur est de minimum 70 cm.<\/strong><\/p>\n<h3>Observez la lumi\u00e8re<\/h3>\n<p>Il faudra compenser le manque de lumi\u00e8re naturelle par un <strong>\u00e9clairage \u00e9lectrique<\/strong>. Bien entendu, <b>si vous souhaitez transformer votre sous-sol en salle de jeux ou en bureau, la lumi\u00e8re doit \u00eatre plus importante que pour votre home cin\u00e9ma.<\/b> Faites appel, en cas de besoin, \u00e0 un <a href=\"https:\/\/www.qualitel.org\/particuliers\/pros-batiment\/choisir-electricien\/\" target=\"_blank\" rel=\"noopener\">\u00e9lectricien<\/a>, qui saura installer les points lumineux ad\u00e9quats.<\/p>\n<h3>Pensez \u00e0 l\u2019isolation phonique<\/h3>\n<p>Ce projet de r\u00e9novation est aussi l\u2019occasion d\u2019isoler acoustiquement cette pi\u00e8ce. Vos r\u00e9p\u00e9titions de batterie \u00e0 n\u2019importe quelle heure ou le son Dolby Surround du vid\u00e9o projecteur ne doivent pas d\u00e9ranger votre famille et vos voisins. Vous pouvez \u00eatre amen\u00e9 \u00e0 <strong>cr\u00e9er un faux plafond acoustique<\/strong> pour <a href=\"https:\/\/www.qualitel.org\/particuliers\/isolation\/isolation-phonique\/isolation-phonique-plafond\/\">isoler phoniquement le plafond<\/a> et \u00e9viter de propager des vibrations. Pour vos murs, ce sera la m\u00eame chose&nbsp;: un <a href=\"https:\/\/www.qualitel.org\/particuliers\/pros-batiment\/choisir-platrier-plaquiste\/\">pl\u00e2trier-plaquiste<\/a> posera un isolant thermo-acoustique.<\/p>\n<p>Avant toute r\u00e9novation, il peut \u00eatre<strong> prudent de faire r\u00e9aliser des diagnostics immobiliers tels que le diagnostic termites ou encore le diagnostic pollution des sols<\/strong> (pour les risques li\u00e9s au <a href=\"https:\/\/www.qualitel.org\/particuliers\/conseils\/radon-maison-immeuble-detecter\/\">gaz radon<\/a> notamment). Le <a href=\"https:\/\/www.qualitel.org\/particuliers\/diagnostics-immobiliers\/amiante\/\">diagnostic amiante<\/a> avant travaux ou rep\u00e9rage amiante avant travaux (RAAT) est quant \u00e0 lui obligatoire dans une maison construite avant juillet 1997.<\/p>\n","protected":false},"featured_media":0,"parent":3768,"menu_order":0,"template":"","categories":[203,213],"tags":[418,455,428],"guide":[331],"article_type":[],"class_list":["post-4030","projet","type-projet","status-publish","hentry","category-confort","category-sante","tags-renovation","tags-sous-sol","tags-travaux","guide-guide-de-travaux-de-pieces"],"acf":[],"yoast_head":"<!-- This site is optimized with the Yoast SEO plugin v26.2 - https:\/\/yoast.com\/wordpress\/plugins\/seo\/ -->\n<title>Am\u00e9nagement de sous-sol\u00a0: les points de v\u00e9rification - Qualitel | Particuliers<\/title>\n<meta name=\"description\" content=\"Am\u00e9nager le sous-sol de votre maison ou r\u00e9aliser une r\u00e9novation peut \u00eatre une bonne solution pour agrandir votre logement. Nos experts vous guident.\" \/>\n<meta name=\"robots\" content=\"index, follow, max-snippet:-1, max-image-preview:large, max-video-preview:-1\" \/>\n<link rel=\"canonical\" href=\"https:\/\/www.qualitel.org\/particuliers\/travaux-renovation\/sous-sol-cave-diagnostic\/\" \/>\n<meta property=\"og:locale\" content=\"fr_FR\" \/>\n<meta property=\"og:type\" content=\"article\" \/>\n<meta property=\"og:title\" content=\"Comment bien faire le diagnostic de votre sous-sol ?\" \/>\n<meta property=\"og:description\" content=\"Vous poss\u00e9dez un sous-sol dans votre maison&nbsp;? Pensez \u00e0 l\u2019am\u00e9nager pour gagner de l\u2019espace. D\u00e9couvrez nos conseils pour optimiser cette pi\u00e8ce en termes de ventilation, \u00e9lectricit\u00e9, isolation et diagnostics pr\u00e9alables aux travaux.\" \/>\n<meta property=\"og:url\" content=\"https:\/\/www.qualitel.org\/particuliers\/travaux-renovation\/sous-sol-cave-diagnostic\/\" \/>\n<meta property=\"og:site_name\" content=\"Qualitel | Particuliers\" \/>\n<meta property=\"article:publisher\" content=\"https:\/\/www.facebook.com\/groupequalitel\/\" \/>\n<meta property=\"article:modified_time\" content=\"2025-10-15T15:21:36+00:00\" \/>\n<meta property=\"og:image\" content=\"https:\/\/www.qualitel.org\/particuliers\/wp\/..\/uploads\/qualitel_social_part.jpg\" \/>\n\t<meta property=\"og:image:width\" content=\"1080\" \/>\n\t<meta property=\"og:image:height\" content=\"1080\" \/>\n\t<meta property=\"og:image:type\" content=\"image\/jpeg\" \/>\n<meta name=\"twitter:card\" content=\"summary_large_image\" \/>\n<meta name=\"twitter:title\" content=\"Comment bien faire le diagnostic de votre sous-sol ?\" \/>\n<meta name=\"twitter:description\" content=\"Vous poss\u00e9dez un sous-sol dans votre maison&nbsp;? Pensez \u00e0 l\u2019am\u00e9nager pour gagner de l\u2019espace. D\u00e9couvrez nos conseils pour optimiser cette pi\u00e8ce en termes de ventilation, \u00e9lectricit\u00e9, isolation et diagnostics pr\u00e9alables aux travaux.\n\" \/>\n<meta name=\"twitter:site\" content=\"@groupeQUALITEL\" \/>\n<meta name=\"twitter:label1\" content=\"Est. reading time\" \/>\n\t<meta name=\"twitter:data1\" content=\"13 minutes\" \/>\n<script type=\"application\/ld+json\" class=\"yoast-schema-graph\">{\"@context\":\"https:\/\/schema.org\",\"@graph\":[{\"@type\":\"WebPage\",\"@id\":\"https:\/\/www.qualitel.org\/particuliers\/travaux-renovation\/sous-sol-cave-diagnostic\/\",\"url\":\"https:\/\/www.qualitel.org\/particuliers\/travaux-renovation\/sous-sol-cave-diagnostic\/\",\"name\":\"Am\u00e9nagement de sous-sol\u00a0: les points de v\u00e9rification - Qualitel | Particuliers\",\"isPartOf\":{\"@id\":\"https:\/\/www.qualitel.org\/particuliers\/#website\"},\"datePublished\":\"2021-11-04T10:49:15+00:00\",\"dateModified\":\"2025-10-15T15:21:36+00:00\",\"description\":\"Am\u00e9nager le sous-sol de votre maison ou r\u00e9aliser une r\u00e9novation peut \u00eatre une bonne solution pour agrandir votre logement. Nos experts vous guident.\",\"breadcrumb\":{\"@id\":\"https:\/\/www.qualitel.org\/particuliers\/travaux-renovation\/sous-sol-cave-diagnostic\/#breadcrumb\"},\"inLanguage\":\"fr-FR\",\"potentialAction\":[{\"@type\":\"ReadAction\",\"target\":[\"https:\/\/www.qualitel.org\/particuliers\/travaux-renovation\/sous-sol-cave-diagnostic\/\"]}]},{\"@type\":\"BreadcrumbList\",\"@id\":\"https:\/\/www.qualitel.org\/particuliers\/travaux-renovation\/sous-sol-cave-diagnostic\/#breadcrumb\",\"itemListElement\":[{\"@type\":\"ListItem\",\"position\":1,\"name\":\"Accueil\",\"item\":\"https:\/\/www.qualitel.org\/particuliers\/\"},{\"@type\":\"ListItem\",\"position\":2,\"name\":\"R\u00e9novation d\u2019un sous-sol&nbsp;: les \u00e9tapes\",\"item\":\"https:\/\/www.qualitel.org\/particuliers\/travaux-renovation\/sous-sol-cave\/\"},{\"@type\":\"ListItem\",\"position\":3,\"name\":\"Am\u00e9nagement de sous-sol : les points \u00e0 contr\u00f4ler\"}]},{\"@type\":\"WebSite\",\"@id\":\"https:\/\/www.qualitel.org\/particuliers\/#website\",\"url\":\"https:\/\/www.qualitel.org\/particuliers\/\",\"name\":\"Qualitel | Particuliers\",\"description\":\"\",\"publisher\":{\"@id\":\"https:\/\/www.qualitel.org\/particuliers\/#organization\"},\"potentialAction\":[{\"@type\":\"SearchAction\",\"target\":{\"@type\":\"EntryPoint\",\"urlTemplate\":\"https:\/\/www.qualitel.org\/particuliers\/?s={search_term_string}\"},\"query-input\":{\"@type\":\"PropertyValueSpecification\",\"valueRequired\":true,\"valueName\":\"search_term_string\"}}],\"inLanguage\":\"fr-FR\"},{\"@type\":\"Organization\",\"@id\":\"https:\/\/www.qualitel.org\/particuliers\/#organization\",\"name\":\"Qualitel | Particuliers\",\"url\":\"https:\/\/www.qualitel.org\/particuliers\/\",\"logo\":{\"@type\":\"ImageObject\",\"inLanguage\":\"fr-FR\",\"@id\":\"https:\/\/www.qualitel.org\/particuliers\/#\/schema\/logo\/image\/\",\"url\":\"https:\/\/www.qualitel.org\/particuliers\/wp\/..\/uploads\/qualitel-squarelogo-1456752654225.png\",\"contentUrl\":\"https:\/\/www.qualitel.org\/particuliers\/wp\/..\/uploads\/qualitel-squarelogo-1456752654225.png\",\"width\":180,\"height\":180,\"caption\":\"Qualitel | Particuliers\"},\"image\":{\"@id\":\"https:\/\/www.qualitel.org\/particuliers\/#\/schema\/logo\/image\/\"},\"sameAs\":[\"https:\/\/www.facebook.com\/groupequalitel\/\",\"https:\/\/x.com\/groupeQUALITEL\",\"https:\/\/www.instagram.com\/associationqualitel\/\",\"https:\/\/www.pinterest.fr\/associationqualitel\/\"]}]}<\/script>\n<!-- \/ Yoast SEO plugin. -->","yoast_head_json":{"title":"Am\u00e9nagement de sous-sol\u00a0: les points de v\u00e9rification - Qualitel | Particuliers","description":"Am\u00e9nager le sous-sol de votre maison ou r\u00e9aliser une r\u00e9novation peut \u00eatre une bonne solution pour agrandir votre logement. Nos experts vous guident.","robots":{"index":"index","follow":"follow","max-snippet":"max-snippet:-1","max-image-preview":"max-image-preview:large","max-video-preview":"max-video-preview:-1"},"canonical":"https:\/\/www.qualitel.org\/particuliers\/travaux-renovation\/sous-sol-cave-diagnostic\/","og_locale":"fr_FR","og_type":"article","og_title":"Comment bien faire le diagnostic de votre sous-sol ?","og_description":"Vous poss\u00e9dez un sous-sol dans votre maison&nbsp;? Pensez \u00e0 l\u2019am\u00e9nager pour gagner de l\u2019espace. D\u00e9couvrez nos conseils pour optimiser cette pi\u00e8ce en termes de ventilation, \u00e9lectricit\u00e9, isolation et diagnostics pr\u00e9alables aux travaux.","og_url":"https:\/\/www.qualitel.org\/particuliers\/travaux-renovation\/sous-sol-cave-diagnostic\/","og_site_name":"Qualitel | Particuliers","article_publisher":"https:\/\/www.facebook.com\/groupequalitel\/","article_modified_time":"2025-10-15T15:21:36+00:00","og_image":[{"width":1080,"height":1080,"url":"https:\/\/www.qualitel.org\/particuliers\/wp\/..\/uploads\/qualitel_social_part.jpg","type":"image\/jpeg"}],"twitter_card":"summary_large_image","twitter_title":"Comment bien faire le diagnostic de votre sous-sol ?","twitter_description":"Vous poss\u00e9dez un sous-sol dans votre maison&nbsp;? Pensez \u00e0 l\u2019am\u00e9nager pour gagner de l\u2019espace. D\u00e9couvrez nos conseils pour optimiser cette pi\u00e8ce en termes de ventilation, \u00e9lectricit\u00e9, isolation et diagnostics pr\u00e9alables aux travaux.\n","twitter_site":"@groupeQUALITEL","twitter_misc":{"Est. reading time":"13 minutes"},"schema":{"@context":"https:\/\/schema.org","@graph":[{"@type":"WebPage","@id":"https:\/\/www.qualitel.org\/particuliers\/travaux-renovation\/sous-sol-cave-diagnostic\/","url":"https:\/\/www.qualitel.org\/particuliers\/travaux-renovation\/sous-sol-cave-diagnostic\/","name":"Am\u00e9nagement de sous-sol\u00a0: les points de v\u00e9rification - Qualitel | Particuliers","isPartOf":{"@id":"https:\/\/www.qualitel.org\/particuliers\/#website"},"datePublished":"2021-11-04T10:49:15+00:00","dateModified":"2025-10-15T15:21:36+00:00","description":"Am\u00e9nager le sous-sol de votre maison ou r\u00e9aliser une r\u00e9novation peut \u00eatre une bonne solution pour agrandir votre logement. Nos experts vous guident.","breadcrumb":{"@id":"https:\/\/www.qualitel.org\/particuliers\/travaux-renovation\/sous-sol-cave-diagnostic\/#breadcrumb"},"inLanguage":"fr-FR","potentialAction":[{"@type":"ReadAction","target":["https:\/\/www.qualitel.org\/particuliers\/travaux-renovation\/sous-sol-cave-diagnostic\/"]}]},{"@type":"BreadcrumbList","@id":"https:\/\/www.qualitel.org\/particuliers\/travaux-renovation\/sous-sol-cave-diagnostic\/#breadcrumb","itemListElement":[{"@type":"ListItem","position":1,"name":"Accueil","item":"https:\/\/www.qualitel.org\/particuliers\/"},{"@type":"ListItem","position":2,"name":"R\u00e9novation d\u2019un sous-sol&nbsp;: les \u00e9tapes","item":"https:\/\/www.qualitel.org\/particuliers\/travaux-renovation\/sous-sol-cave\/"},{"@type":"ListItem","position":3,"name":"Am\u00e9nagement de sous-sol : les points \u00e0 contr\u00f4ler"}]},{"@type":"WebSite","@id":"https:\/\/www.qualitel.org\/particuliers\/#website","url":"https:\/\/www.qualitel.org\/particuliers\/","name":"Qualitel | Particuliers","description":"","publisher":{"@id":"https:\/\/www.qualitel.org\/particuliers\/#organization"},"potentialAction":[{"@type":"SearchAction","target":{"@type":"EntryPoint","urlTemplate":"https:\/\/www.qualitel.org\/particuliers\/?s={search_term_string}"},"query-input":{"@type":"PropertyValueSpecification","valueRequired":true,"valueName":"search_term_string"}}],"inLanguage":"fr-FR"},{"@type":"Organization","@id":"https:\/\/www.qualitel.org\/particuliers\/#organization","name":"Qualitel | Particuliers","url":"https:\/\/www.qualitel.org\/particuliers\/","logo":{"@type":"ImageObject","inLanguage":"fr-FR","@id":"https:\/\/www.qualitel.org\/particuliers\/#\/schema\/logo\/image\/","url":"https:\/\/www.qualitel.org\/particuliers\/wp\/..\/uploads\/qualitel-squarelogo-1456752654225.png","contentUrl":"https:\/\/www.qualitel.org\/particuliers\/wp\/..\/uploads\/qualitel-squarelogo-1456752654225.png","width":180,"height":180,"caption":"Qualitel | Particuliers"},"image":{"@id":"https:\/\/www.qualitel.org\/particuliers\/#\/schema\/logo\/image\/"},"sameAs":["https:\/\/www.facebook.com\/groupequalitel\/","https:\/\/x.com\/groupeQUALITEL","https:\/\/www.instagram.com\/associationqualitel\/","https:\/\/www.pinterest.fr\/associationqualitel\/"]}]}},"_links":{"self":[{"href":"https:\/\/www.qualitel.org\/particuliers\/wp-json\/wp\/v2\/projet\/4030","targetHints":{"allow":["GET"]}}],"collection":[{"href":"https:\/\/www.qualitel.org\/particuliers\/wp-json\/wp\/v2\/projet"}],"about":[{"href":"https:\/\/www.qualitel.org\/particuliers\/wp-json\/wp\/v2\/types\/projet"}],"version-history":[{"count":107,"href":"https:\/\/www.qualitel.org\/particuliers\/wp-json\/wp\/v2\/projet\/4030\/revisions"}],"predecessor-version":[{"id":51537,"href":"https:\/\/www.qualitel.org\/particuliers\/wp-json\/wp\/v2\/projet\/4030\/revisions\/51537"}],"up":[{"embeddable":true,"href":"https:\/\/www.qualitel.org\/particuliers\/wp-json\/wp\/v2\/projet\/3768"}],"wp:attachment":[{"href":"https:\/\/www.qualitel.org\/particuliers\/wp-json\/wp\/v2\/media?parent=4030"}],"wp:term":[{"taxonomy":"category","embeddable":true,"href":"https:\/\/www.qualitel.org\/particuliers\/wp-json\/wp\/v2\/categories?post=4030"},{"taxonomy":"tags","embeddable":true,"href":"https:\/\/www.qualitel.org\/particuliers\/wp-json\/wp\/v2\/tags?post=4030"},{"taxonomy":"guide","embeddable":true,"href":"https:\/\/www.qualitel.org\/particuliers\/wp-json\/wp\/v2\/guide?post=4030"},{"taxonomy":"projet_type","embeddable":true,"href":"https:\/\/www.qualitel.org\/particuliers\/wp-json\/wp\/v2\/article_type?post=4030"}],"curies":[{"name":"wp","href":"https:\/\/api.w.org\/{rel}","templated":true}]}}