{"id":4075,"date":"2018-11-15T15:16:11","date_gmt":"2018-11-15T14:16:11","guid":{"rendered":"http:\/\/qualitel.org\/?post_type=projet&#038;p=4075"},"modified":"2025-10-06T17:00:56","modified_gmt":"2025-10-06T15:00:56","slug":"livraison-dun-appartement-neuf-ouvrez-loeil-lors-de-la-remise-des-cles","status":"publish","type":"projet","link":"https:\/\/www.qualitel.org\/particuliers\/acheter-logement\/livraison-appartement-vefa\/","title":{"rendered":"Livraison d\u2019un appartement neuf&nbsp;: ouvrez l\u2019\u0153il lors de la remise des cl\u00e9s&nbsp;!"},"content":{"rendered":"<p>La livraison d\u2019une <a href=\"https:\/\/www.qualitel.org\/particuliers\/acheter-logement\/vefa\/\" target=\"_blank\" rel=\"noopener\">VEFA<\/a> (vente en l\u2019\u00e9tat futur d\u2019ach\u00e8vement) requiert une grande attention de la part de l\u2019acqu\u00e9reur.<\/p>\n<p>La livraison d\u2019un logement neuf est effectivement <b>le temps fort<\/b><strong> dans l\u2019ex\u00e9cution du contrat de vente<\/strong> entre le promoteur et l\u2019acqu\u00e9reur. C\u2019est un moment important, qui suppose que l\u2019ensemble des travaux et l\u2019installation des \u00e9quipements sont termin\u00e9s. Il faut donc vous assurer que ce qui \u00e9tait mentionn\u00e9 dans votre contrat de vente a \u00e9t\u00e9 respect\u00e9 \u00e0 la lettre et que les finitions sont parfaites. Exigez que la r\u00e9ception de l\u2019appartement se fasse en plein jour. Les d\u00e9fauts apparaissent souvent mieux avec une lumi\u00e8re naturelle.<\/p>\n<p>N\u2019h\u00e9sitez pas \u00e0 venir accompagn\u00e9 de proches pour vous aider dans cette \u00e9tape. Prenez votre temps, m\u00eame si votre promoteur se montre press\u00e9.<\/p>\n<p>Une r\u00e9ception d\u2019appartement neuf &nbsp;bien men\u00e9e peut durer deux heures, voire plus, ce n\u2019est pas choquant&nbsp;!<\/p>\n<p>Ayez sous les yeux tous les \u00e9l\u00e9ments descriptifs, annexes, notices descriptives, travaux modificatifs acqu\u00e9reurs valid\u00e9s de votre contrat de vente d\u00e9finitif.<\/p>\n<p>Soyez \u00e9galement attentifs \u00e0 la pr\u00e9sence de vices apparents et de vices cach\u00e9s lors de la livraison de votre bien immobilier neuf.<\/p>\n<p><strong>D<\/strong><b>emandez \u00e0 votre promoteur quelle a \u00e9t\u00e9 la date exacte de la r\u00e9ception des travaux<\/b> (le <a href=\"https:\/\/www.qualitel.org\/particuliers\/travaux-renovation\/copropriete\/syndic\/\">syndic de copropri\u00e9t\u00e9<\/a> est aussi au courant). Cette r\u00e9union entre le promoteur, le ma\u00eetre d\u2019\u0153uvre et les diff\u00e9rentes entreprises participantes a lieu en g\u00e9n\u00e9ral quelques jours avant la livraison du bien et c\u2019est elle qui d\u00e9termine le point de d\u00e9part des <a href=\"https:\/\/www.service-public.fr\/particuliers\/vosdroits\/F2958\" target=\"_blank\" rel=\"noopener\">diff\u00e9rentes garanties des constructeurs<\/a> auxquelles vous pourrez recourir si votre appartement pr\u00e9sente des d\u00e9fauts (garantie de parfait ach\u00e8vement, garantie biennale, garantie d\u00e9cennale et assurances dommages-ouvrage\u2026).<\/p>\n<p><strong>En cas de malfa\u00e7on<\/strong>, ou si les travaux ne vous semblent pas correspondre \u00e0 ce qui \u00e9tait mentionn\u00e9 dans le contrat de vente d\u00e9finitif, <b>il vous faut \u00e9mettre une ou des r\u00e9serves<\/b>. Il est indispensable de signaler que la livraison de votre appartement neuf est non conforme au contrat. Concr\u00e8tement, cela revient \u00e0 mentionner dans un proc\u00e8s-verbal, en pr\u00e9sence du promoteur et sur papier libre, les d\u00e9fauts que vous constaterez. Vous pouvez, \u00e9galement, prendre des photos pour illustrer les malfa\u00e7ons observ\u00e9es.<\/p>\n<p>Pour que les r\u00e9serves soient lev\u00e9es, vous convenez d\u2019une date ou d\u2019un d\u00e9lai d\u2019intervention du professionnel concern\u00e9. Dans l\u2019attente de la mise en conformit\u00e9, il est recommand\u00e9 de ne pas payer le solde du prix du bien (\u00e9quivalent \u00e0 5&nbsp;% du montant global) et de le consigner aupr\u00e8s d\u2019un \u00e9tablissement bancaire, d\u2019un notaire, ou de la Caisse des d\u00e9p\u00f4ts et consignations. Oui, c\u2019est bel et bien une pression que vous exercez pour que les r\u00e9parations soient faites, mais c\u2019est parfaitement l\u00e9gal&nbsp;! \u00c0 noter, si l\u2019appartement est habitable, vous pouvez emm\u00e9nager dedans. Le promoteur doit venir r\u00e9parer les d\u00e9sordres m\u00eame si vous vivez dans le logement.<\/p>\n<p>Le jour de <strong>la remise des cl\u00e9s<\/strong>, votre appartement vous semblait beau et parfait. Pourtant, en vous installant le lendemain, vous d\u00e9couvrez avec horreur des vices apparents comme une fissure sur un mur. Pas d\u2019inqui\u00e9tude, <b>vous disposez d\u2019un d\u00e9lai d\u2019un mois pour faire un \u00e9tat des lieux et lister les malfa\u00e7ons <\/b>qui n\u2019auraient pas \u00e9t\u00e9 mentionn\u00e9es lors de la livraison du logement.<b> Vous pouvez prendre des photos \u00e0 joindre \u00e0 votre lettre pour les illustrer. <\/b>Cet \u00e9tat des lieux sera \u00e0 envoyer au promoteur, par courrier recommand\u00e9 avec accus\u00e9 de r\u00e9ception.<\/p>\n<p>Les malfa\u00e7ons rencontr\u00e9es devront alors \u00eatre r\u00e9par\u00e9es dans un d\u00e9lai d\u2019un an. Si elles ne le sont pas, vous pourrez <a href=\"https:\/\/www.service-public.fr\/particuliers\/vosdroits\/F20851\" target=\"_blank\" rel=\"noopener\">saisir le tribunal de grande instance<\/a> (avant l\u2019expiration du d\u00e9lai d\u2019un an) dont d\u00e9pend l\u2019appartement \u2013 quel que soit le montant \u2013 pour r\u00e9clamer&nbsp;l\u2019annulation du contrat de vente ou une diminution du prix de vente. Pour vous aider dans vos d\u00e9marches, vous pouvez <b>demander l\u2019expertise d\u2019un <a href=\"https:\/\/www.qualitel.org\/particuliers\/pros-batiment\/choisir-architecte\/\" target=\"_blank\" rel=\"noopener\">architecte<\/a>.<\/b> Vous pouvez aussi vous faire assister par une association de consommateurs comme la <a href=\"https:\/\/www.clcv.org\/\" target=\"_blank\" rel=\"noopener\">CLCV<\/a>, association nationale de d\u00e9fense des consommateurs et la CGL, la <a href=\"https:\/\/www.lacgl.fr\/\" target=\"_blank\" rel=\"noopener\">Conf\u00e9d\u00e9ration g\u00e9n\u00e9rale du logement<\/a>, par exemple.<\/p>\n","protected":false},"featured_media":45067,"parent":2158,"menu_order":5,"template":"","categories":[203,220],"tags":[446,458,445,436,438,428],"guide":[463],"article_type":[],"class_list":["post-4075","projet","type-projet","status-publish","has-post-thumbnail","hentry","category-confort","category-securite","tags-achat","tags-assurances","tags-budget","tags-choix-equipement","tags-choix-des-materiaux","tags-travaux","guide-sous-guide-dachat"],"acf":[],"yoast_head":"<!-- This site is optimized with the Yoast SEO plugin v26.2 - https:\/\/yoast.com\/wordpress\/plugins\/seo\/ -->\n<title>Livraison d\u2019un appartement neuf en Vefa : les points \u00e0 v\u00e9rifier - Qualitel | Particuliers<\/title>\n<meta name=\"description\" content=\"Il est important de v\u00e9rifier certains points lors de la livraison d\u2019un appartement neuf en VEFA. D\u00e9couvrez notre guide complet pour ne rien rater \u00e0 la remise des cl\u00e9s.\" \/>\n<meta name=\"robots\" content=\"index, follow, max-snippet:-1, max-image-preview:large, max-video-preview:-1\" \/>\n<link rel=\"canonical\" href=\"https:\/\/www.qualitel.org\/particuliers\/acheter-logement\/livraison-appartement-vefa\/\" \/>\n<meta property=\"og:locale\" content=\"fr_FR\" \/>\n<meta property=\"og:type\" content=\"article\" \/>\n<meta property=\"og:title\" content=\"Livraison d\u2019un appartement neuf : ouvrez l\u2019\u0153il lors de la remise des cl\u00e9s !\" \/>\n<meta property=\"og:description\" content=\"Apr\u00e8s des mois d\u2019attente, la remise des clefs de votre appartement neuf en VEFA est enfin arriv\u00e9e. Ce moment symbolique n\u00e9cessite cependant une v\u00e9rification minutieuse des travaux. Voici quelques conseils pour bien g\u00e9rer cette \u00e9tape importante.\" \/>\n<meta property=\"og:url\" content=\"https:\/\/www.qualitel.org\/particuliers\/acheter-logement\/livraison-appartement-vefa\/\" \/>\n<meta property=\"og:site_name\" content=\"Qualitel | Particuliers\" \/>\n<meta property=\"article:publisher\" content=\"https:\/\/www.facebook.com\/groupequalitel\/\" \/>\n<meta property=\"article:modified_time\" content=\"2025-10-06T15:00:56+00:00\" \/>\n<meta property=\"og:image\" content=\"https:\/\/www.qualitel.org\/particuliers\/wp\/..\/uploads\/AdobeStock_239210380.jpg\" \/>\n\t<meta property=\"og:image:width\" content=\"1000\" \/>\n\t<meta property=\"og:image:height\" content=\"667\" \/>\n\t<meta property=\"og:image:type\" content=\"image\/jpeg\" \/>\n<meta name=\"twitter:card\" content=\"summary_large_image\" \/>\n<meta name=\"twitter:title\" content=\"Livraison d\u2019un appartement neuf : ouvrez l\u2019\u0153il lors de la remise des cl\u00e9s !\" \/>\n<meta name=\"twitter:description\" content=\"Apr\u00e8s des mois d\u2019attente, la remise des clefs de votre appartement neuf en VEFA est enfin arriv\u00e9e. Ce moment symbolique n\u00e9cessite cependant une v\u00e9rification minutieuse des travaux. Voici quelques conseils pour bien g\u00e9rer cette \u00e9tape importante.\n\" \/>\n<meta name=\"twitter:site\" content=\"@groupeQUALITEL\" \/>\n<meta name=\"twitter:label1\" content=\"Est. reading time\" \/>\n\t<meta name=\"twitter:data1\" content=\"9 minutes\" \/>\n<script type=\"application\/ld+json\" class=\"yoast-schema-graph\">{\"@context\":\"https:\/\/schema.org\",\"@graph\":[{\"@type\":\"WebPage\",\"@id\":\"https:\/\/www.qualitel.org\/particuliers\/acheter-logement\/livraison-appartement-vefa\/\",\"url\":\"https:\/\/www.qualitel.org\/particuliers\/acheter-logement\/livraison-appartement-vefa\/\",\"name\":\"Livraison d\u2019un appartement neuf en Vefa : les points \u00e0 v\u00e9rifier - Qualitel | Particuliers\",\"isPartOf\":{\"@id\":\"https:\/\/www.qualitel.org\/particuliers\/#website\"},\"primaryImageOfPage\":{\"@id\":\"https:\/\/www.qualitel.org\/particuliers\/acheter-logement\/livraison-appartement-vefa\/#primaryimage\"},\"image\":{\"@id\":\"https:\/\/www.qualitel.org\/particuliers\/acheter-logement\/livraison-appartement-vefa\/#primaryimage\"},\"thumbnailUrl\":\"https:\/\/www.qualitel.org\/particuliers\/wp\/..\/uploads\/AdobeStock_239210380.jpg\",\"datePublished\":\"2018-11-15T14:16:11+00:00\",\"dateModified\":\"2025-10-06T15:00:56+00:00\",\"description\":\"Il est important de v\u00e9rifier certains points lors de la livraison d\u2019un appartement neuf en VEFA. D\u00e9couvrez notre guide complet pour ne rien rater \u00e0 la remise des cl\u00e9s.\",\"breadcrumb\":{\"@id\":\"https:\/\/www.qualitel.org\/particuliers\/acheter-logement\/livraison-appartement-vefa\/#breadcrumb\"},\"inLanguage\":\"fr-FR\",\"potentialAction\":[{\"@type\":\"ReadAction\",\"target\":[\"https:\/\/www.qualitel.org\/particuliers\/acheter-logement\/livraison-appartement-vefa\/\"]}]},{\"@type\":\"ImageObject\",\"inLanguage\":\"fr-FR\",\"@id\":\"https:\/\/www.qualitel.org\/particuliers\/acheter-logement\/livraison-appartement-vefa\/#primaryimage\",\"url\":\"https:\/\/www.qualitel.org\/particuliers\/wp\/..\/uploads\/AdobeStock_239210380.jpg\",\"contentUrl\":\"https:\/\/www.qualitel.org\/particuliers\/wp\/..\/uploads\/AdobeStock_239210380.jpg\",\"width\":1000,\"height\":667},{\"@type\":\"BreadcrumbList\",\"@id\":\"https:\/\/www.qualitel.org\/particuliers\/acheter-logement\/livraison-appartement-vefa\/#breadcrumb\",\"itemListElement\":[{\"@type\":\"ListItem\",\"position\":1,\"name\":\"Accueil\",\"item\":\"https:\/\/www.qualitel.org\/particuliers\/\"},{\"@type\":\"ListItem\",\"position\":2,\"name\":\"Les \u00e9tapes pour choisir un appartement sur plans\",\"item\":\"https:\/\/www.qualitel.org\/particuliers\/acheter-logement\/vefa-appartement\/\"},{\"@type\":\"ListItem\",\"position\":3,\"name\":\"Livraison d\u2019un appartement neuf : ouvrez l\u2019\u0153il lors de la remise des cl\u00e9s !\"}]},{\"@type\":\"WebSite\",\"@id\":\"https:\/\/www.qualitel.org\/particuliers\/#website\",\"url\":\"https:\/\/www.qualitel.org\/particuliers\/\",\"name\":\"Qualitel | Particuliers\",\"description\":\"\",\"publisher\":{\"@id\":\"https:\/\/www.qualitel.org\/particuliers\/#organization\"},\"potentialAction\":[{\"@type\":\"SearchAction\",\"target\":{\"@type\":\"EntryPoint\",\"urlTemplate\":\"https:\/\/www.qualitel.org\/particuliers\/?s={search_term_string}\"},\"query-input\":{\"@type\":\"PropertyValueSpecification\",\"valueRequired\":true,\"valueName\":\"search_term_string\"}}],\"inLanguage\":\"fr-FR\"},{\"@type\":\"Organization\",\"@id\":\"https:\/\/www.qualitel.org\/particuliers\/#organization\",\"name\":\"Qualitel | Particuliers\",\"url\":\"https:\/\/www.qualitel.org\/particuliers\/\",\"logo\":{\"@type\":\"ImageObject\",\"inLanguage\":\"fr-FR\",\"@id\":\"https:\/\/www.qualitel.org\/particuliers\/#\/schema\/logo\/image\/\",\"url\":\"https:\/\/www.qualitel.org\/particuliers\/wp\/..\/uploads\/qualitel-squarelogo-1456752654225.png\",\"contentUrl\":\"https:\/\/www.qualitel.org\/particuliers\/wp\/..\/uploads\/qualitel-squarelogo-1456752654225.png\",\"width\":180,\"height\":180,\"caption\":\"Qualitel | Particuliers\"},\"image\":{\"@id\":\"https:\/\/www.qualitel.org\/particuliers\/#\/schema\/logo\/image\/\"},\"sameAs\":[\"https:\/\/www.facebook.com\/groupequalitel\/\",\"https:\/\/x.com\/groupeQUALITEL\",\"https:\/\/www.instagram.com\/associationqualitel\/\",\"https:\/\/www.pinterest.fr\/associationqualitel\/\"]}]}<\/script>\n<!-- \/ Yoast SEO plugin. -->","yoast_head_json":{"title":"Livraison d\u2019un appartement neuf en Vefa : les points \u00e0 v\u00e9rifier - Qualitel | Particuliers","description":"Il est important de v\u00e9rifier certains points lors de la livraison d\u2019un appartement neuf en VEFA. D\u00e9couvrez notre guide complet pour ne rien rater \u00e0 la remise des cl\u00e9s.","robots":{"index":"index","follow":"follow","max-snippet":"max-snippet:-1","max-image-preview":"max-image-preview:large","max-video-preview":"max-video-preview:-1"},"canonical":"https:\/\/www.qualitel.org\/particuliers\/acheter-logement\/livraison-appartement-vefa\/","og_locale":"fr_FR","og_type":"article","og_title":"Livraison d\u2019un appartement neuf : ouvrez l\u2019\u0153il lors de la remise des cl\u00e9s !","og_description":"Apr\u00e8s des mois d\u2019attente, la remise des clefs de votre appartement neuf en VEFA est enfin arriv\u00e9e. Ce moment symbolique n\u00e9cessite cependant une v\u00e9rification minutieuse des travaux. Voici quelques conseils pour bien g\u00e9rer cette \u00e9tape importante.","og_url":"https:\/\/www.qualitel.org\/particuliers\/acheter-logement\/livraison-appartement-vefa\/","og_site_name":"Qualitel | Particuliers","article_publisher":"https:\/\/www.facebook.com\/groupequalitel\/","article_modified_time":"2025-10-06T15:00:56+00:00","og_image":[{"width":1000,"height":667,"url":"https:\/\/www.qualitel.org\/particuliers\/wp\/..\/uploads\/AdobeStock_239210380.jpg","type":"image\/jpeg"}],"twitter_card":"summary_large_image","twitter_title":"Livraison d\u2019un appartement neuf : ouvrez l\u2019\u0153il lors de la remise des cl\u00e9s !","twitter_description":"Apr\u00e8s des mois d\u2019attente, la remise des clefs de votre appartement neuf en VEFA est enfin arriv\u00e9e. Ce moment symbolique n\u00e9cessite cependant une v\u00e9rification minutieuse des travaux. Voici quelques conseils pour bien g\u00e9rer cette \u00e9tape importante.\n","twitter_site":"@groupeQUALITEL","twitter_misc":{"Est. reading time":"9 minutes"},"schema":{"@context":"https:\/\/schema.org","@graph":[{"@type":"WebPage","@id":"https:\/\/www.qualitel.org\/particuliers\/acheter-logement\/livraison-appartement-vefa\/","url":"https:\/\/www.qualitel.org\/particuliers\/acheter-logement\/livraison-appartement-vefa\/","name":"Livraison d\u2019un appartement neuf en Vefa : les points \u00e0 v\u00e9rifier - Qualitel | Particuliers","isPartOf":{"@id":"https:\/\/www.qualitel.org\/particuliers\/#website"},"primaryImageOfPage":{"@id":"https:\/\/www.qualitel.org\/particuliers\/acheter-logement\/livraison-appartement-vefa\/#primaryimage"},"image":{"@id":"https:\/\/www.qualitel.org\/particuliers\/acheter-logement\/livraison-appartement-vefa\/#primaryimage"},"thumbnailUrl":"https:\/\/www.qualitel.org\/particuliers\/wp\/..\/uploads\/AdobeStock_239210380.jpg","datePublished":"2018-11-15T14:16:11+00:00","dateModified":"2025-10-06T15:00:56+00:00","description":"Il est important de v\u00e9rifier certains points lors de la livraison d\u2019un appartement neuf en VEFA. D\u00e9couvrez notre guide complet pour ne rien rater \u00e0 la remise des cl\u00e9s.","breadcrumb":{"@id":"https:\/\/www.qualitel.org\/particuliers\/acheter-logement\/livraison-appartement-vefa\/#breadcrumb"},"inLanguage":"fr-FR","potentialAction":[{"@type":"ReadAction","target":["https:\/\/www.qualitel.org\/particuliers\/acheter-logement\/livraison-appartement-vefa\/"]}]},{"@type":"ImageObject","inLanguage":"fr-FR","@id":"https:\/\/www.qualitel.org\/particuliers\/acheter-logement\/livraison-appartement-vefa\/#primaryimage","url":"https:\/\/www.qualitel.org\/particuliers\/wp\/..\/uploads\/AdobeStock_239210380.jpg","contentUrl":"https:\/\/www.qualitel.org\/particuliers\/wp\/..\/uploads\/AdobeStock_239210380.jpg","width":1000,"height":667},{"@type":"BreadcrumbList","@id":"https:\/\/www.qualitel.org\/particuliers\/acheter-logement\/livraison-appartement-vefa\/#breadcrumb","itemListElement":[{"@type":"ListItem","position":1,"name":"Accueil","item":"https:\/\/www.qualitel.org\/particuliers\/"},{"@type":"ListItem","position":2,"name":"Les \u00e9tapes pour choisir un appartement sur plans","item":"https:\/\/www.qualitel.org\/particuliers\/acheter-logement\/vefa-appartement\/"},{"@type":"ListItem","position":3,"name":"Livraison d\u2019un appartement neuf : ouvrez l\u2019\u0153il lors de la remise des cl\u00e9s !"}]},{"@type":"WebSite","@id":"https:\/\/www.qualitel.org\/particuliers\/#website","url":"https:\/\/www.qualitel.org\/particuliers\/","name":"Qualitel | Particuliers","description":"","publisher":{"@id":"https:\/\/www.qualitel.org\/particuliers\/#organization"},"potentialAction":[{"@type":"SearchAction","target":{"@type":"EntryPoint","urlTemplate":"https:\/\/www.qualitel.org\/particuliers\/?s={search_term_string}"},"query-input":{"@type":"PropertyValueSpecification","valueRequired":true,"valueName":"search_term_string"}}],"inLanguage":"fr-FR"},{"@type":"Organization","@id":"https:\/\/www.qualitel.org\/particuliers\/#organization","name":"Qualitel | Particuliers","url":"https:\/\/www.qualitel.org\/particuliers\/","logo":{"@type":"ImageObject","inLanguage":"fr-FR","@id":"https:\/\/www.qualitel.org\/particuliers\/#\/schema\/logo\/image\/","url":"https:\/\/www.qualitel.org\/particuliers\/wp\/..\/uploads\/qualitel-squarelogo-1456752654225.png","contentUrl":"https:\/\/www.qualitel.org\/particuliers\/wp\/..\/uploads\/qualitel-squarelogo-1456752654225.png","width":180,"height":180,"caption":"Qualitel | Particuliers"},"image":{"@id":"https:\/\/www.qualitel.org\/particuliers\/#\/schema\/logo\/image\/"},"sameAs":["https:\/\/www.facebook.com\/groupequalitel\/","https:\/\/x.com\/groupeQUALITEL","https:\/\/www.instagram.com\/associationqualitel\/","https:\/\/www.pinterest.fr\/associationqualitel\/"]}]}},"_links":{"self":[{"href":"https:\/\/www.qualitel.org\/particuliers\/wp-json\/wp\/v2\/projet\/4075","targetHints":{"allow":["GET"]}}],"collection":[{"href":"https:\/\/www.qualitel.org\/particuliers\/wp-json\/wp\/v2\/projet"}],"about":[{"href":"https:\/\/www.qualitel.org\/particuliers\/wp-json\/wp\/v2\/types\/projet"}],"version-history":[{"count":67,"href":"https:\/\/www.qualitel.org\/particuliers\/wp-json\/wp\/v2\/projet\/4075\/revisions"}],"predecessor-version":[{"id":51185,"href":"https:\/\/www.qualitel.org\/particuliers\/wp-json\/wp\/v2\/projet\/4075\/revisions\/51185"}],"up":[{"embeddable":true,"href":"https:\/\/www.qualitel.org\/particuliers\/wp-json\/wp\/v2\/projet\/2158"}],"wp:featuredmedia":[{"embeddable":true,"href":"https:\/\/www.qualitel.org\/particuliers\/wp-json\/wp\/v2\/media\/45067"}],"wp:attachment":[{"href":"https:\/\/www.qualitel.org\/particuliers\/wp-json\/wp\/v2\/media?parent=4075"}],"wp:term":[{"taxonomy":"category","embeddable":true,"href":"https:\/\/www.qualitel.org\/particuliers\/wp-json\/wp\/v2\/categories?post=4075"},{"taxonomy":"tags","embeddable":true,"href":"https:\/\/www.qualitel.org\/particuliers\/wp-json\/wp\/v2\/tags?post=4075"},{"taxonomy":"guide","embeddable":true,"href":"https:\/\/www.qualitel.org\/particuliers\/wp-json\/wp\/v2\/guide?post=4075"},{"taxonomy":"projet_type","embeddable":true,"href":"https:\/\/www.qualitel.org\/particuliers\/wp-json\/wp\/v2\/article_type?post=4075"}],"curies":[{"name":"wp","href":"https:\/\/api.w.org\/{rel}","templated":true}]}}