{"id":41324,"date":"2023-05-12T15:47:16","date_gmt":"2023-05-12T13:47:16","guid":{"rendered":"https:\/\/www.qualitel.org\/particuliers\/?post_type=projet&#038;p=41324"},"modified":"2024-12-17T15:57:56","modified_gmt":"2024-12-17T14:57:56","slug":"tout-sur-le-ravalement-de-facade-dimmeuble","status":"publish","type":"projet","link":"https:\/\/www.qualitel.org\/particuliers\/travaux-renovation\/copropriete\/ravalement-immeuble\/","title":{"rendered":"Tout sur le ravalement de fa\u00e7ade d\u2019immeuble"},"content":{"rendered":"<p><strong>Votre immeuble doit faire l\u2019objet d\u2019un ravalement de fa\u00e7ade&nbsp;?<\/strong> Sachez que depuis le 1<sup>er<\/sup> janvier 2023, les logements neufs ou ayant fait l\u2019objet de travaux de r\u00e9novation \u00e9nerg\u00e9tique doivent obligatoirement cr\u00e9er un Carnet d\u2019information du logement (CIL). En choisissant <strong>CL<span class=\"ILfuVd\" lang=\"fr\"><span class=\"hgKElc\">\u00c9<\/span><\/span>A, le 1<sup>er<\/sup> Carnet d\u2019information du logement en France<\/strong>, vous pouvez centraliser gratuitement l\u2019ensemble des informations utiles de votre habitat.<\/p>\n<p><a href=\"https:\/\/clea.qualitel.org\/?mtm_source=qlpart&amp;mtm_medium=site&amp;mtm_campaign=push_article_clea\" target=\"_blank\" rel=\"noopener\"><img loading=\"lazy\" decoding=\"async\" class=\"aligncenter wp-image-43996 size-full\" src=\"https:\/\/www.qualitel.org\/particuliers\/wp\/..\/uploads\/bandeau-clea-verbatim.jpg\" alt width=\"800\" height=\"363\" srcset=\"https:\/\/www.qualitel.org\/particuliers\/wp\/..\/uploads\/bandeau-clea-verbatim.jpg 800w, https:\/\/www.qualitel.org\/particuliers\/wp\/..\/uploads\/bandeau-clea-verbatim-300x136.jpg 300w\" sizes=\"auto, (max-width: 800px) 100vw, 800px\"><\/a><\/p>\n<p>Un ravalement de fa\u00e7ade \u2014 ou une r\u00e9fection de fa\u00e7ade \u2014 peut inclure diff\u00e9rents types de travaux, qui sont fonction du diagnostic de d\u00e9gradation de la fa\u00e7ade.<\/p>\n<h3>Qu\u2019est-ce qu\u2019un ravalement de fa\u00e7ade&nbsp;?<\/h3>\n<p>Ravaler une fa\u00e7ade consiste \u00e0 <strong>restaurer la fa\u00e7ade ext\u00e9rieure d\u2019un b\u00e2timent<\/strong>, d\u2019un immeuble ou d\u2019une maison. Il ne s\u2019agit pas d\u2019un simple nettoyage ou d\u00e9capage de la fa\u00e7ade \u00e0 la suite de salissures ou d\u2019intemp\u00e9ries.<\/p>\n<p><img loading=\"lazy\" decoding=\"async\" class=\"alignnone wp-image-41261\" src=\"https:\/\/www.qualitel.org\/particuliers\/wp\/..\/uploads\/iStock-1438932215-300x200.jpg\" alt width=\"500\" height=\"333\" srcset=\"https:\/\/www.qualitel.org\/particuliers\/wp\/..\/uploads\/iStock-1438932215-300x200.jpg 300w, https:\/\/www.qualitel.org\/particuliers\/wp\/..\/uploads\/iStock-1438932215.jpg 600w\" sizes=\"auto, (max-width: 500px) 100vw, 500px\"><\/p>\n<p>Le ravalement de fa\u00e7ade se d\u00e9roule en plusieurs \u00e9tapes&nbsp;:<\/p>\n<ol>\n<li><strong>Un professionnel expert en b\u00e2timent liste l\u2019ensemble des probl\u00e8mes de la fa\u00e7ade<\/strong>. Cela permet aux professionnels charg\u00e9s du ravalement, comme les fa\u00e7adiers par exemple, de trouver les causes de ces probl\u00e8mes et de choisir les solutions de ravalement adapt\u00e9es.<\/li>\n<li><strong>Un nettoyage de la fa\u00e7ade est ensuite r\u00e9alis\u00e9<\/strong>. Cette \u00e9tape est indispensable pour r\u00e9v\u00e9ler d\u2019\u00e9ventuels probl\u00e8mes non visibles et pour les traiter de fa\u00e7on efficace.<\/li>\n<li><strong>L\u2019\u00e9tape suivante consiste en la r\u00e9paration et le traitement de la fa\u00e7ade<\/strong>. Le traitement sera diff\u00e9rent en fonction du mat\u00e9riau de la fa\u00e7ade&nbsp;: r\u00e9novation des joints, r\u00e9paration des goutti\u00e8res, changement des briques ou encore application de produits contre l\u2019impr\u00e9gnation et la mousse.<\/li>\n<li><strong>Enfin, les finitions<\/strong>&nbsp;: lorsque la r\u00e9novation est termin\u00e9e, les finitions sont r\u00e9alis\u00e9es sur la fa\u00e7ade pour la prot\u00e9ger, mais aussi pour lui redonner son aspect final. Il peut s\u2019agir de l\u2019application d\u2019un <a href=\"https:\/\/www.qualitel.org\/particuliers\/equipements-et-materiaux\/comment-bien-choisir-vos-enduits-exterieurs\/\">enduit ext\u00e9rieur<\/a> ou d\u2019un parement.<\/li>\n<\/ol>\n<h3>Obligation d\u2019isolation thermique des murs ext\u00e9rieurs (ITE) et d\u2019isolation acoustique<\/h3>\n<p>Dans le cas de travaux de r\u00e9novation importants, la copropri\u00e9t\u00e9 peut \u00e9galement se voir dans l\u2019obligation de r\u00e9aliser des travaux suppl\u00e9mentaires, quand le ravalement concerne au moins 50% de la fa\u00e7ade hors ouverture et qu\u2019elle est constitu\u00e9e de mat\u00e9riaux non sensibles \u00e0 l\u2019humidit\u00e9.<\/p>\n<p>Ces travaux concernent l\u2019<strong>am\u00e9lioration des performances thermiques des b\u00e2timents<\/strong> (obligation depuis le 1er&nbsp;janvier 2017) et l\u2019<strong>isolation acoustique<\/strong> (depuis juillet 2017).<\/p>\n<p>Notez que l\u2019obligation de r\u00e9aliser des travaux d\u2019isolation acoustique lors d\u2019un ravalement de fa\u00e7ade ne s\u2019applique qu\u2019aux b\u00e2timents situ\u00e9s dans des zones particuli\u00e8rement expos\u00e9es au bruit. Ces zones correspondent aux zones de d\u00e9passement des valeurs limites sur les cartes de bruit routier et ferroviaire (dite la carte \u00ab&nbsp;c&nbsp;\u00bb) ou pour les b\u00e2timents situ\u00e9s dans une zone de bruit du plan de g\u00eane&nbsp;sonore1 (PGS) d\u2019un a\u00e9roport.<\/p>\n<p>Si l\u2019immeuble se situe dans un secteur sauvegard\u00e9, identifi\u00e9 par le Plan de Sauvegarde et de Mise en Valeur (PSMV) ou inscrit au titre des monuments historiques, le recours \u00e0 l\u2019architecte des B\u00e2timents de France est obligatoire.<\/p>\n<h3>\u00c0 quelle fr\u00e9quence r\u00e9aliser un ravalement de fa\u00e7ade d\u2019immeuble&nbsp;?<\/h3>\n<p><strong>Dans certaines communes<\/strong>, sur arr\u00eat\u00e9 pr\u00e9fectoral, un ravalement de fa\u00e7ade doit \u00eatre<strong> obligatoirement r\u00e9alis\u00e9 tous les 10 ans<\/strong> \u00e0 l\u2019initiative des propri\u00e9taires ou copropri\u00e9taires. Pour savoir si votre immeuble est concern\u00e9 par cette obligation de fr\u00e9quence, rendez-vous sur le site internet de votre mairie ou contactez directement le service urbanisme de votre mairie.<\/p>\n<p>Dans le cadre d\u2019une copropri\u00e9t\u00e9 non soumise \u00e0 cette l\u2019obligation d\u00e9cennale par la commune, il demeure le principe de l\u2019<strong>entretien constant des fa\u00e7ades<\/strong>, les propri\u00e9taires ou copropri\u00e9taires \u00e9tant tenus d\u2019assurer leur maintien en bon \u00e9tat et de propret\u00e9. C\u2019est essentiel pour la s\u00e9curit\u00e9 des occupants et l\u2019aspect ext\u00e9rieur.<\/p>\n<p>La d\u00e9cision de d\u00e9marrer les travaux est alors prise au cours d\u2019une assembl\u00e9e g\u00e9n\u00e9rale par le syndicat de copropri\u00e9taires. En amont de l\u2019AG, il est n\u00e9cessaire de r\u00e9aliser des devis aupr\u00e8s de plusieurs prestataires afin d\u2019estimer les co\u00fbts du ravalement.<\/p>\n<p>Ensuite, selon les cas, le vote se d\u00e9roule de la mani\u00e8re suivante&nbsp;:<\/p>\n<ul>\n<li><strong>Pour un ravalement simple de routine<\/strong> (entretien et nettoyage de fa\u00e7ade)&nbsp;: lors de l\u2019AG, il faut obtenir la majorit\u00e9 simple, soit la majorit\u00e9 des votes exprim\u00e9s parmi les pr\u00e9sents, sans compter les absents.<\/li>\n<li><strong>Pour le vote de travaux lourds<\/strong> (r\u00e9paration, isolation thermique ou plus-value esth\u00e9tique)&nbsp;: il faut obtenir une majorit\u00e9 absolue, soit 501\/1000 des tanti\u00e8mes de copropri\u00e9t\u00e9 qui votent pour.<\/li>\n<li><strong>Pour voter un ravalement \u00e0 la suite d\u2019une injonction de la mairie<\/strong>, la majorit\u00e9 absolue est n\u00e9cessaire \u00e9galement.<\/li>\n<\/ul>\n<h3>Quelles sanctions en cas de retard de ravalement&nbsp;?<\/h3>\n<p>Lorsque l\u2019obligation d\u00e9cennale n\u2019est pas respect\u00e9e ou si les fa\u00e7ades sont d\u00e9grad\u00e9es, la mairie peut envoyer une demande ferme au <a href=\"https:\/\/www.qualitel.org\/particuliers\/travaux-renovation\/copropriete\/syndic\/\">syndic de copropri\u00e9t\u00e9<\/a>. Le syndic re\u00e7oit alors une injonction au ravalement de fa\u00e7ade, dans un d\u00e9lai d\u00e9termin\u00e9 par la mairie, qui ne d\u00e9passe pas un an.<\/p>\n<p>Si le propri\u00e9taire ou les copropri\u00e9taires ne font pas r\u00e9aliser le ravalement de fa\u00e7ade dans ce d\u00e9lai d\u2019injonction, la mairie peut les faire ex\u00e9cuter d\u2019office, aux frais du propri\u00e9taire ou des copropri\u00e9taires. Ces derniers seront alors tenus de rembourser les frais engag\u00e9s, auxquels s\u2019ajoute une<strong> amende de 3\u2009750&nbsp;\u20ac<\/strong>.<\/p>\n<h3>Faut-il une d\u00e9claration pr\u00e9alable (DP) de travaux pour un ravalement de fa\u00e7ade&nbsp;?<\/h3>\n<p>Pour tous les travaux de ravalement de fa\u00e7ade, il est obligatoire de r\u00e9aliser une <a href=\"https:\/\/www.qualitel.org\/particuliers\/travaux-renovation\/declaration-prealable-travaux\/\">d\u00e9claration pr\u00e9alable de travaux<\/a> aupr\u00e8s de la mairie.<\/p>\n<p>Pour cela, il est n\u00e9cessaire de<strong> remplir un formulaire Cerfa<\/strong> et de constituer un dossier, que le syndic de copropri\u00e9t\u00e9 envoie en <strong>recommand\u00e9 avec accus\u00e9 de r\u00e9ception en deux exemplaires \u00e0 votre mairi<\/strong>e. Cette derni\u00e8re dispose d\u2019un mois pour vous r\u00e9pondre, et d\u2019un mois suppl\u00e9mentaire pour r\u00e9clamer les \u00e9ventuelles pi\u00e8ces manquantes.<\/p>\n<p>Sans r\u00e9ponse de la mairie au-del\u00e0 de ce d\u00e9lai, vous pouvez lancer les travaux de ravalement de fa\u00e7ade.<\/p>\n<h3>Voisinage et voirie&nbsp;: les d\u00e9marches et am\u00e9nagements \u00e0 pr\u00e9voir<\/h3>\n<p>Dans le cadre de travaux de ravalement ou de r\u00e9novation des fa\u00e7ades, il se peut qu\u2019il y ait une occupation temporaire du domaine public, notamment s\u2019il est pr\u00e9vu d\u2019installer un \u00e9chafaudage sur un trottoir jouxtant l\u2019immeuble. Dans ces cas-l\u00e0, il est n\u00e9cessaire d\u2019obtenir aupr\u00e8s de la mairie une autorisation habilitant \u00e0 occuper temporairement le domaine public (article&nbsp;L.2122-1 du code g\u00e9n\u00e9ral de la propri\u00e9t\u00e9 des personnes publiques).<\/p>\n<p>En r\u00e8gle g\u00e9n\u00e9rale, la demande \u00e0 faire aupr\u00e8s de votre mairie se compose de&nbsp;:<\/p>\n<ul>\n<li>un formulaire, permettant d\u2019indiquer la nature et la dur\u00e9e d\u2019occupation du domaine public&nbsp;;<\/li>\n<li>des pi\u00e8ces \u00e0 joindre pour pr\u00e9ciser les limites de l\u2019emprise du chantier et le cas \u00e9ch\u00e9ant, localisant les installations pr\u00e9vues.<\/li>\n<\/ul>\n<h3>Combien de temps dure un ravalement de fa\u00e7ade&nbsp;?<\/h3>\n<p>La dur\u00e9e des travaux de ravalement de fa\u00e7ade d\u2019un immeuble d\u00e9pend de diff\u00e9rents facteurs, qui conditionnent la complexit\u00e9 des travaux&nbsp;:<\/p>\n<ul>\n<li><strong>l\u2019\u00e9tat initial de la fa\u00e7ade<\/strong>&nbsp;: plus une fa\u00e7ade est d\u00e9labr\u00e9e, plus le chantier de remise en \u00e9tat est important&nbsp;;<\/li>\n<li><strong>les besoins de la fa\u00e7ade et la surface \u00e0 traiter<\/strong>&nbsp;;<\/li>\n<li><strong>la taille de la fa\u00e7ade<\/strong>&nbsp;;<\/li>\n<li><strong>la pose des rev\u00eatements de fa\u00e7ade<\/strong>&nbsp;: la dur\u00e9e des travaux peut \u00eatre allong\u00e9e en fonction du produit \u00e0 appliquer ainsi que du nombre de couches.<\/li>\n<\/ul>\n<p>Il est donc difficile de donner une moyenne de dur\u00e9e. Cependant, on peut estimer entre 2 et 5&nbsp;mois le temps du chantier pour le ravalement de fa\u00e7ade d\u2019un immeuble.<\/p>\n<h3>Qui paie le ravalement de fa\u00e7ade en copropri\u00e9t\u00e9&nbsp;?<\/h3>\n<p>Dans le cadre d\u2019un immeuble en copropri\u00e9t\u00e9, la charge du ravalement de fa\u00e7ade revient aux <strong>copropri\u00e9taires<\/strong>. Chacun doit s\u2019acquitter de sa quote-part, en fonction des tanti\u00e8mes qu\u2019il poss\u00e8de dans l\u2019immeuble.<\/p>\n<p>De plus, le r\u00e8glement de copropri\u00e9t\u00e9 stipule quelle partie est commune et quelle partie est privative. Si certains \u00e9l\u00e9ments de la fa\u00e7ade sont privatifs (comme les <a href=\"https:\/\/www.qualitel.org\/particuliers\/conseils\/amenagement-balcon\/\">balcons<\/a>, fen\u00eatres et volets), ces parties-l\u00e0 reviennent alors \u00e0 la charge de leur propri\u00e9taire.<\/p>\n<h3>Quelles aides pour un ravalement de fa\u00e7ade en copropri\u00e9t\u00e9&nbsp;?<\/h3>\n<p>Plusieurs aides financi\u00e8res peuvent \u00eatre octroy\u00e9es dans le cadre d\u2019un ravalement de fa\u00e7ade. L\u2019aide <strong>MaPrimeRenov\u2019 Copropri\u00e9t\u00e9<\/strong> est attribu\u00e9e au syndicat de copropri\u00e9taires dans le cadre de travaux de r\u00e9novation permettant un gain \u00e9nerg\u00e9tique de 35 % minimum.<\/p>\n<p>Plus globalement, il existe de nombreuses <a href=\"https:\/\/www.qualitel.org\/particuliers\/travaux-renovation\/cout-renovation-maison\/\">aides ou subventions<\/a> pour la r\u00e9alisation de travaux de r\u00e9novation \u00e9nerg\u00e9tique.<\/p>\n<h3>Quelle indemnisation des locataires pendant un ravalement de fa\u00e7ade&nbsp;?<\/h3>\n<p>Un ravalement de fa\u00e7ade peut priver les locataires de la jouissance compl\u00e8te de leur bien, notamment \u00e0 cause de l\u2019installation d\u2019un \u00e9chafaudage, qui peut causer un manque de lumi\u00e8re dans les logements et beaucoup de poussi\u00e8re.<\/p>\n<p>Le <strong>propri\u00e9taire du bien est alors tenu d\u2019indemniser le locataire<\/strong> au titre de l\u2019obligation de d\u00e9livrance r\u00e9gie par l\u2019article&nbsp;1719 du Code civil.<\/p>\n<p>Si vous \u00eates dans ce cas, vous pouvez trouver un accord avec votre locataire et lui proposer une r\u00e9duction du loyer pendant la dur\u00e9e des travaux.<\/p>\n","protected":false},"featured_media":41261,"parent":0,"menu_order":0,"template":"","categories":[203],"tags":[480,487,478,424,418,428],"guide":[],"article_type":[],"class_list":["post-41324","projet","type-projet","status-publish","has-post-thumbnail","hentry","category-confort","tags-copropriete","tags-entretien","tags-exterieurs","tags-isolation","tags-renovation","tags-travaux"],"acf":[],"yoast_head":"<!-- This site is optimized with the Yoast SEO plugin v26.2 - https:\/\/yoast.com\/wordpress\/plugins\/seo\/ -->\n<title>Ravalement de fa\u00e7ade d\u2019immeuble : fr\u00e9quence, dur\u00e9e, prix, travaux - Qualitel | Particuliers<\/title>\n<meta name=\"description\" content=\"Qui doit payer le ravalement de fa\u00e7ade\u202f? \u00c0 quelle fr\u00e9quence le r\u00e9aliser\u202f? Quelles aides financi\u00e8res ? Tout ce qu\u2019il y a \u00e0 savoir sur le ravalement de fa\u00e7ade en copropri\u00e9t\u00e9 est dans cet article.\" \/>\n<meta name=\"robots\" content=\"index, follow, max-snippet:-1, max-image-preview:large, max-video-preview:-1\" \/>\n<link rel=\"canonical\" href=\"https:\/\/www.qualitel.org\/particuliers\/travaux-renovation\/copropriete\/ravalement-immeuble\/\" \/>\n<meta property=\"og:locale\" content=\"fr_FR\" \/>\n<meta property=\"og:type\" content=\"article\" \/>\n<meta property=\"og:title\" content=\"Ravalement de fa\u00e7ade d\u2019immeuble : fr\u00e9quence, dur\u00e9e, prix, travaux - Qualitel | Particuliers\" \/>\n<meta property=\"og:description\" content=\"Le ravalement de fa\u00e7ade est une \u00e9tape essentielle pour permettre l\u2019entretien et pr\u00e9server l\u2019esth\u00e9tisme d\u2019un immeuble en copropri\u00e9t\u00e9. A quelle fr\u00e9quence doit-il \u00eatre r\u00e9alis\u00e9, qui doit s\u2019en occuper et quels travaux est-ce qu\u2019il implique&nbsp;? D\u00e9couvrez notre guide complet.\" \/>\n<meta property=\"og:url\" content=\"https:\/\/www.qualitel.org\/particuliers\/travaux-renovation\/copropriete\/ravalement-immeuble\/\" \/>\n<meta property=\"og:site_name\" content=\"Qualitel | Particuliers\" \/>\n<meta property=\"article:publisher\" content=\"https:\/\/www.facebook.com\/groupequalitel\/\" \/>\n<meta property=\"article:modified_time\" content=\"2024-12-17T14:57:56+00:00\" \/>\n<meta property=\"og:image\" content=\"https:\/\/www.qualitel.org\/particuliers\/wp\/..\/uploads\/iStock-1438932215.jpg\" \/>\n\t<meta property=\"og:image:width\" content=\"600\" \/>\n\t<meta property=\"og:image:height\" content=\"400\" \/>\n\t<meta property=\"og:image:type\" content=\"image\/jpeg\" \/>\n<meta name=\"twitter:card\" content=\"summary_large_image\" \/>\n<meta name=\"twitter:description\" content=\"Le ravalement de fa\u00e7ade est une \u00e9tape essentielle pour permettre l\u2019entretien et pr\u00e9server l\u2019esth\u00e9tisme d\u2019un immeuble en copropri\u00e9t\u00e9. A quelle fr\u00e9quence doit-il \u00eatre r\u00e9alis\u00e9, qui doit s\u2019en occuper et quels travaux est-ce qu\u2019il implique&nbsp;? D\u00e9couvrez notre guide complet.\n\" \/>\n<meta name=\"twitter:site\" content=\"@groupeQUALITEL\" \/>\n<meta name=\"twitter:label1\" content=\"Est. reading time\" \/>\n\t<meta name=\"twitter:data1\" content=\"18 minutes\" \/>\n<script type=\"application\/ld+json\" class=\"yoast-schema-graph\">{\"@context\":\"https:\/\/schema.org\",\"@graph\":[{\"@type\":\"WebPage\",\"@id\":\"https:\/\/www.qualitel.org\/particuliers\/travaux-renovation\/copropriete\/ravalement-immeuble\/\",\"url\":\"https:\/\/www.qualitel.org\/particuliers\/travaux-renovation\/copropriete\/ravalement-immeuble\/\",\"name\":\"Ravalement de fa\u00e7ade d\u2019immeuble : fr\u00e9quence, dur\u00e9e, prix, travaux - Qualitel | Particuliers\",\"isPartOf\":{\"@id\":\"https:\/\/www.qualitel.org\/particuliers\/#website\"},\"primaryImageOfPage\":{\"@id\":\"https:\/\/www.qualitel.org\/particuliers\/travaux-renovation\/copropriete\/ravalement-immeuble\/#primaryimage\"},\"image\":{\"@id\":\"https:\/\/www.qualitel.org\/particuliers\/travaux-renovation\/copropriete\/ravalement-immeuble\/#primaryimage\"},\"thumbnailUrl\":\"https:\/\/www.qualitel.org\/particuliers\/wp\/..\/uploads\/iStock-1438932215.jpg\",\"datePublished\":\"2023-05-12T13:47:16+00:00\",\"dateModified\":\"2024-12-17T14:57:56+00:00\",\"description\":\"Qui doit payer le ravalement de fa\u00e7ade\u202f? \u00c0 quelle fr\u00e9quence le r\u00e9aliser\u202f? Quelles aides financi\u00e8res ? Tout ce qu\u2019il y a \u00e0 savoir sur le ravalement de fa\u00e7ade en copropri\u00e9t\u00e9 est dans cet article.\",\"breadcrumb\":{\"@id\":\"https:\/\/www.qualitel.org\/particuliers\/travaux-renovation\/copropriete\/ravalement-immeuble\/#breadcrumb\"},\"inLanguage\":\"fr-FR\",\"potentialAction\":[{\"@type\":\"ReadAction\",\"target\":[\"https:\/\/www.qualitel.org\/particuliers\/travaux-renovation\/copropriete\/ravalement-immeuble\/\"]}]},{\"@type\":\"ImageObject\",\"inLanguage\":\"fr-FR\",\"@id\":\"https:\/\/www.qualitel.org\/particuliers\/travaux-renovation\/copropriete\/ravalement-immeuble\/#primaryimage\",\"url\":\"https:\/\/www.qualitel.org\/particuliers\/wp\/..\/uploads\/iStock-1438932215.jpg\",\"contentUrl\":\"https:\/\/www.qualitel.org\/particuliers\/wp\/..\/uploads\/iStock-1438932215.jpg\",\"width\":600,\"height\":400},{\"@type\":\"BreadcrumbList\",\"@id\":\"https:\/\/www.qualitel.org\/particuliers\/travaux-renovation\/copropriete\/ravalement-immeuble\/#breadcrumb\",\"itemListElement\":[{\"@type\":\"ListItem\",\"position\":1,\"name\":\"Accueil\",\"item\":\"https:\/\/www.qualitel.org\/particuliers\/\"},{\"@type\":\"ListItem\",\"position\":2,\"name\":\"Tout sur le ravalement de fa\u00e7ade d\u2019immeuble\"}]},{\"@type\":\"WebSite\",\"@id\":\"https:\/\/www.qualitel.org\/particuliers\/#website\",\"url\":\"https:\/\/www.qualitel.org\/particuliers\/\",\"name\":\"Qualitel | Particuliers\",\"description\":\"\",\"publisher\":{\"@id\":\"https:\/\/www.qualitel.org\/particuliers\/#organization\"},\"potentialAction\":[{\"@type\":\"SearchAction\",\"target\":{\"@type\":\"EntryPoint\",\"urlTemplate\":\"https:\/\/www.qualitel.org\/particuliers\/?s={search_term_string}\"},\"query-input\":{\"@type\":\"PropertyValueSpecification\",\"valueRequired\":true,\"valueName\":\"search_term_string\"}}],\"inLanguage\":\"fr-FR\"},{\"@type\":\"Organization\",\"@id\":\"https:\/\/www.qualitel.org\/particuliers\/#organization\",\"name\":\"Qualitel | Particuliers\",\"url\":\"https:\/\/www.qualitel.org\/particuliers\/\",\"logo\":{\"@type\":\"ImageObject\",\"inLanguage\":\"fr-FR\",\"@id\":\"https:\/\/www.qualitel.org\/particuliers\/#\/schema\/logo\/image\/\",\"url\":\"https:\/\/www.qualitel.org\/particuliers\/wp\/..\/uploads\/qualitel-squarelogo-1456752654225.png\",\"contentUrl\":\"https:\/\/www.qualitel.org\/particuliers\/wp\/..\/uploads\/qualitel-squarelogo-1456752654225.png\",\"width\":180,\"height\":180,\"caption\":\"Qualitel | Particuliers\"},\"image\":{\"@id\":\"https:\/\/www.qualitel.org\/particuliers\/#\/schema\/logo\/image\/\"},\"sameAs\":[\"https:\/\/www.facebook.com\/groupequalitel\/\",\"https:\/\/x.com\/groupeQUALITEL\",\"https:\/\/www.instagram.com\/associationqualitel\/\",\"https:\/\/www.pinterest.fr\/associationqualitel\/\"]}]}<\/script>\n<!-- \/ Yoast SEO plugin. -->","yoast_head_json":{"title":"Ravalement de fa\u00e7ade d\u2019immeuble : fr\u00e9quence, dur\u00e9e, prix, travaux - Qualitel | Particuliers","description":"Qui doit payer le ravalement de fa\u00e7ade\u202f? \u00c0 quelle fr\u00e9quence le r\u00e9aliser\u202f? Quelles aides financi\u00e8res ? Tout ce qu\u2019il y a \u00e0 savoir sur le ravalement de fa\u00e7ade en copropri\u00e9t\u00e9 est dans cet article.","robots":{"index":"index","follow":"follow","max-snippet":"max-snippet:-1","max-image-preview":"max-image-preview:large","max-video-preview":"max-video-preview:-1"},"canonical":"https:\/\/www.qualitel.org\/particuliers\/travaux-renovation\/copropriete\/ravalement-immeuble\/","og_locale":"fr_FR","og_type":"article","og_title":"Ravalement de fa\u00e7ade d\u2019immeuble : fr\u00e9quence, dur\u00e9e, prix, travaux - Qualitel | Particuliers","og_description":"Le ravalement de fa\u00e7ade est une \u00e9tape essentielle pour permettre l\u2019entretien et pr\u00e9server l\u2019esth\u00e9tisme d\u2019un immeuble en copropri\u00e9t\u00e9. A quelle fr\u00e9quence doit-il \u00eatre r\u00e9alis\u00e9, qui doit s\u2019en occuper et quels travaux est-ce qu\u2019il implique&nbsp;? D\u00e9couvrez notre guide complet.","og_url":"https:\/\/www.qualitel.org\/particuliers\/travaux-renovation\/copropriete\/ravalement-immeuble\/","og_site_name":"Qualitel | Particuliers","article_publisher":"https:\/\/www.facebook.com\/groupequalitel\/","article_modified_time":"2024-12-17T14:57:56+00:00","og_image":[{"width":600,"height":400,"url":"https:\/\/www.qualitel.org\/particuliers\/wp\/..\/uploads\/iStock-1438932215.jpg","type":"image\/jpeg"}],"twitter_card":"summary_large_image","twitter_description":"Le ravalement de fa\u00e7ade est une \u00e9tape essentielle pour permettre l\u2019entretien et pr\u00e9server l\u2019esth\u00e9tisme d\u2019un immeuble en copropri\u00e9t\u00e9. A quelle fr\u00e9quence doit-il \u00eatre r\u00e9alis\u00e9, qui doit s\u2019en occuper et quels travaux est-ce qu\u2019il implique&nbsp;? D\u00e9couvrez notre guide complet.\n","twitter_site":"@groupeQUALITEL","twitter_misc":{"Est. reading time":"18 minutes"},"schema":{"@context":"https:\/\/schema.org","@graph":[{"@type":"WebPage","@id":"https:\/\/www.qualitel.org\/particuliers\/travaux-renovation\/copropriete\/ravalement-immeuble\/","url":"https:\/\/www.qualitel.org\/particuliers\/travaux-renovation\/copropriete\/ravalement-immeuble\/","name":"Ravalement de fa\u00e7ade d\u2019immeuble : fr\u00e9quence, dur\u00e9e, prix, travaux - Qualitel | Particuliers","isPartOf":{"@id":"https:\/\/www.qualitel.org\/particuliers\/#website"},"primaryImageOfPage":{"@id":"https:\/\/www.qualitel.org\/particuliers\/travaux-renovation\/copropriete\/ravalement-immeuble\/#primaryimage"},"image":{"@id":"https:\/\/www.qualitel.org\/particuliers\/travaux-renovation\/copropriete\/ravalement-immeuble\/#primaryimage"},"thumbnailUrl":"https:\/\/www.qualitel.org\/particuliers\/wp\/..\/uploads\/iStock-1438932215.jpg","datePublished":"2023-05-12T13:47:16+00:00","dateModified":"2024-12-17T14:57:56+00:00","description":"Qui doit payer le ravalement de fa\u00e7ade\u202f? \u00c0 quelle fr\u00e9quence le r\u00e9aliser\u202f? Quelles aides financi\u00e8res ? Tout ce qu\u2019il y a \u00e0 savoir sur le ravalement de fa\u00e7ade en copropri\u00e9t\u00e9 est dans cet article.","breadcrumb":{"@id":"https:\/\/www.qualitel.org\/particuliers\/travaux-renovation\/copropriete\/ravalement-immeuble\/#breadcrumb"},"inLanguage":"fr-FR","potentialAction":[{"@type":"ReadAction","target":["https:\/\/www.qualitel.org\/particuliers\/travaux-renovation\/copropriete\/ravalement-immeuble\/"]}]},{"@type":"ImageObject","inLanguage":"fr-FR","@id":"https:\/\/www.qualitel.org\/particuliers\/travaux-renovation\/copropriete\/ravalement-immeuble\/#primaryimage","url":"https:\/\/www.qualitel.org\/particuliers\/wp\/..\/uploads\/iStock-1438932215.jpg","contentUrl":"https:\/\/www.qualitel.org\/particuliers\/wp\/..\/uploads\/iStock-1438932215.jpg","width":600,"height":400},{"@type":"BreadcrumbList","@id":"https:\/\/www.qualitel.org\/particuliers\/travaux-renovation\/copropriete\/ravalement-immeuble\/#breadcrumb","itemListElement":[{"@type":"ListItem","position":1,"name":"Accueil","item":"https:\/\/www.qualitel.org\/particuliers\/"},{"@type":"ListItem","position":2,"name":"Tout sur le ravalement de fa\u00e7ade d\u2019immeuble"}]},{"@type":"WebSite","@id":"https:\/\/www.qualitel.org\/particuliers\/#website","url":"https:\/\/www.qualitel.org\/particuliers\/","name":"Qualitel | Particuliers","description":"","publisher":{"@id":"https:\/\/www.qualitel.org\/particuliers\/#organization"},"potentialAction":[{"@type":"SearchAction","target":{"@type":"EntryPoint","urlTemplate":"https:\/\/www.qualitel.org\/particuliers\/?s={search_term_string}"},"query-input":{"@type":"PropertyValueSpecification","valueRequired":true,"valueName":"search_term_string"}}],"inLanguage":"fr-FR"},{"@type":"Organization","@id":"https:\/\/www.qualitel.org\/particuliers\/#organization","name":"Qualitel | Particuliers","url":"https:\/\/www.qualitel.org\/particuliers\/","logo":{"@type":"ImageObject","inLanguage":"fr-FR","@id":"https:\/\/www.qualitel.org\/particuliers\/#\/schema\/logo\/image\/","url":"https:\/\/www.qualitel.org\/particuliers\/wp\/..\/uploads\/qualitel-squarelogo-1456752654225.png","contentUrl":"https:\/\/www.qualitel.org\/particuliers\/wp\/..\/uploads\/qualitel-squarelogo-1456752654225.png","width":180,"height":180,"caption":"Qualitel | Particuliers"},"image":{"@id":"https:\/\/www.qualitel.org\/particuliers\/#\/schema\/logo\/image\/"},"sameAs":["https:\/\/www.facebook.com\/groupequalitel\/","https:\/\/x.com\/groupeQUALITEL","https:\/\/www.instagram.com\/associationqualitel\/","https:\/\/www.pinterest.fr\/associationqualitel\/"]}]}},"_links":{"self":[{"href":"https:\/\/www.qualitel.org\/particuliers\/wp-json\/wp\/v2\/projet\/41324","targetHints":{"allow":["GET"]}}],"collection":[{"href":"https:\/\/www.qualitel.org\/particuliers\/wp-json\/wp\/v2\/projet"}],"about":[{"href":"https:\/\/www.qualitel.org\/particuliers\/wp-json\/wp\/v2\/types\/projet"}],"version-history":[{"count":35,"href":"https:\/\/www.qualitel.org\/particuliers\/wp-json\/wp\/v2\/projet\/41324\/revisions"}],"predecessor-version":[{"id":48379,"href":"https:\/\/www.qualitel.org\/particuliers\/wp-json\/wp\/v2\/projet\/41324\/revisions\/48379"}],"wp:featuredmedia":[{"embeddable":true,"href":"https:\/\/www.qualitel.org\/particuliers\/wp-json\/wp\/v2\/media\/41261"}],"wp:attachment":[{"href":"https:\/\/www.qualitel.org\/particuliers\/wp-json\/wp\/v2\/media?parent=41324"}],"wp:term":[{"taxonomy":"category","embeddable":true,"href":"https:\/\/www.qualitel.org\/particuliers\/wp-json\/wp\/v2\/categories?post=41324"},{"taxonomy":"tags","embeddable":true,"href":"https:\/\/www.qualitel.org\/particuliers\/wp-json\/wp\/v2\/tags?post=41324"},{"taxonomy":"guide","embeddable":true,"href":"https:\/\/www.qualitel.org\/particuliers\/wp-json\/wp\/v2\/guide?post=41324"},{"taxonomy":"projet_type","embeddable":true,"href":"https:\/\/www.qualitel.org\/particuliers\/wp-json\/wp\/v2\/article_type?post=41324"}],"curies":[{"name":"wp","href":"https:\/\/api.w.org\/{rel}","templated":true}]}}