{"id":4334,"date":"2021-01-28T12:49:01","date_gmt":"2021-01-28T11:49:01","guid":{"rendered":"http:\/\/qualitel.org\/?post_type=projet&#038;p=4334"},"modified":"2025-11-06T12:39:09","modified_gmt":"2025-11-06T11:39:09","slug":"isolation-acoustique-des-conseils-pour-renover-et-gagner-en-confort","status":"publish","type":"projet","link":"https:\/\/www.qualitel.org\/particuliers\/isolation\/isolation-phonique\/","title":{"rendered":"Isolation phonique&nbsp;: comment en finir avec les nuisances sonores&nbsp;?"},"content":{"rendered":"<p>Quand on parle d\u2019<a href=\"https:\/\/www.qualitel.org\/particuliers\/isolation\/\" target=\"_blank\" rel=\"noopener\">isolation<\/a>, on fait r\u00e9f\u00e9rence \u00e0 la fois \u00e0 l\u2019isolation thermique et \u00e0 l\u2019isolation acoustique ou phonique. Pour cette derni\u00e8re, il n\u2019existe pas de diff\u00e9rence notable entre les termes \u201cacoustique\u201d et \u201cphonique\u201d. Bien que synonymes, l\u2019expression \u201cisolation acoustique\u201d domine dans le milieu professionnel alors que celle \u201cd\u2019isolation phonique\u201d est davantage utilis\u00e9e par le grand public.<\/p>\n<p>Qui n\u2019a jamais \u00e9t\u00e9 <b>incommod\u00e9 par le bruit<\/b> dans son logement&nbsp;&nbsp;? L\u2019affaiblissement acoustique est l\u2019objectif de nombreux Fran\u00e7ais. Les chiffres sont \u00e9difiants&nbsp;&nbsp;: comme le d\u00e9montre le <a href=\"https:\/\/www.qualitel.org\/barometre-qualitel\/2017-francais-face-bruit\/\" target=\"_blank\" rel=\"noopener\">Barom\u00e8tre QUALITEL<\/a>, <strong>plus d\u2019un tiers des Fran\u00e7ais sont insatisfaits de l\u2019isolation acoustique de leur habitation<\/strong>.<\/p>\n<p>Les <b>nuisances sonores<\/b> qui peuvent \u00eatre per\u00e7ues dans un logement sont tr\u00e8s vari\u00e9es&nbsp;:<\/p>\n<ul>\n<li><a href=\"https:\/\/www.qualitel.org\/particuliers\/travaux-renovation\/isolation-acoustique-bruits-exterieurs\/\" target=\"_blank\" rel=\"noopener\"><b>Bruits a\u00e9riens ext\u00e9rieurs<\/b><\/a>&nbsp;: trafic routier, ferroviaire, a\u00e9rien\u2026<\/li>\n<li><a href=\"https:\/\/www.qualitel.org\/particuliers\/travaux-renovation\/isolation-phonique-bruits-aeriens-interieurs\/\" target=\"_blank\" rel=\"noopener\"><b>Bruits a\u00e9riens int\u00e9rieurs<\/b><\/a>&nbsp;: radio, t\u00e9l\u00e9vision, conversations\u2026<\/li>\n<li><a href=\"https:\/\/www.qualitel.org\/particuliers\/travaux-renovation\/isolation-phonique-bruits-de-chocs\/\" target=\"_blank\" rel=\"noopener\"><b>Bruits de choc ou d\u2019impact<\/b><\/a><b> <\/b>: pas, chutes d\u2019objet\u2026<\/li>\n<li><b>Bruits g\u00e9n\u00e9r\u00e9s par les \u00e9quipements <\/b>: ascenseurs, robinetterie, ventilation, chauffage\u2026<\/li>\n<li><b>R\u00e9verb\u00e9ration des parties communes<\/b>, etc.<\/li>\n<\/ul>\n<p>Mais le bruit n\u2019est pas une fatalit\u00e9 au sein des habitations&nbsp;: une <b>optimisation<\/b> <b>performante<\/b> de l\u2019isolation phonique permet \u2013 comme le pointe le <a href=\"https:\/\/www.qualitel.org\/barometre-qualitel-2018\/\" target=\"_blank\" rel=\"noopener\">Barom\u00e8tre QUALITEL<\/a> \u2013 de r\u00e9duire de plus de 50 % l\u2019insatisfaction li\u00e9e \u00e0 l\u2019acoustique dans le logement.<\/p>\n<p>Une <b>r\u00e9novation de l\u2019isolation phonique<\/b> a donc pour avantage&nbsp;:<\/p>\n<ul>\n<li>D\u2019am\u00e9liorer le <b>confort acoustique <\/b>de votre logement, de r\u00e9duire les bruits per\u00e7us et de limiter les <a href=\"https:\/\/www.qualitel.org\/particuliers\/conseils\/nuisances-sonores-quels-sont-les-risques-pour-la-sante\/\">probl\u00e8mes de sant\u00e9 li\u00e9s \u00e0 une pollution sonore excessive<\/a>.<\/li>\n<li>De <b>valoriser votre patrimoine immobilier<\/b> (dans le cas o\u00f9 vous envisagez une revente de votre logement \u00e0 court ou moyen terme).<\/li>\n<li>Dans certains cas, d\u2019<b>am\u00e9liorer aussi votre confort thermique<\/b>. <a href=\"https:\/\/www.qualitel.org\/particuliers\/isolation\/isolation-mur-interieur\/\" target=\"_blank\" rel=\"noopener\">Isolation des murs<\/a> ou <a href=\"https:\/\/www.qualitel.org\/particuliers\/isolation\/isolation-combles\/\" rel=\"noopener\">isolation des combles<\/a>, <a href=\"https:\/\/www.qualitel.org\/particuliers\/travaux-renovation\/fenetres\/\" target=\"_blank\" rel=\"noopener\">pose de fen\u00eatres<\/a> en double vitrage, remplacement du coffre des volets roulants\u2026 Tous ces changements peuvent am\u00e9liorer consid\u00e9rablement le confort thermique de votre logement\u2026 et faire baisser vos <b>factures de chauffage<\/b>.<\/li>\n<\/ul>\n<p>Mais comment agir contre les nuisances sonores&nbsp;? Avant de r\u00e9nover, faites un \u00e9tat des lieux de la qualit\u00e9 de votre logement&nbsp;:<\/p>\n<p>Vous souhaitez vivre dans un logement plus silencieux et envisagez d\u2019entreprendre des travaux d\u2019isolation phonique&nbsp;? Dans un tel projet de r\u00e9novation, il y a des \u00e9tapes \u00e0 respecter pour un r\u00e9sultat satisfaisant. D\u00e9cryptage par nos experts.<\/p>\n<p>Avant m\u00eame d\u2019entamer les travaux et de choisir les m\u00e9thodes d\u2019isolation et les isolants phoniques, un premier <b>\u00e9tat des lieux <\/b>s\u2019impose. Deux possibilit\u00e9s s\u2019offrent \u00e0 vous.<\/p>\n<h3>Contacter le Centre d\u2019information et de Documentation sur le Bruit (CidB)<\/h3>\n<p>C\u2019est un centre de ressources cr\u00e9\u00e9 \u00e0 l\u2019initiative des pouvoirs publics qui a pour mission de sensibiliser, de documenter et de former sur le th\u00e8me de la protection de l\u2019environnement sonore. Sur le <a href=\"https:\/\/www.bruit.fr\/\" target=\"_blank\" rel=\"noopener\">site internet du CidB<\/a>, vous trouverez des <b>fiches conseils<\/b> sur le bruit, les principaux <b>textes officiels<\/b> ainsi que des conseils pratiques pour <b>isoler votre logement du bruit.<\/b> Des <b>permanences gratuites<\/b> sont organis\u00e9es r\u00e9guli\u00e8rement par cet organisme, au cours desquelles des acousticiens fournissent des conseils personnalis\u00e9s sur toutes les questions techniques relatives \u00e0 l\u2019acoustique dans l\u2019habitat. Pour une question pr\u00e9cise, vous pouvez \u00e9galement <b>contacter l\u2019\u00e9quipe du CidB<\/b>.<\/p>\n<p>Prendre en compte l\u2019<strong>isolation acoustique dans l\u2019ancien<\/strong> n\u2019est obligatoire que si le logement est situ\u00e9 en <a href=\"https:\/\/www.geoportail.gouv.fr\/donnees\/plan-dexposition-au-bruit-peb\" target=\"_blank\" rel=\"noopener\">zone d\u2019exposition au bruit<\/a> et que des travaux importants de r\u00e9novation \u00e9nerg\u00e9tique sont entrepris. Lors d\u2019une r\u00e9novation, nous vous conseillons tout de m\u00eame de respecter a minima les exigences de la <a href=\"https:\/\/www.ecologie.gouv.fr\/politiques-publiques\/acoustique-batiment\" target=\"_blank\" rel=\"noopener\">Nouvelle R\u00e9glementation Acoustique (NRA)<\/a> pour les logements neufs.<\/p>\n<h3>Faire appel \u00e0 un acousticien ou \u00e0 un bureau d\u2019\u00e9tudes sp\u00e9cialis\u00e9<\/h3>\n<p>Si vous projetez de r\u00e9aliser des travaux d\u2019isolation phonique cons\u00e9quents, n\u2019h\u00e9sitez pas \u00e0 faire appel \u00e0 ces professionnels afin de r\u00e9aliser un <b>diagnostic acoustique<\/b> de votre logement. Cet accompagnement a un co\u00fbt, mais il peut se r\u00e9v\u00e9ler indispensable dans certains cas. En effet, l\u2019acoustique est une science complexe et seul l\u2019acousticien sera en mesure de vous fournir un diagnostic de qualit\u00e9, d\u00e9terminant la nature des bruits, leur intensit\u00e9 (en dB), leurs parcours et les parois concern\u00e9es. Il pourra vous aider \u00e0 limiter la propagation du bruit en proposant des solutions adapt\u00e9es. En d\u00e9finitive, l\u2019acousticien vous offre une <b>garantie de r\u00e9sultat<\/b> optimale dans le cadre de l\u2019isolation phonique de votre logement.<\/p>\n<p>Les&nbsp;ondes sonores se diffusent dans&nbsp;toutes les directions&nbsp;\u00e0 partir de l\u2019\u00e9metteur. Pour moins entendre le bruit provenant de l\u2019appartement du dessus, vous pouvez poser un double plafond. Mais attention, le bruit peut prendre d\u2019autres chemins et il vous faudra parfois renforcer aussi l\u2019isolation des murs et des cloisons. L\u2019<b>acousticien<\/b>, expert du bruit, saura mieux que quiconque analyser sa provenance.<\/p>\n<h3>Une fois l\u2019\u00e9tat des lieux r\u00e9alis\u00e9 et les pr\u00e9conisations de travaux propos\u00e9es<\/h3>\n<p>Vous serez en mesure de d\u00e9finir plus pr\u00e9cis\u00e9ment les <b>travaux d\u2019isolation phonique \u00e0 effectuer<\/b> dans votre logement. Quelques exemples de travaux qui pourront vous \u00eatre propos\u00e9s&nbsp;: changement des fen\u00eatres par des plus performantes d\u2019un point de vue acoustique, <a href=\"https:\/\/www.qualitel.org\/particuliers\/isolation\/mur-mitoyen\/\" target=\"_blank\" rel=\"noopener\">isolation des murs mitoyens<\/a>, isolation des coffres de volet, <a href=\"https:\/\/www.qualitel.org\/particuliers\/isolation\/isolation-phonique\/isolation-phonique-plafond\/\" target=\"_blank\" rel=\"noopener\">isolation du plafond<\/a>\u2026<\/p>\n<p style=\"text-align: justify;\">Dans votre logement, vous pouvez \u00eatre importun\u00e9 par des bruits a\u00e9riens ext\u00e9rieurs, des bruits a\u00e9riens int\u00e9rieurs ou des bruits d\u2019impact. Afin de vous aider de mani\u00e8re concr\u00e8te \u00e0 limiter la propagation des nuisances sonores dans votre habitat, nos experts ont list\u00e9 pour vous les solutions adapt\u00e9es \u00e0 chaque type de bruit, allant du remplacement des fen\u00eatres simple vitrage, \u00e0 la pose d\u2019un faux plafond ou d\u2019un plafond tendu.<\/p>\n<p>Diagnostic acoustique, travaux d\u2019isolation, \u00e9ventuel r\u00e9am\u00e9nagement int\u00e9rieur\u2026 Le co\u00fbt de votre projet doit \u00eatre \u00e9valu\u00e9 bien en amont. Chiffrez avec pr\u00e9cision les d\u00e9penses pr\u00e9vues pour chaque poste. Il existe plusieurs solutions de financement pour le projet d\u2019isolation phonique de votre logement&nbsp;: vous pouvez d\u00e9bloquer des <b>fonds personnels, <\/b>prendre un <b>cr\u00e9dit travaux<\/b> aupr\u00e8s d\u2019un \u00e9tablissement bancaire ou faire appel \u00e0 des aides financi\u00e8res.<\/p>\n<p>En effet, le prix des travaux d\u2019isolation phonique de votre logement peut \u00eatre all\u00e9g\u00e9 par diff\u00e9rentes <b>aides financi\u00e8res<\/b>. Pour en b\u00e9n\u00e9ficier, il est pr\u00e9f\u00e9rable que votre projet soit inclus dans un bouquet de <b>travaux d\u2019am\u00e9lioration de la performance \u00e9nerg\u00e9tique<\/b> de votre logement. Vous pouvez faire une simulation du montant de vos aides sur<a href=\"https:\/\/france-renov.gouv.fr\/aides\/simulation\" target=\"_blank\" rel=\"noopener\"> France R\u00e9nov\u2019<\/a> ou <a href=\"https:\/\/aidesauxtravaux.fr\/?enseigne=oscar#\/accueil\" target=\"_blank\" rel=\"noopener\">Oscar<\/a>.<\/p>\n<p>N\u2019h\u00e9sitez pas \u00e0 consulter notre guide sur <a href=\"https:\/\/www.qualitel.org\/particuliers\/travaux-renovation\/cout-renovation-maison\/\" target=\"_blank\" rel=\"noopener\">le budget et aides financi\u00e8res<\/a> pour vous aider.<\/p>\n<p>Pour vous guider dans l\u2019\u00e9laboration de votre plan de financement, <b>contactez le Centre d\u2019Information sur le Bruit<\/b> (<b>CidB<\/b><b>),<\/b> l\u2019Agence de l\u2019Environnement et de la Ma\u00eetrise de l\u2019\u00c9nergie (Ademe) ou votre Agence D\u00e9partementale d\u2019Information sur le Logement (ADIL). Ces structures vous donneront toutes les informations sur les <b>aides auxquelles vous pouvez pr\u00e9tendre <\/b>dans le cadre des travaux de d\u2019isolation phonique de votre logement.<\/p>\n<p>L\u2019isolation phonique de votre logement implique une \u00e9valuation fine et globale de ses aspects techniques et architecturaux. Elle n\u00e9cessite \u00e9galement une bonne <b>connaissance des lois et des normes relatives \u00e0 l\u2019acoustique dans l\u2019habitat<\/b>. Dans ce projet complexe, nous vous recommandons vivement de <b>vous faire accompagner par un professionnel<\/b>.<\/p>\n<p>Mais <b>quel professionnel choisir<\/b>&nbsp;? Le choix du professionnel adapt\u00e9 \u00e0 votre projet et \u00e0 votre situation d\u00e9pend de la nature et de l\u2019ampleur des travaux engag\u00e9s dans votre logement, de vos besoins et envies. <strong>Faites notre test.<\/strong><\/p>\n<p>En fonction de votre probl\u00e9matique acoustique, plusieurs corps de m\u00e9tiers peuvent \u00eatre amen\u00e9s \u00e0 intervenir&nbsp;:<\/p>\n<ul>\n<li>Architecte ou architecte d\u2019int\u00e9rieur (avec ou sans bureau d\u2019\u00e9tudes) ;<\/li>\n<li>Menuisier pour poser des portes acoustiques ou des fen\u00eatres double vitrage&nbsp;;<\/li>\n<li>Pl\u00e2trier-plaquiste pour la pose de plaques de pl\u00e2tre dans les combles ou au plafond&nbsp;;<\/li>\n<li>Plombier pour faire installer un r\u00e9ducteur de pression&nbsp;;<\/li>\n<li>Entreprise g\u00e9n\u00e9rale de travaux, etc.<\/li>\n<\/ul>\n<p>V\u00e9rifiez les <b>r\u00e9f\u00e9rences<\/b> de plusieurs professionnels, <b>comparez les <a href=\"https:\/\/www.qualitel.org\/particuliers\/comprendre-vos-documents\/devis-travaux\/\" target=\"_blank\" rel=\"noopener\">devis <\/a><\/b>et les services propos\u00e9s et n\u2019h\u00e9sitez pas \u00e0 contacter d\u2019anciens clients pour vous faire un avis. Tout professionnel doit pouvoir d\u00e9finir et chiffrer ses prestations avant de d\u00e9buter son intervention.&nbsp;N\u2019oubliez pas non plus de v\u00e9rifier que les professionnels retenus ont bien souscrit toutes les <a href=\"https:\/\/www.qualitel.org\/particuliers\/travaux-renovation\/assurance\/\" target=\"_blank\" rel=\"noopener\"><b>assurances<\/b> <b>obligatoires <\/b><\/a>(responsabilit\u00e9 civile, etc.). Pour vous aider, consultez nos guides.<\/p>\n<p>Si vous venez d\u2019acheter un bien \u00e0 isoler phoniquement, n\u2019oubliez pas de fournir \u00e0 votre professionnel tous <b>les diagnostics obligatoires<\/b>&nbsp;: <a href=\"https:\/\/www.qualitel.org\/particuliers\/diagnostics-immobiliers\/plomb\/\"><b>plomb <\/b><\/a>si l\u2019immeuble a \u00e9t\u00e9 construit avant 1949, <a href=\"https:\/\/www.qualitel.org\/particuliers\/diagnostics-immobiliers\/amiante\/\"><b>amiante<\/b><\/a>, <a href=\"https:\/\/www.qualitel.org\/particuliers\/diagnostics-immobiliers\/termites\/\"><b>termites<\/b><\/a>, <b>gaz<\/b> et <a href=\"https:\/\/www.qualitel.org\/particuliers\/diagnostics-immobiliers\/electrique\/\" target=\"_blank\" rel=\"noopener\"><b>\u00e9lectricit\u00e9<\/b><\/a> si les installations datent de plus de 15&nbsp;ans, la performance \u00e9nerg\u00e9tique (<b><a href=\"https:\/\/www.qualitel.org\/particuliers\/diagnostics-immobiliers\/dpe\/\" rel=\"noopener\">DPE<\/a><\/b>), etc.<\/p>\n<p><strong>Ceux-ci sont des sources d\u2019information importantes pour les travaux<\/strong> (notamment pour \u00e9valuer votre budget). Si les diagnostics r\u00e9v\u00e8lent la pr\u00e9sence d\u2019amiante ou de plomb, des pr\u00e9cautions particuli\u00e8res devront \u00eatre prises sur le chantier et le traitement des d\u00e9chets devra \u00eatre suivi avec prudence.<\/p>\n<p>Si vous ne disposez pas de ces diagnostics, faites appel \u00e0 un <a href=\"https:\/\/www.qualitel.org\/particuliers\/pros-batiment\/choisir-diagnostiqueur\/\" rel=\"noopener\">professionnel certifi\u00e9<\/a> pour qu\u2019il vienne les r\u00e9aliser<b>.<\/b><\/p>\n<p>Dans le cas o\u00f9 les travaux d\u2019isolation phonique de votre logement s\u2019int\u00e8grent \u00e0 un projet plus global d\u2019<b>am\u00e9lioration de la performance \u00e9nerg\u00e9tique<\/b> de votre habitation, veillez \u00e0 ce que votre professionnel soit RGE (Reconnu Garant de l\u2019Environnement). Cela vous permettra peut-\u00eatre de b\u00e9n\u00e9ficier d\u2019une aide financi\u00e8re de l\u2019<a href=\"https:\/\/www.service-public.fr\/particuliers\/vosdroits\/N321\" target=\"_blank\" rel=\"noopener\">\u00c9tat<\/a>, de l\u2019<a href=\"https:\/\/www.ademe.fr\/\" target=\"_blank\" rel=\"noopener\">Ademe<\/a> ou des <a href=\"https:\/\/www.anil.org\/aides-locales-travaux\/\" target=\"_blank\" rel=\"noopener\">collectivit\u00e9s territoriales<\/a> dont vous d\u00e9pendez.<\/p>\n<h3>Si vous habitez en appartement<\/h3>\n<p>Il est indispensable de contacter votre copropri\u00e9t\u00e9 et de prendre connaissance du r\u00e8glement avant d\u2019engager des travaux d\u2019isolation phonique.<\/p>\n<h3>Si vous habitez en maison<\/h3>\n<p>Renseignez-vous aupr\u00e8s de votre mairie pour savoir si vous aurez des d\u00e9marches administratives \u00e0 effectuer dans le cadre de votre projet. Si vos travaux d\u2019isolation phonique sont coupl\u00e9s \u00e0 un r\u00e9am\u00e9nagement des combles, vous devrez sans doute accomplir certaines formalit\u00e9s. En effet, le r\u00e9am\u00e9nagement des combles permet parfois d\u2019augmenter la surface habitable d\u00e9clar\u00e9e et modifie souvent l\u2019aspect ext\u00e9rieur des toitures (ajout d\u2019une lucarne, d\u2019une fen\u00eatre de toit, etc.).<\/p>\n<ul>\n<li>Le d\u00e9p\u00f4t d\u2019une <a href=\"https:\/\/www.qualitel.org\/particuliers\/travaux-renovation\/declaration-prealable-travaux\/\"><b>d\u00e9claration pr\u00e9alable de travaux <\/b><\/a>est donc n\u00e9cessaire pour un certain nombre de chantiers de r\u00e9am\u00e9nagement \u2013 et d\u2019isolation phonique \u2013 des combles.<\/li>\n<li>Un <a href=\"https:\/\/www.qualitel.org\/particuliers\/comprendre-vos-documents\/permis-construire\/\" target=\"_blank\" rel=\"noopener\"><b>permis de construire<\/b><\/a> est obligatoire pour les travaux ayant pour effet la cr\u00e9ation d\u2019une surface de plancher d\u00e9passant 20 m<sup>2<\/sup> \u2013 ou 40 m<sup>2<\/sup> dans les zones urbaines couvertes par un <a href=\"https:\/\/www.qualitel.org\/particuliers\/comprendre-vos-documents\/plan-local-urbanisme\/\">Plan Local d\u2019Urbanisme (PLU)<\/a>.<\/li>\n<li>Si votre maison est situ\u00e9e dans un <b>secteur sauvegard\u00e9<\/b> ou est inscrite au titre des monuments historiques, des d\u00e9marches administratives compl\u00e9mentaires doivent \u00eatre effectu\u00e9es. Renseignez-vous aupr\u00e8s du service Urbanisme de votre Mairie.<\/li>\n<\/ul>\n<p>Pour une isolation phonique performante, nous vous conseillons d\u2019\u00eatre tr\u00e8s attentif \u00e0 la <b>qualit\u00e9<\/b><strong> des \u00e9quipements et des mat\u00e9riaux choisis<\/strong>.<\/p>\n<h3>Fiez-vous aux certifications NF ou QB (Qualit\u00e9 B\u00e2timent)<\/h3>\n<p>Ces certifications attestent que les fabricants ont accept\u00e9 de se soumettre \u00e0 des contr\u00f4les exigeants men\u00e9s par des organismes ind\u00e9pendants. Elles garantissent donc la fiabilit\u00e9 et la performance de leurs produits. Le marquage \u00ab&nbsp;CE&nbsp;\u00bb, en revanche, indique simplement que le produit est conforme aux exigences minimales de la l\u00e9gislation europ\u00e9enne en termes de sant\u00e9 et de s\u00e9curit\u00e9.<\/p>\n<h3>Optez pour les produits certifi\u00e9s Acotherm<\/h3>\n<p>Cette certification garantit la qualit\u00e9 acoustique. Si vous <a href=\"https:\/\/www.qualitel.org\/particuliers\/travaux-renovation\/fenetres\/\">changez vos fen\u00eatres<\/a> pour du double vitrage, v\u00e9rifiez qu\u2019elles sont bien certifi\u00e9es Acotherm.<\/p>\n<h3>Faites un point exhaustif sur les \u00e9quipements et mat\u00e9riaux d\u2019isolation phonique<\/h3>\n<p>Indiquez \u00e0 votre professionnel le mat\u00e9riau isolant que vous souhaitez utiliser en priorit\u00e9 (polyur\u00e9thane versus isolant naturel). Ce dernier pourra vous proposer une s\u00e9lection de produits en fonction de vos crit\u00e8res d\u2019exigence&nbsp;:<\/p>\n<ul>\n<li>chanvre&nbsp;;<\/li>\n<li>fibre de bois&nbsp;;<\/li>\n<li>laine min\u00e9rale comme la laine de roche&nbsp;;<\/li>\n<li>ouate de cellulose&nbsp;;<\/li>\n<li>etc.<\/li>\n<\/ul>\n<p>Tous ces mat\u00e9riaux isolants <strong>permettent une correction acoustique cibl\u00e9e<\/strong> (plafond, plancher, cloison\u2026), ainsi qu\u2019une bonne performance phonique et thermique globale du logement, lorsqu\u2019ils sont utilis\u00e9s \u00e0 bon escient.<\/p>\n<p>Comment conjuguer travaux d\u2019isolation phonique et vie quotidienne dans votre habitat&nbsp;? Ce n\u2019est pas forc\u00e9ment simple si vous habitez dans le logement en question. Dans certains cas, les travaux peuvent \u00eatre faits <b>en plusieurs fois<\/b><\/p>\n<p>L\u2019autre option est de r\u00e9aliser <b>l\u2019ensemble des travaux en une fois <\/b>en n\u2019\u00e9tant pas dans le logement. Cette solution convient davantage aux personnes qui n\u2019ont pas encore emm\u00e9nag\u00e9. Une fois ces sc\u00e9narios en t\u00eate, \u00e9changez avec votre professionnel afin de trouver <b>la meilleure solution \u00e0 la fois pour vous et pour la r\u00e9alisation du chantier.<\/b><\/p>\n<p>Vous engagez de <b>lourds travaux d\u2019isolation phonique<\/b> dans votre logement&nbsp;? Avant de lancer le chantier, n\u2019oubliez pas de souscrire une <a href=\"https:\/\/www.qualitel.org\/particuliers\/travaux-renovation\/assurance\/\">assurance dommages-ouvrage<\/a> vous donnant des fonds pour les travaux en cas de sinistre (avant m\u00eame le passage de l\u2019expert) pour proc\u00e9der aux r\u00e9parations des \u00e9l\u00e9ments faisant l\u2019objet d\u2019une garantie d\u00e9cennale. Cette assurance est obligatoire.<\/p>\n<p>Apr\u00e8s avoir valid\u00e9 le devis du professionnel, choisi et fix\u00e9 avec lui les dates de d\u00e9but et de fin de chantier, vous \u00eates pr\u00eat pour lancer les travaux&nbsp;!<\/p>\n<h3>Faites-vous accompagner pendant le chantier<\/h3>\n<p><a href=\"https:\/\/www.qualitel.org\/particuliers\/travaux-renovation\/gestion-chantier-renovation\/\">G\u00e9rer un chantier<\/a> n\u2019est pas toujours facile, surtout lorsque plusieurs artisans doivent intervenir. Il faut <b>coordonner les interventions<\/b> de chacun et s\u2019assurer de la bonne tenue des <b>d\u00e9lais<\/b>. Si vous vous trouvez dans cette configuration, nous vous conseillons vivement de <b>vous faire accompagner<\/b>.<\/p>\n<h3>Que faut-il faire pendant les travaux&nbsp;?<\/h3>\n<p>M\u00eame si vous faites appel \u00e0 un <a href=\"https:\/\/www.qualitel.org\/particuliers\/pros-batiment\/difference-maitre-ouvrage-et-maitre-oeuvre\/\" target=\"_blank\" rel=\"noopener\">ma\u00eetre d\u2019\u0153uvre<\/a> pour coordonner les diff\u00e9rents corps de m\u00e9tier sur le chantier, veillez au quotidien au <b>bon d\u00e9roulement des travaux<\/b>. Muni d\u2019un carnet, d\u2019un crayon et d\u2019un appareil photo, v\u00e9rifiez que les travaux effectu\u00e9s sont bien conformes au projet valid\u00e9 en amont&nbsp;&nbsp;; dans le cas contraire, prenez des photos pour pouvoir les transmettre ensuite aux entreprises sollicit\u00e9es.<\/p>\n<p>Si vous avez des questions, contactez le professionnel charg\u00e9 du suivi des travaux. Vous pouvez \u00e9galement lister vos demandes par \u00e9crit et les formuler lors des <b>visites de chantier<\/b>. En cas de probl\u00e8me, n\u2019h\u00e9sitez pas \u00e0 solliciter une r\u00e9union avec les diff\u00e9rents intervenants afin de trouver une solution.<\/p>\n<p>Lorsqu\u2019un artisan commet une erreur, c\u2019est \u00e0 lui d\u2019assumer le co\u00fbt des travaux suppl\u00e9mentaires. En revanche, si vous souhaitez faire des modifications tardives (non pr\u00e9vues dans le projet initial), elles seront \u00e0 votre charge.<\/p>\n<h3>Que devez-vous faire \u00e0 la fin du chantier&nbsp;?<\/h3>\n<p>Au terme du chantier d\u2019isolation phonique de votre logement, programmez une <b>visite de r\u00e9ception des travaux<\/b>. Ce rendez-vous est g\u00e9n\u00e9ralement coupl\u00e9 au dernier versement. Veillez \u00e0 bien contr\u00f4ler que tous les travaux correspondent \u00e0 vos attentes. Pour une <b>r\u00e9ception de chantier<\/b> sans stress, consultez \u00e9galement les conseils de nos experts.<\/p>\n<p>Les travaux d\u2019isolation phonique de votre logement sont termin\u00e9s&nbsp;? Votre confort acoustique va consid\u00e9rablement augmenter. Mais n\u2019oubliez pas que ce dernier se cultive aussi <b>au quotidien<\/b>, surtout si vous habitez en copropri\u00e9t\u00e9 (et que votre plancher est le plafond du voisin !)<\/p>\n<p>Adoptez quelques <b>comportements anti-bruit simples<\/b>, afin de r\u00e9duire sa propagation dans votre habitat&nbsp;:<\/p>\n<ul>\n<li>Prenez l\u2019habitude, par exemple, d\u2019<strong>enlever vos chaussures<\/strong> en rentrant chez vous et de marcher en pantoufles ou en chaussettes lorsque vous \u00eates \u00e0 l\u2019int\u00e9rieur&nbsp;;<\/li>\n<li><strong>Posez des feutres sous les pieds des chaises<\/strong> ou sous les meubles que vous d\u00e9placez souvent&nbsp;;<\/li>\n<li><strong>Installez des tapis<\/strong> dans les espaces souvent emprunt\u00e9s (salon, couloirs), etc.<\/li>\n<\/ul>\n<p>Ces gestes \u2013 en apparence anodins \u2013 vous permettront de r\u00e9duire les nuisances sonores dans votre logement tout en pr\u00e9servant le confort acoustique de vos voisins. Il pourra \u00eatre n\u00e9cessaire de changer le rev\u00eatement de sol si ces conseils ne suffisent pas \u00e0 att\u00e9nuer les d\u00e9cibels.<\/p>\n","protected":false},"featured_media":30157,"parent":0,"menu_order":0,"template":"","categories":[203,213],"tags":[491,424,428],"guide":[407,408],"article_type":[399,394],"class_list":["post-4334","projet","type-projet","status-publish","has-post-thumbnail","hentry","category-confort","category-sante","tags-acoustique","tags-isolation","tags-travaux","guide-guide-de-travaux-specifiques-appartement","guide-guide-de-travaux-specifiques-maison","projet_type-ameliorer-lisolation","projet_type-limiter-les-nuisances-sonores"],"acf":[],"yoast_head":"<!-- This site is optimized with the Yoast SEO plugin v26.2 - https:\/\/yoast.com\/wordpress\/plugins\/seo\/ -->\n<title>Isolation phonique : comment r\u00e9duire les nuisances sonores - Qualitel | Particuliers<\/title>\n<meta name=\"description\" content=\"D\u00e9couvrez tous nos conseils sur l\u2019isolation phonique et acoustique ainsi que son installation et mettez un terme aux nuisances sonores dans votre logement.\" \/>\n<meta name=\"robots\" content=\"index, follow, max-snippet:-1, max-image-preview:large, max-video-preview:-1\" \/>\n<link rel=\"canonical\" href=\"https:\/\/www.qualitel.org\/particuliers\/isolation\/isolation-phonique\/\" \/>\n<meta property=\"og:locale\" content=\"fr_FR\" \/>\n<meta property=\"og:type\" content=\"article\" \/>\n<meta property=\"og:title\" content=\"Isolation phonique : des conseils pour r\u00e9nover et gagner en confort\" \/>\n<meta property=\"og:description\" content=\"Pour am\u00e9liorer votre qualit\u00e9 de vie et votre sant\u00e9, limitez les nuisances sonores dans votre logement. D\u00e9couvrez nos conseils pour une meilleure performance acoustique.\" \/>\n<meta property=\"og:url\" content=\"https:\/\/www.qualitel.org\/particuliers\/isolation\/isolation-phonique\/\" \/>\n<meta property=\"og:site_name\" content=\"Qualitel | Particuliers\" \/>\n<meta property=\"article:publisher\" content=\"https:\/\/www.facebook.com\/groupequalitel\/\" \/>\n<meta property=\"article:modified_time\" content=\"2025-11-06T11:39:09+00:00\" \/>\n<meta property=\"og:image\" content=\"https:\/\/www.qualitel.org\/particuliers\/wp\/..\/uploads\/shutterstock_598463822.jpg\" \/>\n\t<meta property=\"og:image:width\" content=\"1000\" \/>\n\t<meta property=\"og:image:height\" content=\"668\" \/>\n\t<meta property=\"og:image:type\" content=\"image\/jpeg\" \/>\n<meta name=\"twitter:card\" content=\"summary_large_image\" \/>\n<meta name=\"twitter:title\" content=\"Isolation phonique : des conseils pour r\u00e9nover et gagner en confort\" \/>\n<meta name=\"twitter:description\" content=\"Pour am\u00e9liorer votre qualit\u00e9 de vie et votre sant\u00e9, limitez les nuisances sonores dans votre logement. D\u00e9couvrez nos conseils pour une meilleure performance acoustique.\n\" \/>\n<meta name=\"twitter:site\" content=\"@groupeQUALITEL\" \/>\n<meta name=\"twitter:label1\" content=\"Est. reading time\" \/>\n\t<meta name=\"twitter:data1\" content=\"28 minutes\" \/>\n<script type=\"application\/ld+json\" class=\"yoast-schema-graph\">{\"@context\":\"https:\/\/schema.org\",\"@graph\":[{\"@type\":\"WebPage\",\"@id\":\"https:\/\/www.qualitel.org\/particuliers\/isolation\/isolation-phonique\/\",\"url\":\"https:\/\/www.qualitel.org\/particuliers\/isolation\/isolation-phonique\/\",\"name\":\"Isolation phonique : comment r\u00e9duire les nuisances sonores - Qualitel | Particuliers\",\"isPartOf\":{\"@id\":\"https:\/\/www.qualitel.org\/particuliers\/#website\"},\"primaryImageOfPage\":{\"@id\":\"https:\/\/www.qualitel.org\/particuliers\/isolation\/isolation-phonique\/#primaryimage\"},\"image\":{\"@id\":\"https:\/\/www.qualitel.org\/particuliers\/isolation\/isolation-phonique\/#primaryimage\"},\"thumbnailUrl\":\"https:\/\/www.qualitel.org\/particuliers\/wp\/..\/uploads\/shutterstock_598463822.jpg\",\"datePublished\":\"2021-01-28T11:49:01+00:00\",\"dateModified\":\"2025-11-06T11:39:09+00:00\",\"description\":\"D\u00e9couvrez tous nos conseils sur l\u2019isolation phonique et acoustique ainsi que son installation et mettez un terme aux nuisances sonores dans votre logement.\",\"breadcrumb\":{\"@id\":\"https:\/\/www.qualitel.org\/particuliers\/isolation\/isolation-phonique\/#breadcrumb\"},\"inLanguage\":\"fr-FR\",\"potentialAction\":[{\"@type\":\"ReadAction\",\"target\":[\"https:\/\/www.qualitel.org\/particuliers\/isolation\/isolation-phonique\/\"]}]},{\"@type\":\"ImageObject\",\"inLanguage\":\"fr-FR\",\"@id\":\"https:\/\/www.qualitel.org\/particuliers\/isolation\/isolation-phonique\/#primaryimage\",\"url\":\"https:\/\/www.qualitel.org\/particuliers\/wp\/..\/uploads\/shutterstock_598463822.jpg\",\"contentUrl\":\"https:\/\/www.qualitel.org\/particuliers\/wp\/..\/uploads\/shutterstock_598463822.jpg\",\"width\":1000,\"height\":668},{\"@type\":\"BreadcrumbList\",\"@id\":\"https:\/\/www.qualitel.org\/particuliers\/isolation\/isolation-phonique\/#breadcrumb\",\"itemListElement\":[{\"@type\":\"ListItem\",\"position\":1,\"name\":\"Accueil\",\"item\":\"https:\/\/www.qualitel.org\/particuliers\/\"},{\"@type\":\"ListItem\",\"position\":2,\"name\":\"Isolation phonique : comment en finir avec les nuisances sonores ?\"}]},{\"@type\":\"WebSite\",\"@id\":\"https:\/\/www.qualitel.org\/particuliers\/#website\",\"url\":\"https:\/\/www.qualitel.org\/particuliers\/\",\"name\":\"Qualitel | Particuliers\",\"description\":\"\",\"publisher\":{\"@id\":\"https:\/\/www.qualitel.org\/particuliers\/#organization\"},\"potentialAction\":[{\"@type\":\"SearchAction\",\"target\":{\"@type\":\"EntryPoint\",\"urlTemplate\":\"https:\/\/www.qualitel.org\/particuliers\/?s={search_term_string}\"},\"query-input\":{\"@type\":\"PropertyValueSpecification\",\"valueRequired\":true,\"valueName\":\"search_term_string\"}}],\"inLanguage\":\"fr-FR\"},{\"@type\":\"Organization\",\"@id\":\"https:\/\/www.qualitel.org\/particuliers\/#organization\",\"name\":\"Qualitel | Particuliers\",\"url\":\"https:\/\/www.qualitel.org\/particuliers\/\",\"logo\":{\"@type\":\"ImageObject\",\"inLanguage\":\"fr-FR\",\"@id\":\"https:\/\/www.qualitel.org\/particuliers\/#\/schema\/logo\/image\/\",\"url\":\"https:\/\/www.qualitel.org\/particuliers\/wp\/..\/uploads\/qualitel-squarelogo-1456752654225.png\",\"contentUrl\":\"https:\/\/www.qualitel.org\/particuliers\/wp\/..\/uploads\/qualitel-squarelogo-1456752654225.png\",\"width\":180,\"height\":180,\"caption\":\"Qualitel | Particuliers\"},\"image\":{\"@id\":\"https:\/\/www.qualitel.org\/particuliers\/#\/schema\/logo\/image\/\"},\"sameAs\":[\"https:\/\/www.facebook.com\/groupequalitel\/\",\"https:\/\/x.com\/groupeQUALITEL\",\"https:\/\/www.instagram.com\/associationqualitel\/\",\"https:\/\/www.pinterest.fr\/associationqualitel\/\"]}]}<\/script>\n<!-- \/ Yoast SEO plugin. -->","yoast_head_json":{"title":"Isolation phonique : comment r\u00e9duire les nuisances sonores - Qualitel | Particuliers","description":"D\u00e9couvrez tous nos conseils sur l\u2019isolation phonique et acoustique ainsi que son installation et mettez un terme aux nuisances sonores dans votre logement.","robots":{"index":"index","follow":"follow","max-snippet":"max-snippet:-1","max-image-preview":"max-image-preview:large","max-video-preview":"max-video-preview:-1"},"canonical":"https:\/\/www.qualitel.org\/particuliers\/isolation\/isolation-phonique\/","og_locale":"fr_FR","og_type":"article","og_title":"Isolation phonique : des conseils pour r\u00e9nover et gagner en confort","og_description":"Pour am\u00e9liorer votre qualit\u00e9 de vie et votre sant\u00e9, limitez les nuisances sonores dans votre logement. D\u00e9couvrez nos conseils pour une meilleure performance acoustique.","og_url":"https:\/\/www.qualitel.org\/particuliers\/isolation\/isolation-phonique\/","og_site_name":"Qualitel | Particuliers","article_publisher":"https:\/\/www.facebook.com\/groupequalitel\/","article_modified_time":"2025-11-06T11:39:09+00:00","og_image":[{"width":1000,"height":668,"url":"https:\/\/www.qualitel.org\/particuliers\/wp\/..\/uploads\/shutterstock_598463822.jpg","type":"image\/jpeg"}],"twitter_card":"summary_large_image","twitter_title":"Isolation phonique : des conseils pour r\u00e9nover et gagner en confort","twitter_description":"Pour am\u00e9liorer votre qualit\u00e9 de vie et votre sant\u00e9, limitez les nuisances sonores dans votre logement. D\u00e9couvrez nos conseils pour une meilleure performance acoustique.\n","twitter_site":"@groupeQUALITEL","twitter_misc":{"Est. reading time":"28 minutes"},"schema":{"@context":"https:\/\/schema.org","@graph":[{"@type":"WebPage","@id":"https:\/\/www.qualitel.org\/particuliers\/isolation\/isolation-phonique\/","url":"https:\/\/www.qualitel.org\/particuliers\/isolation\/isolation-phonique\/","name":"Isolation phonique : comment r\u00e9duire les nuisances sonores - Qualitel | Particuliers","isPartOf":{"@id":"https:\/\/www.qualitel.org\/particuliers\/#website"},"primaryImageOfPage":{"@id":"https:\/\/www.qualitel.org\/particuliers\/isolation\/isolation-phonique\/#primaryimage"},"image":{"@id":"https:\/\/www.qualitel.org\/particuliers\/isolation\/isolation-phonique\/#primaryimage"},"thumbnailUrl":"https:\/\/www.qualitel.org\/particuliers\/wp\/..\/uploads\/shutterstock_598463822.jpg","datePublished":"2021-01-28T11:49:01+00:00","dateModified":"2025-11-06T11:39:09+00:00","description":"D\u00e9couvrez tous nos conseils sur l\u2019isolation phonique et acoustique ainsi que son installation et mettez un terme aux nuisances sonores dans votre logement.","breadcrumb":{"@id":"https:\/\/www.qualitel.org\/particuliers\/isolation\/isolation-phonique\/#breadcrumb"},"inLanguage":"fr-FR","potentialAction":[{"@type":"ReadAction","target":["https:\/\/www.qualitel.org\/particuliers\/isolation\/isolation-phonique\/"]}]},{"@type":"ImageObject","inLanguage":"fr-FR","@id":"https:\/\/www.qualitel.org\/particuliers\/isolation\/isolation-phonique\/#primaryimage","url":"https:\/\/www.qualitel.org\/particuliers\/wp\/..\/uploads\/shutterstock_598463822.jpg","contentUrl":"https:\/\/www.qualitel.org\/particuliers\/wp\/..\/uploads\/shutterstock_598463822.jpg","width":1000,"height":668},{"@type":"BreadcrumbList","@id":"https:\/\/www.qualitel.org\/particuliers\/isolation\/isolation-phonique\/#breadcrumb","itemListElement":[{"@type":"ListItem","position":1,"name":"Accueil","item":"https:\/\/www.qualitel.org\/particuliers\/"},{"@type":"ListItem","position":2,"name":"Isolation phonique : comment en finir avec les nuisances sonores ?"}]},{"@type":"WebSite","@id":"https:\/\/www.qualitel.org\/particuliers\/#website","url":"https:\/\/www.qualitel.org\/particuliers\/","name":"Qualitel | Particuliers","description":"","publisher":{"@id":"https:\/\/www.qualitel.org\/particuliers\/#organization"},"potentialAction":[{"@type":"SearchAction","target":{"@type":"EntryPoint","urlTemplate":"https:\/\/www.qualitel.org\/particuliers\/?s={search_term_string}"},"query-input":{"@type":"PropertyValueSpecification","valueRequired":true,"valueName":"search_term_string"}}],"inLanguage":"fr-FR"},{"@type":"Organization","@id":"https:\/\/www.qualitel.org\/particuliers\/#organization","name":"Qualitel | Particuliers","url":"https:\/\/www.qualitel.org\/particuliers\/","logo":{"@type":"ImageObject","inLanguage":"fr-FR","@id":"https:\/\/www.qualitel.org\/particuliers\/#\/schema\/logo\/image\/","url":"https:\/\/www.qualitel.org\/particuliers\/wp\/..\/uploads\/qualitel-squarelogo-1456752654225.png","contentUrl":"https:\/\/www.qualitel.org\/particuliers\/wp\/..\/uploads\/qualitel-squarelogo-1456752654225.png","width":180,"height":180,"caption":"Qualitel | Particuliers"},"image":{"@id":"https:\/\/www.qualitel.org\/particuliers\/#\/schema\/logo\/image\/"},"sameAs":["https:\/\/www.facebook.com\/groupequalitel\/","https:\/\/x.com\/groupeQUALITEL","https:\/\/www.instagram.com\/associationqualitel\/","https:\/\/www.pinterest.fr\/associationqualitel\/"]}]}},"_links":{"self":[{"href":"https:\/\/www.qualitel.org\/particuliers\/wp-json\/wp\/v2\/projet\/4334","targetHints":{"allow":["GET"]}}],"collection":[{"href":"https:\/\/www.qualitel.org\/particuliers\/wp-json\/wp\/v2\/projet"}],"about":[{"href":"https:\/\/www.qualitel.org\/particuliers\/wp-json\/wp\/v2\/types\/projet"}],"version-history":[{"count":229,"href":"https:\/\/www.qualitel.org\/particuliers\/wp-json\/wp\/v2\/projet\/4334\/revisions"}],"predecessor-version":[{"id":51812,"href":"https:\/\/www.qualitel.org\/particuliers\/wp-json\/wp\/v2\/projet\/4334\/revisions\/51812"}],"wp:featuredmedia":[{"embeddable":true,"href":"https:\/\/www.qualitel.org\/particuliers\/wp-json\/wp\/v2\/media\/30157"}],"wp:attachment":[{"href":"https:\/\/www.qualitel.org\/particuliers\/wp-json\/wp\/v2\/media?parent=4334"}],"wp:term":[{"taxonomy":"category","embeddable":true,"href":"https:\/\/www.qualitel.org\/particuliers\/wp-json\/wp\/v2\/categories?post=4334"},{"taxonomy":"tags","embeddable":true,"href":"https:\/\/www.qualitel.org\/particuliers\/wp-json\/wp\/v2\/tags?post=4334"},{"taxonomy":"guide","embeddable":true,"href":"https:\/\/www.qualitel.org\/particuliers\/wp-json\/wp\/v2\/guide?post=4334"},{"taxonomy":"projet_type","embeddable":true,"href":"https:\/\/www.qualitel.org\/particuliers\/wp-json\/wp\/v2\/article_type?post=4334"}],"curies":[{"name":"wp","href":"https:\/\/api.w.org\/{rel}","templated":true}]}}