{"version":"1.0","provider_name":"Qualitel | Professionnels","provider_url":"https:\/\/www.qualitel.org\/professionnels","title":"2 nouvelles formations conf\u00e9rentielles planifi\u00e9es par QUALITEL Formation - QUALITEL Formation","type":"rich","width":600,"height":338,"html":"<blockquote class=\"wp-embedded-content\" data-secret=\"IyxsxbOgJZ\"><a href=\"https:\/\/www.qualitel.org\/professionnels\/actualites\/formations-conferentielles-2022\/\">2 nouvelles formations conf\u00e9rentielles planifi\u00e9es par QUALITEL Formation<\/a><\/blockquote><iframe sandbox=\"allow-scripts\" security=\"restricted\" src=\"https:\/\/www.qualitel.org\/professionnels\/actualites\/formations-conferentielles-2022\/embed\/#?secret=IyxsxbOgJZ\" width=\"600\" height=\"338\" title=\"\u00ab\u00a02 nouvelles formations conf\u00e9rentielles planifi\u00e9es par QUALITEL Formation\u00a0\u00bb &#8212; Qualitel | Professionnels\" data-secret=\"IyxsxbOgJZ\" frameborder=\"0\" marginwidth=\"0\" marginheight=\"0\" scrolling=\"no\" class=\"wp-embedded-content\"><\/iframe><script type=\"text\/javascript\">\n\/* <![CDATA[ *\/\n\/*! This file is auto-generated *\/\n!function(d,l){\"use strict\";l.querySelector&&d.addEventListener&&\"undefined\"!=typeof URL&&(d.wp=d.wp||{},d.wp.receiveEmbedMessage||(d.wp.receiveEmbedMessage=function(e){var t=e.data;if((t||t.secret||t.message||t.value)&&!\/[^a-zA-Z0-9]\/.test(t.secret)){for(var s,r,n,a=l.querySelectorAll('iframe[data-secret=\"'+t.secret+'\"]'),o=l.querySelectorAll('blockquote[data-secret=\"'+t.secret+'\"]'),c=new RegExp(\"^https?:$\",\"i\"),i=0;i<o.length;i++)o[i].style.display=\"none\";for(i=0;i<a.length;i++)s=a[i],e.source===s.contentWindow&&(s.removeAttribute(\"style\"),\"height\"===t.message?(1e3<(r=parseInt(t.value,10))?r=1e3:~~r<200&&(r=200),s.height=r):\"link\"===t.message&&(r=new URL(s.getAttribute(\"src\")),n=new URL(t.value),c.test(n.protocol))&&n.host===r.host&&l.activeElement===s&&(d.top.location.href=t.value))}},d.addEventListener(\"message\",d.wp.receiveEmbedMessage,!1),l.addEventListener(\"DOMContentLoaded\",function(){for(var e,t,s=l.querySelectorAll(\"iframe.wp-embedded-content\"),r=0;r<s.length;r++)(t=(e=s[r]).getAttribute(\"data-secret\"))||(t=Math.random().toString(36).substring(2,12),e.src+=\"#?secret=\"+t,e.setAttribute(\"data-secret\",t)),e.contentWindow.postMessage({message:\"ready\",secret:t},\"*\")},!1)))}(window,document);\n\/* ]]> *\/\n<\/script>\n","thumbnail_url":"https:\/\/www.qualitel.org\/professionnels\/wp\/..\/uploads\/QF-conf2022.jpg","thumbnail_width":900,"thumbnail_height":513,"description":"Fort de son exp\u00e9rience acquise sur les 4 conf\u00e9rences organis\u00e9es en 2020 et 2021, QUALITEL Formation renouvelle ce format pl\u00e9biscit\u00e9 par les apprenants en mettant \u00e0 l\u2019honneur 2 th\u00e9matiques d\u2019actualit\u00e9 pour le secteur de la construction\u00a0: l\u2019\u00e9quation co\u00fbt carbone en mati\u00e8re de construction bois\/biosourc\u00e9e et les solutions techniques pour r\u00e9pondre \u00e0 la RE2020. \u00c0 vos agendas\u00a0!\u00a0"}