{"version":"1.0","provider_name":"Qualitel | Professionnels","provider_url":"https:\/\/www.qualitel.org\/professionnels","title":"R\u00e9novation globale avec CertiR\u00e9nov : un webinaire pour d\u00e9couvrir la nouvelle certification pour les professionnels de la r\u00e9novation \u00e9nerg\u00e9tique - Qualitel | Professionnels","type":"rich","width":600,"height":338,"html":"<blockquote class=\"wp-embedded-content\" data-secret=\"w5HmLi5cu3\"><a href=\"https:\/\/www.qualitel.org\/professionnels\/actualites\/webinaire-renovation-globale-avec-certirenov\/\">R\u00e9novation globale avec CertiR\u00e9nov : un webinaire pour d\u00e9couvrir la nouvelle certification pour les professionnels de la r\u00e9novation \u00e9nerg\u00e9tique<\/a><\/blockquote><iframe sandbox=\"allow-scripts\" security=\"restricted\" src=\"https:\/\/www.qualitel.org\/professionnels\/actualites\/webinaire-renovation-globale-avec-certirenov\/embed\/#?secret=w5HmLi5cu3\" width=\"600\" height=\"338\" title=\"\u00ab\u00a0R\u00e9novation globale avec CertiR\u00e9nov : un webinaire pour d\u00e9couvrir la nouvelle certification pour les professionnels de la r\u00e9novation \u00e9nerg\u00e9tique\u00a0\u00bb &#8212; Qualitel | Professionnels\" data-secret=\"w5HmLi5cu3\" frameborder=\"0\" marginwidth=\"0\" marginheight=\"0\" scrolling=\"no\" class=\"wp-embedded-content\"><\/iframe><script type=\"text\/javascript\">\n\/* <![CDATA[ *\/\n\/*! This file is auto-generated *\/\n!function(d,l){\"use strict\";l.querySelector&&d.addEventListener&&\"undefined\"!=typeof URL&&(d.wp=d.wp||{},d.wp.receiveEmbedMessage||(d.wp.receiveEmbedMessage=function(e){var t=e.data;if((t||t.secret||t.message||t.value)&&!\/[^a-zA-Z0-9]\/.test(t.secret)){for(var s,r,n,a=l.querySelectorAll('iframe[data-secret=\"'+t.secret+'\"]'),o=l.querySelectorAll('blockquote[data-secret=\"'+t.secret+'\"]'),c=new RegExp(\"^https?:$\",\"i\"),i=0;i<o.length;i++)o[i].style.display=\"none\";for(i=0;i<a.length;i++)s=a[i],e.source===s.contentWindow&&(s.removeAttribute(\"style\"),\"height\"===t.message?(1e3<(r=parseInt(t.value,10))?r=1e3:~~r<200&&(r=200),s.height=r):\"link\"===t.message&&(r=new URL(s.getAttribute(\"src\")),n=new URL(t.value),c.test(n.protocol))&&n.host===r.host&&l.activeElement===s&&(d.top.location.href=t.value))}},d.addEventListener(\"message\",d.wp.receiveEmbedMessage,!1),l.addEventListener(\"DOMContentLoaded\",function(){for(var e,t,s=l.querySelectorAll(\"iframe.wp-embedded-content\"),r=0;r<s.length;r++)(t=(e=s[r]).getAttribute(\"data-secret\"))||(t=Math.random().toString(36).substring(2,12),e.src+=\"#?secret=\"+t,e.setAttribute(\"data-secret\",t)),e.contentWindow.postMessage({message:\"ready\",secret:t},\"*\")},!1)))}(window,document);\n\/* ]]> *\/\n<\/script>\n","thumbnail_url":"https:\/\/www.qualitel.org\/professionnels\/wp\/..\/uploads\/webinaire-certirenov.jpg","thumbnail_width":900,"thumbnail_height":513,"description":"Dans le cadre des Webinaires pour le Logement, CERQUAL Qualitel Certification organise, le 12 d\u00e9cembre prochain, un webinaire consacr\u00e9 \u00e0 la certification CertiR\u00e9nov dans le cadre de l\u2019offre globale. Les participants d\u00e9couvriront tout ce qu\u2019il faut savoir sur cette nouvelle certification destin\u00e9e aux professionnels du secteur de la r\u00e9novation \u00e9nerg\u00e9tique."}