{"version":"1.0","provider_name":"Qualitel | Professionnels","provider_url":"https:\/\/www.qualitel.org\/professionnels","title":"Former les \u00e9lus : une n\u00e9cessit\u00e9 strat\u00e9gique au service des territoires - Qualitel | Professionnels","type":"rich","width":600,"height":338,"html":"<blockquote class=\"wp-embedded-content\" data-secret=\"btIn4ZcVHY\"><a href=\"https:\/\/www.qualitel.org\/professionnels\/formation\/former-les-elus\/\">Former les \u00e9lus : une n\u00e9cessit\u00e9 strat\u00e9gique au service des territoires<\/a><\/blockquote><iframe sandbox=\"allow-scripts\" security=\"restricted\" src=\"https:\/\/www.qualitel.org\/professionnels\/formation\/former-les-elus\/embed\/#?secret=btIn4ZcVHY\" width=\"600\" height=\"338\" title=\"\u00ab\u00a0Former les \u00e9lus : une n\u00e9cessit\u00e9 strat\u00e9gique au service des territoires\u00a0\u00bb &#8212; Qualitel | Professionnels\" data-secret=\"btIn4ZcVHY\" frameborder=\"0\" marginwidth=\"0\" marginheight=\"0\" scrolling=\"no\" class=\"wp-embedded-content\"><\/iframe><script type=\"text\/javascript\">\n\/* <![CDATA[ *\/\n\/*! This file is auto-generated *\/\n!function(d,l){\"use strict\";l.querySelector&&d.addEventListener&&\"undefined\"!=typeof URL&&(d.wp=d.wp||{},d.wp.receiveEmbedMessage||(d.wp.receiveEmbedMessage=function(e){var t=e.data;if((t||t.secret||t.message||t.value)&&!\/[^a-zA-Z0-9]\/.test(t.secret)){for(var s,r,n,a=l.querySelectorAll('iframe[data-secret=\"'+t.secret+'\"]'),o=l.querySelectorAll('blockquote[data-secret=\"'+t.secret+'\"]'),c=new RegExp(\"^https?:$\",\"i\"),i=0;i<o.length;i++)o[i].style.display=\"none\";for(i=0;i<a.length;i++)s=a[i],e.source===s.contentWindow&&(s.removeAttribute(\"style\"),\"height\"===t.message?(1e3<(r=parseInt(t.value,10))?r=1e3:~~r<200&&(r=200),s.height=r):\"link\"===t.message&&(r=new URL(s.getAttribute(\"src\")),n=new URL(t.value),c.test(n.protocol))&&n.host===r.host&&l.activeElement===s&&(d.top.location.href=t.value))}},d.addEventListener(\"message\",d.wp.receiveEmbedMessage,!1),l.addEventListener(\"DOMContentLoaded\",function(){for(var e,t,s=l.querySelectorAll(\"iframe.wp-embedded-content\"),r=0;r<s.length;r++)(t=(e=s[r]).getAttribute(\"data-secret\"))||(t=Math.random().toString(36).substring(2,12),e.src+=\"#?secret=\"+t,e.setAttribute(\"data-secret\",t)),e.contentWindow.postMessage({message:\"ready\",secret:t},\"*\")},!1)))}(window,document);\n\/* ]]> *\/\n<\/script>\n","thumbnail_url":"https:\/\/www.qualitel.org\/professionnels\/wp\/..\/uploads\/qf-elus-une.jpg","thumbnail_width":900,"thumbnail_height":513,"description":"Les \u00e9lus locaux sont aujourd\u2019hui confront\u00e9s \u00e0 des enjeux de plus en plus complexes : transition \u00e9cologique, urbanisme r\u00e9glement\u00e9, s\u00e9curit\u00e9 du b\u00e2ti, performance des politiques publiques. Pour y r\u00e9pondre efficacement, ils doivent pouvoir s\u2019appuyer sur des comp\u00e9tences actualis\u00e9es et des outils op\u00e9rationnels. Depuis 2021, la loi impose aux collectivit\u00e9s de former leurs \u00e9lus, avec des modalit\u00e9s de financement pr\u00e9cises. QUALITEL Formation, d\u00e9sormais organisme agr\u00e9\u00e9, met son expertise au service de cet objectif d\u2019int\u00e9r\u00eat g\u00e9n\u00e9ral."}